{"id":14523,"date":"2025-08-20T10:53:32","date_gmt":"2025-08-20T08:53:32","guid":{"rendered":"https:\/\/www.camping-les-saules.com\/visiter-finistere-sud\/"},"modified":"2026-02-23T16:31:44","modified_gmt":"2026-02-23T15:31:44","slug":"visiter-finistere-sud","status":"publish","type":"page","link":"https:\/\/www.camping-les-saules.com\/de\/visiter-finistere-sud\/","title":{"rendered":"Besuchen Sie das S\u00fcd-Finist\u00e8re"},"content":{"rendered":"\t\t<div data-elementor-type=\"wp-post\" data-elementor-id=\"14523\" class=\"elementor elementor-14523 elementor-11448\" data-elementor-post-type=\"page\">\n\t\t\t\t<div class=\"elementor-element elementor-element-78eacc5 e-flex e-con-boxed e-con e-parent\" data-id=\"78eacc5\" data-element_type=\"container\" data-e-type=\"container\" data-settings=\"{&quot;background_background&quot;:&quot;classic&quot;}\">\n\t\t\t\t\t<div class=\"e-con-inner\">\n\t\t<div class=\"elementor-element elementor-element-6e6ef62 e-con-full e-flex e-con e-child\" data-id=\"6e6ef62\" data-element_type=\"container\" data-e-type=\"container\">\n\t\t\t\t<div class=\"elementor-element elementor-element-2f79827 elementor-widget elementor-widget-heading\" data-id=\"2f79827\" data-element_type=\"widget\" data-e-type=\"widget\" data-widget_type=\"heading.default\">\n\t\t\t\t\t<span class=\"elementor-heading-title elementor-size-default\">Rund um den Campingplatz Les Saules<\/span>\t\t\t\t<\/div>\n\t\t\t\t<div class=\"elementor-element elementor-element-5584dc2 elementor-widget elementor-widget-heading\" data-id=\"5584dc2\" data-element_type=\"widget\" data-e-type=\"widget\" data-widget_type=\"heading.default\">\n\t\t\t\t\t<h1 class=\"elementor-heading-title elementor-size-default\">Besuchen Sie das S\u00fcd-Finist\u00e8re<\/h1>\t\t\t\t<\/div>\n\t\t\t\t<div class=\"elementor-element elementor-element-d5778f5 elementor-widget elementor-widget-text-editor\" data-id=\"d5778f5\" data-element_type=\"widget\" data-e-type=\"widget\" data-widget_type=\"text-editor.default\">\n\t\t\t\t\t\t\t\t\t<p>Das s\u00fcdliche Finist\u00e8re l\u00e4sst sich \u00fcber Gebiete mit ausgepr\u00e4gter Identit\u00e4t entdecken: charaktervolle H\u00e4fen, wilde, windgepeitschte Landzungen und geschichtstr\u00e4chtige Kapellen. Zwischen Concarneau und der Pointe du Raz bietet diese K\u00fcste eine Vielfalt an Landschaften und Stimmungen, die sie zu einem der komplettesten Reiseziele der Bretagne macht. Um Ihren Aufenthalt vorzubereiten, werfen Sie einen Blick auf unsere <a href=\"https:\/\/www.camping-les-saules.com\/de\/carte-touristique-finistere-2\/\" target=\"_blank\" rel=\"noopener noreferrer\">touristische Karte des Finist\u00e8re<\/a> und entdecken Sie unsere <a href=\"https:\/\/www.camping-les-saules.com\/de\/finistere-sud-12-lieux-insolites-a-decouvrir\/\" target=\"_blank\" rel=\"noopener noreferrer\">12 ungew\u00f6hnlichen Orte, die es zu erkunden<\/a> gilt.  <\/p>\t\t\t\t\t\t\t\t<\/div>\n\t\t\t\t<\/div>\n\t\t\t\t\t<\/div>\n\t\t\t\t<\/div>\n\t\t<div class=\"elementor-element elementor-element-6252829 e-flex e-con-boxed e-con e-parent\" data-id=\"6252829\" data-element_type=\"container\" data-e-type=\"container\" data-settings=\"{&quot;background_background&quot;:&quot;classic&quot;}\">\n\t\t\t\t\t<div class=\"e-con-inner\">\n\t\t<div class=\"elementor-element elementor-element-04cd3f3 e-flex e-con-boxed e-con e-child\" data-id=\"04cd3f3\" data-element_type=\"container\" data-e-type=\"container\" data-settings=\"{&quot;background_background&quot;:&quot;classic&quot;}\">\n\t\t\t\t\t<div class=\"e-con-inner\">\n\t\t\t\t<div class=\"elementor-element elementor-element-b90579b elementor-widget elementor-widget-heading\" data-id=\"b90579b\" data-element_type=\"widget\" data-e-type=\"widget\" data-widget_type=\"heading.default\">\n\t\t\t\t\t<h2 class=\"elementor-heading-title elementor-size-default\">Von Concarneau nach Pont Aven<\/h2>\t\t\t\t<\/div>\n\t\t\t\t<div class=\"elementor-element elementor-element-921c2a5 elementor-widget elementor-widget-text-editor\" data-id=\"921c2a5\" data-element_type=\"widget\" data-e-type=\"widget\" data-widget_type=\"text-editor.default\">\n\t\t\t\t\t\t\t\t\t<p>Dieses erste Gebiet vereint maritimes Erbe und k\u00fcnstlerisches Erbe. Von der ummauerten Stadt bis zu den Ufern des Aven, der Gauguin inspirierte, konzentriert dieses Gebiet, das Sie vom Campingplatz aus erreichen k\u00f6nnen, die Essenz des s\u00fcdlichen Finist\u00e8re: alte Steine, wechselndes Licht und bewahrte Authentizit\u00e4t. <\/p>\t\t\t\t\t\t\t\t<\/div>\n\t\t\t\t\t<\/div>\n\t\t\t\t<\/div>\n\t\t<div class=\"elementor-element elementor-element-1e98d46 e-con-full e-grid e-con e-child\" data-id=\"1e98d46\" data-element_type=\"container\" data-e-type=\"container\">\n\t\t<div class=\"elementor-element elementor-element-c3219e9 e-con-full e-flex e-con e-child\" data-id=\"c3219e9\" data-element_type=\"container\" data-e-type=\"container\" data-settings=\"{&quot;background_background&quot;:&quot;classic&quot;}\">\n\t\t\t\t<div class=\"elementor-element elementor-element-5cf4a50 elementor-widget elementor-widget-image\" data-id=\"5cf4a50\" data-element_type=\"widget\" data-e-type=\"widget\" data-widget_type=\"image.default\">\n\t\t\t\t\t\t\t\t\t\t\t\t\t\t\t<img loading=\"lazy\" decoding=\"async\" width=\"630\" height=\"420\" src=\"https:\/\/www.camping-les-saules.com\/wp-content\/uploads\/concarneau-1.jpg\" class=\"attachment-medium_large size-medium_large wp-image-13646\" alt=\"Concarneau\" srcset=\"https:\/\/www.camping-les-saules.com\/wp-content\/uploads\/concarneau-1.jpg 630w, https:\/\/www.camping-les-saules.com\/wp-content\/uploads\/concarneau-1-300x200.jpg 300w\" sizes=\"auto, (max-width: 630px) 100vw, 630px\" \/>\t\t\t\t\t\t\t\t\t\t\t\t\t\t\t<\/div>\n\t\t<div class=\"elementor-element elementor-element-0f549f2 e-con-full e-flex e-con e-child\" data-id=\"0f549f2\" data-element_type=\"container\" data-e-type=\"container\">\n\t\t\t\t<div class=\"elementor-element elementor-element-a110df7 elementor-widget__width-inherit elementor-widget elementor-widget-heading\" data-id=\"a110df7\" data-element_type=\"widget\" data-e-type=\"widget\" data-widget_type=\"heading.default\">\n\t\t\t\t\t<h3 class=\"elementor-heading-title elementor-size-default\"><a href=\"https:\/\/www.camping-les-saules.com\/de\/besuchen-concarneau\/\">Concarneau, die geschlossene Stadt<\/a><\/h3>\t\t\t\t<\/div>\n\t\t\t\t<div class=\"elementor-element elementor-element-1dd50cb elementor-widget elementor-widget-button\" data-id=\"1dd50cb\" data-element_type=\"widget\" data-e-type=\"widget\" data-widget_type=\"button.default\">\n\t\t\t\t\t\t\t\t\t\t<a class=\"elementor-button elementor-button-link elementor-size-sm\" href=\"#\">\n\t\t\t\t\t\t<span class=\"elementor-button-content-wrapper\">\n\t\t\t\t\t\t\t\t\t<span class=\"elementor-button-text\">5 km entfernt<\/span>\n\t\t\t\t\t<\/span>\n\t\t\t\t\t<\/a>\n\t\t\t\t\t\t\t\t<\/div>\n\t\t\t\t<div class=\"elementor-element elementor-element-f1c2643 elementor-widget elementor-widget-text-editor\" data-id=\"f1c2643\" data-element_type=\"widget\" data-e-type=\"widget\" data-widget_type=\"text-editor.default\">\n\t\t\t\t\t\t\t\t\t<p data-source-line=\"17-17\">Concarneau entfaltet seine Stadtmauern auf einer Insel im Herzen des Hafens und bietet ein au\u00dfergew\u00f6hnliches architektonisches Erbe und eine einzigartige Atmosph\u00e4re zwischen Geschichte und modernem maritimen Leben.<\/p>\t\t\t\t\t\t\t\t<\/div>\n\t\t\t\t<\/div>\n\t\t\t\t<\/div>\n\t\t<div class=\"elementor-element elementor-element-3bf4f6d e-con-full e-flex e-con e-child\" data-id=\"3bf4f6d\" data-element_type=\"container\" data-e-type=\"container\" data-settings=\"{&quot;background_background&quot;:&quot;classic&quot;}\">\n\t\t\t\t<div class=\"elementor-element elementor-element-5ed36d2 elementor-widget elementor-widget-image\" data-id=\"5ed36d2\" data-element_type=\"widget\" data-e-type=\"widget\" data-widget_type=\"image.default\">\n\t\t\t\t\t\t\t\t\t\t\t\t\t\t\t<img loading=\"lazy\" decoding=\"async\" width=\"768\" height=\"576\" src=\"https:\/\/www.camping-les-saules.com\/wp-content\/uploads\/nevez-2-768x576.jpg\" class=\"attachment-medium_large size-medium_large wp-image-13905\" alt=\"Eine Person mit einem Rucksack wandert an einem klaren Tag auf dem K\u00fcstenpfad von Nevez \u00fcber felsiges Gel\u00e4nde und B\u00e4ume mit dem Ozean im Hintergrund.\" srcset=\"https:\/\/www.camping-les-saules.com\/wp-content\/uploads\/nevez-2-768x576.jpg 768w, https:\/\/www.camping-les-saules.com\/wp-content\/uploads\/nevez-2-300x225.jpg 300w, https:\/\/www.camping-les-saules.com\/wp-content\/uploads\/nevez-2-1024x768.jpg 1024w, https:\/\/www.camping-les-saules.com\/wp-content\/uploads\/nevez-2.jpg 1200w\" sizes=\"auto, (max-width: 768px) 100vw, 768px\" \/>\t\t\t\t\t\t\t\t\t\t\t\t\t\t\t<\/div>\n\t\t<div class=\"elementor-element elementor-element-fa7c653 e-con-full e-flex e-con e-child\" data-id=\"fa7c653\" data-element_type=\"container\" data-e-type=\"container\">\n\t\t\t\t<div class=\"elementor-element elementor-element-4ce75fd elementor-widget__width-inherit elementor-widget elementor-widget-heading\" data-id=\"4ce75fd\" data-element_type=\"widget\" data-e-type=\"widget\" data-widget_type=\"heading.default\">\n\t\t\t\t\t<h3 class=\"elementor-heading-title elementor-size-default\"><a href=\"https:\/\/www.camping-les-saules.com\/de\/trevignon\/\">Die Landspitze von Tr\u00e9vignon<\/a><\/h3>\t\t\t\t<\/div>\n\t\t\t\t<div class=\"elementor-element elementor-element-64f4a19 elementor-widget elementor-widget-button\" data-id=\"64f4a19\" data-element_type=\"widget\" data-e-type=\"widget\" data-widget_type=\"button.default\">\n\t\t\t\t\t\t\t\t\t\t<a class=\"elementor-button elementor-button-link elementor-size-sm\" href=\"#\">\n\t\t\t\t\t\t<span class=\"elementor-button-content-wrapper\">\n\t\t\t\t\t\t\t\t\t<span class=\"elementor-button-text\">19 km entfernt<\/span>\n\t\t\t\t\t<\/span>\n\t\t\t\t\t<\/a>\n\t\t\t\t\t\t\t\t<\/div>\n\t\t\t\t<div class=\"elementor-element elementor-element-73d1ef8 elementor-widget elementor-widget-text-editor\" data-id=\"73d1ef8\" data-element_type=\"widget\" data-e-type=\"widget\" data-widget_type=\"text-editor.default\">\n\t\t\t\t\t\t\t\t\t<p data-source-line=\"23-23\">Der kleine Hafen von Tr\u00e9vignon verk\u00f6rpert die Bretagne der Fischer und K\u00fcstenpfade, weit weg vom Touristenrummel, mit seinen wilden Buchten und seinem Leuchtturm.<\/p>\t\t\t\t\t\t\t\t<\/div>\n\t\t\t\t<\/div>\n\t\t\t\t<\/div>\n\t\t<div class=\"elementor-element elementor-element-57ee6ed e-con-full e-flex e-con e-child\" data-id=\"57ee6ed\" data-element_type=\"container\" data-e-type=\"container\" data-settings=\"{&quot;background_background&quot;:&quot;classic&quot;}\">\n\t\t\t\t<div class=\"elementor-element elementor-element-d86c05f elementor-widget elementor-widget-image\" data-id=\"d86c05f\" data-element_type=\"widget\" data-e-type=\"widget\" data-widget_type=\"image.default\">\n\t\t\t\t\t\t\t\t\t\t\t\t\t\t\t<img loading=\"lazy\" decoding=\"async\" width=\"768\" height=\"512\" src=\"https:\/\/www.camping-les-saules.com\/wp-content\/uploads\/pont-aven-768x512.jpg\" class=\"attachment-medium_large size-medium_large wp-image-13872\" alt=\"Pont-Aven, S\u00fcd-Finist\u00e8re\" srcset=\"https:\/\/www.camping-les-saules.com\/wp-content\/uploads\/pont-aven-768x512.jpg 768w, https:\/\/www.camping-les-saules.com\/wp-content\/uploads\/pont-aven-300x200.jpg 300w, https:\/\/www.camping-les-saules.com\/wp-content\/uploads\/pont-aven.jpg 1024w\" sizes=\"auto, (max-width: 768px) 100vw, 768px\" \/>\t\t\t\t\t\t\t\t\t\t\t\t\t\t\t<\/div>\n\t\t<div class=\"elementor-element elementor-element-aeaecc4 e-con-full e-flex e-con e-child\" data-id=\"aeaecc4\" data-element_type=\"container\" data-e-type=\"container\">\n\t\t\t\t<div class=\"elementor-element elementor-element-d58c614 elementor-widget__width-inherit elementor-widget elementor-widget-heading\" data-id=\"d58c614\" data-element_type=\"widget\" data-e-type=\"widget\" data-widget_type=\"heading.default\">\n\t\t\t\t\t<h3 class=\"elementor-heading-title elementor-size-default\"><a href=\"https:\/\/www.camping-les-saules.com\/de\/camping-pont-aven\/\">Pont-Aven, das Dorf der Maler\n<\/a><\/h3>\t\t\t\t<\/div>\n\t\t\t\t<div class=\"elementor-element elementor-element-2c9b547 elementor-widget elementor-widget-button\" data-id=\"2c9b547\" data-element_type=\"widget\" data-e-type=\"widget\" data-widget_type=\"button.default\">\n\t\t\t\t\t\t\t\t\t\t<a class=\"elementor-button elementor-button-link elementor-size-sm\" href=\"#\">\n\t\t\t\t\t\t<span class=\"elementor-button-content-wrapper\">\n\t\t\t\t\t\t\t\t\t<span class=\"elementor-button-text\">21 km entfernt<\/span>\n\t\t\t\t\t<\/span>\n\t\t\t\t\t<\/a>\n\t\t\t\t\t\t\t\t<\/div>\n\t\t\t\t<div class=\"elementor-element elementor-element-b7b0c79 elementor-widget elementor-widget-text-editor\" data-id=\"b7b0c79\" data-element_type=\"widget\" data-e-type=\"widget\" data-widget_type=\"text-editor.default\">\n\t\t\t\t\t\t\t\t\t<p data-source-line=\"29-29\">Pont-Aven pflegt sein k\u00fcnstlerisches Erbe in steilen Gassen, Wasserm\u00fchlen und Kunstgalerien, die den Geist der Malerschule, die seinen Ruhm begr\u00fcndete, weiterf\u00fchren.<\/p>\t\t\t\t\t\t\t\t<\/div>\n\t\t\t\t<\/div>\n\t\t\t\t<\/div>\n\t\t\t\t<\/div>\n\t\t\t\t\t<\/div>\n\t\t\t\t<\/div>\n\t\t<div class=\"elementor-element elementor-element-f8b74b5 e-flex e-con-boxed e-con e-parent\" data-id=\"f8b74b5\" data-element_type=\"container\" data-e-type=\"container\" data-settings=\"{&quot;background_background&quot;:&quot;classic&quot;}\">\n\t\t\t\t\t<div class=\"e-con-inner\">\n\t\t<div class=\"elementor-element elementor-element-757e888 e-flex e-con-boxed e-con e-child\" data-id=\"757e888\" data-element_type=\"container\" data-e-type=\"container\" data-settings=\"{&quot;background_background&quot;:&quot;classic&quot;}\">\n\t\t\t\t\t<div class=\"e-con-inner\">\n\t\t\t\t<div class=\"elementor-element elementor-element-9590de3 elementor-widget elementor-widget-heading\" data-id=\"9590de3\" data-element_type=\"widget\" data-e-type=\"widget\" data-widget_type=\"heading.default\">\n\t\t\t\t\t<h2 class=\"elementor-heading-title elementor-size-default\">Pays Bigouden Sud<\/h2>\t\t\t\t<\/div>\n\t\t\t\t<div class=\"elementor-element elementor-element-89b320d elementor-widget elementor-widget-text-editor\" data-id=\"89b320d\" data-element_type=\"widget\" data-e-type=\"widget\" data-widget_type=\"text-editor.default\">\n\t\t\t\t\t\t\t\t\t<p>Das Bigoudenland zeichnet sich durch seine starke kulturelle Identit\u00e4t, seine noch lebendigen Traditionen und seine Fischereih\u00e4fen, die zu den aktivsten der Bretagne geh\u00f6ren, aus. Dieses charaktervolle Land, das sich dem Ozean zuwendet, enth\u00fcllt authentische D\u00f6rfer, in denen die maritime Aktivit\u00e4t noch den Rhythmus des Alltags bestimmt. <\/p>\t\t\t\t\t\t\t\t<\/div>\n\t\t\t\t\t<\/div>\n\t\t\t\t<\/div>\n\t\t<div class=\"elementor-element elementor-element-df337d8 e-con-full e-grid e-con e-child\" data-id=\"df337d8\" data-element_type=\"container\" data-e-type=\"container\">\n\t\t<div class=\"elementor-element elementor-element-433dda2 e-con-full e-flex e-con e-child\" data-id=\"433dda2\" data-element_type=\"container\" data-e-type=\"container\" data-settings=\"{&quot;background_background&quot;:&quot;classic&quot;}\">\n\t\t\t\t<div class=\"elementor-element elementor-element-1021dd1 elementor-widget elementor-widget-image\" data-id=\"1021dd1\" data-element_type=\"widget\" data-e-type=\"widget\" data-widget_type=\"image.default\">\n\t\t\t\t\t\t\t\t\t\t\t\t\t\t\t<img loading=\"lazy\" decoding=\"async\" width=\"768\" height=\"480\" src=\"https:\/\/www.camping-les-saules.com\/wp-content\/uploads\/ile-tudy1-768x480.jpg\" class=\"attachment-medium_large size-medium_large wp-image-14199\" alt=\"Ile tudy1\" srcset=\"https:\/\/www.camping-les-saules.com\/wp-content\/uploads\/ile-tudy1-768x480.jpg 768w, https:\/\/www.camping-les-saules.com\/wp-content\/uploads\/ile-tudy1-300x188.jpg 300w, https:\/\/www.camping-les-saules.com\/wp-content\/uploads\/ile-tudy1.jpg 800w\" sizes=\"auto, (max-width: 768px) 100vw, 768px\" \/>\t\t\t\t\t\t\t\t\t\t\t\t\t\t\t<\/div>\n\t\t<div class=\"elementor-element elementor-element-ac13a3f e-con-full e-flex e-con e-child\" data-id=\"ac13a3f\" data-element_type=\"container\" data-e-type=\"container\">\n\t\t\t\t<div class=\"elementor-element elementor-element-918a585 elementor-widget__width-inherit elementor-widget elementor-widget-heading\" data-id=\"918a585\" data-element_type=\"widget\" data-e-type=\"widget\" data-widget_type=\"heading.default\">\n\t\t\t\t\t<h3 class=\"elementor-heading-title elementor-size-default\"><a href=\"https:\/\/www.camping-les-saules.com\/de\/lile-tudy\/\">L'\u00cele-Tudy, Inselcharme\n<\/a><\/h3>\t\t\t\t<\/div>\n\t\t\t\t<div class=\"elementor-element elementor-element-452a48f elementor-widget elementor-widget-button\" data-id=\"452a48f\" data-element_type=\"widget\" data-e-type=\"widget\" data-widget_type=\"button.default\">\n\t\t\t\t\t\t\t\t\t\t<a class=\"elementor-button elementor-button-link elementor-size-sm\" href=\"#\">\n\t\t\t\t\t\t<span class=\"elementor-button-content-wrapper\">\n\t\t\t\t\t\t\t\t\t<span class=\"elementor-button-text\">24 km entfernt<\/span>\n\t\t\t\t\t<\/span>\n\t\t\t\t\t<\/a>\n\t\t\t\t\t\t\t\t<\/div>\n\t\t\t\t<div class=\"elementor-element elementor-element-dbd15c1 elementor-widget elementor-widget-text-editor\" data-id=\"dbd15c1\" data-element_type=\"widget\" data-e-type=\"widget\" data-widget_type=\"text-editor.default\">\n\t\t\t\t\t\t\t\t\t<p data-source-line=\"41-41\">Diese schmale Halbinsel bietet eine besondere Lebensart mit ihren niedrigen H\u00e4usern am Meer, der Atmosph\u00e4re eines Fischerdorfes und den gesch\u00fctzten Familienstr\u00e4nden.<\/p>\t\t\t\t\t\t\t\t<\/div>\n\t\t\t\t<\/div>\n\t\t\t\t<\/div>\n\t\t<div class=\"elementor-element elementor-element-affabb8 e-con-full e-flex e-con e-child\" data-id=\"affabb8\" data-element_type=\"container\" data-e-type=\"container\" data-settings=\"{&quot;background_background&quot;:&quot;classic&quot;}\">\n\t\t\t\t<div class=\"elementor-element elementor-element-7c1734c elementor-widget elementor-widget-image\" data-id=\"7c1734c\" data-element_type=\"widget\" data-e-type=\"widget\" data-widget_type=\"image.default\">\n\t\t\t\t\t\t\t\t\t\t\t\t\t\t\t<img loading=\"lazy\" decoding=\"async\" width=\"768\" height=\"480\" src=\"https:\/\/www.camping-les-saules.com\/wp-content\/uploads\/retour-peche-guilvinec-768x480.jpg\" class=\"attachment-medium_large size-medium_large wp-image-14121\" alt=\"Ein blau-wei\u00dfes Fischerboot f\u00e4hrt neben einem rot-wei\u00dfen Leuchtturm im charmanten Hafen von Le Guilvinec, einem echten bretonischen Nugget, das es zu entdecken gilt.\" srcset=\"https:\/\/www.camping-les-saules.com\/wp-content\/uploads\/retour-peche-guilvinec-768x480.jpg 768w, https:\/\/www.camping-les-saules.com\/wp-content\/uploads\/retour-peche-guilvinec-300x188.jpg 300w, https:\/\/www.camping-les-saules.com\/wp-content\/uploads\/retour-peche-guilvinec.jpg 960w\" sizes=\"auto, (max-width: 768px) 100vw, 768px\" \/>\t\t\t\t\t\t\t\t\t\t\t\t\t\t\t<\/div>\n\t\t<div class=\"elementor-element elementor-element-641abb6 e-con-full e-flex e-con e-child\" data-id=\"641abb6\" data-element_type=\"container\" data-e-type=\"container\">\n\t\t\t\t<div class=\"elementor-element elementor-element-0df6b62 elementor-widget__width-inherit elementor-widget elementor-widget-heading\" data-id=\"0df6b62\" data-element_type=\"widget\" data-e-type=\"widget\" data-widget_type=\"heading.default\">\n\t\t\t\t\t<h3 class=\"elementor-heading-title elementor-size-default\"><a href=\"https:\/\/www.camping-les-saules.com\/de\/le-guilvinec-pointe-pen-meur\/\">Le Guilvinec, der gr\u00f6\u00dfte Hafen f\u00fcr handwerkliche Fischerei\n<\/a><\/h3>\t\t\t\t<\/div>\n\t\t\t\t<div class=\"elementor-element elementor-element-d4772b7 elementor-widget elementor-widget-button\" data-id=\"d4772b7\" data-element_type=\"widget\" data-e-type=\"widget\" data-widget_type=\"button.default\">\n\t\t\t\t\t\t\t\t\t\t<a class=\"elementor-button elementor-button-link elementor-size-sm\" href=\"#\">\n\t\t\t\t\t\t<span class=\"elementor-button-content-wrapper\">\n\t\t\t\t\t\t\t\t\t<span class=\"elementor-button-text\">37 km entfernt<\/span>\n\t\t\t\t\t<\/span>\n\t\t\t\t\t<\/a>\n\t\t\t\t\t\t\t\t<\/div>\n\t\t\t\t<div class=\"elementor-element elementor-element-b14b5ad elementor-widget elementor-widget-text-editor\" data-id=\"b14b5ad\" data-element_type=\"widget\" data-e-type=\"widget\" data-widget_type=\"text-editor.default\">\n\t\t\t\t\t\t\t\t\t<p data-source-line=\"47-47\">In Le Guilvinec verwandelt die R\u00fcckkehr der Fischtrawler am sp\u00e4ten Nachmittag den Hafen in ein lebendiges Schauspiel, das t\u00e4gliches Zeugnis einer dynamischen maritimen Wirtschaft und eines bewahrten Know-hows ist.<\/p>\t\t\t\t\t\t\t\t<\/div>\n\t\t\t\t<\/div>\n\t\t\t\t<\/div>\n\t\t<div class=\"elementor-element elementor-element-eda5d1b e-con-full e-flex e-con e-child\" data-id=\"eda5d1b\" data-element_type=\"container\" data-e-type=\"container\" data-settings=\"{&quot;background_background&quot;:&quot;classic&quot;}\">\n\t\t\t\t<div class=\"elementor-element elementor-element-7b219a2 elementor-widget elementor-widget-image\" data-id=\"7b219a2\" data-element_type=\"widget\" data-e-type=\"widget\" data-widget_type=\"image.default\">\n\t\t\t\t\t\t\t\t\t\t\t\t\t\t\t<img loading=\"lazy\" decoding=\"async\" width=\"750\" height=\"500\" src=\"https:\/\/www.camping-les-saules.com\/wp-content\/uploads\/Phare-eckmuhl.jpg\" class=\"attachment-medium_large size-medium_large wp-image-14021\" alt=\"Eine Wendeltreppe mit Steinstufen und Metallgel\u00e4nder, die an die gewundenen Wanderwege im s\u00fcdlichen Finist\u00e8re erinnert, wenn man sie von oben betrachtet, da sie ein kreisf\u00f6rmiges Muster erzeugt, das sich zur Mitte hin verj\u00fcngt.\" srcset=\"https:\/\/www.camping-les-saules.com\/wp-content\/uploads\/Phare-eckmuhl.jpg 750w, https:\/\/www.camping-les-saules.com\/wp-content\/uploads\/Phare-eckmuhl-300x200.jpg 300w\" sizes=\"auto, (max-width: 750px) 100vw, 750px\" \/>\t\t\t\t\t\t\t\t\t\t\t\t\t\t\t<\/div>\n\t\t<div class=\"elementor-element elementor-element-1a856f1 e-con-full e-flex e-con e-child\" data-id=\"1a856f1\" data-element_type=\"container\" data-e-type=\"container\">\n\t\t\t\t<div class=\"elementor-element elementor-element-ea65951 elementor-widget__width-inherit elementor-widget elementor-widget-heading\" data-id=\"ea65951\" data-element_type=\"widget\" data-e-type=\"widget\" data-widget_type=\"heading.default\">\n\t\t\t\t\t<h3 class=\"elementor-heading-title elementor-size-default\"><a href=\"https:\/\/www.camping-les-saules.com\/de\/visiter-penmarch\/\">Penmarch, zwischen Leuchtturm und Kapellen\n<\/a><\/h3>\t\t\t\t<\/div>\n\t\t\t\t<div class=\"elementor-element elementor-element-ba2e5e9 elementor-widget elementor-widget-button\" data-id=\"ba2e5e9\" data-element_type=\"widget\" data-e-type=\"widget\" data-widget_type=\"button.default\">\n\t\t\t\t\t\t\t\t\t\t<a class=\"elementor-button elementor-button-link elementor-size-sm\" href=\"#\">\n\t\t\t\t\t\t<span class=\"elementor-button-content-wrapper\">\n\t\t\t\t\t\t\t\t\t<span class=\"elementor-button-text\">37 km entfernt<\/span>\n\t\t\t\t\t<\/span>\n\t\t\t\t\t<\/a>\n\t\t\t\t\t\t\t\t<\/div>\n\t\t\t\t<div class=\"elementor-element elementor-element-906da98 elementor-widget elementor-widget-text-editor\" data-id=\"906da98\" data-element_type=\"widget\" data-e-type=\"widget\" data-widget_type=\"text-editor.default\">\n\t\t\t\t\t\t\t\t\t<p data-source-line=\"53-53\">Penmarch vereint das maritime Erbe mit dem Leuchtturm von Eckm\u00fchl, das religi\u00f6se Erbe mit den verstreuten Kapellen und die wilde K\u00fcstenlandschaft, die von der Gischt umsp\u00fclt wird.<\/p>\t\t\t\t\t\t\t\t<\/div>\n\t\t\t\t<\/div>\n\t\t\t\t<\/div>\n\t\t\t\t<\/div>\n\t\t\t\t\t<\/div>\n\t\t\t\t<\/div>\n\t\t<div class=\"elementor-element elementor-element-a7be66e e-flex e-con-boxed e-con e-parent\" data-id=\"a7be66e\" data-element_type=\"container\" data-e-type=\"container\" data-settings=\"{&quot;background_background&quot;:&quot;classic&quot;}\">\n\t\t\t\t\t<div class=\"e-con-inner\">\n\t\t<div class=\"elementor-element elementor-element-b9e8c60 e-flex e-con-boxed e-con e-child\" data-id=\"b9e8c60\" data-element_type=\"container\" data-e-type=\"container\" data-settings=\"{&quot;background_background&quot;:&quot;classic&quot;}\">\n\t\t\t\t\t<div class=\"e-con-inner\">\n\t\t\t\t<div class=\"elementor-element elementor-element-2c5ac46 elementor-widget elementor-widget-heading\" data-id=\"2c5ac46\" data-element_type=\"widget\" data-e-type=\"widget\" data-widget_type=\"heading.default\">\n\t\t\t\t\t<h2 class=\"elementor-heading-title elementor-size-default\">Ausfl\u00fcge von Pays Glazik bis zur Bucht von Douarnenez<\/h2>\t\t\t\t<\/div>\n\t\t\t\t<div class=\"elementor-element elementor-element-5286b38 elementor-widget elementor-widget-text-editor\" data-id=\"5286b38\" data-element_type=\"widget\" data-e-type=\"widget\" data-widget_type=\"text-editor.default\">\n\t\t\t\t\t\t\t\t\t<p data-source-line=\"61-61\">Das Pays Glazik, ein gr\u00fcnes Bocage-Gebiet mit Zentrum in Quimper, erstreckt sich von den Montagnes Noires (Schwarzen Bergen) bis zur Bucht von Douarnenez. Diese Cornouaille im Landesinneren und an der K\u00fcste bietet ein bemerkenswertes architektonisches Erbe und geschichtstr\u00e4chtige D\u00f6rfer, die von einer tief verwurzelten und gesch\u00fctzten Bretagne zeugen. <\/p>\t\t\t\t\t\t\t\t<\/div>\n\t\t\t\t\t<\/div>\n\t\t\t\t<\/div>\n\t\t<div class=\"elementor-element elementor-element-490aaa6 e-con-full e-grid e-con e-child\" data-id=\"490aaa6\" data-element_type=\"container\" data-e-type=\"container\">\n\t\t<div class=\"elementor-element elementor-element-f51a55d e-con-full e-flex e-con e-child\" data-id=\"f51a55d\" data-element_type=\"container\" data-e-type=\"container\" data-settings=\"{&quot;background_background&quot;:&quot;classic&quot;}\">\n\t\t\t\t<div class=\"elementor-element elementor-element-5b1769c elementor-widget elementor-widget-image\" data-id=\"5b1769c\" data-element_type=\"widget\" data-e-type=\"widget\" data-widget_type=\"image.default\">\n\t\t\t\t\t\t\t\t\t\t\t\t\t\t\t<img loading=\"lazy\" decoding=\"async\" width=\"735\" height=\"551\" src=\"https:\/\/www.camping-les-saules.com\/wp-content\/uploads\/quimper.jpg\" class=\"attachment-medium_large size-medium_large wp-image-13890\" alt=\"Quimper\" srcset=\"https:\/\/www.camping-les-saules.com\/wp-content\/uploads\/quimper.jpg 735w, https:\/\/www.camping-les-saules.com\/wp-content\/uploads\/quimper-300x225.jpg 300w\" sizes=\"auto, (max-width: 735px) 100vw, 735px\" \/>\t\t\t\t\t\t\t\t\t\t\t\t\t\t\t<\/div>\n\t\t<div class=\"elementor-element elementor-element-09b14f4 e-con-full e-flex e-con e-child\" data-id=\"09b14f4\" data-element_type=\"container\" data-e-type=\"container\">\n\t\t\t\t<div class=\"elementor-element elementor-element-4f0a3e3 elementor-widget__width-inherit elementor-widget elementor-widget-heading\" data-id=\"4f0a3e3\" data-element_type=\"widget\" data-e-type=\"widget\" data-widget_type=\"heading.default\">\n\t\t\t\t\t<h3 class=\"elementor-heading-title elementor-size-default\"><a href=\"https:\/\/www.camping-les-saules.com\/de\/quimper\/\">Quimper, Hauptstadt der Cornouaille<\/a><\/h3>\t\t\t\t<\/div>\n\t\t\t\t<div class=\"elementor-element elementor-element-22eb8ec elementor-widget elementor-widget-button\" data-id=\"22eb8ec\" data-element_type=\"widget\" data-e-type=\"widget\" data-widget_type=\"button.default\">\n\t\t\t\t\t\t\t\t\t\t<a class=\"elementor-button elementor-button-link elementor-size-sm\" href=\"#\">\n\t\t\t\t\t\t<span class=\"elementor-button-content-wrapper\">\n\t\t\t\t\t\t\t\t\t<span class=\"elementor-button-text\">15 km entfernt<\/span>\n\t\t\t\t\t<\/span>\n\t\t\t\t\t<\/a>\n\t\t\t\t\t\t\t\t<\/div>\n\t\t\t\t<div class=\"elementor-element elementor-element-787b182 elementor-widget elementor-widget-text-editor\" data-id=\"787b182\" data-element_type=\"widget\" data-e-type=\"widget\" data-widget_type=\"text-editor.default\">\n\t\t\t\t\t\t\t\t\t<p data-source-line=\"65-65\">Quimper entfaltet sein mittelalterliches historisches Zentrum zwischen den Turmspitzen seiner gotischen Kathedrale, den Fachwerkh\u00e4usern und den Kais des Flusses Odet, was seinen Status als Stadt der Kunst und Geschichte unterstreicht.<\/p>\t\t\t\t\t\t\t\t<\/div>\n\t\t\t\t<\/div>\n\t\t\t\t<\/div>\n\t\t<div class=\"elementor-element elementor-element-b652103 e-con-full e-flex e-con e-child\" data-id=\"b652103\" data-element_type=\"container\" data-e-type=\"container\" data-settings=\"{&quot;background_background&quot;:&quot;classic&quot;}\">\n\t\t\t\t<div class=\"elementor-element elementor-element-2c8bb29 elementor-widget elementor-widget-image\" data-id=\"2c8bb29\" data-element_type=\"widget\" data-e-type=\"widget\" data-widget_type=\"image.default\">\n\t\t\t\t\t\t\t\t\t\t\t\t\t\t\t<img loading=\"lazy\" decoding=\"async\" width=\"768\" height=\"1024\" src=\"https:\/\/www.camping-les-saules.com\/wp-content\/uploads\/locronan.jpg\" class=\"attachment-medium_large size-medium_large wp-image-13954\" alt=\"Eine gepflasterte Stra\u00dfe in Locronan f\u00fchrt zu Steinh\u00e4usern mit Schieferd\u00e4chern unter einem hellblauen Himmel. B\u00fcsche s\u00e4umen die Stra\u00dfe und f\u00fcgen dieser malerischen und historischen Umgebung Gr\u00fcn hinzu, eine der vielen reizvollen Attraktionen f\u00fcr diejenigen, die den lokalen Tourismus erkunden.\" srcset=\"https:\/\/www.camping-les-saules.com\/wp-content\/uploads\/locronan.jpg 768w, https:\/\/www.camping-les-saules.com\/wp-content\/uploads\/locronan-225x300.jpg 225w\" sizes=\"auto, (max-width: 768px) 100vw, 768px\" \/>\t\t\t\t\t\t\t\t\t\t\t\t\t\t\t<\/div>\n\t\t<div class=\"elementor-element elementor-element-f466799 e-con-full e-flex e-con e-child\" data-id=\"f466799\" data-element_type=\"container\" data-e-type=\"container\">\n\t\t\t\t<div class=\"elementor-element elementor-element-4895912 elementor-widget__width-inherit elementor-widget elementor-widget-heading\" data-id=\"4895912\" data-element_type=\"widget\" data-e-type=\"widget\" data-widget_type=\"heading.default\">\n\t\t\t\t\t<h3 class=\"elementor-heading-title elementor-size-default\"><a href=\"https:\/\/www.camping-les-saules.com\/de\/locronan\/\">Locronan, eine kleine Stadt mit Charakter\n<\/a><\/h3>\t\t\t\t<\/div>\n\t\t\t\t<div class=\"elementor-element elementor-element-35328d1 elementor-widget elementor-widget-button\" data-id=\"35328d1\" data-element_type=\"widget\" data-e-type=\"widget\" data-widget_type=\"button.default\">\n\t\t\t\t\t\t\t\t\t\t<a class=\"elementor-button elementor-button-link elementor-size-sm\" href=\"#\">\n\t\t\t\t\t\t<span class=\"elementor-button-content-wrapper\">\n\t\t\t\t\t\t\t\t\t<span class=\"elementor-button-text\">40 km entfernt<\/span>\n\t\t\t\t\t<\/span>\n\t\t\t\t\t<\/a>\n\t\t\t\t\t\t\t\t<\/div>\n\t\t\t\t<div class=\"elementor-element elementor-element-bb4d458 elementor-widget elementor-widget-text-editor\" data-id=\"bb4d458\" data-element_type=\"widget\" data-e-type=\"widget\" data-widget_type=\"text-editor.default\">\n\t\t\t\t\t\t\t\t\t<p data-source-line=\"71-71\">Locronan l\u00e4sst die Zeit in seinen gepflasterten Gassen und dem Renaissanceplatz stehen und bietet ein harmonisches architektonisches Ensemble, das es zu einem der sch\u00f6nsten D\u00f6rfer Frankreichs macht.<\/p>\t\t\t\t\t\t\t\t<\/div>\n\t\t\t\t<\/div>\n\t\t\t\t<\/div>\n\t\t<div class=\"elementor-element elementor-element-603f62e e-con-full e-flex e-con e-child\" data-id=\"603f62e\" data-element_type=\"container\" data-e-type=\"container\" data-settings=\"{&quot;background_background&quot;:&quot;classic&quot;}\">\n\t\t\t\t<div class=\"elementor-element elementor-element-8f80de8 elementor-widget elementor-widget-image\" data-id=\"8f80de8\" data-element_type=\"widget\" data-e-type=\"widget\" data-widget_type=\"image.default\">\n\t\t\t\t\t\t\t\t\t\t\t\t\t\t\t<img loading=\"lazy\" decoding=\"async\" width=\"768\" height=\"482\" src=\"https:\/\/www.camping-les-saules.com\/wp-content\/uploads\/visiter-douarnenez-768x482.jpg\" class=\"attachment-medium_large size-medium_large wp-image-13942\" alt=\"Die Tristaninsel - Douarnenez\" srcset=\"https:\/\/www.camping-les-saules.com\/wp-content\/uploads\/visiter-douarnenez-768x482.jpg 768w, https:\/\/www.camping-les-saules.com\/wp-content\/uploads\/visiter-douarnenez-300x188.jpg 300w, https:\/\/www.camping-les-saules.com\/wp-content\/uploads\/visiter-douarnenez.jpg 1024w\" sizes=\"auto, (max-width: 768px) 100vw, 768px\" \/>\t\t\t\t\t\t\t\t\t\t\t\t\t\t\t<\/div>\n\t\t<div class=\"elementor-element elementor-element-3bb643a e-con-full e-flex e-con e-child\" data-id=\"3bb643a\" data-element_type=\"container\" data-e-type=\"container\">\n\t\t\t\t<div class=\"elementor-element elementor-element-44210be elementor-widget__width-inherit elementor-widget elementor-widget-heading\" data-id=\"44210be\" data-element_type=\"widget\" data-e-type=\"widget\" data-widget_type=\"heading.default\">\n\t\t\t\t\t<h3 class=\"elementor-heading-title elementor-size-default\"><a href=\"https:\/\/www.camping-les-saules.com\/de\/besuchen-douarnenez\/\">Douarnenez, drei H\u00e4fen in einem\n<\/a><\/h3>\t\t\t\t<\/div>\n\t\t\t\t<div class=\"elementor-element elementor-element-2fa1f6a elementor-widget elementor-widget-button\" data-id=\"2fa1f6a\" data-element_type=\"widget\" data-e-type=\"widget\" data-widget_type=\"button.default\">\n\t\t\t\t\t\t\t\t\t\t<a class=\"elementor-button elementor-button-link elementor-size-sm\" href=\"#\">\n\t\t\t\t\t\t<span class=\"elementor-button-content-wrapper\">\n\t\t\t\t\t\t\t\t\t<span class=\"elementor-button-text\">50 km entfernt<\/span>\n\t\t\t\t\t<\/span>\n\t\t\t\t\t<\/a>\n\t\t\t\t\t\t\t\t<\/div>\n\t\t\t\t<div class=\"elementor-element elementor-element-cc91194 elementor-widget elementor-widget-text-editor\" data-id=\"cc91194\" data-element_type=\"widget\" data-e-type=\"widget\" data-widget_type=\"text-editor.default\">\n\t\t\t\t\t\t\t\t\t<p data-source-line=\"77-77\">Douarnenez erstreckt sich mit seinen drei H\u00e4fen entlang der Bucht, zwischen dem Erbe der Sardinenfischerei, den Werften und dem Museumshafen, der die bretonische Seefahrtsgeschichte anhand einer einzigartigen Flotte von Kulturg\u00fctern erz\u00e4hlt.<\/p>\t\t\t\t\t\t\t\t<\/div>\n\t\t\t\t<\/div>\n\t\t\t\t<\/div>\n\t\t\t\t<\/div>\n\t\t\t\t\t<\/div>\n\t\t\t\t<\/div>\n\t\t<div class=\"elementor-element elementor-element-31a6f59 e-flex e-con-boxed e-con e-parent\" data-id=\"31a6f59\" data-element_type=\"container\" data-e-type=\"container\" data-settings=\"{&quot;background_background&quot;:&quot;classic&quot;}\">\n\t\t\t\t\t<div class=\"e-con-inner\">\n\t\t<div class=\"elementor-element elementor-element-04897f1 e-flex e-con-boxed e-con e-child\" data-id=\"04897f1\" data-element_type=\"container\" data-e-type=\"container\" data-settings=\"{&quot;background_background&quot;:&quot;classic&quot;}\">\n\t\t\t\t\t<div class=\"e-con-inner\">\n\t\t\t\t<div class=\"elementor-element elementor-element-f81ded9 elementor-widget elementor-widget-heading\" data-id=\"f81ded9\" data-element_type=\"widget\" data-e-type=\"widget\" data-widget_type=\"heading.default\">\n\t\t\t\t\t<h2 class=\"elementor-heading-title elementor-size-default\">Westlicher Kurs: die Spitzen<\/h2>\t\t\t\t<\/div>\n\t\t\t\t<div class=\"elementor-element elementor-element-f476d61 elementor-widget elementor-widget-text-editor\" data-id=\"f476d61\" data-element_type=\"widget\" data-e-type=\"widget\" data-widget_type=\"text-editor.default\">\n\t\t\t\t\t\t\t\t\t<p data-source-line=\"85-85\">Die Landzungen des Finist\u00e8re sind der geografische und emotionale H\u00f6hepunkt jeder Erkundung des bretonischen Endes der Welt. Diese wilden Kaps, wo das Land im Ozean verschwindet, bieten schwindelerregende Panoramen und eine direkte Konfrontation mit den Elementen. <\/p>\t\t\t\t\t\t\t\t<\/div>\n\t\t\t\t\t<\/div>\n\t\t\t\t<\/div>\n\t\t<div class=\"elementor-element elementor-element-7afa00e e-con-full e-grid e-con e-child\" data-id=\"7afa00e\" data-element_type=\"container\" data-e-type=\"container\">\n\t\t<div class=\"elementor-element elementor-element-12c5ff3 e-con-full e-flex e-con e-child\" data-id=\"12c5ff3\" data-element_type=\"container\" data-e-type=\"container\" data-settings=\"{&quot;background_background&quot;:&quot;classic&quot;}\">\n\t\t\t\t<div class=\"elementor-element elementor-element-5902946 elementor-widget elementor-widget-image\" data-id=\"5902946\" data-element_type=\"widget\" data-e-type=\"widget\" data-widget_type=\"image.default\">\n\t\t\t\t\t\t\t\t\t\t\t\t\t\t\t<img loading=\"lazy\" decoding=\"async\" width=\"750\" height=\"500\" src=\"https:\/\/www.camping-les-saules.com\/wp-content\/uploads\/pen-hir.jpg\" class=\"attachment-medium_large size-medium_large wp-image-14025\" alt=\"K\u00fcstenklippenszene bei La Pointe de Pen Hir, mit einem felsigen Gel\u00e4nde und einer Steinstatue, die majest\u00e4tisch das Meer unter einem hellblauen Himmel \u00fcberragt.\" srcset=\"https:\/\/www.camping-les-saules.com\/wp-content\/uploads\/pen-hir.jpg 750w, https:\/\/www.camping-les-saules.com\/wp-content\/uploads\/pen-hir-300x200.jpg 300w\" sizes=\"auto, (max-width: 750px) 100vw, 750px\" \/>\t\t\t\t\t\t\t\t\t\t\t\t\t\t\t<\/div>\n\t\t<div class=\"elementor-element elementor-element-239b06d e-con-full e-flex e-con e-child\" data-id=\"239b06d\" data-element_type=\"container\" data-e-type=\"container\">\n\t\t\t\t<div class=\"elementor-element elementor-element-db1de54 elementor-widget__width-inherit elementor-widget elementor-widget-heading\" data-id=\"db1de54\" data-element_type=\"widget\" data-e-type=\"widget\" data-widget_type=\"heading.default\">\n\t\t\t\t\t<h3 class=\"elementor-heading-title elementor-size-default\"><a href=\"https:\/\/www.camping-les-saules.com\/de\/la-pointe-de-pen-hir\/\">Die Landspitze von Pen Hir<\/a><\/h3>\t\t\t\t<\/div>\n\t\t\t\t<div class=\"elementor-element elementor-element-fd9dd80 elementor-widget elementor-widget-button\" data-id=\"fd9dd80\" data-element_type=\"widget\" data-e-type=\"widget\" data-widget_type=\"button.default\">\n\t\t\t\t\t\t\t\t\t\t<a class=\"elementor-button elementor-button-link elementor-size-sm\" href=\"#\">\n\t\t\t\t\t\t<span class=\"elementor-button-content-wrapper\">\n\t\t\t\t\t\t\t\t\t<span class=\"elementor-button-text\">90 km entfernt<\/span>\n\t\t\t\t\t<\/span>\n\t\t\t\t\t<\/a>\n\t\t\t\t\t\t\t\t<\/div>\n\t\t\t\t<div class=\"elementor-element elementor-element-d83055f elementor-widget elementor-widget-text-editor\" data-id=\"d83055f\" data-element_type=\"widget\" data-e-type=\"widget\" data-widget_type=\"text-editor.default\">\n\t\t\t\t\t\t\t\t\t<p data-source-line=\"89-89\">Pen-Hir erhebt seine 70 Meter hohen Klippen zum Atlantik und bietet ein spektakul\u00e4res Panorama \u00fcber die Tas de Pois und die Weite des Ozeans, eine Atmosph\u00e4re wie am Ende der Welt.<\/p>\t\t\t\t\t\t\t\t<\/div>\n\t\t\t\t<\/div>\n\t\t\t\t<\/div>\n\t\t<div class=\"elementor-element elementor-element-0eb3d98 e-con-full e-flex e-con e-child\" data-id=\"0eb3d98\" data-element_type=\"container\" data-e-type=\"container\" data-settings=\"{&quot;background_background&quot;:&quot;classic&quot;}\">\n\t\t\t\t<div class=\"elementor-element elementor-element-38370a4 elementor-widget elementor-widget-image\" data-id=\"38370a4\" data-element_type=\"widget\" data-e-type=\"widget\" data-widget_type=\"image.default\">\n\t\t\t\t\t\t\t\t\t\t\t\t\t\t\t<img loading=\"lazy\" decoding=\"async\" width=\"768\" height=\"512\" src=\"https:\/\/www.camping-les-saules.com\/wp-content\/uploads\/cap-de-la-chevre-768x512.jpg\" class=\"attachment-medium_large size-medium_large wp-image-14073\" alt=\"Am Cap de la Ch\u00e8vre liegt eine von B\u00e4umen ges\u00e4umte Felsklippe mit Blick auf das klare, t\u00fcrkisfarbene Wasser. In der N\u00e4he liegt ein Segelboot friedlich vor Anker.\" srcset=\"https:\/\/www.camping-les-saules.com\/wp-content\/uploads\/cap-de-la-chevre-768x512.jpg 768w, https:\/\/www.camping-les-saules.com\/wp-content\/uploads\/cap-de-la-chevre-300x200.jpg 300w, https:\/\/www.camping-les-saules.com\/wp-content\/uploads\/cap-de-la-chevre.jpg 799w\" sizes=\"auto, (max-width: 768px) 100vw, 768px\" \/>\t\t\t\t\t\t\t\t\t\t\t\t\t\t\t<\/div>\n\t\t<div class=\"elementor-element elementor-element-231cfe2 e-con-full e-flex e-con e-child\" data-id=\"231cfe2\" data-element_type=\"container\" data-e-type=\"container\">\n\t\t\t\t<div class=\"elementor-element elementor-element-4f799ea elementor-widget__width-inherit elementor-widget elementor-widget-heading\" data-id=\"4f799ea\" data-element_type=\"widget\" data-e-type=\"widget\" data-widget_type=\"heading.default\">\n\t\t\t\t\t<h3 class=\"elementor-heading-title elementor-size-default\"><a href=\"https:\/\/www.camping-les-saules.com\/de\/cap-de-la-chevre\/\">Cap de la Ch\u00e8vre<\/a><\/h3>\t\t\t\t<\/div>\n\t\t\t\t<div class=\"elementor-element elementor-element-71481c3 elementor-widget elementor-widget-button\" data-id=\"71481c3\" data-element_type=\"widget\" data-e-type=\"widget\" data-widget_type=\"button.default\">\n\t\t\t\t\t\t\t\t\t\t<a class=\"elementor-button elementor-button-link elementor-size-sm\" href=\"#\">\n\t\t\t\t\t\t<span class=\"elementor-button-content-wrapper\">\n\t\t\t\t\t\t\t\t\t<span class=\"elementor-button-text\">102 km entfernt<\/span>\n\t\t\t\t\t<\/span>\n\t\t\t\t\t<\/a>\n\t\t\t\t\t\t\t\t<\/div>\n\t\t\t\t<div class=\"elementor-element elementor-element-1fe4964 elementor-widget elementor-widget-text-editor\" data-id=\"1fe4964\" data-element_type=\"widget\" data-e-type=\"widget\" data-widget_type=\"text-editor.default\">\n\t\t\t\t\t\t\t\t\t<p data-source-line=\"71-71\">Das Cap de la Ch\u00e8vre beendet die Halbinsel Crozon in einer Landschaft mit karger Heide und zerkl\u00fcfteten K\u00fcsten, zwischen schwindelerregenden Klippen und gesch\u00fctzten paradiesischen Buchten.<\/p>\t\t\t\t\t\t\t\t<\/div>\n\t\t\t\t<\/div>\n\t\t\t\t<\/div>\n\t\t<div class=\"elementor-element elementor-element-e5d22f9 e-con-full e-flex e-con e-child\" data-id=\"e5d22f9\" data-element_type=\"container\" data-e-type=\"container\" data-settings=\"{&quot;background_background&quot;:&quot;classic&quot;}\">\n\t\t\t\t<div class=\"elementor-element elementor-element-5ed0951 elementor-widget elementor-widget-image\" data-id=\"5ed0951\" data-element_type=\"widget\" data-e-type=\"widget\" data-widget_type=\"image.default\">\n\t\t\t\t\t\t\t\t\t\t\t\t\t\t\t<img loading=\"lazy\" decoding=\"async\" width=\"750\" height=\"500\" src=\"https:\/\/www.camping-les-saules.com\/wp-content\/uploads\/pointe-du-raz.jpg\" class=\"attachment-medium_large size-medium_large wp-image-14019\" alt=\"Felsenk\u00fcste mit Steinstapeln im Vordergrund, Wellen, die gegen die Klippen schlagen und ein Leuchtturm in der Ferne unter einem klaren blauen Himmel. Wandern Sie auf den sch\u00f6nen Wanderwegen des s\u00fcdlichen Finist\u00e8re und genie\u00dfen Sie diese atemberaubende Aussicht.\" srcset=\"https:\/\/www.camping-les-saules.com\/wp-content\/uploads\/pointe-du-raz.jpg 750w, https:\/\/www.camping-les-saules.com\/wp-content\/uploads\/pointe-du-raz-300x200.jpg 300w\" sizes=\"auto, (max-width: 750px) 100vw, 750px\" \/>\t\t\t\t\t\t\t\t\t\t\t\t\t\t\t<\/div>\n\t\t<div class=\"elementor-element elementor-element-cae1cee e-con-full e-flex e-con e-child\" data-id=\"cae1cee\" data-element_type=\"container\" data-e-type=\"container\">\n\t\t\t\t<div class=\"elementor-element elementor-element-e79e02e elementor-widget__width-inherit elementor-widget elementor-widget-heading\" data-id=\"e79e02e\" data-element_type=\"widget\" data-e-type=\"widget\" data-widget_type=\"heading.default\">\n\t\t\t\t\t<h3 class=\"elementor-heading-title elementor-size-default\"><a href=\"https:\/\/www.camping-les-saules.com\/de\/besuchen-douarnenez\/\">La Pointe du Raz<\/a><\/h3>\t\t\t\t<\/div>\n\t\t\t\t<div class=\"elementor-element elementor-element-7515c0b elementor-widget elementor-widget-button\" data-id=\"7515c0b\" data-element_type=\"widget\" data-e-type=\"widget\" data-widget_type=\"button.default\">\n\t\t\t\t\t\t\t\t\t\t<a class=\"elementor-button elementor-button-link elementor-size-sm\" href=\"#\">\n\t\t\t\t\t\t<span class=\"elementor-button-content-wrapper\">\n\t\t\t\t\t\t\t\t\t<span class=\"elementor-button-text\">50 km entfernt<\/span>\n\t\t\t\t\t<\/span>\n\t\t\t\t\t<\/a>\n\t\t\t\t\t\t\t\t<\/div>\n\t\t\t\t<div class=\"elementor-element elementor-element-78c8f9d elementor-widget elementor-widget-text-editor\" data-id=\"78c8f9d\" data-element_type=\"widget\" data-e-type=\"widget\" data-widget_type=\"text-editor.default\">\n\t\t\t\t\t\t\t\t\t<p data-source-line=\"101-101\">Die Pointe du Raz vereint die symbolische Kraft des Finist\u00e8re: steile Klippen, heftige Str\u00f6mungen im Raz de Sein, der Leuchtturm von La Vieille auf dem offenen Meer und das Gef\u00fchl, das Ende der Welt erreicht zu haben.<\/p>\t\t\t\t\t\t\t\t<\/div>\n\t\t\t\t<\/div>\n\t\t\t\t<\/div>\n\t\t\t\t<\/div>\n\t\t\t\t\t<\/div>\n\t\t\t\t<\/div>\n\t\t<div class=\"elementor-element elementor-element-68b2c9a e-flex e-con-boxed e-con e-parent\" data-id=\"68b2c9a\" data-element_type=\"container\" data-e-type=\"container\" data-settings=\"{&quot;background_background&quot;:&quot;classic&quot;}\">\n\t\t\t\t\t<div class=\"e-con-inner\">\n\t\t<div class=\"elementor-element elementor-element-81a6641 e-flex e-con-boxed e-con e-child\" data-id=\"81a6641\" data-element_type=\"container\" data-e-type=\"container\" data-settings=\"{&quot;background_background&quot;:&quot;classic&quot;}\">\n\t\t\t\t\t<div class=\"e-con-inner\">\n\t\t\t\t<div class=\"elementor-element elementor-element-849e1cd elementor-widget elementor-widget-heading\" data-id=\"849e1cd\" data-element_type=\"widget\" data-e-type=\"widget\" data-widget_type=\"heading.default\">\n\t\t\t\t\t<h2 class=\"elementor-heading-title elementor-size-default\">Thematische Aktivit\u00e4ten und Entdeckungen\n<\/h2>\t\t\t\t<\/div>\n\t\t\t\t<div class=\"elementor-element elementor-element-611092c elementor-widget elementor-widget-text-editor\" data-id=\"611092c\" data-element_type=\"widget\" data-e-type=\"widget\" data-widget_type=\"text-editor.default\">\n\t\t\t\t\t\t\t\t\t<p data-source-line=\"109-109\">Neben den Reisezielen kann man das s\u00fcdliche Finist\u00e8re auch durch Erlebnisse kennen lernen, die seine Identit\u00e4t offenbaren: K\u00fcstenpfade, Paddeln in gesch\u00fctzten Gew\u00e4ssern und lokale K\u00f6stlichkeiten sind nur einige der M\u00f6glichkeiten, wie Sie noch tiefer in diese Region eintauchen k\u00f6nnen.<\/p>\t\t\t\t\t\t\t\t<\/div>\n\t\t\t\t\t<\/div>\n\t\t\t\t<\/div>\n\t\t<div class=\"elementor-element elementor-element-982cb0f e-con-full e-grid e-con e-child\" data-id=\"982cb0f\" data-element_type=\"container\" data-e-type=\"container\">\n\t\t<div class=\"elementor-element elementor-element-90cf0ed e-con-full e-flex e-con e-child\" data-id=\"90cf0ed\" data-element_type=\"container\" data-e-type=\"container\" data-settings=\"{&quot;background_background&quot;:&quot;classic&quot;}\">\n\t\t\t\t<div class=\"elementor-element elementor-element-4515989 elementor-widget elementor-widget-image\" data-id=\"4515989\" data-element_type=\"widget\" data-e-type=\"widget\" data-widget_type=\"image.default\">\n\t\t\t\t\t\t\t\t\t\t\t\t\t\t\t<img loading=\"lazy\" decoding=\"async\" width=\"500\" height=\"248\" src=\"https:\/\/www.camping-les-saules.com\/wp-content\/uploads\/specialites-bretonnes.jpg\" class=\"attachment-medium_large size-medium_large wp-image-13211\" alt=\"Bretonische Spezialit\u00e4ten\" srcset=\"https:\/\/www.camping-les-saules.com\/wp-content\/uploads\/specialites-bretonnes.jpg 500w, https:\/\/www.camping-les-saules.com\/wp-content\/uploads\/specialites-bretonnes-300x149.jpg 300w\" sizes=\"auto, (max-width: 500px) 100vw, 500px\" \/>\t\t\t\t\t\t\t\t\t\t\t\t\t\t\t<\/div>\n\t\t<div class=\"elementor-element elementor-element-df7c501 e-con-full e-flex e-con e-child\" data-id=\"df7c501\" data-element_type=\"container\" data-e-type=\"container\">\n\t\t\t\t<div class=\"elementor-element elementor-element-c994e2a elementor-widget__width-inherit elementor-widget elementor-widget-heading\" data-id=\"c994e2a\" data-element_type=\"widget\" data-e-type=\"widget\" data-widget_type=\"heading.default\">\n\t\t\t\t\t<h3 class=\"elementor-heading-title elementor-size-default\"><a href=\"https:\/\/www.camping-les-saules.com\/de\/spezialitat-bretonen\/\">Bretonische Spezialit\u00e4ten\n<\/a><\/h3>\t\t\t\t<\/div>\n\t\t\t\t<div class=\"elementor-element elementor-element-c0edab3 elementor-widget elementor-widget-text-editor\" data-id=\"c0edab3\" data-element_type=\"widget\" data-e-type=\"widget\" data-widget_type=\"text-editor.default\">\n\t\t\t\t\t\t\t\t\t<p data-source-line=\"113-113\">Die Gastronomie des Finist\u00e8re ist gepr\u00e4gt von Meeresprodukten, traditionellen Fertigkeiten und einer kulinarischen Identit\u00e4t, die weit \u00fcber Cr\u00eapes und Kouign-Amann hinausgeht.<\/p>\t\t\t\t\t\t\t\t<\/div>\n\t\t\t\t<\/div>\n\t\t\t\t<\/div>\n\t\t<div class=\"elementor-element elementor-element-e9b365e e-con-full e-flex e-con e-child\" data-id=\"e9b365e\" data-element_type=\"container\" data-e-type=\"container\" data-settings=\"{&quot;background_background&quot;:&quot;classic&quot;}\">\n\t\t\t\t<div class=\"elementor-element elementor-element-76bc6a8 elementor-widget elementor-widget-image\" data-id=\"76bc6a8\" data-element_type=\"widget\" data-e-type=\"widget\" data-widget_type=\"image.default\">\n\t\t\t\t\t\t\t\t\t\t\t\t\t\t\t<img loading=\"lazy\" decoding=\"async\" width=\"768\" height=\"508\" src=\"https:\/\/www.camping-les-saules.com\/wp-content\/uploads\/randonnee-GR-768x508.jpg\" class=\"attachment-medium_large size-medium_large wp-image-12792\" alt=\"Ein h\u00f6lzerner Wegweiser mit blau-wei\u00dfen Pfeilen steht inmitten von B\u00e4umen und f\u00fchrt Abenteurer durch einen ruhigen Waldweg im Finist\u00e8re. Ideal f\u00fcr diejenigen, die im S\u00fcden campen, verspricht er eine Flucht aus der Natur.\" srcset=\"https:\/\/www.camping-les-saules.com\/wp-content\/uploads\/randonnee-GR-768x508.jpg 768w, https:\/\/www.camping-les-saules.com\/wp-content\/uploads\/randonnee-GR-300x198.jpg 300w, https:\/\/www.camping-les-saules.com\/wp-content\/uploads\/randonnee-GR.jpg 800w\" sizes=\"auto, (max-width: 768px) 100vw, 768px\" \/>\t\t\t\t\t\t\t\t\t\t\t\t\t\t\t<\/div>\n\t\t<div class=\"elementor-element elementor-element-1287e51 e-con-full e-flex e-con e-child\" data-id=\"1287e51\" data-element_type=\"container\" data-e-type=\"container\">\n\t\t\t\t<div class=\"elementor-element elementor-element-c6b5674 elementor-widget__width-inherit elementor-widget elementor-widget-heading\" data-id=\"c6b5674\" data-element_type=\"widget\" data-e-type=\"widget\" data-widget_type=\"heading.default\">\n\t\t\t\t\t<h3 class=\"elementor-heading-title elementor-size-default\"><a href=\"https:\/\/www.camping-les-saules.com\/de\/randonnee-finistere-sud\/\">Wanderungen in S\u00fcd-Finist\u00e8re\n<\/a><\/h3>\t\t\t\t<\/div>\n\t\t\t\t<div class=\"elementor-element elementor-element-38451a5 elementor-widget elementor-widget-text-editor\" data-id=\"38451a5\" data-element_type=\"widget\" data-e-type=\"widget\" data-widget_type=\"text-editor.default\">\n\t\t\t\t\t\t\t\t\t<p data-source-line=\"119-119\">Der K\u00fcstenpfad (GR34) und die Wege im Landesinneren bieten abwechslungsreiche Routen zwischen Heidelandschaften, wilden Buchten und Meerespanoramen, die f\u00fcr alle Wanderniveaus geeignet sind.<\/p>\t\t\t\t\t\t\t\t<\/div>\n\t\t\t\t<\/div>\n\t\t\t\t<\/div>\n\t\t<div class=\"elementor-element elementor-element-05b3a07 e-con-full e-flex e-con e-child\" data-id=\"05b3a07\" data-element_type=\"container\" data-e-type=\"container\" data-settings=\"{&quot;background_background&quot;:&quot;classic&quot;}\">\n\t\t\t\t<div class=\"elementor-element elementor-element-a2d5434 elementor-widget elementor-widget-image\" data-id=\"a2d5434\" data-element_type=\"widget\" data-e-type=\"widget\" data-widget_type=\"image.default\">\n\t\t\t\t\t\t\t\t\t\t\t\t\t\t\t<img loading=\"lazy\" decoding=\"async\" width=\"768\" height=\"512\" src=\"https:\/\/www.camping-les-saules.com\/wp-content\/uploads\/riviere-odet-768x512.jpg\" class=\"attachment-medium_large size-medium_large wp-image-13995\" alt=\"Ein ruhiger Blick auf einen See im s\u00fcdlichen Finist\u00e8re, eingerahmt von \u00fcppigen gr\u00fcnen B\u00e4umen, mit Kajaks, die unter einem klaren blauen Himmel sanft \u00fcber das Wasser gleiten.\" srcset=\"https:\/\/www.camping-les-saules.com\/wp-content\/uploads\/riviere-odet-768x512.jpg 768w, https:\/\/www.camping-les-saules.com\/wp-content\/uploads\/riviere-odet-300x200.jpg 300w, https:\/\/www.camping-les-saules.com\/wp-content\/uploads\/riviere-odet.jpg 800w\" sizes=\"auto, (max-width: 768px) 100vw, 768px\" \/>\t\t\t\t\t\t\t\t\t\t\t\t\t\t\t<\/div>\n\t\t<div class=\"elementor-element elementor-element-efb4f49 e-con-full e-flex e-con e-child\" data-id=\"efb4f49\" data-element_type=\"container\" data-e-type=\"container\">\n\t\t\t\t<div class=\"elementor-element elementor-element-23fc74d elementor-widget__width-inherit elementor-widget elementor-widget-heading\" data-id=\"23fc74d\" data-element_type=\"widget\" data-e-type=\"widget\" data-widget_type=\"heading.default\">\n\t\t\t\t\t<h3 class=\"elementor-heading-title elementor-size-default\"><a href=\"https:\/\/www.camping-les-saules.com\/de\/kayak-finistere\/\">Kajak in Finist\u00e8re\n<\/a><\/h3>\t\t\t\t<\/div>\n\t\t\t\t<div class=\"elementor-element elementor-element-464b061 elementor-widget elementor-widget-text-editor\" data-id=\"464b061\" data-element_type=\"widget\" data-e-type=\"widget\" data-widget_type=\"text-editor.default\">\n\t\t\t\t\t\t\t\t\t<p data-source-line=\"125-125\">Mit dem Seekajak k\u00f6nnen Sie die K\u00fcste, die Meeresh\u00f6hlen und die kleinen Inseln aus einer ganz neuen Perspektive betrachten und die K\u00fcste des Finist\u00e8re im Rhythmus der Gezeiten anders erleben.<\/p>\t\t\t\t\t\t\t\t<\/div>\n\t\t\t\t<\/div>\n\t\t\t\t<\/div>\n\t\t\t\t<\/div>\n\t\t\t\t\t<\/div>\n\t\t\t\t<\/div>\n\t\t\t\t<\/div>\n\t\t","protected":false},"excerpt":{"rendered":"<p>Rund um den Campingplatz Les Saules Besuchen Sie das S\u00fcd-Finist\u00e8re Das s\u00fcdliche Finist\u00e8re l\u00e4sst sich \u00fcber Gebiete mit ausgepr\u00e4gter Identit\u00e4t entdecken: charaktervolle H\u00e4fen, wilde, windgepeitschte Landzungen und geschichtstr\u00e4chtige Kapellen. Zwischen Concarneau und der Pointe du Raz bietet diese K\u00fcste eine Vielfalt an Landschaften und Stimmungen, die sie zu einem der komplettesten Reiseziele der Bretagne macht. [&hellip;]<\/p>\n","protected":false},"author":1,"featured_media":0,"parent":0,"menu_order":0,"comment_status":"closed","ping_status":"closed","template":"","meta":{"slim_seo":{"title":"Besuchen Sie Finist\u00e8re Sud | Kompletter Reisef\u00fchrer Concarneau-Douarnenez","description":"Umfassender Reisef\u00fchrer f\u00fcr das s\u00fcdliche Finist\u00e8re: Concarneau, Pont-Aven, Locronan, Pointe du Raz, Quimper. Aktivit\u00e4ten, Wanderungen, bretonische Spezialit\u00e4ten. Karte + 12 ungew\u00f6hnliche Orte."},"footnotes":""},"class_list":["post-14523","page","type-page","status-publish","hentry"],"_links":{"self":[{"href":"https:\/\/www.camping-les-saules.com\/de\/wp-json\/wp\/v2\/pages\/14523","targetHints":{"allow":["GET"]}}],"collection":[{"href":"https:\/\/www.camping-les-saules.com\/de\/wp-json\/wp\/v2\/pages"}],"about":[{"href":"https:\/\/www.camping-les-saules.com\/de\/wp-json\/wp\/v2\/types\/page"}],"author":[{"embeddable":true,"href":"https:\/\/www.camping-les-saules.com\/de\/wp-json\/wp\/v2\/users\/1"}],"replies":[{"embeddable":true,"href":"https:\/\/www.camping-les-saules.com\/de\/wp-json\/wp\/v2\/comments?post=14523"}],"version-history":[{"count":0,"href":"https:\/\/www.camping-les-saules.com\/de\/wp-json\/wp\/v2\/pages\/14523\/revisions"}],"wp:attachment":[{"href":"https:\/\/www.camping-les-saules.com\/de\/wp-json\/wp\/v2\/media?parent=14523"}],"curies":[{"name":"wp","href":"https:\/\/api.w.org\/{rel}","templated":true}]}}