{"id":14334,"date":"2025-08-20T00:45:04","date_gmt":"2025-08-19T22:45:04","guid":{"rendered":"https:\/\/www.camping-les-saules.com\/camping-familial-bretagne\/"},"modified":"2026-02-23T16:35:43","modified_gmt":"2026-02-23T15:35:43","slug":"familien-campingplatz-fouesnant","status":"publish","type":"page","link":"https:\/\/www.camping-les-saules.com\/de\/familien-campingplatz-fouesnant\/","title":{"rendered":"Familien-Campingplatz Fouesnant"},"content":{"rendered":"\t\t<div data-elementor-type=\"wp-post\" data-elementor-id=\"14334\" class=\"elementor elementor-14334 elementor-9918\" data-elementor-post-type=\"page\">\n\t\t\t\t<div class=\"elementor-element elementor-element-44382eb e-flex e-con-boxed e-con e-parent\" data-id=\"44382eb\" data-element_type=\"container\" data-e-type=\"container\" data-settings=\"{&quot;background_background&quot;:&quot;classic&quot;}\">\n\t\t\t\t\t<div class=\"e-con-inner\">\n\t\t<div class=\"elementor-element elementor-element-a803835 e-con-full e-flex e-con e-child\" data-id=\"a803835\" data-element_type=\"container\" data-e-type=\"container\">\n\t\t\t\t<div class=\"elementor-element elementor-element-e76cfaf elementor-widget elementor-widget-heading\" data-id=\"e76cfaf\" data-element_type=\"widget\" data-e-type=\"widget\" data-widget_type=\"heading.default\">\n\t\t\t\t\t<span class=\"elementor-heading-title elementor-size-default\">Willkommen auf dem 4* Campingplatz Les Saules<\/span>\t\t\t\t<\/div>\n\t\t\t\t<div class=\"elementor-element elementor-element-efe4497 elementor-widget elementor-widget-heading\" data-id=\"efe4497\" data-element_type=\"widget\" data-e-type=\"widget\" data-widget_type=\"heading.default\">\n\t\t\t\t\t<h1 class=\"elementor-heading-title elementor-size-default\">Familiencampingplatz in Fouesnant<\/h1>\t\t\t\t<\/div>\n\t\t\t\t<div class=\"elementor-element elementor-element-2f95db7 elementor-widget elementor-widget-text-editor\" data-id=\"2f95db7\" data-element_type=\"widget\" data-e-type=\"widget\" data-widget_type=\"text-editor.default\">\n\t\t\t\t\t\t\t\t\t<p>Sie suchen einen <strong>kleinen Familiencampingplatz am Meer<\/strong> f\u00fcr Ihren n\u00e4chsten Urlaub in der Bretagne? Wir begr\u00fc\u00dfen Sie auf dem Campingplatz Les Saules, in einer gr\u00fcnen Umgebung gegen\u00fcber den Gl\u00e9nans-Inseln, in Fouesnant im S\u00fcd-Finist\u00e8re. <\/p>\t\t\t\t\t\t\t\t<\/div>\n\t\t\t\t<div class=\"elementor-element elementor-element-8c75c52 elementor-align-center elementor-widget elementor-widget-button\" data-id=\"8c75c52\" data-element_type=\"widget\" data-e-type=\"widget\" data-widget_type=\"button.default\">\n\t\t\t\t\t\t\t\t\t\t<a class=\"elementor-button elementor-button-link elementor-size-sm\" href=\"https:\/\/www.camping-les-saules.com\/de\/unterkuenfte\/\">\n\t\t\t\t\t\t<span class=\"elementor-button-content-wrapper\">\n\t\t\t\t\t\t<span class=\"elementor-button-icon\">\n\t\t\t\t<svg xmlns=\"http:\/\/www.w3.org\/2000\/svg\" width=\"24\" height=\"24\" viewBox=\"0 0 24 24\" fill=\"none\" stroke=\"currentColor\" stroke-width=\"2\" stroke-linecap=\"round\" stroke-linejoin=\"round\" class=\"lucide lucide-chevron-right-icon lucide-chevron-right\"><path d=\"m9 18 6-6-6-6\"><\/path><\/svg>\t\t\t<\/span>\n\t\t\t\t\t\t\t\t\t<span class=\"elementor-button-text\">Unsere Unterk\u00fcnfte<\/span>\n\t\t\t\t\t<\/span>\n\t\t\t\t\t<\/a>\n\t\t\t\t\t\t\t\t<\/div>\n\t\t\t\t<div class=\"elementor-element elementor-element-8aeeb06 elementor-hidden-mobile elementor-widget elementor-widget-button\" data-id=\"8aeeb06\" data-element_type=\"widget\" data-e-type=\"widget\" data-widget_type=\"button.default\">\n\t\t\t\t\t\t\t\t\t\t<a class=\"elementor-button elementor-button-link elementor-size-sm\" href=\"https:\/\/www.camping-les-saules.com\/de\/preise\/\">\n\t\t\t\t\t\t<span class=\"elementor-button-content-wrapper\">\n\t\t\t\t\t\t\t\t\t<span class=\"elementor-button-text\">Preise und Verf\u00fcgbarkeit<\/span>\n\t\t\t\t\t<\/span>\n\t\t\t\t\t<\/a>\n\t\t\t\t\t\t\t\t<\/div>\n\t\t\t\t<\/div>\n\t\t<div class=\"elementor-element elementor-element-5db324b e-con-full e-flex e-con e-child\" data-id=\"5db324b\" data-element_type=\"container\" data-e-type=\"container\">\n\t\t\t\t<div class=\"elementor-element elementor-element-f31b0d4 elementor-widget__width-inherit elementor-widget elementor-widget-image\" data-id=\"f31b0d4\" data-element_type=\"widget\" data-e-type=\"widget\" data-widget_type=\"image.default\">\n\t\t\t\t\t\t\t\t\t\t\t\t\t\t\t<img loading=\"lazy\" decoding=\"async\" width=\"800\" height=\"533\" src=\"https:\/\/www.camping-les-saules.com\/wp-content\/uploads\/activite-paddle.jpg\" class=\"attachment-full size-full wp-image-14036\" alt=\"Zwei Personen tragen ein Paddle \u00fcber einen sonnigen Strand in der Bretagne, w\u00e4hrend andere sich sonnen und im Hintergrund schwimmen, was die perfekte Flucht ans Meer verk\u00f6rpert. Ein nahe gelegener Campingplatz bietet einen idyllischen Ort f\u00fcr diejenigen, die mehr als nur einen Tag am Meer genie\u00dfen m\u00f6chten.\" srcset=\"https:\/\/www.camping-les-saules.com\/wp-content\/uploads\/activite-paddle.jpg 800w, https:\/\/www.camping-les-saules.com\/wp-content\/uploads\/activite-paddle-300x200.jpg 300w, https:\/\/www.camping-les-saules.com\/wp-content\/uploads\/activite-paddle-768x512.jpg 768w\" sizes=\"auto, (max-width: 800px) 100vw, 800px\" \/>\t\t\t\t\t\t\t\t\t\t\t\t\t\t\t<\/div>\n\t\t\t\t<div class=\"elementor-element elementor-element-fb78a8f elementor-widget__width-initial elementor-widget elementor-widget-shortcode\" data-id=\"fb78a8f\" data-element_type=\"widget\" data-e-type=\"widget\" data-widget_type=\"shortcode.default\">\n\t\t\t\t\t\t\t<div class=\"elementor-shortcode\"><style>#wprev-badge-3{border-radius: 0px;}#wprev-badge-3{border-top: 5px solid #ffffff;}#wprev-badge-3{background: #ffffff;}#wprev-badge-3{border-bottom: 5px solid #ffffff;}#wprev-badge-3 .svgicons {background: #F9BC11 }#wprev-badge-3 .wppro_badge1_SPAN_4 {color: #666666;}#wprev-badge-3 .wppro_badge1_SPAN_13 {color: #666666;}#wprev-badge-3 .wppro_badge1_DIV_12 {color: #666666;}#wprev-badge-3 {width: auto;}<\/style>\r\n<div class=\"wprevpro_badge wppro_badge1_DIV_1 b6s1\" id=\"wprev-badge-3\">\t\r\n\t\t\t\t<div class=\"wppro_badge1_DIV_2 b6s2\">\t\r\n\t\t\t\t<div class=\"wppro_badge3_DIV_13\"><img decoding=\"async\" src=\"https:\/\/www.camping-les-saules.com\/wp-content\/plugins\/wp-review-slider-pro\/public\/partials\/imgs\/facebook_small_icon.svg\" width=32 height=32 alt=\"facebook logo\" class=\"wppro_badge3_IMG_4 wprevsmallbadgeicon\"><img decoding=\"async\" src=\"https:\/\/www.camping-les-saules.com\/wp-content\/plugins\/wp-review-slider-pro\/public\/partials\/imgs\/google_small_icon.svg\" width=32 height=32 alt=\"google logo\" class=\"wppro_badge3_IMG_4 wprevsmallbadgeicon\"><img decoding=\"async\" src=\"https:\/\/www.camping-les-saules.com\/wp-content\/plugins\/wp-review-slider-pro\/public\/partials\/imgs\/tripadvisor_small_icon.svg\" width=32 height=32 alt=\"tripadvisor logo\" class=\"wppro_badge3_IMG_4 wprevsmallbadgeicon\"><\/div>\t\r\n\t\t\t\t<div class=\"wppro_badge1_DIV_5 b6s5\">\t\r\n\t\t\t\t<div class=\"wppro_badge1_DIV_stars b6s6\"><span class=\"wppro_avg_b6s6a\">4.6<\/span><span class=\"svgicons svg-wprsp-star-full\"><\/span><span class=\"svgicons svg-wprsp-star-full\"><\/span><span class=\"svgicons svg-wprsp-star-full\"><\/span><span class=\"svgicons svg-wprsp-star-full\"><\/span><span class=\"svgicons svg-wprsp-star-half\"><\/span>\t\r\n\t\t\t\t<\/div>\t\r\n\t\t\t\t<div class=\"wppro_badge1_DIV_12 b6s12\"><span class=\"wppro_badge1_SPAN_15\">298<\/span>&nbsp;Avis<\/div><\/div><\/div><\/div>\r\n\t\t\t\t\r\n\r\n<\/div>\n\t\t\t\t\t\t<\/div>\n\t\t\t\t<\/div>\n\t\t\t\t\t<\/div>\n\t\t\t\t<\/div>\n\t\t<div class=\"elementor-element elementor-element-7fe334d e-flex e-con-boxed e-con e-parent\" data-id=\"7fe334d\" data-element_type=\"container\" data-e-type=\"container\">\n\t\t\t\t\t<div class=\"e-con-inner\">\n\t\t<div class=\"elementor-element elementor-element-094448d e-con-full e-flex e-con e-child\" data-id=\"094448d\" data-element_type=\"container\" data-e-type=\"container\">\n\t\t\t\t<div class=\"elementor-element elementor-element-778edc1 elementor-widget elementor-widget-text-editor\" data-id=\"778edc1\" data-element_type=\"widget\" data-e-type=\"widget\" data-widget_type=\"text-editor.default\">\n\t\t\t\t\t\t\t\t\t<p data-source-line=\"9-9\">Unser Betrieb wird seit drei Generationen von der gleichen Familie gef\u00fchrt. Es ist uns ein Anliegen, den Geist eines unabh\u00e4ngigen Campingplatzes zu bewahren, wo jeder Gast mit Aufmerksamkeit empfangen wird. Zwischen Concarneau und B\u00e9nodet gelegen, finden Sie in unmittelbarer N\u00e4he einen feinen Sandstrand, einen Fernwanderweg und Wassersportm\u00f6glichkeiten wie Kajak oder Paddle.  <\/p><p data-source-line=\"11-11\">Ihr Aufenthalt bietet Ihnen auch die Gelegenheit, das gesamte s\u00fcdliche Finist\u00e8re zu erkunden und Concarneau, B\u00e9nodet, Quimper, Pont-Aven, Locronan oder Douarnenez zu entdecken. <a href=\"https:\/\/www.camping-les-saules.com\/de\/tourismus-fouesnant\/\" target=\"_blank\" rel=\"noopener noreferrer\">Alle Informationen \u00fcber den Tourismus in Fouesnant<\/a> und Umgebung stehen Ihnen zur Verf\u00fcgung, damit Sie Ihre Ausfl\u00fcge vorbereiten k\u00f6nnen.<\/p><p>Sie k\u00f6nnen Ihren Aufenthalt auch nutzen, um das gesamte s\u00fcdliche Finist\u00e8re zu erkunden und Concarneau, B\u00e9nodet, Quimper, Pont-Aven, Locronan oder Douarnenez zu entdecken.<\/p>\t\t\t\t\t\t\t\t<\/div>\n\t\t\t\t<\/div>\n\t\t<div class=\"elementor-element elementor-element-2b2cdfa e-con-full e-flex e-con e-child\" data-id=\"2b2cdfa\" data-element_type=\"container\" data-e-type=\"container\">\n\t\t\t\t<div class=\"elementor-element elementor-element-8b9f258 elementor-widget elementor-widget-image\" data-id=\"8b9f258\" data-element_type=\"widget\" data-e-type=\"widget\" data-widget_type=\"image.default\">\n\t\t\t\t\t\t\t\t\t\t\t\t\t\t\t<img loading=\"lazy\" decoding=\"async\" width=\"800\" height=\"533\" src=\"https:\/\/www.camping-les-saules.com\/wp-content\/uploads\/restaurant-camping.webp\" class=\"attachment-large size-large wp-image-15520\" alt=\"Ein modernes Haus mit Sitzgelegenheiten im Freien unter roten und schwarzen Sonnenschirmen, Topfpflanzen und Menschen, die an einem sonnigen Tag die Holzterrasse genie\u00dfen - ein perfekter Ort zum Entspannen oder Zusammenkommen, der an die W\u00e4rme der famili\u00e4ren Momente beim Camping erinnert.\" srcset=\"https:\/\/www.camping-les-saules.com\/wp-content\/uploads\/restaurant-camping.webp 800w, https:\/\/www.camping-les-saules.com\/wp-content\/uploads\/restaurant-camping-300x200.webp 300w, https:\/\/www.camping-les-saules.com\/wp-content\/uploads\/restaurant-camping-768x512.webp 768w\" sizes=\"auto, (max-width: 800px) 100vw, 800px\" \/>\t\t\t\t\t\t\t\t\t\t\t\t\t\t\t<\/div>\n\t\t\t\t<\/div>\n\t\t\t\t\t<\/div>\n\t\t\t\t<\/div>\n\t\t<div class=\"elementor-element elementor-element-d4a54f2 e-flex e-con-boxed e-con e-parent\" data-id=\"d4a54f2\" data-element_type=\"container\" data-e-type=\"container\" data-settings=\"{&quot;background_background&quot;:&quot;classic&quot;}\">\n\t\t\t\t\t<div class=\"e-con-inner\">\n\t\t<div class=\"elementor-element elementor-element-6e8a01b e-con-full e-flex e-con e-child\" data-id=\"6e8a01b\" data-element_type=\"container\" data-e-type=\"container\">\n\t\t\t\t<div class=\"elementor-element elementor-element-e0468e7 elementor-widget elementor-widget-image\" data-id=\"e0468e7\" data-element_type=\"widget\" data-e-type=\"widget\" data-widget_type=\"image.default\">\n\t\t\t\t\t\t\t\t\t\t\t\t\t\t\t<img loading=\"lazy\" decoding=\"async\" width=\"750\" height=\"499\" src=\"https:\/\/www.camping-les-saules.com\/wp-content\/uploads\/acces-direct-plage-2.jpg\" class=\"attachment-medium_large size-medium_large wp-image-12812\" alt=\"Ein Mann und zwei Kinder gehen auf einem sonnigen Weg zum Strand im s\u00fcdlichen Finist\u00e8re und tragen Strandausr\u00fcstung. Autos parken entlang des grasbewachsenen Weges und B\u00e4ume s\u00e4umen die Seiten, die an einen ruhigen Campingausflug erinnern.\" srcset=\"https:\/\/www.camping-les-saules.com\/wp-content\/uploads\/acces-direct-plage-2.jpg 750w, https:\/\/www.camping-les-saules.com\/wp-content\/uploads\/acces-direct-plage-2-300x200.jpg 300w\" sizes=\"auto, (max-width: 750px) 100vw, 750px\" \/>\t\t\t\t\t\t\t\t\t\t\t\t\t\t\t<\/div>\n\t\t\t\t<div class=\"elementor-element elementor-element-3dc8158 elementor-widget elementor-widget-image\" data-id=\"3dc8158\" data-element_type=\"widget\" data-e-type=\"widget\" data-widget_type=\"image.default\">\n\t\t\t\t\t\t\t\t\t\t\t\t\t\t\t<img loading=\"lazy\" decoding=\"async\" width=\"768\" height=\"432\" src=\"https:\/\/www.camping-les-saules.com\/wp-content\/uploads\/camping-saules-fouesnant-768x432.webp\" class=\"attachment-medium_large size-medium_large wp-image-18912\" alt=\"Camping saules fouesnant\" srcset=\"https:\/\/www.camping-les-saules.com\/wp-content\/uploads\/camping-saules-fouesnant-768x432.webp 768w, https:\/\/www.camping-les-saules.com\/wp-content\/uploads\/camping-saules-fouesnant-300x169.webp 300w, https:\/\/www.camping-les-saules.com\/wp-content\/uploads\/camping-saules-fouesnant-1024x576.webp 1024w, https:\/\/www.camping-les-saules.com\/wp-content\/uploads\/camping-saules-fouesnant-1536x864.webp 1536w, https:\/\/www.camping-les-saules.com\/wp-content\/uploads\/camping-saules-fouesnant-2048x1152.webp 2048w\" sizes=\"auto, (max-width: 768px) 100vw, 768px\" \/>\t\t\t\t\t\t\t\t\t\t\t\t\t\t\t<\/div>\n\t\t\t\t<\/div>\n\t\t<div class=\"elementor-element elementor-element-ada0ba8 e-con-full e-flex e-con e-child\" data-id=\"ada0ba8\" data-element_type=\"container\" data-e-type=\"container\">\n\t\t\t\t<div class=\"elementor-element elementor-element-53d79e7 elementor-widget elementor-widget-text-editor\" data-id=\"53d79e7\" data-element_type=\"widget\" data-e-type=\"widget\" data-widget_type=\"text-editor.default\">\n\t\t\t\t\t\t\t\t\t<h2 data-source-line=\"13-13\">Direkter Zugang zum Strand von Kerleven vom Campingplatz aus<\/h2><p data-source-line=\"15-15\">Einer der gr\u00f6\u00dften Vorteile unseres Campingplatzes Les Saules ist der direkte Zugang zum Strand. Der Strand von Kerleven, einer der sch\u00f6nsten Str\u00e4nde im S\u00fcd-Finist\u00e8re, liegt direkt vor der T\u00fcr des Campingplatzes. Schieben Sie einfach das Tor am Ende des Campingplatzes auf und schon sind Sie auf dem Sand.  <\/p><p data-source-line=\"17-17\">Diese N\u00e4he macht unseren Campingplatz zu einem idealen Urlaubsziel f\u00fcr Kinder und Jugendliche. Sie k\u00f6nnen mehrmals am Tag schwimmen gehen, bei Ebbe die Meerestiere in den Felsen beobachten, sich sonnen, auf dem K\u00fcstenpfad wandern oder angeln. Wenn Sie mehr \u00fcber <a href=\"https:\/\/www.camping-les-saules.com\/de\/camping-bord-de-mer-fouesnant\/\" target=\"_blank\" rel=\"noopener noreferrer\">unseren Campingplatz am Meer in Fouesnant<\/a> erfahren m\u00f6chten, besuchen Sie unsere spezielle Seite.  <\/p><p data-source-line=\"19-19\">Der Strand von Kerleven wird im Juli und August \u00fcberwacht. Durch seinen geringen H\u00f6henunterschied ist er ein sicherer Badeort f\u00fcr Familien. Die Kinder k\u00f6nnen hier in aller Ruhe Sandburgen bauen, Tunnel graben oder in den Wellen spielen. An manchen Sommerabenden k\u00f6nnen Sie sogar den Abend am Strand verl\u00e4ngern und die Sternschnuppen z\u00e4hlen.   <\/p><p data-source-line=\"21-21\">Unser Campingplatz verf\u00fcgt <a href=\"https:\/\/www.camping-les-saules.com\/de\/camping-vue-mer-fouesnant\/\" target=\"_blank\" rel=\"noopener noreferrer\">von einigen Stellpl\u00e4tzen aus \u00fcber Meerblick<\/a>, was Ihren Aufenthalt in der Bretagne noch reizvoller macht.<\/p>\t\t\t\t\t\t\t\t<\/div>\n\t\t\t\t<\/div>\n\t\t\t\t\t<\/div>\n\t\t\t\t<\/div>\n\t\t<div class=\"elementor-element elementor-element-3abe9d8 e-flex e-con-boxed e-con e-parent\" data-id=\"3abe9d8\" data-element_type=\"container\" data-e-type=\"container\">\n\t\t\t\t\t<div class=\"e-con-inner\">\n\t\t<div class=\"elementor-element elementor-element-dc92482 e-con-full e-flex e-con e-child\" data-id=\"dc92482\" data-element_type=\"container\" data-e-type=\"container\">\n\t\t\t\t<div class=\"elementor-element elementor-element-5f6b819 elementor-widget elementor-widget-google_maps\" data-id=\"5f6b819\" data-element_type=\"widget\" data-e-type=\"widget\" data-widget_type=\"google_maps.default\">\n\t\t\t\t\t\t\t<div class=\"elementor-custom-embed\">\n\t\t\t<iframe loading=\"lazy\"\n\t\t\t\t\tsrc=\"https:\/\/maps.google.com\/maps?q=Camping%20les%20Saules&#038;t=m&#038;z=7&#038;output=embed&#038;iwloc=near\"\n\t\t\t\t\ttitle=\"Camping les Saules\"\n\t\t\t\t\taria-label=\"Camping les Saules\"\n\t\t\t><\/iframe>\n\t\t<\/div>\n\t\t\t\t\t\t<\/div>\n\t\t\t\t<\/div>\n\t\t\t\t\t<\/div>\n\t\t\t\t<\/div>\n\t\t<div class=\"elementor-element elementor-element-62f17fc e-flex e-con-boxed e-con e-parent\" data-id=\"62f17fc\" data-element_type=\"container\" data-e-type=\"container\">\n\t\t\t\t\t<div class=\"e-con-inner\">\n\t\t<div class=\"elementor-element elementor-element-67ddf6a e-con-full e-flex e-con e-child\" data-id=\"67ddf6a\" data-element_type=\"container\" data-e-type=\"container\">\n\t\t\t\t<div class=\"elementor-element elementor-element-7ab0b48 elementor-widget elementor-widget-text-editor\" data-id=\"7ab0b48\" data-element_type=\"widget\" data-e-type=\"widget\" data-widget_type=\"text-editor.default\">\n\t\t\t\t\t\t\t\t\t<h2 data-source-line=\"23-23\">Familienfreundliche Einrichtungen auf unserem 4-Sterne-Campingplatz<\/h2><p data-source-line=\"25-25\"><strong>Unser Familiencampingplatz ist mit 4 Sternen klassifiziert<\/strong> und verf\u00fcgt \u00fcber alle Einrichtungen, die Sie f\u00fcr Ihren Aufenthalt in einem Zelt oder Mobilheim ben\u00f6tigen. Wir haben bewusst eine \u00fcberschaubare Gr\u00f6\u00dfe mit ca. 100 Stellpl\u00e4tzen beibehalten, was uns erm\u00f6glicht, eine freundliche und famili\u00e4re Atmosph\u00e4re zu bewahren. Entdecken Sie alle <a href=\"https:\/\/www.camping-les-saules.com\/de\/dienstleistungen\/\" target=\"_blank\" rel=\"noopener noreferrer\">unsere Dienstleistungen<\/a> f\u00fcr einen komfortablen Aufenthalt.  <\/p><p data-source-line=\"27-27\">Vor Ort finden Sie einen kleinen Lebensmittelladen mit lokalen bretonischen Produkten: Cr\u00eapes, Cidre, gesalzene Butter, Fischkonserven aus Concarneau, Honig aus Fouesnant. Unsere Snackbar bietet Ihnen auch Mahlzeiten f\u00fcr die Abende, an denen Sie sich nach einem Tag am Strand oder einer Besichtigung ausruhen m\u00f6chten. Wenn Sie mehr \u00fcber <a href=\"https:\/\/www.camping-les-saules.com\/de\/camping-4-etoiles-fouesnant\/\" target=\"_blank\" rel=\"noopener noreferrer\">unseren 4-Sterne-Campingplatz in der Bretagne<\/a> und seine Leistungen erfahren m\u00f6chten, finden Sie hier eine ausf\u00fchrliche Beschreibung aller unserer Dienstleistungen.  <\/p>\t\t\t\t\t\t\t\t<\/div>\n\t\t\t\t<div class=\"elementor-element elementor-element-8b7c516 elementor-hidden-mobile elementor-widget elementor-widget-button\" data-id=\"8b7c516\" data-element_type=\"widget\" data-e-type=\"widget\" data-widget_type=\"button.default\">\n\t\t\t\t\t\t\t\t\t\t<a class=\"elementor-button elementor-button-link elementor-size-sm\" href=\"https:\/\/www.camping-les-saules.com\/de\/unterkuenfte\/\">\n\t\t\t\t\t\t<span class=\"elementor-button-content-wrapper\">\n\t\t\t\t\t\t<span class=\"elementor-button-icon\">\n\t\t\t\t<svg xmlns=\"http:\/\/www.w3.org\/2000\/svg\" width=\"24\" height=\"24\" viewBox=\"0 0 24 24\" fill=\"none\" stroke=\"currentColor\" stroke-width=\"2\" stroke-linecap=\"round\" stroke-linejoin=\"round\" class=\"lucide lucide-chevron-right-icon lucide-chevron-right\"><path d=\"m9 18 6-6-6-6\"><\/path><\/svg>\t\t\t<\/span>\n\t\t\t\t\t\t\t\t\t<span class=\"elementor-button-text\">Entdecken Sie unsere Unterk\u00fcnfte<\/span>\n\t\t\t\t\t<\/span>\n\t\t\t\t\t<\/a>\n\t\t\t\t\t\t\t\t<\/div>\n\t\t\t\t<\/div>\n\t\t<div class=\"elementor-element elementor-element-2f3fc89 e-con-full e-flex e-con e-child\" data-id=\"2f3fc89\" data-element_type=\"container\" data-e-type=\"container\" data-settings=\"{&quot;background_background&quot;:&quot;classic&quot;}\">\n\t\t\t\t<div class=\"elementor-element elementor-element-0c071c9 elementor-widget elementor-widget-image\" data-id=\"0c071c9\" data-element_type=\"widget\" data-e-type=\"widget\" data-widget_type=\"image.default\">\n\t\t\t\t\t\t\t\t\t\t\t\t\t\t\t<img loading=\"lazy\" decoding=\"async\" width=\"750\" height=\"499\" src=\"https:\/\/www.camping-les-saules.com\/wp-content\/uploads\/enfants-piscine-camping.jpg\" class=\"attachment-medium_large size-medium_large wp-image-12805\" alt=\"Zwei kleine Kinder spielen mit Spielzeug in einem Swimmingpool. Eines tr\u00e4gt eine Schwimmbrille und einen Badeanzug, w\u00e4hrend das andere Schwimmer h\u00e4lt, was an einen entspannenden Ausflug in das s\u00fcdliche Finist\u00e8re erinnert. Badeg\u00e4ste entspannen sich im Hintergrund und wecken Erinnerungen an ein sommerliches Campingabenteuer.\" srcset=\"https:\/\/www.camping-les-saules.com\/wp-content\/uploads\/enfants-piscine-camping.jpg 750w, https:\/\/www.camping-les-saules.com\/wp-content\/uploads\/enfants-piscine-camping-300x200.jpg 300w\" sizes=\"auto, (max-width: 750px) 100vw, 750px\" \/>\t\t\t\t\t\t\t\t\t\t\t\t\t\t\t<\/div>\n\t\t\t\t<div class=\"elementor-element elementor-element-88d4342 elementor-widget elementor-widget-image\" data-id=\"88d4342\" data-element_type=\"widget\" data-e-type=\"widget\" data-widget_type=\"image.default\">\n\t\t\t\t\t\t\t\t\t\t\t\t\t\t\t<img loading=\"lazy\" decoding=\"async\" width=\"750\" height=\"500\" src=\"https:\/\/www.camping-les-saules.com\/wp-content\/uploads\/epicerie-camping-2.jpg\" class=\"attachment-medium_large size-medium_large wp-image-12816\" alt=\"Kleiner Supermarkt mit Regalen, in denen verschiedene Lebensmittel, Getr\u00e4nke und Snacks ausgestellt sind, ideal zum Einkaufen vor Ihrem Campingurlaub im S\u00fcd-Finist\u00e8re. Im Hintergrund ist eine Treppe zu sehen.\" srcset=\"https:\/\/www.camping-les-saules.com\/wp-content\/uploads\/epicerie-camping-2.jpg 750w, https:\/\/www.camping-les-saules.com\/wp-content\/uploads\/epicerie-camping-2-300x200.jpg 300w\" sizes=\"auto, (max-width: 750px) 100vw, 750px\" \/>\t\t\t\t\t\t\t\t\t\t\t\t\t\t\t<\/div>\n\t\t\t\t<\/div>\n\t\t\t\t\t<\/div>\n\t\t\t\t<\/div>\n\t\t<div class=\"elementor-element elementor-element-a9eefaa e-flex e-con-boxed e-con e-parent\" data-id=\"a9eefaa\" data-element_type=\"container\" data-e-type=\"container\" data-settings=\"{&quot;background_background&quot;:&quot;classic&quot;}\">\n\t\t\t\t\t<div class=\"e-con-inner\">\n\t\t<div class=\"elementor-element elementor-element-3d5f024 e-con-full e-flex e-con e-child\" data-id=\"3d5f024\" data-element_type=\"container\" data-e-type=\"container\" data-settings=\"{&quot;background_background&quot;:&quot;classic&quot;}\">\n\t\t\t\t<div class=\"elementor-element elementor-element-cfb76c8 elementor-widget elementor-widget-image\" data-id=\"cfb76c8\" data-element_type=\"widget\" data-e-type=\"widget\" data-widget_type=\"image.default\">\n\t\t\t\t\t\t\t\t\t\t\t\t\t\t\t<img loading=\"lazy\" decoding=\"async\" width=\"768\" height=\"384\" src=\"https:\/\/www.camping-les-saules.com\/wp-content\/uploads\/piscine-camping-2-768x384.jpg\" class=\"attachment-medium_large size-medium_large wp-image-12941\" alt=\"Menschen rutschen in einem Wasserpark die Wasserrutschen hinunter, spritzen in einen Pool, der von \u00fcppigem Gr\u00fcn und Palmen umgeben ist und die perfekte Oase f\u00fcr diejenigen schafft, die in der N\u00e4he campen.\" srcset=\"https:\/\/www.camping-les-saules.com\/wp-content\/uploads\/piscine-camping-2-768x384.jpg 768w, https:\/\/www.camping-les-saules.com\/wp-content\/uploads\/piscine-camping-2-300x150.jpg 300w, https:\/\/www.camping-les-saules.com\/wp-content\/uploads\/piscine-camping-2.jpg 1000w\" sizes=\"auto, (max-width: 768px) 100vw, 768px\" \/>\t\t\t\t\t\t\t\t\t\t\t\t\t\t\t<\/div>\n\t\t\t\t<div class=\"elementor-element elementor-element-6a6a214 elementor-widget elementor-widget-image\" data-id=\"6a6a214\" data-element_type=\"widget\" data-e-type=\"widget\" data-widget_type=\"image.default\">\n\t\t\t\t\t\t\t\t\t\t\t\t\t\t\t<img loading=\"lazy\" decoding=\"async\" width=\"600\" height=\"399\" src=\"https:\/\/www.camping-les-saules.com\/wp-content\/uploads\/jeux-camping-1.jpg\" class=\"attachment-medium_large size-medium_large wp-image-14001\" alt=\"Die Kinder spielen und springen an einem sonnigen Tag fr\u00f6hlich in einer bunten H\u00fcpfburg und f\u00fchlen sich, als ob sie an einem 4-Sterne-Campingabenteuer in der sch\u00f6nen Bretagne teilnehmen w\u00fcrden.\" srcset=\"https:\/\/www.camping-les-saules.com\/wp-content\/uploads\/jeux-camping-1.jpg 600w, https:\/\/www.camping-les-saules.com\/wp-content\/uploads\/jeux-camping-1-300x200.jpg 300w\" sizes=\"auto, (max-width: 600px) 100vw, 600px\" \/>\t\t\t\t\t\t\t\t\t\t\t\t\t\t\t<\/div>\n\t\t\t\t<\/div>\n\t\t<div class=\"elementor-element elementor-element-c86fde3 e-con-full e-flex e-con e-child\" data-id=\"c86fde3\" data-element_type=\"container\" data-e-type=\"container\">\n\t\t\t\t<div class=\"elementor-element elementor-element-9b9b913 elementor-widget elementor-widget-text-editor\" data-id=\"9b9b913\" data-element_type=\"widget\" data-e-type=\"widget\" data-widget_type=\"text-editor.default\">\n\t\t\t\t\t\t\t\t\t<h3 id=\"le-parc-aquatique-et-le-club-enfant\" data-source-line=\"29-29\">Der Wasserpark und der Kinderclub<\/h3><p data-source-line=\"31-31\">Die Kinder k\u00f6nnen sich im Wasserpark des Campingplatzes vergn\u00fcgen und die Rutschen und das Planschbecken nach Herzenslust nutzen. Das Wasser im Pool ist von Mitte Mai bis Mitte September beheizt, so dass die Badesaison auch bei launischem bretonischem Wetter verl\u00e4ngert werden kann. <\/p><p data-source-line=\"33-33\">F\u00fcr Kinder im Alter von 5 bis 11 Jahren bieten wir einen Kinderclub mit verschiedenen Sportaktivit\u00e4ten, Gruppenspielen und kreativen Workshops. Die Betreuer organisieren Orientierungsl\u00e4ufe, Olympiaden, gro\u00dfe Spiele zum Thema bretonische Piraten, Malen und Basteln. Ob mit den Eltern oder mit Freunden, jeder findet in den Ferien seinen eigenen Rhythmus.  <\/p><p data-source-line=\"35-35\">Au\u00dferhalb der \u00d6ffnungszeiten des Kinderclubs k\u00f6nnen Ihre Kinder den Boule- und Volleyballplatz benutzen, den Spielplatz mit Rutsche und Schaukeln nutzen oder einfach auf den gro\u00dfen Gr\u00fcnfl\u00e4chen des Campingplatzes Ball spielen. Im Juli und August organisieren wir 2 bis 3 Abendveranstaltungen pro Woche: Pfannkuchenabende, Konzerte, Lagerfeuer, Karaoke. <\/p>\t\t\t\t\t\t\t\t<\/div>\n\t\t\t\t<\/div>\n\t\t\t\t\t<\/div>\n\t\t\t\t<\/div>\n\t\t<div class=\"elementor-element elementor-element-b01c40e e-flex e-con-boxed e-con e-parent\" data-id=\"b01c40e\" data-element_type=\"container\" data-e-type=\"container\">\n\t\t\t\t\t<div class=\"e-con-inner\">\n\t\t<div class=\"elementor-element elementor-element-4fd336b e-con-full e-flex e-con e-child\" data-id=\"4fd336b\" data-element_type=\"container\" data-e-type=\"container\">\n\t\t\t\t<div class=\"elementor-element elementor-element-d548025 elementor-widget elementor-widget-text-editor\" data-id=\"d548025\" data-element_type=\"widget\" data-e-type=\"widget\" data-widget_type=\"text-editor.default\">\n\t\t\t\t\t\t\t\t\t<h2 data-source-line=\"37-37\">Unsere Mobilheime und Stellpl\u00e4tze f\u00fcr traditionelle Campingpl\u00e4tze<\/h2><p data-source-line=\"39-39\">Wir bieten zwei Arten von Unterk\u00fcnften an, je nach Ihren W\u00fcnschen und Ihrem Budget. Besuchen Sie unsere <a href=\"https:\/\/www.camping-les-saules.com\/de\/unterkuenfte\/\" target=\"_blank\" rel=\"noopener noreferrer\">Unterkunftsseite<\/a>, um die verschiedenen Optionen zu vergleichen. <\/p><h3 id=\"mobil-homes-spacieux-et-confortables\" data-source-line=\"41-41\">Ger\u00e4umige und komfortable Mobilheime<\/h3><p data-source-line=\"43-43\">Unsere Mobilheime sind neu und komfortabel. Sie sind f\u00fcr Familien geeignet und k\u00f6nnen je nach Modell 4 bis 8 Personen beherbergen. F\u00fcr gro\u00dfe Gruppen gibt es unseren Standcaravan f\u00fcr <a href=\"https:\/\/www.camping-les-saules.com\/de\/mobilheim-8-personen\/\" target=\"_blank\" rel=\"noopener noreferrer\">8 Personen<\/a>, der viel Platz f\u00fcr einen Aufenthalt mit der Familie oder mit Freunden bietet.  <\/p><p data-source-line=\"45-45\">Jede Unterkunft verf\u00fcgt \u00fcber alle notwendigen Einrichtungen f\u00fcr Ihren Aufenthalt: K\u00fcche mit Kochplatten, K\u00fchlschrank mit Gefrierfach, Mikrowelle, Toaster, Kaffeemaschine, Wasserkocher. Die Schlafzimmer sind mit bequemen Matratzen und ausreichend Stauraum f\u00fcr Ihre Sachen ausgestattet. Das Badezimmer verf\u00fcgt \u00fcber eine Dusche, ein Waschbecken und eine separate Toilette.  <\/p><p data-source-line=\"47-47\">Drau\u00dfen gibt es eine \u00fcberdachte Terrasse mit Gartenm\u00f6beln, wo Sie Ihre Mahlzeiten im Freien einnehmen und die bretonische Luft genie\u00dfen k\u00f6nnen. Auf Anfrage bei der Buchung k\u00f6nnen wir Ihnen eine Babyausstattung zur Verf\u00fcgung stellen: Kinderbett, Hochstuhl, Badewanne. Dies erm\u00f6glicht es jungen Eltern, mit weniger Gep\u00e4ck zu reisen.  <\/p><h3 id=\"emplacements-pour-tentes-et-caravanes\" data-source-line=\"49-49\">Stellpl\u00e4tze f\u00fcr Zelte und Wohnwagen<\/h3><p data-source-line=\"51-51\">Wenn Sie einen traditionellen Campingplatz bevorzugen, bieten wir gro\u00dfe Stellpl\u00e4tze an, die durch Hecken abgegrenzt sind. Diese schattigen oder halbschattigen Stellpl\u00e4tze sind ca. 100 m\u00b2 gro\u00df und bieten Platz f\u00fcr ein gro\u00dfes Familienzelt mit Anhang oder ein Wohnmobil mit Vorzelt. <\/p><p data-source-line=\"53-53\">Der Campingplatz Les Saules verf\u00fcgt \u00fcber einen Baumbestand mit Trauerweiden, die dem Campingplatz seinen Namen geben, aber auch Seekiefern und Ligusterhecken, die f\u00fcr Privatsph\u00e4re und Frische sorgen. Diese Vegetation ist besonders an hei\u00dfen bretonischen Sommertagen beliebt. <\/p>\t\t\t\t\t\t\t\t<\/div>\n\t\t\t\t<\/div>\n\t\t<div class=\"elementor-element elementor-element-d368266 e-con-full e-flex e-con e-child\" data-id=\"d368266\" data-element_type=\"container\" data-e-type=\"container\" data-settings=\"{&quot;background_background&quot;:&quot;classic&quot;}\">\n\t\t\t\t<div class=\"elementor-element elementor-element-d2a9e63 elementor-widget elementor-widget-image\" data-id=\"d2a9e63\" data-element_type=\"widget\" data-e-type=\"widget\" data-widget_type=\"image.default\">\n\t\t\t\t\t\t\t\t\t\t\t\t\t\t\t<img loading=\"lazy\" decoding=\"async\" width=\"768\" height=\"514\" src=\"https:\/\/www.camping-les-saules.com\/wp-content\/uploads\/Saules-1025-12-768x514.jpg\" class=\"attachment-medium_large size-medium_large wp-image-18840\" alt=\"Weiden 1025\" srcset=\"https:\/\/www.camping-les-saules.com\/wp-content\/uploads\/Saules-1025-12-768x514.jpg 768w, https:\/\/www.camping-les-saules.com\/wp-content\/uploads\/Saules-1025-12-300x201.jpg 300w, https:\/\/www.camping-les-saules.com\/wp-content\/uploads\/Saules-1025-12-1024x686.jpg 1024w, https:\/\/www.camping-les-saules.com\/wp-content\/uploads\/Saules-1025-12.jpg 1280w\" sizes=\"auto, (max-width: 768px) 100vw, 768px\" \/>\t\t\t\t\t\t\t\t\t\t\t\t\t\t\t<\/div>\n\t\t\t\t<div class=\"elementor-element elementor-element-19124dc elementor-widget elementor-widget-image\" data-id=\"19124dc\" data-element_type=\"widget\" data-e-type=\"widget\" data-widget_type=\"image.default\">\n\t\t\t\t\t\t\t\t\t\t\t\t\t\t\t<img loading=\"lazy\" decoding=\"async\" width=\"700\" height=\"350\" src=\"https:\/\/www.camping-les-saules.com\/wp-content\/uploads\/camping-fouesnant-4.jpg\" class=\"attachment-medium_large size-medium_large wp-image-12835\" alt=\"Ein aufblasbares Kajak liegt auf dem Gras neben den B\u00e4umen und f\u00e4ngt perfekt den ruhigen Charme eines Campingplatzes im s\u00fcdlichen Finist\u00e8re ein, mit einem komfortablen Wohnmobil, das in der N\u00e4he geparkt ist.\" srcset=\"https:\/\/www.camping-les-saules.com\/wp-content\/uploads\/camping-fouesnant-4.jpg 700w, https:\/\/www.camping-les-saules.com\/wp-content\/uploads\/camping-fouesnant-4-300x150.jpg 300w\" sizes=\"auto, (max-width: 700px) 100vw, 700px\" \/>\t\t\t\t\t\t\t\t\t\t\t\t\t\t\t<\/div>\n\t\t\t\t<div class=\"elementor-element elementor-element-5f2083b elementor-hidden-mobile elementor-widget elementor-widget-button\" data-id=\"5f2083b\" data-element_type=\"widget\" data-e-type=\"widget\" data-widget_type=\"button.default\">\n\t\t\t\t\t\t\t\t\t\t<a class=\"elementor-button elementor-button-link elementor-size-sm\" href=\"https:\/\/www.camping-les-saules.com\/de\/unterkuenfte\/\">\n\t\t\t\t\t\t<span class=\"elementor-button-content-wrapper\">\n\t\t\t\t\t\t<span class=\"elementor-button-icon\">\n\t\t\t\t<svg xmlns=\"http:\/\/www.w3.org\/2000\/svg\" width=\"24\" height=\"24\" viewBox=\"0 0 24 24\" fill=\"none\" stroke=\"currentColor\" stroke-width=\"2\" stroke-linecap=\"round\" stroke-linejoin=\"round\" class=\"lucide lucide-chevron-right-icon lucide-chevron-right\"><path d=\"m9 18 6-6-6-6\"><\/path><\/svg>\t\t\t<\/span>\n\t\t\t\t\t\t\t\t\t<span class=\"elementor-button-text\">Entdecken Sie unsere Unterk\u00fcnfte<\/span>\n\t\t\t\t\t<\/span>\n\t\t\t\t\t<\/a>\n\t\t\t\t\t\t\t\t<\/div>\n\t\t\t\t<\/div>\n\t\t\t\t\t<\/div>\n\t\t\t\t<\/div>\n\t\t<div class=\"elementor-element elementor-element-cd236f6 e-flex e-con-boxed e-con e-parent\" data-id=\"cd236f6\" data-element_type=\"container\" data-e-type=\"container\" data-settings=\"{&quot;background_background&quot;:&quot;classic&quot;}\">\n\t\t\t\t\t<div class=\"e-con-inner\">\n\t\t<div class=\"elementor-element elementor-element-e83c4fa e-con-full e-flex e-con e-child\" data-id=\"e83c4fa\" data-element_type=\"container\" data-e-type=\"container\">\n\t\t\t\t<div class=\"elementor-element elementor-element-67c0cb9 elementor-widget elementor-widget-text-editor\" data-id=\"67c0cb9\" data-element_type=\"widget\" data-e-type=\"widget\" data-widget_type=\"text-editor.default\">\n\t\t\t\t\t\t\t\t\t<h2 data-source-line=\"55-55\">Warum sollten Sie S\u00fcd-Finist\u00e8re f\u00fcr Ihren Familienurlaub w\u00e4hlen?<\/h2><p data-source-line=\"57-57\">Das s\u00fcdliche Finist\u00e8re ist ein idealer Ort f\u00fcr einen Familienurlaub. Dieser Teil der Bretagne kombiniert feine Sandstr\u00e4nde, unber\u00fchrte Natur, ein reiches kulturelles Erbe und viele kinderfreundliche Aktivit\u00e4ten. Hier erfahren Sie, was dieses Reiseziel f\u00fcr Familien so attraktiv macht.  <\/p><h3 id=\"un-littoral-adapt%C3%A9-aux-enfants\" data-source-line=\"59-59\">Eine kinderfreundliche K\u00fcste<\/h3><p data-source-line=\"61-61\">Die K\u00fcste des s\u00fcdlichen Finist\u00e8re rund um Fouesnant zeichnet sich durch feine Sandstr\u00e4nde und relativ ruhiges Wasser aus. Die Str\u00e4nde von Beg-Meil, Cap Coz, Kerleven oder La For\u00eat-Fouesnant sind flach abfallend, so dass Kinder hier sicher planschen k\u00f6nnen. Unsere geographische Lage macht es Ihnen leicht, den <a href=\"https:\/\/www.camping-les-saules.com\/de\/camping-beg-meil\/\" target=\"_blank\" rel=\"noopener noreferrer\">Campingplatz in Beg-Meil<\/a> oder den <a href=\"https:\/\/www.camping-les-saules.com\/de\/camping-cap-coz\/\" target=\"_blank\" rel=\"noopener noreferrer\">Campingplatz in Cap Coz<\/a> zu erkunden.  <\/p><p data-source-line=\"63-63\">Der Strand von Kerleven am Fu\u00dfe des Campingplatzes wird im Juli und August von Rettungsschwimmern \u00fcberwacht. Kinder k\u00f6nnen hier ihre ersten Erfahrungen mit den Wellen des Atlantiks machen, w\u00e4hrend sie sich in einem sicheren Bereich aufhalten. Eltern sch\u00e4tzen es, dass sie ohne Einschr\u00e4nkungen zwischen dem Campingplatz und dem Strand hin- und herpendeln k\u00f6nnen.  <\/p><p data-source-line=\"65-65\">Bei Ebbe enth\u00fcllen die Felsen eine faszinierende Welt f\u00fcr Kinder: Krebse, Einsiedlerkrebse, Seeanemonen und kleine Fische in den Pf\u00fctzen. Dies ist die Gelegenheit, die Meeresfauna mit einem Kescher und einem Eimer zu beobachten und dann alles wieder ins Wasser zu lassen. Diese Momente der Beobachtung sind oft die sch\u00f6nsten Urlaubserinnerungen.  <\/p><h3 id=\"une-nature-pr%C3%A9serv%C3%A9e-%C3%A0-explorer\" data-source-line=\"67-67\">Eine unber\u00fchrte Natur, die es zu erkunden gilt<\/h3><p data-source-line=\"69-69\">Im Finist\u00e8re finden Sie nur wenige Schritte von der K\u00fcste entfernt eine unber\u00fchrte Natur mit Heidelandschaften, W\u00e4ldern und wilden Buchten. Der Z\u00f6llnerpfad (GR 34) verl\u00e4uft in der N\u00e4he des Campingplatzes und erm\u00f6glicht sch\u00f6ne Wanderungen f\u00fcr die ganze Familie mit Aussicht auf den Ozean und die Gl\u00e9nan-Inseln. <\/p><p data-source-line=\"71-71\">Die Inselgruppe Gl\u00e9nan liegt vor der K\u00fcste von Fouesnant und ist bekannt f\u00fcr ihr t\u00fcrkisfarbenes Wasser, das an tropische Lagunen erinnert. Im Sommer fahren Pendelboote von Port-la-For\u00eat ab, das nur wenige Kilometer vom Campingplatz entfernt ist. Auf diesem Tagesausflug k\u00f6nnen Sie diese gesch\u00fctzten Inseln entdecken, im kristallklaren Wasser schwimmen und manchmal Delphine beobachten. Kinder lieben dieses Bootsabenteuer, das sie vom Alltag ablenkt.   <\/p><p data-source-line=\"73-73\">Wenn Sie lieber auf dem Festland bleiben m\u00f6chten, haben Sie die Qual der Wahl zwischen verschiedenen Wanderungen, die vom Campingplatz aus m\u00f6glich sind. Ein Fernglas, um Entdecker zu spielen, eine Geocaching-App auf Ihrem Telefon, um die \u00e4lteren Kinder zu motivieren, und schon kann das Abenteuer beginnen. In den W\u00e4ldern von Fouesnant gibt es mehrere markierte Wanderwege, die durch typisch bretonische Landschaften f\u00fchren. Um Ihre Ausfl\u00fcge zu planen, lesen Sie unseren Reisef\u00fchrer f\u00fcr <a href=\"https:\/\/www.camping-les-saules.com\/de\/visiter-finistere-sud\/\" target=\"_blank\" rel=\"noopener noreferrer\">das s\u00fcdliche Finist\u00e8re<\/a>.   <\/p><h3 id=\"des-mus%C3%A9es-et-sites-culturels-adapt%C3%A9s-aux-familles\" data-source-line=\"75-75\">Familienfreundliche Museen und Kulturst\u00e4tten<\/h3><p data-source-line=\"77-77\">Wenn Ihre Kinder nicht nur abenteuerlustig, sondern auch sehr neugierig sind, werden sie von den M\u00f6glichkeiten, die Ihnen w\u00e4hrend der Ferien geboten werden, begeistert sein. Im S\u00fcd-Finist\u00e8re gibt es viele Museen und Sehensw\u00fcrdigkeiten, die speziell auf die Bed\u00fcrfnisse der Kleinen zugeschnitten sind. <\/p><p data-source-line=\"79-79\">In Concarneau fasziniert die mittelalterliche Ville Close die Kinder mit ihren Stadtmauern, den gepflasterten Gassen und dem Schloss. Im Fischereimuseum k\u00f6nnen sie die Welt der Fischer kennen lernen und an Bord eines alten Trawlers gehen. Das Aquarium Marinarium zeigt die Meerestiere der Bretagne und des Atlantiks in nachgebildeten Becken. Diese drei Besichtigungen lassen sich gut mit einem Tagesausflug nach Concarneau kombinieren, das nur 15 Minuten vom Campingplatz entfernt liegt.   <\/p><p data-source-line=\"81-81\">In Quimper zeigt das Mus\u00e9e D\u00e9partemental Breton die Geschichte und die Traditionen der Bretagne anhand von Kost\u00fcmen, alten M\u00f6beln und Alltagsgegenst\u00e4nden. Das Museum der Sch\u00f6nen K\u00fcnste organisiert regelm\u00e4\u00dfig Workshops f\u00fcr Kinder. Die Kathedrale Saint-Corentin mit ihren bunten Glasfenstern beeindruckt immer wieder die j\u00fcngsten Besucher.  <\/p><p data-source-line=\"83-83\">Andere Orte, die einen Besuch wert sind, sind der pr\u00e4historische Interpretationspfad in Pors Pouhlan, um das Leben unserer Vorfahren zu entdecken, das Mineralienmuseum in Crozon f\u00fcr die Liebhaber von Steinen oder die Domaine de Tr\u00e9varez mit ihren G\u00e4rten und dem Schloss. Es gibt keine Zeit f\u00fcr Langeweile w\u00e4hrend Ihres Urlaubs im S\u00fcd-Finist\u00e8re! <\/p>\t\t\t\t\t\t\t\t<\/div>\n\t\t\t\t<div class=\"elementor-element elementor-element-f1929c1 elementor-hidden-mobile elementor-widget elementor-widget-button\" data-id=\"f1929c1\" data-element_type=\"widget\" data-e-type=\"widget\" data-widget_type=\"button.default\">\n\t\t\t\t\t\t\t\t\t\t<a class=\"elementor-button elementor-button-link elementor-size-sm\" href=\"https:\/\/www.camping-les-saules.com\/de\/unterkuenfte\/\">\n\t\t\t\t\t\t<span class=\"elementor-button-content-wrapper\">\n\t\t\t\t\t\t<span class=\"elementor-button-icon\">\n\t\t\t\t<svg xmlns=\"http:\/\/www.w3.org\/2000\/svg\" width=\"24\" height=\"24\" viewBox=\"0 0 24 24\" fill=\"none\" stroke=\"currentColor\" stroke-width=\"2\" stroke-linecap=\"round\" stroke-linejoin=\"round\" class=\"lucide lucide-chevron-right-icon lucide-chevron-right\"><path d=\"m9 18 6-6-6-6\"><\/path><\/svg>\t\t\t<\/span>\n\t\t\t\t\t\t\t\t\t<span class=\"elementor-button-text\">Entdecken Sie unsere Unterk\u00fcnfte<\/span>\n\t\t\t\t\t<\/span>\n\t\t\t\t\t<\/a>\n\t\t\t\t\t\t\t\t<\/div>\n\t\t\t\t<\/div>\n\t\t<div class=\"elementor-element elementor-element-91009ca e-con-full e-flex e-con e-child\" data-id=\"91009ca\" data-element_type=\"container\" data-e-type=\"container\" data-settings=\"{&quot;background_background&quot;:&quot;classic&quot;}\">\n\t\t\t\t<div class=\"elementor-element elementor-element-d3deb13 elementor-widget elementor-widget-gallery\" data-id=\"d3deb13\" data-element_type=\"widget\" data-e-type=\"widget\" data-settings=\"{&quot;gallery_layout&quot;:&quot;masonry&quot;,&quot;columns&quot;:2,&quot;lazyload&quot;:&quot;yes&quot;,&quot;columns_tablet&quot;:2,&quot;columns_mobile&quot;:1,&quot;gap&quot;:{&quot;unit&quot;:&quot;px&quot;,&quot;size&quot;:10,&quot;sizes&quot;:[]},&quot;gap_tablet&quot;:{&quot;unit&quot;:&quot;px&quot;,&quot;size&quot;:10,&quot;sizes&quot;:[]},&quot;gap_mobile&quot;:{&quot;unit&quot;:&quot;px&quot;,&quot;size&quot;:10,&quot;sizes&quot;:[]},&quot;link_to&quot;:&quot;file&quot;,&quot;overlay_background&quot;:&quot;yes&quot;,&quot;content_hover_animation&quot;:&quot;fade-in&quot;}\" data-widget_type=\"gallery.default\">\n\t\t\t\t\t\t\t<div class=\"elementor-gallery__container\">\n\t\t\t\t\t\t\t<a class=\"e-gallery-item elementor-gallery-item elementor-animated-content\" href=\"https:\/\/www.camping-les-saules.com\/wp-content\/uploads\/capcoz-4.jpg\" data-elementor-open-lightbox=\"yes\" data-elementor-lightbox-slideshow=\"d3deb13\" data-e-action-hash=\"#elementor-action%3Aaction%3Dlightbox%26settings%3DeyJpZCI6MTM5NzcsInVybCI6Imh0dHBzOlwvXC93d3cuY2FtcGluZy1sZXMtc2F1bGVzLmNvbVwvd3AtY29udGVudFwvdXBsb2Fkc1wvY2FwY296LTQuanBnIiwic2xpZGVzaG93IjoiZDNkZWIxMyJ9\">\n\t\t\t\t\t<div class=\"e-gallery-image elementor-gallery-item__image\" data-thumbnail=\"https:\/\/www.camping-les-saules.com\/wp-content\/uploads\/capcoz-4-300x225.jpg\" data-width=\"300\" data-height=\"225\" aria-label=\"Segelboote liegen aufgereiht an einem Sandstrand in Cap Coz, mit B\u00e4umen im Vordergrund und einem ruhigen Meer unter einem blauen Himmel. Lassen Sie sich diese ruhige Szene nicht entgehen. \" role=\"img\" ><\/div>\n\t\t\t\t\t\t\t\t\t\t\t<div class=\"elementor-gallery-item__overlay\"><\/div>\n\t\t\t\t\t\t\t\t\t\t\t\t\t\t<\/a>\n\t\t\t\t\t\t\t<a class=\"e-gallery-item elementor-gallery-item elementor-animated-content\" href=\"https:\/\/www.camping-les-saules.com\/wp-content\/uploads\/port-la-foret-1.jpg\" data-elementor-open-lightbox=\"yes\" data-elementor-lightbox-slideshow=\"d3deb13\" data-e-action-hash=\"#elementor-action%3Aaction%3Dlightbox%26settings%3DeyJpZCI6MTM5NzEsInVybCI6Imh0dHBzOlwvXC93d3cuY2FtcGluZy1sZXMtc2F1bGVzLmNvbVwvd3AtY29udGVudFwvdXBsb2Fkc1wvcG9ydC1sYS1mb3JldC0xLmpwZyIsInNsaWRlc2hvdyI6ImQzZGViMTMifQ%3D%3D\">\n\t\t\t\t\t<div class=\"e-gallery-image elementor-gallery-item__image\" data-thumbnail=\"https:\/\/www.camping-les-saules.com\/wp-content\/uploads\/port-la-foret-1-300x225.jpg\" data-width=\"300\" data-height=\"225\" aria-label=\"Ein Jachthafen mit vielen Segelbooten, die sich im ruhigen Wasser spiegeln, l\u00e4dt Sie ein, eine ruhige Landschaft zu entdecken. Gelbe Blumen bl\u00fchen im Vordergrund, w\u00e4hrend ein heller Himmel mit Wolken den Hintergrund f\u00fcr diese malerische Szene von La For\u00eat-Fouesnant bildet. \" role=\"img\" ><\/div>\n\t\t\t\t\t\t\t\t\t\t\t<div class=\"elementor-gallery-item__overlay\"><\/div>\n\t\t\t\t\t\t\t\t\t\t\t\t\t\t<\/a>\n\t\t\t\t\t\t\t<a class=\"e-gallery-item elementor-gallery-item elementor-animated-content\" href=\"https:\/\/www.camping-les-saules.com\/wp-content\/uploads\/benodet-2.jpg\" data-elementor-open-lightbox=\"yes\" data-elementor-lightbox-slideshow=\"d3deb13\" data-e-action-hash=\"#elementor-action%3Aaction%3Dlightbox%26settings%3DeyJpZCI6MTM5NjksInVybCI6Imh0dHBzOlwvXC93d3cuY2FtcGluZy1sZXMtc2F1bGVzLmNvbVwvd3AtY29udGVudFwvdXBsb2Fkc1wvYmVub2RldC0yLmpwZyIsInNsaWRlc2hvdyI6ImQzZGViMTMifQ%3D%3D\">\n\t\t\t\t\t<div class=\"e-gallery-image elementor-gallery-item__image\" data-thumbnail=\"https:\/\/www.camping-les-saules.com\/wp-content\/uploads\/benodet-2-300x82.jpg\" data-width=\"300\" data-height=\"82\" aria-label=\"Ein kleiner felsiger Strand mit ruhigem Wasser und vielen verankerten Booten bietet eine ruhige Landschaft, die an die Str\u00e4nde von B\u00e9nodet erinnert. B\u00e4ume umrahmen den Blick und ein Leuchtturm steht stolz in der Ferne. \" role=\"img\" ><\/div>\n\t\t\t\t\t\t\t\t\t\t\t<div class=\"elementor-gallery-item__overlay\"><\/div>\n\t\t\t\t\t\t\t\t\t\t\t\t\t\t<\/a>\n\t\t\t\t\t\t\t<a class=\"e-gallery-item elementor-gallery-item elementor-animated-content\" href=\"https:\/\/www.camping-les-saules.com\/wp-content\/uploads\/concarneau-3.jpg\" data-elementor-open-lightbox=\"yes\" data-elementor-lightbox-slideshow=\"d3deb13\" data-e-action-hash=\"#elementor-action%3Aaction%3Dlightbox%26settings%3DeyJpZCI6MTk5MzIsInVybCI6Imh0dHBzOlwvXC93d3cuY2FtcGluZy1sZXMtc2F1bGVzLmNvbVwvd3AtY29udGVudFwvdXBsb2Fkc1wvY29uY2FybmVhdS0zLmpwZyIsInNsaWRlc2hvdyI6ImQzZGViMTMifQ%3D%3D\">\n\t\t\t\t\t<div class=\"e-gallery-image elementor-gallery-item__image\" data-thumbnail=\"https:\/\/www.camping-les-saules.com\/wp-content\/uploads\/concarneau-3-200x300.jpg\" data-width=\"200\" data-height=\"300\" aria-label=\"\" role=\"img\" ><\/div>\n\t\t\t\t\t\t\t\t\t\t\t<div class=\"elementor-gallery-item__overlay\"><\/div>\n\t\t\t\t\t\t\t\t\t\t\t\t\t\t<\/a>\n\t\t\t\t\t\t\t<a class=\"e-gallery-item elementor-gallery-item elementor-animated-content\" href=\"https:\/\/www.camping-les-saules.com\/wp-content\/uploads\/locronan-7.jpg\" data-elementor-open-lightbox=\"yes\" data-elementor-lightbox-slideshow=\"d3deb13\" data-e-action-hash=\"#elementor-action%3Aaction%3Dlightbox%26settings%3DeyJpZCI6MTM5NTYsInVybCI6Imh0dHBzOlwvXC93d3cuY2FtcGluZy1sZXMtc2F1bGVzLmNvbVwvd3AtY29udGVudFwvdXBsb2Fkc1wvbG9jcm9uYW4tNy5qcGciLCJzbGlkZXNob3ciOiJkM2RlYjEzIn0%3D\">\n\t\t\t\t\t<div class=\"e-gallery-image elementor-gallery-item__image\" data-thumbnail=\"https:\/\/www.camping-les-saules.com\/wp-content\/uploads\/locronan-7-300x176.jpg\" data-width=\"300\" data-height=\"176\" aria-label=\"Zwei Personen spazieren gem\u00fctlich auf einer Stra\u00dfe, die zu einem alten Steingeb\u00e4ude mit einem zentralen Turm in Locronan f\u00fchrt, umgeben von \u00fcppigen B\u00e4umen und Gr\u00fcn unter einem klaren blauen Himmel - ein Muss auf jeder Touristenroute.\" role=\"img\" ><\/div>\n\t\t\t\t\t\t\t\t\t\t\t<div class=\"elementor-gallery-item__overlay\"><\/div>\n\t\t\t\t\t\t\t\t\t\t\t\t\t\t<\/a>\n\t\t\t\t\t\t\t<a class=\"e-gallery-item elementor-gallery-item elementor-animated-content\" href=\"https:\/\/www.camping-les-saules.com\/wp-content\/uploads\/plage-du-treiz-benodet.jpg\" data-elementor-open-lightbox=\"yes\" data-elementor-lightbox-slideshow=\"d3deb13\" data-e-action-hash=\"#elementor-action%3Aaction%3Dlightbox%26settings%3DeyJpZCI6MTM5NTcsInVybCI6Imh0dHBzOlwvXC93d3cuY2FtcGluZy1sZXMtc2F1bGVzLmNvbVwvd3AtY29udGVudFwvdXBsb2Fkc1wvcGxhZ2UtZHUtdHJlaXotYmVub2RldC5qcGciLCJzbGlkZXNob3ciOiJkM2RlYjEzIn0%3D\">\n\t\t\t\t\t<div class=\"e-gallery-image elementor-gallery-item__image\" data-thumbnail=\"https:\/\/www.camping-les-saules.com\/wp-content\/uploads\/plage-du-treiz-benodet-300x200.jpg\" data-width=\"300\" data-height=\"200\" aria-label=\"Strandszene mit Menschen, die die Sonne und das Meer in B\u00e9nodet genie\u00dfen. Ein Baum und eine Bank stehen im Vordergrund, im Hintergrund sind H\u00e4user unter einem klaren blauen Himmel zu sehen. Entdecken Sie diese idyllische Umgebung mit einer wundersch\u00f6nen Videoaufnahme des Augenblicks.  \" role=\"img\" ><\/div>\n\t\t\t\t\t\t\t\t\t\t\t<div class=\"elementor-gallery-item__overlay\"><\/div>\n\t\t\t\t\t\t\t\t\t\t\t\t\t\t<\/a>\n\t\t\t\t\t\t\t<a class=\"e-gallery-item elementor-gallery-item elementor-animated-content\" href=\"https:\/\/www.camping-les-saules.com\/wp-content\/uploads\/nevez-8.jpg\" data-elementor-open-lightbox=\"yes\" data-elementor-lightbox-slideshow=\"d3deb13\" data-e-action-hash=\"#elementor-action%3Aaction%3Dlightbox%26settings%3DeyJpZCI6MTM5MTMsInVybCI6Imh0dHBzOlwvXC93d3cuY2FtcGluZy1sZXMtc2F1bGVzLmNvbVwvd3AtY29udGVudFwvdXBsb2Fkc1wvbmV2ZXotOC5qcGciLCJzbGlkZXNob3ciOiJkM2RlYjEzIn0%3D\">\n\t\t\t\t\t<div class=\"e-gallery-image elementor-gallery-item__image\" data-thumbnail=\"https:\/\/www.camping-les-saules.com\/wp-content\/uploads\/nevez-8-225x300.jpg\" data-width=\"225\" data-height=\"300\" aria-label=\"An einem sonnigen Tag taucht hinter dem Holzzaun ein kleines strohgedecktes Chalet auf, das gem\u00fctlich zwischen den \u00fcppigen B\u00e4umen von Nevez liegt.\" role=\"img\" ><\/div>\n\t\t\t\t\t\t\t\t\t\t\t<div class=\"elementor-gallery-item__overlay\"><\/div>\n\t\t\t\t\t\t\t\t\t\t\t\t\t\t<\/a>\n\t\t\t\t\t\t\t<a class=\"e-gallery-item elementor-gallery-item elementor-animated-content\" href=\"https:\/\/www.camping-les-saules.com\/wp-content\/uploads\/ste-marine.jpg\" data-elementor-open-lightbox=\"yes\" data-elementor-lightbox-slideshow=\"d3deb13\" data-e-action-hash=\"#elementor-action%3Aaction%3Dlightbox%26settings%3DeyJpZCI6MTM5MjIsInVybCI6Imh0dHBzOlwvXC93d3cuY2FtcGluZy1sZXMtc2F1bGVzLmNvbVwvd3AtY29udGVudFwvdXBsb2Fkc1wvc3RlLW1hcmluZS5qcGciLCJzbGlkZXNob3ciOiJkM2RlYjEzIn0%3D\">\n\t\t\t\t\t<div class=\"e-gallery-image elementor-gallery-item__image\" data-thumbnail=\"https:\/\/www.camping-les-saules.com\/wp-content\/uploads\/ste-marine-300x214.jpg\" data-width=\"300\" data-height=\"214\" aria-label=\"Ein Sandstrand mit Algen und Felsen unter einem teilweise bew\u00f6lkten Himmel, der eine unvergleichliche Atmosph\u00e4re bietet. In der Ferne genie\u00dfen einige Menschen die ruhige Sch\u00f6nheit des Ortes in der N\u00e4he des charmanten Hafens von Sainte Marine. \" role=\"img\" ><\/div>\n\t\t\t\t\t\t\t\t\t\t\t<div class=\"elementor-gallery-item__overlay\"><\/div>\n\t\t\t\t\t\t\t\t\t\t\t\t\t\t<\/a>\n\t\t\t\t\t\t\t<a class=\"e-gallery-item elementor-gallery-item elementor-animated-content\" href=\"https:\/\/www.camping-les-saules.com\/wp-content\/uploads\/quimper.jpg\" data-elementor-open-lightbox=\"yes\" data-elementor-lightbox-slideshow=\"d3deb13\" data-e-action-hash=\"#elementor-action%3Aaction%3Dlightbox%26settings%3DeyJpZCI6MTM4OTAsInVybCI6Imh0dHBzOlwvXC93d3cuY2FtcGluZy1sZXMtc2F1bGVzLmNvbVwvd3AtY29udGVudFwvdXBsb2Fkc1wvcXVpbXBlci5qcGciLCJzbGlkZXNob3ciOiJkM2RlYjEzIn0%3D\">\n\t\t\t\t\t<div class=\"e-gallery-image elementor-gallery-item__image\" data-thumbnail=\"https:\/\/www.camping-les-saules.com\/wp-content\/uploads\/quimper-300x225.jpg\" data-width=\"300\" data-height=\"225\" aria-label=\"Quimper\" role=\"img\" ><\/div>\n\t\t\t\t\t\t\t\t\t\t\t<div class=\"elementor-gallery-item__overlay\"><\/div>\n\t\t\t\t\t\t\t\t\t\t\t\t\t\t<\/a>\n\t\t\t\t\t\t\t<a class=\"e-gallery-item elementor-gallery-item elementor-animated-content\" href=\"https:\/\/www.camping-les-saules.com\/wp-content\/uploads\/camping-equipe-2019.jpg\" data-elementor-open-lightbox=\"yes\" data-elementor-lightbox-slideshow=\"d3deb13\" data-e-action-hash=\"#elementor-action%3Aaction%3Dlightbox%26settings%3DeyJpZCI6MTM3ODgsInVybCI6Imh0dHBzOlwvXC93d3cuY2FtcGluZy1sZXMtc2F1bGVzLmNvbVwvd3AtY29udGVudFwvdXBsb2Fkc1wvY2FtcGluZy1lcXVpcGUtMjAxOS5qcGciLCJzbGlkZXNob3ciOiJkM2RlYjEzIn0%3D\">\n\t\t\t\t\t<div class=\"e-gallery-image elementor-gallery-item__image\" data-thumbnail=\"https:\/\/www.camping-les-saules.com\/wp-content\/uploads\/camping-equipe-2019-300x225.jpg\" data-width=\"300\" data-height=\"225\" aria-label=\"\" role=\"img\" ><\/div>\n\t\t\t\t\t\t\t\t\t\t\t<div class=\"elementor-gallery-item__overlay\"><\/div>\n\t\t\t\t\t\t\t\t\t\t\t\t\t\t<\/a>\n\t\t\t\t\t\t\t<a class=\"e-gallery-item elementor-gallery-item elementor-animated-content\" href=\"https:\/\/www.camping-les-saules.com\/wp-content\/uploads\/visiter-douarnenez.jpg\" data-elementor-open-lightbox=\"yes\" data-elementor-lightbox-slideshow=\"d3deb13\" data-e-action-hash=\"#elementor-action%3Aaction%3Dlightbox%26settings%3DeyJpZCI6MTM5NDIsInVybCI6Imh0dHBzOlwvXC93d3cuY2FtcGluZy1sZXMtc2F1bGVzLmNvbVwvd3AtY29udGVudFwvdXBsb2Fkc1wvdmlzaXRlci1kb3Vhcm5lbmV6LmpwZyIsInNsaWRlc2hvdyI6ImQzZGViMTMifQ%3D%3D\">\n\t\t\t\t\t<div class=\"e-gallery-image elementor-gallery-item__image\" data-thumbnail=\"https:\/\/www.camping-les-saules.com\/wp-content\/uploads\/visiter-douarnenez-300x188.jpg\" data-width=\"300\" data-height=\"188\" aria-label=\"Die Tristaninsel - Douarnenez\" role=\"img\" ><\/div>\n\t\t\t\t\t\t\t\t\t\t\t<div class=\"elementor-gallery-item__overlay\"><\/div>\n\t\t\t\t\t\t\t\t\t\t\t\t\t\t<\/a>\n\t\t\t\t\t\t\t<a class=\"e-gallery-item elementor-gallery-item elementor-animated-content\" href=\"https:\/\/www.camping-les-saules.com\/wp-content\/uploads\/la-vallee-des-saints.jpg\" data-elementor-open-lightbox=\"yes\" data-elementor-lightbox-slideshow=\"d3deb13\" data-e-action-hash=\"#elementor-action%3Aaction%3Dlightbox%26settings%3DeyJpZCI6MTMwNDksInVybCI6Imh0dHBzOlwvXC93d3cuY2FtcGluZy1sZXMtc2F1bGVzLmNvbVwvd3AtY29udGVudFwvdXBsb2Fkc1wvbGEtdmFsbGVlLWRlcy1zYWludHMuanBnIiwic2xpZGVzaG93IjoiZDNkZWIxMyJ9\">\n\t\t\t\t\t<div class=\"e-gallery-image elementor-gallery-item__image\" data-thumbnail=\"https:\/\/www.camping-les-saules.com\/wp-content\/uploads\/la-vallee-des-saints-300x178.jpg\" data-width=\"300\" data-height=\"178\" aria-label=\"Steinskulpturen verschiedener Formen und Gr\u00f6\u00dfen sind auf einem grasbewachsenen Feld unter einem klaren blauen Himmel verteilt und bieten eine der originellsten Aktivit\u00e4ten f\u00fcr Familien mit Kindern.\" role=\"img\" ><\/div>\n\t\t\t\t\t\t\t\t\t\t\t<div class=\"elementor-gallery-item__overlay\"><\/div>\n\t\t\t\t\t\t\t\t\t\t\t\t\t\t<\/a>\n\t\t\t\t\t\t\t<a class=\"e-gallery-item elementor-gallery-item elementor-animated-content\" href=\"https:\/\/www.camping-les-saules.com\/wp-content\/uploads\/kouign.jpg\" data-elementor-open-lightbox=\"yes\" data-elementor-lightbox-slideshow=\"d3deb13\" data-e-action-hash=\"#elementor-action%3Aaction%3Dlightbox%26settings%3DeyJpZCI6MTM5NzYsInVybCI6Imh0dHBzOlwvXC93d3cuY2FtcGluZy1sZXMtc2F1bGVzLmNvbVwvd3AtY29udGVudFwvdXBsb2Fkc1wva291aWduLmpwZyIsInNsaWRlc2hvdyI6ImQzZGViMTMifQ%3D%3D\">\n\t\t\t\t\t<div class=\"e-gallery-image elementor-gallery-item__image\" data-thumbnail=\"https:\/\/www.camping-les-saules.com\/wp-content\/uploads\/kouign-300x93.jpg\" data-width=\"300\" data-height=\"93\" aria-label=\"Ein Feinschmecker betrachtet die Auslage in einer B\u00e4ckerei, wo eine Reihe von sorgf\u00e4ltig arrangierten bretonischen Spezialit\u00e4ten auf Tabletts mit der Aufschrift &quot;Les Kouignettes&quot; pr\u00e4sentiert werden.\" role=\"img\" ><\/div>\n\t\t\t\t\t\t\t\t\t\t\t<div class=\"elementor-gallery-item__overlay\"><\/div>\n\t\t\t\t\t\t\t\t\t\t\t\t\t\t<\/a>\n\t\t\t\t\t\t\t<a class=\"e-gallery-item elementor-gallery-item elementor-animated-content\" href=\"https:\/\/www.camping-les-saules.com\/wp-content\/uploads\/nevez-2.jpg\" data-elementor-open-lightbox=\"yes\" data-elementor-lightbox-slideshow=\"d3deb13\" data-e-action-hash=\"#elementor-action%3Aaction%3Dlightbox%26settings%3DeyJpZCI6MTM5MDUsInVybCI6Imh0dHBzOlwvXC93d3cuY2FtcGluZy1sZXMtc2F1bGVzLmNvbVwvd3AtY29udGVudFwvdXBsb2Fkc1wvbmV2ZXotMi5qcGciLCJzbGlkZXNob3ciOiJkM2RlYjEzIn0%3D\">\n\t\t\t\t\t<div class=\"e-gallery-image elementor-gallery-item__image\" data-thumbnail=\"https:\/\/www.camping-les-saules.com\/wp-content\/uploads\/nevez-2-300x225.jpg\" data-width=\"300\" data-height=\"225\" aria-label=\"Eine Person mit einem Rucksack wandert an einem klaren Tag auf dem K\u00fcstenpfad von Nevez \u00fcber felsiges Gel\u00e4nde und B\u00e4ume mit dem Ozean im Hintergrund.\" role=\"img\" ><\/div>\n\t\t\t\t\t\t\t\t\t\t\t<div class=\"elementor-gallery-item__overlay\"><\/div>\n\t\t\t\t\t\t\t\t\t\t\t\t\t\t<\/a>\n\t\t\t\t\t\t\t<a class=\"e-gallery-item elementor-gallery-item elementor-animated-content\" href=\"https:\/\/www.camping-les-saules.com\/wp-content\/uploads\/fouesnant-beg-meil-4.jpg\" data-elementor-open-lightbox=\"yes\" data-elementor-lightbox-slideshow=\"d3deb13\" data-e-action-hash=\"#elementor-action%3Aaction%3Dlightbox%26settings%3DeyJpZCI6MTM5MDEsInVybCI6Imh0dHBzOlwvXC93d3cuY2FtcGluZy1sZXMtc2F1bGVzLmNvbVwvd3AtY29udGVudFwvdXBsb2Fkc1wvZm91ZXNuYW50LWJlZy1tZWlsLTQuanBnIiwic2xpZGVzaG93IjoiZDNkZWIxMyJ9\">\n\t\t\t\t\t<div class=\"e-gallery-image elementor-gallery-item__image\" data-thumbnail=\"https:\/\/www.camping-les-saules.com\/wp-content\/uploads\/fouesnant-beg-meil-4-300x206.jpg\" data-width=\"300\" data-height=\"206\" aria-label=\"Dieser kleine Strand liegt in Beg Meil und bietet mit seiner felsigen K\u00fcste und dem charmanten K\u00fcstenhaus eine ruhige Flucht aus dem Alltag. Umgeben von \u00fcppiger Vegetation und einem klaren blauen Himmel ist dies der ideale Ort f\u00fcr diejenigen, die Ruhe suchen oder sich den lokalen touristischen Aktivit\u00e4ten widmen m\u00f6chten. \" role=\"img\" ><\/div>\n\t\t\t\t\t\t\t\t\t\t\t<div class=\"elementor-gallery-item__overlay\"><\/div>\n\t\t\t\t\t\t\t\t\t\t\t\t\t\t<\/a>\n\t\t\t\t\t\t\t<a class=\"e-gallery-item elementor-gallery-item elementor-animated-content\" href=\"https:\/\/www.camping-les-saules.com\/wp-content\/uploads\/Gl\u00e9nan-d\u00e9couverte.jpg\" data-elementor-open-lightbox=\"yes\" data-elementor-lightbox-slideshow=\"d3deb13\" data-e-action-hash=\"#elementor-action%3Aaction%3Dlightbox%26settings%3DeyJpZCI6MTM4NjIsInVybCI6Imh0dHBzOlwvXC93d3cuY2FtcGluZy1sZXMtc2F1bGVzLmNvbVwvd3AtY29udGVudFwvdXBsb2Fkc1wvR2xcdTAwZTluYW4tZFx1MDBlOWNvdXZlcnRlLmpwZyIsInNsaWRlc2hvdyI6ImQzZGViMTMifQ%3D%3D\">\n\t\t\t\t\t<div class=\"e-gallery-image elementor-gallery-item__image\" data-thumbnail=\"https:\/\/www.camping-les-saules.com\/wp-content\/uploads\/Gl\u00e9nan-d\u00e9couverte-300x225.jpg\" data-width=\"300\" data-height=\"225\" aria-label=\"Eine Gruppe von Menschen sitzt in einem Schlauchboot auf dem blauen Wasser des Ozeans, mit einem F\u00fchrer am Steuer, der Unsere Partnerschaften vorstellt. Das ferne Ufer und einige Segelboote sind im Hintergrund unter einem klaren Himmel zu sehen. \" role=\"img\" ><\/div>\n\t\t\t\t\t\t\t\t\t\t\t<div class=\"elementor-gallery-item__overlay\"><\/div>\n\t\t\t\t\t\t\t\t\t\t\t\t\t\t<\/a>\n\t\t\t\t\t<\/div>\n\t\t\t\t\t<\/div>\n\t\t\t\t<\/div>\n\t\t\t\t\t<\/div>\n\t\t\t\t<\/div>\n\t\t<div class=\"elementor-element elementor-element-ec3c5be e-flex e-con-boxed e-con e-parent\" data-id=\"ec3c5be\" data-element_type=\"container\" data-e-type=\"container\">\n\t\t\t\t\t<div class=\"e-con-inner\">\n\t\t\t\t<div class=\"elementor-element elementor-element-5c48f1f elementor-widget elementor-widget-heading\" data-id=\"5c48f1f\" data-element_type=\"widget\" data-e-type=\"widget\" data-widget_type=\"heading.default\">\n\t\t\t\t\t<h2 class=\"elementor-heading-title elementor-size-default\">H\u00e4ufig gestellte Fragen \u00fcber unseren Familiencampingplatz\n<\/h2>\t\t\t\t<\/div>\n\t\t\t\t<div class=\"elementor-element elementor-element-6115b9c elementor-widget elementor-widget-n-accordion\" data-id=\"6115b9c\" data-element_type=\"widget\" data-e-type=\"widget\" data-settings=\"{&quot;default_state&quot;:&quot;expanded&quot;,&quot;max_items_expended&quot;:&quot;one&quot;,&quot;n_accordion_animation_duration&quot;:{&quot;unit&quot;:&quot;ms&quot;,&quot;size&quot;:400,&quot;sizes&quot;:[]}}\" data-widget_type=\"nested-accordion.default\">\n\t\t\t\t\t\t\t<div class=\"e-n-accordion\" aria-label=\"Accordion. Open links with Enter or Space, close with Escape, and navigate with Arrow Keys\">\n\t\t\t\t\t\t<details id=\"e-n-accordion-item-1010\" class=\"e-n-accordion-item\" open>\n\t\t\t\t<summary class=\"e-n-accordion-item-title\" data-accordion-index=\"1\" tabindex=\"0\" aria-expanded=\"true\" aria-controls=\"e-n-accordion-item-1010\" >\n\t\t\t\t\t<span class='e-n-accordion-item-title-header'><span class=\"e-n-accordion-item-title-text\"> Welche Aktivit\u00e4ten werden auf dem Campingplatz Les Saules f\u00fcr Kinder angeboten? <\/span><\/span>\n\t\t\t\t\t\t\t<span class='e-n-accordion-item-title-icon'>\n\t\t\t<span class='e-opened' ><svg xmlns=\"http:\/\/www.w3.org\/2000\/svg\" width=\"24\" height=\"24\" viewBox=\"0 0 24 24\" fill=\"none\" stroke=\"#045A68\" stroke-width=\"2\" stroke-linecap=\"round\" stroke-linejoin=\"round\" class=\"lucide lucide-chevron-up-icon lucide-chevron-up\"><path d=\"m18 15-6-6-6 6\"><\/path><\/svg><\/span>\n\t\t\t<span class='e-closed'><svg xmlns=\"http:\/\/www.w3.org\/2000\/svg\" width=\"24\" height=\"24\" viewBox=\"0 0 24 24\" fill=\"none\" stroke=\"#045A68\" stroke-width=\"2\" stroke-linecap=\"round\" stroke-linejoin=\"round\" class=\"lucide lucide-chevron-down-icon lucide-chevron-down\"><path d=\"m6 9 6 6 6-6\"><\/path><\/svg><\/span>\n\t\t<\/span>\n\n\t\t\t\t\t\t<\/summary>\n\t\t\t\t<div role=\"region\" aria-labelledby=\"e-n-accordion-item-1010\" class=\"elementor-element elementor-element-03b085f e-con-full e-flex e-con e-child\" data-id=\"03b085f\" data-element_type=\"container\" data-e-type=\"container\">\n\t\t\t\t<div class=\"elementor-element elementor-element-e0e65a7 elementor-widget elementor-widget-text-editor\" data-id=\"e0e65a7\" data-element_type=\"widget\" data-e-type=\"widget\" data-widget_type=\"text-editor.default\">\n\t\t\t\t\t\t\t\t\t<p data-source-line=\"117-117\">Wir bieten einen Kinderclub f\u00fcr Kinder von 5-11 Jahren mit sportlichen Aktivit\u00e4ten, Gruppenspielen und kreativen Workshops. Die Kinder k\u00f6nnen auch den Wasserpark mit Rutschen und beheiztem Planschbecken, den Spielplatz, das Volleyballfeld und das Boulespiel nutzen. Au\u00dferhalb des Clubs k\u00f6nnen sie auf den Gr\u00fcnfl\u00e4chen des Campingplatzes frei spielen.  <\/p>\t\t\t\t\t\t\t\t<\/div>\n\t\t\t\t<\/div>\n\t\t\t\t\t<\/details>\n\t\t\t\t\t\t<details id=\"e-n-accordion-item-1011\" class=\"e-n-accordion-item\" >\n\t\t\t\t<summary class=\"e-n-accordion-item-title\" data-accordion-index=\"2\" tabindex=\"-1\" aria-expanded=\"false\" aria-controls=\"e-n-accordion-item-1011\" >\n\t\t\t\t\t<span class='e-n-accordion-item-title-header'><span class=\"e-n-accordion-item-title-text\"> Liegt der Campingplatz Les Saules wirklich direkt am Strand? <\/span><\/span>\n\t\t\t\t\t\t\t<span class='e-n-accordion-item-title-icon'>\n\t\t\t<span class='e-opened' ><svg xmlns=\"http:\/\/www.w3.org\/2000\/svg\" width=\"24\" height=\"24\" viewBox=\"0 0 24 24\" fill=\"none\" stroke=\"#045A68\" stroke-width=\"2\" stroke-linecap=\"round\" stroke-linejoin=\"round\" class=\"lucide lucide-chevron-up-icon lucide-chevron-up\"><path d=\"m18 15-6-6-6 6\"><\/path><\/svg><\/span>\n\t\t\t<span class='e-closed'><svg xmlns=\"http:\/\/www.w3.org\/2000\/svg\" width=\"24\" height=\"24\" viewBox=\"0 0 24 24\" fill=\"none\" stroke=\"#045A68\" stroke-width=\"2\" stroke-linecap=\"round\" stroke-linejoin=\"round\" class=\"lucide lucide-chevron-down-icon lucide-chevron-down\"><path d=\"m6 9 6 6 6-6\"><\/path><\/svg><\/span>\n\t\t<\/span>\n\n\t\t\t\t\t\t<\/summary>\n\t\t\t\t<div role=\"region\" aria-labelledby=\"e-n-accordion-item-1011\" class=\"elementor-element elementor-element-b829a3c e-con-full e-flex e-con e-child\" data-id=\"b829a3c\" data-element_type=\"container\" data-e-type=\"container\">\n\t\t\t\t<div class=\"elementor-element elementor-element-e1bb002 elementor-widget elementor-widget-text-editor\" data-id=\"e1bb002\" data-element_type=\"widget\" data-e-type=\"widget\" data-widget_type=\"text-editor.default\">\n\t\t\t\t\t\t\t\t\t<p data-source-line=\"121-121\">Ja, wir verf\u00fcgen \u00fcber einen direkten Zugang zum Strand von Kerleven. Ein Tor am Ende des Campingplatzes \u00f6ffnet sich direkt auf den Sand. Sie m\u00fcssen also nicht mit dem Auto fahren oder eine Stra\u00dfe \u00fcberqueren, um zum Strand zu gelangen. Dies ist ein gro\u00dfer Vorteil f\u00fcr Familien mit kleinen Kindern.   <\/p>\t\t\t\t\t\t\t\t<\/div>\n\t\t\t\t<\/div>\n\t\t\t\t\t<\/details>\n\t\t\t\t\t\t<details id=\"e-n-accordion-item-1012\" class=\"e-n-accordion-item\" >\n\t\t\t\t<summary class=\"e-n-accordion-item-title\" data-accordion-index=\"3\" tabindex=\"-1\" aria-expanded=\"false\" aria-controls=\"e-n-accordion-item-1012\" >\n\t\t\t\t\t<span class='e-n-accordion-item-title-header'><span class=\"e-n-accordion-item-title-text\"> Welche Einrichtungen sind in den Mobilheimen vorhanden? <\/span><\/span>\n\t\t\t\t\t\t\t<span class='e-n-accordion-item-title-icon'>\n\t\t\t<span class='e-opened' ><svg xmlns=\"http:\/\/www.w3.org\/2000\/svg\" width=\"24\" height=\"24\" viewBox=\"0 0 24 24\" fill=\"none\" stroke=\"#045A68\" stroke-width=\"2\" stroke-linecap=\"round\" stroke-linejoin=\"round\" class=\"lucide lucide-chevron-up-icon lucide-chevron-up\"><path d=\"m18 15-6-6-6 6\"><\/path><\/svg><\/span>\n\t\t\t<span class='e-closed'><svg xmlns=\"http:\/\/www.w3.org\/2000\/svg\" width=\"24\" height=\"24\" viewBox=\"0 0 24 24\" fill=\"none\" stroke=\"#045A68\" stroke-width=\"2\" stroke-linecap=\"round\" stroke-linejoin=\"round\" class=\"lucide lucide-chevron-down-icon lucide-chevron-down\"><path d=\"m6 9 6 6 6-6\"><\/path><\/svg><\/span>\n\t\t<\/span>\n\n\t\t\t\t\t\t<\/summary>\n\t\t\t\t<div role=\"region\" aria-labelledby=\"e-n-accordion-item-1012\" class=\"elementor-element elementor-element-136dfbc e-con-full e-flex e-con e-child\" data-id=\"136dfbc\" data-element_type=\"container\" data-e-type=\"container\">\n\t\t\t\t<div class=\"elementor-element elementor-element-af2b30f elementor-widget elementor-widget-text-editor\" data-id=\"af2b30f\" data-element_type=\"widget\" data-e-type=\"widget\" data-widget_type=\"text-editor.default\">\n\t\t\t\t\t\t\t\t\t<p data-source-line=\"125-125\">Unsere Mobilheime sind vollst\u00e4ndig ausgestattet mit einer kompletten K\u00fcche (Kochplatten, K\u00fchlschrank mit Gefrierfach, Mikrowelle, Toaster, Kaffeemaschine, Wasserkocher, Geschirr), Schlafzimmer mit Bettw\u00e4sche, Badezimmer mit Dusche und Toilette, \u00fcberdachte Terrasse mit Gartenm\u00f6beln. Auf Anfrage stellen wir Babyausstattung (Kinderbett, Hochstuhl) zur Verf\u00fcgung. <\/p>\t\t\t\t\t\t\t\t<\/div>\n\t\t\t\t<\/div>\n\t\t\t\t\t<\/details>\n\t\t\t\t\t\t<details id=\"e-n-accordion-item-1013\" class=\"e-n-accordion-item\" >\n\t\t\t\t<summary class=\"e-n-accordion-item-title\" data-accordion-index=\"4\" tabindex=\"-1\" aria-expanded=\"false\" aria-controls=\"e-n-accordion-item-1013\" >\n\t\t\t\t\t<span class='e-n-accordion-item-title-header'><span class=\"e-n-accordion-item-title-text\"> Wann wird der Pool beheizt? <\/span><\/span>\n\t\t\t\t\t\t\t<span class='e-n-accordion-item-title-icon'>\n\t\t\t<span class='e-opened' ><svg xmlns=\"http:\/\/www.w3.org\/2000\/svg\" width=\"24\" height=\"24\" viewBox=\"0 0 24 24\" fill=\"none\" stroke=\"#045A68\" stroke-width=\"2\" stroke-linecap=\"round\" stroke-linejoin=\"round\" class=\"lucide lucide-chevron-up-icon lucide-chevron-up\"><path d=\"m18 15-6-6-6 6\"><\/path><\/svg><\/span>\n\t\t\t<span class='e-closed'><svg xmlns=\"http:\/\/www.w3.org\/2000\/svg\" width=\"24\" height=\"24\" viewBox=\"0 0 24 24\" fill=\"none\" stroke=\"#045A68\" stroke-width=\"2\" stroke-linecap=\"round\" stroke-linejoin=\"round\" class=\"lucide lucide-chevron-down-icon lucide-chevron-down\"><path d=\"m6 9 6 6 6-6\"><\/path><\/svg><\/span>\n\t\t<\/span>\n\n\t\t\t\t\t\t<\/summary>\n\t\t\t\t<div role=\"region\" aria-labelledby=\"e-n-accordion-item-1013\" class=\"elementor-element elementor-element-fd46264 e-con-full e-flex e-con e-child\" data-id=\"fd46264\" data-element_type=\"container\" data-e-type=\"container\">\n\t\t\t\t<div class=\"elementor-element elementor-element-73c537c elementor-widget elementor-widget-text-editor\" data-id=\"73c537c\" data-element_type=\"widget\" data-e-type=\"widget\" data-widget_type=\"text-editor.default\">\n\t\t\t\t\t\t\t\t\t<p data-source-line=\"129-129\">Das Wasser im Pool wird von Mitte Mai bis Mitte September beheizt. Dieser verl\u00e4ngerte Zeitraum erm\u00f6glicht es Ihnen, auch am Anfang oder Ende der Saison, wenn die Temperaturen k\u00fchler sind, das Schwimmen zu genie\u00dfen. Der Wasserpark verf\u00fcgt \u00fcber Rutschen f\u00fcr Kinder und ein Planschbecken f\u00fcr die Kleinsten.  <\/p>\t\t\t\t\t\t\t\t<\/div>\n\t\t\t\t<\/div>\n\t\t\t\t\t<\/details>\n\t\t\t\t\t\t<details id=\"e-n-accordion-item-1014\" class=\"e-n-accordion-item\" >\n\t\t\t\t<summary class=\"e-n-accordion-item-title\" data-accordion-index=\"5\" tabindex=\"-1\" aria-expanded=\"false\" aria-controls=\"e-n-accordion-item-1014\" >\n\t\t\t\t\t<span class='e-n-accordion-item-title-header'><span class=\"e-n-accordion-item-title-text\"> Welche Besichtigungen k\u00f6nnen Sie mit Ihrer Familie von Fouesnant aus unternehmen? <\/span><\/span>\n\t\t\t\t\t\t\t<span class='e-n-accordion-item-title-icon'>\n\t\t\t<span class='e-opened' ><svg xmlns=\"http:\/\/www.w3.org\/2000\/svg\" width=\"24\" height=\"24\" viewBox=\"0 0 24 24\" fill=\"none\" stroke=\"#045A68\" stroke-width=\"2\" stroke-linecap=\"round\" stroke-linejoin=\"round\" class=\"lucide lucide-chevron-up-icon lucide-chevron-up\"><path d=\"m18 15-6-6-6 6\"><\/path><\/svg><\/span>\n\t\t\t<span class='e-closed'><svg xmlns=\"http:\/\/www.w3.org\/2000\/svg\" width=\"24\" height=\"24\" viewBox=\"0 0 24 24\" fill=\"none\" stroke=\"#045A68\" stroke-width=\"2\" stroke-linecap=\"round\" stroke-linejoin=\"round\" class=\"lucide lucide-chevron-down-icon lucide-chevron-down\"><path d=\"m6 9 6 6 6-6\"><\/path><\/svg><\/span>\n\t\t<\/span>\n\n\t\t\t\t\t\t<\/summary>\n\t\t\t\t<div role=\"region\" aria-labelledby=\"e-n-accordion-item-1014\" class=\"elementor-element elementor-element-ba2fd47 e-con-full e-flex e-con e-child\" data-id=\"ba2fd47\" data-element_type=\"container\" data-e-type=\"container\">\n\t\t\t\t<div class=\"elementor-element elementor-element-d861f31 elementor-widget elementor-widget-text-editor\" data-id=\"d861f31\" data-element_type=\"widget\" data-e-type=\"widget\" data-widget_type=\"text-editor.default\">\n\t\t\t\t\t\t\t\t\t<p data-source-line=\"133-133\">Vom Campingplatz aus k\u00f6nnen Sie Concarneau und seine mittelalterliche Ville Close (15 min), B\u00e9nodet und seinen Badeort (15 min), Quimper und sein historisches Zentrum (20 min), Pont-Aven, das Dorf der Maler (25 min), besuchen oder von Port-la-For\u00eat (10 min) aus einen Ausflug zum Archipel der Gl\u00e9nan machen. Das s\u00fcdliche Finist\u00e8re bietet eine gro\u00dfe Vielfalt an Landschaften und Aktivit\u00e4ten. <\/p>\t\t\t\t\t\t\t\t<\/div>\n\t\t\t\t<\/div>\n\t\t\t\t\t<\/details>\n\t\t\t\t\t\t<details id=\"e-n-accordion-item-1015\" class=\"e-n-accordion-item\" >\n\t\t\t\t<summary class=\"e-n-accordion-item-title\" data-accordion-index=\"6\" tabindex=\"-1\" aria-expanded=\"false\" aria-controls=\"e-n-accordion-item-1015\" >\n\t\t\t\t\t<span class='e-n-accordion-item-title-header'><span class=\"e-n-accordion-item-title-text\"> Gibt es auf dem Campingplatz Abendunterhaltung? <\/span><\/span>\n\t\t\t\t\t\t\t<span class='e-n-accordion-item-title-icon'>\n\t\t\t<span class='e-opened' ><svg xmlns=\"http:\/\/www.w3.org\/2000\/svg\" width=\"24\" height=\"24\" viewBox=\"0 0 24 24\" fill=\"none\" stroke=\"#045A68\" stroke-width=\"2\" stroke-linecap=\"round\" stroke-linejoin=\"round\" class=\"lucide lucide-chevron-up-icon lucide-chevron-up\"><path d=\"m18 15-6-6-6 6\"><\/path><\/svg><\/span>\n\t\t\t<span class='e-closed'><svg xmlns=\"http:\/\/www.w3.org\/2000\/svg\" width=\"24\" height=\"24\" viewBox=\"0 0 24 24\" fill=\"none\" stroke=\"#045A68\" stroke-width=\"2\" stroke-linecap=\"round\" stroke-linejoin=\"round\" class=\"lucide lucide-chevron-down-icon lucide-chevron-down\"><path d=\"m6 9 6 6 6-6\"><\/path><\/svg><\/span>\n\t\t<\/span>\n\n\t\t\t\t\t\t<\/summary>\n\t\t\t\t<div role=\"region\" aria-labelledby=\"e-n-accordion-item-1015\" class=\"elementor-element elementor-element-3576283 e-con-full e-flex e-con e-child\" data-id=\"3576283\" data-element_type=\"container\" data-e-type=\"container\">\n\t\t\t\t<div class=\"elementor-element elementor-element-a790c89 elementor-widget elementor-widget-text-editor\" data-id=\"a790c89\" data-element_type=\"widget\" data-e-type=\"widget\" data-widget_type=\"text-editor.default\">\n\t\t\t\t\t\t\t\t\t<p data-source-line=\"137-137\">Im Juli und August organisieren wir 2 bis 3 Abende pro Woche: Cr\u00eape-Abende, Konzerte, Muscheln und Pommes frites&#8230; Unser Ansatz ist eher auf eine famili\u00e4re und gesellige Atmosph\u00e4re als auf ein intensives Animationsprogramm ausgerichtet. So haben Sie die Freiheit, die Animationen auf dem Campingplatz zu genie\u00dfen oder die zahlreichen Sommerveranstaltungen in den umliegenden Gemeinden zu entdecken.  <\/p>\t\t\t\t\t\t\t\t<\/div>\n\t\t\t\t<\/div>\n\t\t\t\t\t<\/details>\n\t\t\t\t\t\t<details id=\"e-n-accordion-item-1016\" class=\"e-n-accordion-item\" >\n\t\t\t\t<summary class=\"e-n-accordion-item-title\" data-accordion-index=\"7\" tabindex=\"-1\" aria-expanded=\"false\" aria-controls=\"e-n-accordion-item-1016\" >\n\t\t\t\t\t<span class='e-n-accordion-item-title-header'><span class=\"e-n-accordion-item-title-text\"> Kann ich ein Zelt oder ein Wohnmobil mitbringen? <\/span><\/span>\n\t\t\t\t\t\t\t<span class='e-n-accordion-item-title-icon'>\n\t\t\t<span class='e-opened' ><svg xmlns=\"http:\/\/www.w3.org\/2000\/svg\" width=\"24\" height=\"24\" viewBox=\"0 0 24 24\" fill=\"none\" stroke=\"#045A68\" stroke-width=\"2\" stroke-linecap=\"round\" stroke-linejoin=\"round\" class=\"lucide lucide-chevron-up-icon lucide-chevron-up\"><path d=\"m18 15-6-6-6 6\"><\/path><\/svg><\/span>\n\t\t\t<span class='e-closed'><svg xmlns=\"http:\/\/www.w3.org\/2000\/svg\" width=\"24\" height=\"24\" viewBox=\"0 0 24 24\" fill=\"none\" stroke=\"#045A68\" stroke-width=\"2\" stroke-linecap=\"round\" stroke-linejoin=\"round\" class=\"lucide lucide-chevron-down-icon lucide-chevron-down\"><path d=\"m6 9 6 6 6-6\"><\/path><\/svg><\/span>\n\t\t<\/span>\n\n\t\t\t\t\t\t<\/summary>\n\t\t\t\t<div role=\"region\" aria-labelledby=\"e-n-accordion-item-1016\" class=\"elementor-element elementor-element-43b6b75 e-flex e-con-boxed e-con e-child\" data-id=\"43b6b75\" data-element_type=\"container\" data-e-type=\"container\">\n\t\t\t\t\t<div class=\"e-con-inner\">\n\t\t\t\t<div class=\"elementor-element elementor-element-167be30 elementor-widget elementor-widget-text-editor\" data-id=\"167be30\" data-element_type=\"widget\" data-e-type=\"widget\" data-widget_type=\"text-editor.default\">\n\t\t\t\t\t\t\t\t\t<p data-source-line=\"141-141\">Ja, wir bieten gro\u00dfe Stellpl\u00e4tze von ca. 90 m\u00b2 an, die durch Hecken abgegrenzt sind und im Schatten oder Halbschatten liegen. Diese Stellpl\u00e4tze bieten Platz f\u00fcr ein gro\u00dfes Familienzelt mit Anhang oder ein Wohnmobil mit Vorzelt. Sie sind mit einer Stroms\u00e4ule ausgestattet und Sie haben Zugang zu den Sanit\u00e4ranlagen des Campingplatzes.  <\/p>\t\t\t\t\t\t\t\t<\/div>\n\t\t\t\t\t<\/div>\n\t\t\t\t<\/div>\n\t\t\t\t\t<\/details>\n\t\t\t\t\t\t<details id=\"e-n-accordion-item-1017\" class=\"e-n-accordion-item\" >\n\t\t\t\t<summary class=\"e-n-accordion-item-title\" data-accordion-index=\"8\" tabindex=\"-1\" aria-expanded=\"false\" aria-controls=\"e-n-accordion-item-1017\" >\n\t\t\t\t\t<span class='e-n-accordion-item-title-header'><span class=\"e-n-accordion-item-title-text\"> Gibt es Gesch\u00e4fte auf dem Campingplatz? <\/span><\/span>\n\t\t\t\t\t\t\t<span class='e-n-accordion-item-title-icon'>\n\t\t\t<span class='e-opened' ><svg xmlns=\"http:\/\/www.w3.org\/2000\/svg\" width=\"24\" height=\"24\" viewBox=\"0 0 24 24\" fill=\"none\" stroke=\"#045A68\" stroke-width=\"2\" stroke-linecap=\"round\" stroke-linejoin=\"round\" class=\"lucide lucide-chevron-up-icon lucide-chevron-up\"><path d=\"m18 15-6-6-6 6\"><\/path><\/svg><\/span>\n\t\t\t<span class='e-closed'><svg xmlns=\"http:\/\/www.w3.org\/2000\/svg\" width=\"24\" height=\"24\" viewBox=\"0 0 24 24\" fill=\"none\" stroke=\"#045A68\" stroke-width=\"2\" stroke-linecap=\"round\" stroke-linejoin=\"round\" class=\"lucide lucide-chevron-down-icon lucide-chevron-down\"><path d=\"m6 9 6 6 6-6\"><\/path><\/svg><\/span>\n\t\t<\/span>\n\n\t\t\t\t\t\t<\/summary>\n\t\t\t\t<div role=\"region\" aria-labelledby=\"e-n-accordion-item-1017\" class=\"elementor-element elementor-element-5850dce e-flex e-con-boxed e-con e-child\" data-id=\"5850dce\" data-element_type=\"container\" data-e-type=\"container\">\n\t\t\t\t\t<div class=\"e-con-inner\">\n\t\t\t\t<div class=\"elementor-element elementor-element-6894b7b elementor-widget elementor-widget-text-editor\" data-id=\"6894b7b\" data-element_type=\"widget\" data-e-type=\"widget\" data-widget_type=\"text-editor.default\">\n\t\t\t\t\t\t\t\t\t<p data-source-line=\"145-145\">Wir verf\u00fcgen \u00fcber einen kleinen Lebensmittelladen, der lokale bretonische Produkte und andere wichtige Dinge anbietet. In unserer Snackbar k\u00f6nnen Sie Snacks f\u00fcr die Abende bestellen, an denen Sie sich nach einem anstrengenden Tag ausruhen m\u00f6chten. <\/p>\t\t\t\t\t\t\t\t<\/div>\n\t\t\t\t\t<\/div>\n\t\t\t\t<\/div>\n\t\t\t\t\t<\/details>\n\t\t\t\t\t<\/div>\n\t\t\t\t\t<script type=\"application\/ld+json\">{\"@context\":\"https:\\\/\\\/schema.org\",\"@type\":\"FAQPage\",\"mainEntity\":[{\"@type\":\"Question\",\"name\":\"Welche Aktivit\\u00e4ten werden auf dem Campingplatz Les Saules f\\u00fcr Kinder angeboten?\",\"acceptedAnswer\":{\"@type\":\"Answer\",\"text\":\"Wir bieten einen Kinderclub f\\u00fcr Kinder von 5-11 Jahren mit sportlichen Aktivit\\u00e4ten, Gruppenspielen und kreativen Workshops. Die Kinder k\\u00f6nnen auch den Wasserpark mit Rutschen und beheiztem Planschbecken, den Spielplatz, das Volleyballfeld und das Boulespiel nutzen. Au\\u00dferhalb des Clubs k\\u00f6nnen sie auf den Gr\\u00fcnfl\\u00e4chen des Campingplatzes frei spielen.\"}},{\"@type\":\"Question\",\"name\":\"Liegt der Campingplatz Les Saules wirklich direkt am Strand?\",\"acceptedAnswer\":{\"@type\":\"Answer\",\"text\":\"Ja, wir verf\\u00fcgen \\u00fcber einen direkten Zugang zum Strand von Kerleven. Ein Tor am Ende des Campingplatzes \\u00f6ffnet sich direkt auf den Sand. Sie m\\u00fcssen also nicht mit dem Auto fahren oder eine Stra\\u00dfe \\u00fcberqueren, um zum Strand zu gelangen. Dies ist ein gro\\u00dfer Vorteil f\\u00fcr Familien mit kleinen Kindern.\"}},{\"@type\":\"Question\",\"name\":\"Welche Einrichtungen sind in den Mobilheimen vorhanden?\",\"acceptedAnswer\":{\"@type\":\"Answer\",\"text\":\"Unsere Mobilheime sind vollst\\u00e4ndig ausgestattet mit einer kompletten K\\u00fcche (Kochplatten, K\\u00fchlschrank mit Gefrierfach, Mikrowelle, Toaster, Kaffeemaschine, Wasserkocher, Geschirr), Schlafzimmer mit Bettw\\u00e4sche, Badezimmer mit Dusche und Toilette, \\u00fcberdachte Terrasse mit Gartenm\\u00f6beln. Auf Anfrage stellen wir Babyausstattung (Kinderbett, Hochstuhl) zur Verf\\u00fcgung.\"}},{\"@type\":\"Question\",\"name\":\"Wann wird der Pool beheizt?\",\"acceptedAnswer\":{\"@type\":\"Answer\",\"text\":\"Das Wasser im Pool wird von Mitte Mai bis Mitte September beheizt. Dieser verl\\u00e4ngerte Zeitraum erm\\u00f6glicht es Ihnen, auch am Anfang oder Ende der Saison, wenn die Temperaturen k\\u00fchler sind, das Schwimmen zu genie\\u00dfen. Der Wasserpark verf\\u00fcgt \\u00fcber Rutschen f\\u00fcr Kinder und ein Planschbecken f\\u00fcr die Kleinsten.\"}},{\"@type\":\"Question\",\"name\":\"Welche Besichtigungen k\\u00f6nnen Sie mit Ihrer Familie von Fouesnant aus unternehmen?\",\"acceptedAnswer\":{\"@type\":\"Answer\",\"text\":\"Vom Campingplatz aus k\\u00f6nnen Sie Concarneau und seine mittelalterliche Ville Close (15 min), B\\u00e9nodet und seinen Badeort (15 min), Quimper und sein historisches Zentrum (20 min), Pont-Aven, das Dorf der Maler (25 min), besuchen oder von Port-la-For\\u00eat (10 min) aus einen Ausflug zum Archipel der Gl\\u00e9nan machen. Das s\\u00fcdliche Finist\\u00e8re bietet eine gro\\u00dfe Vielfalt an Landschaften und Aktivit\\u00e4ten.\"}},{\"@type\":\"Question\",\"name\":\"Gibt es auf dem Campingplatz Abendunterhaltung?\",\"acceptedAnswer\":{\"@type\":\"Answer\",\"text\":\"Im Juli und August organisieren wir 2 bis 3 Abende pro Woche: Cr\\u00eape-Abende, Konzerte, Muscheln und Pommes frites&#8230; Unser Ansatz ist eher auf eine famili\\u00e4re und gesellige Atmosph\\u00e4re als auf ein intensives Animationsprogramm ausgerichtet. So haben Sie die Freiheit, die Animationen auf dem Campingplatz zu genie\\u00dfen oder die zahlreichen Sommerveranstaltungen in den umliegenden Gemeinden zu entdecken.\"}},{\"@type\":\"Question\",\"name\":\"Kann ich ein Zelt oder ein Wohnmobil mitbringen?\",\"acceptedAnswer\":{\"@type\":\"Answer\",\"text\":\"Ja, wir bieten gro\\u00dfe Stellpl\\u00e4tze von ca. 90 m\\u00b2 an, die durch Hecken abgegrenzt sind und im Schatten oder Halbschatten liegen. Diese Stellpl\\u00e4tze bieten Platz f\\u00fcr ein gro\\u00dfes Familienzelt mit Anhang oder ein Wohnmobil mit Vorzelt. Sie sind mit einer Stroms\\u00e4ule ausgestattet und Sie haben Zugang zu den Sanit\\u00e4ranlagen des Campingplatzes.\"}},{\"@type\":\"Question\",\"name\":\"Gibt es Gesch\\u00e4fte auf dem Campingplatz?\",\"acceptedAnswer\":{\"@type\":\"Answer\",\"text\":\"Wir verf\\u00fcgen \\u00fcber einen kleinen Lebensmittelladen, der lokale bretonische Produkte und andere wichtige Dinge anbietet. In unserer Snackbar k\\u00f6nnen Sie Snacks f\\u00fcr die Abende bestellen, an denen Sie sich nach einem anstrengenden Tag ausruhen m\\u00f6chten.\"}}]}<\/script>\n\t\t\t\t\t\t\t<\/div>\n\t\t\t\t<div class=\"elementor-element elementor-element-8dfe99e elementor-align-center elementor-widget elementor-widget-button\" data-id=\"8dfe99e\" data-element_type=\"widget\" data-e-type=\"widget\" data-widget_type=\"button.default\">\n\t\t\t\t\t\t\t\t\t\t<a class=\"elementor-button elementor-button-link elementor-size-sm\" href=\"https:\/\/www.camping-les-saules.com\/de\/kontakt\/\">\n\t\t\t\t\t\t<span class=\"elementor-button-content-wrapper\">\n\t\t\t\t\t\t\t\t\t<span class=\"elementor-button-text\">Haben Sie noch eine Frage? Kontaktieren Sie uns! <\/span>\n\t\t\t\t\t<\/span>\n\t\t\t\t\t<\/a>\n\t\t\t\t\t\t\t\t<\/div>\n\t\t\t\t\t<\/div>\n\t\t\t\t<\/div>\n\t\t\t\t<\/div>\n\t\t","protected":false},"excerpt":{"rendered":"<p>Willkommen auf dem 4* Campingplatz Les Saules Familiencampingplatz in Fouesnant Sie suchen einen kleinen Familiencampingplatz am Meer f\u00fcr Ihren n\u00e4chsten Urlaub in der Bretagne? Wir begr\u00fc\u00dfen Sie auf dem Campingplatz Les Saules, in einer gr\u00fcnen Umgebung gegen\u00fcber den Gl\u00e9nans-Inseln, in Fouesnant im S\u00fcd-Finist\u00e8re. Unsere Unterk\u00fcnfte Preise und Verf\u00fcgbarkeit Unser Betrieb wird seit drei Generationen von [&hellip;]<\/p>\n","protected":false},"author":1,"featured_media":0,"parent":0,"menu_order":0,"comment_status":"closed","ping_status":"closed","template":"","meta":{"slim_seo":{"title":"Familien-Campingplatz Fouesnant | Kinderclub & Ruhiger Strand","description":"Familiencampingplatz in Fouesnant: sichere Str\u00e4nde f\u00fcr Kinder, Club f\u00fcr 3-11j\u00e4hrige, Wasserpark, unber\u00fchrte Natur. Aktivit\u00e4ten f\u00fcr Familien, Museen. Gesellige Atmosph\u00e4re garantiert!"},"footnotes":""},"class_list":["post-14334","page","type-page","status-publish","hentry"],"_links":{"self":[{"href":"https:\/\/www.camping-les-saules.com\/de\/wp-json\/wp\/v2\/pages\/14334","targetHints":{"allow":["GET"]}}],"collection":[{"href":"https:\/\/www.camping-les-saules.com\/de\/wp-json\/wp\/v2\/pages"}],"about":[{"href":"https:\/\/www.camping-les-saules.com\/de\/wp-json\/wp\/v2\/types\/page"}],"author":[{"embeddable":true,"href":"https:\/\/www.camping-les-saules.com\/de\/wp-json\/wp\/v2\/users\/1"}],"replies":[{"embeddable":true,"href":"https:\/\/www.camping-les-saules.com\/de\/wp-json\/wp\/v2\/comments?post=14334"}],"version-history":[{"count":0,"href":"https:\/\/www.camping-les-saules.com\/de\/wp-json\/wp\/v2\/pages\/14334\/revisions"}],"wp:attachment":[{"href":"https:\/\/www.camping-les-saules.com\/de\/wp-json\/wp\/v2\/media?parent=14334"}],"curies":[{"name":"wp","href":"https:\/\/api.w.org\/{rel}","templated":true}]}}