{"id":14327,"date":"2025-08-19T23:20:03","date_gmt":"2025-08-19T21:20:03","guid":{"rendered":"https:\/\/www.camping-les-saules.com\/camping-vue-mer-bretagne\/"},"modified":"2026-02-23T16:35:43","modified_gmt":"2026-02-23T15:35:43","slug":"camping-vue-mer-fouesnant","status":"publish","type":"page","link":"https:\/\/www.camping-les-saules.com\/de\/camping-vue-mer-fouesnant\/","title":{"rendered":"Campingplatz Meerblick Fouesnant"},"content":{"rendered":"\t\t<div data-elementor-type=\"wp-post\" data-elementor-id=\"14327\" class=\"elementor elementor-14327 elementor-9823\" data-elementor-post-type=\"page\">\n\t\t\t\t<div class=\"elementor-element elementor-element-1435db2 e-flex e-con-boxed e-con e-parent\" data-id=\"1435db2\" data-element_type=\"container\" data-e-type=\"container\" data-settings=\"{&quot;background_background&quot;:&quot;classic&quot;}\">\n\t\t\t\t\t<div class=\"e-con-inner\">\n\t\t<div class=\"elementor-element elementor-element-206b0b8 e-con-full e-flex e-con e-child\" data-id=\"206b0b8\" data-element_type=\"container\" data-e-type=\"container\">\n\t\t\t\t<div class=\"elementor-element elementor-element-4149219 elementor-widget elementor-widget-heading\" data-id=\"4149219\" data-element_type=\"widget\" data-e-type=\"widget\" data-widget_type=\"heading.default\">\n\t\t\t\t\t<span class=\"elementor-heading-title elementor-size-default\">Willkommen auf dem 4* Campingplatz Les Saules<\/span>\t\t\t\t<\/div>\n\t\t\t\t<div class=\"elementor-element elementor-element-108df1d elementor-widget elementor-widget-heading\" data-id=\"108df1d\" data-element_type=\"widget\" data-e-type=\"widget\" data-widget_type=\"heading.default\">\n\t\t\t\t\t<h1 class=\"elementor-heading-title elementor-size-default\">Campingplatz mit Meerblick in der Bretagne<\/h1>\t\t\t\t<\/div>\n\t\t\t\t<div class=\"elementor-element elementor-element-bd6e961 elementor-widget elementor-widget-text-editor\" data-id=\"bd6e961\" data-element_type=\"widget\" data-e-type=\"widget\" data-widget_type=\"text-editor.default\">\n\t\t\t\t\t\t\t\t\t<p>Willkommen auf dem Campingplatz Les Saules, unserem <a href=\"https:\/\/www.camping-les-saules.com\/de\/camping-bord-de-mer-fouesnant\/\" target=\"_blank\" rel=\"noopener noreferrer\">Campingplatz am Meer im Finist\u00e8re<\/a>, wo Sie einen erholsamen Aufenthalt inmitten der Natur mit Blick auf den Ozean genie\u00dfen k\u00f6nnen. Nur wenige Meter vom Strand von Kerleven entfernt und gegen\u00fcber den Gl\u00e9nan-Inseln gelegen, verbindet unsere Anlage Ruhe mit der unmittelbaren N\u00e4he zum Meer. <\/p>\t\t\t\t\t\t\t\t<\/div>\n\t\t\t\t<div class=\"elementor-element elementor-element-585a05a elementor-align-center elementor-widget elementor-widget-button\" data-id=\"585a05a\" data-element_type=\"widget\" data-e-type=\"widget\" data-widget_type=\"button.default\">\n\t\t\t\t\t\t\t\t\t\t<a class=\"elementor-button elementor-button-link elementor-size-sm\" href=\"https:\/\/www.camping-les-saules.com\/de\/unterkuenfte\/\">\n\t\t\t\t\t\t<span class=\"elementor-button-content-wrapper\">\n\t\t\t\t\t\t<span class=\"elementor-button-icon\">\n\t\t\t\t<svg xmlns=\"http:\/\/www.w3.org\/2000\/svg\" width=\"24\" height=\"24\" viewBox=\"0 0 24 24\" fill=\"none\" stroke=\"currentColor\" stroke-width=\"2\" stroke-linecap=\"round\" stroke-linejoin=\"round\" class=\"lucide lucide-chevron-right-icon lucide-chevron-right\"><path d=\"m9 18 6-6-6-6\"><\/path><\/svg>\t\t\t<\/span>\n\t\t\t\t\t\t\t\t\t<span class=\"elementor-button-text\">Unsere Unterk\u00fcnfte<\/span>\n\t\t\t\t\t<\/span>\n\t\t\t\t\t<\/a>\n\t\t\t\t\t\t\t\t<\/div>\n\t\t\t\t<div class=\"elementor-element elementor-element-6d99fab elementor-hidden-mobile elementor-widget elementor-widget-button\" data-id=\"6d99fab\" data-element_type=\"widget\" data-e-type=\"widget\" data-widget_type=\"button.default\">\n\t\t\t\t\t\t\t\t\t\t<a class=\"elementor-button elementor-button-link elementor-size-sm\" href=\"https:\/\/www.camping-les-saules.com\/de\/preise\/\">\n\t\t\t\t\t\t<span class=\"elementor-button-content-wrapper\">\n\t\t\t\t\t\t\t\t\t<span class=\"elementor-button-text\">Preise und Verf\u00fcgbarkeit<\/span>\n\t\t\t\t\t<\/span>\n\t\t\t\t\t<\/a>\n\t\t\t\t\t\t\t\t<\/div>\n\t\t\t\t<\/div>\n\t\t<div class=\"elementor-element elementor-element-0119222 e-con-full e-flex e-con e-child\" data-id=\"0119222\" data-element_type=\"container\" data-e-type=\"container\">\n\t\t\t\t<div class=\"elementor-element elementor-element-b310200 elementor-widget__width-inherit elementor-widget elementor-widget-image\" data-id=\"b310200\" data-element_type=\"widget\" data-e-type=\"widget\" data-widget_type=\"image.default\">\n\t\t\t\t\t\t\t\t\t\t\t\t\t\t\t<img loading=\"lazy\" decoding=\"async\" width=\"800\" height=\"600\" src=\"https:\/\/www.camping-les-saules.com\/wp-content\/uploads\/camping-familial-plage.jpg\" class=\"attachment-full size-full wp-image-12797\" alt=\"Luftaufnahme eines Campingplatzes am Meer im Finist\u00e8re mit vielen Wohnmobilen, B\u00e4umen und einem Spielplatz. Im Hintergrund genie\u00dfen die Menschen den Sandstrand und das ruhige Meer.\" srcset=\"https:\/\/www.camping-les-saules.com\/wp-content\/uploads\/camping-familial-plage.jpg 800w, https:\/\/www.camping-les-saules.com\/wp-content\/uploads\/camping-familial-plage-300x225.jpg 300w, https:\/\/www.camping-les-saules.com\/wp-content\/uploads\/camping-familial-plage-768x576.jpg 768w\" sizes=\"auto, (max-width: 800px) 100vw, 800px\" \/>\t\t\t\t\t\t\t\t\t\t\t\t\t\t\t<\/div>\n\t\t\t\t<div class=\"elementor-element elementor-element-592fa36 elementor-widget__width-initial elementor-widget elementor-widget-shortcode\" data-id=\"592fa36\" data-element_type=\"widget\" data-e-type=\"widget\" data-widget_type=\"shortcode.default\">\n\t\t\t\t\t\t\t<div class=\"elementor-shortcode\"><style>#wprev-badge-3{border-radius: 0px;}#wprev-badge-3{border-top: 5px solid #ffffff;}#wprev-badge-3{background: #ffffff;}#wprev-badge-3{border-bottom: 5px solid #ffffff;}#wprev-badge-3 .svgicons {background: #F9BC11 }#wprev-badge-3 .wppro_badge1_SPAN_4 {color: #666666;}#wprev-badge-3 .wppro_badge1_SPAN_13 {color: #666666;}#wprev-badge-3 .wppro_badge1_DIV_12 {color: #666666;}#wprev-badge-3 {width: auto;}<\/style>\r\n<div class=\"wprevpro_badge wppro_badge1_DIV_1 b6s1\" id=\"wprev-badge-3\">\t\r\n\t\t\t\t<div class=\"wppro_badge1_DIV_2 b6s2\">\t\r\n\t\t\t\t<div class=\"wppro_badge3_DIV_13\"><img decoding=\"async\" src=\"https:\/\/www.camping-les-saules.com\/wp-content\/plugins\/wp-review-slider-pro\/public\/partials\/imgs\/facebook_small_icon.svg\" width=32 height=32 alt=\"facebook logo\" class=\"wppro_badge3_IMG_4 wprevsmallbadgeicon\"><img decoding=\"async\" src=\"https:\/\/www.camping-les-saules.com\/wp-content\/plugins\/wp-review-slider-pro\/public\/partials\/imgs\/google_small_icon.svg\" width=32 height=32 alt=\"google logo\" class=\"wppro_badge3_IMG_4 wprevsmallbadgeicon\"><img decoding=\"async\" src=\"https:\/\/www.camping-les-saules.com\/wp-content\/plugins\/wp-review-slider-pro\/public\/partials\/imgs\/tripadvisor_small_icon.svg\" width=32 height=32 alt=\"tripadvisor logo\" class=\"wppro_badge3_IMG_4 wprevsmallbadgeicon\"><\/div>\t\r\n\t\t\t\t<div class=\"wppro_badge1_DIV_5 b6s5\">\t\r\n\t\t\t\t<div class=\"wppro_badge1_DIV_stars b6s6\"><span class=\"wppro_avg_b6s6a\">4.6<\/span><span class=\"svgicons svg-wprsp-star-full\"><\/span><span class=\"svgicons svg-wprsp-star-full\"><\/span><span class=\"svgicons svg-wprsp-star-full\"><\/span><span class=\"svgicons svg-wprsp-star-full\"><\/span><span class=\"svgicons svg-wprsp-star-half\"><\/span>\t\r\n\t\t\t\t<\/div>\t\r\n\t\t\t\t<div class=\"wppro_badge1_DIV_12 b6s12\"><span class=\"wppro_badge1_SPAN_15\">298<\/span>&nbsp;Avis<\/div><\/div><\/div><\/div>\r\n\t\t\t\t\r\n\r\n<\/div>\n\t\t\t\t\t\t<\/div>\n\t\t\t\t<\/div>\n\t\t\t\t\t<\/div>\n\t\t\t\t<\/div>\n\t\t<div class=\"elementor-element elementor-element-92ee29a e-flex e-con-boxed e-con e-parent\" data-id=\"92ee29a\" data-element_type=\"container\" data-e-type=\"container\">\n\t\t\t\t\t<div class=\"e-con-inner\">\n\t\t<div class=\"elementor-element elementor-element-de221e8 e-con-full e-flex e-con e-child\" data-id=\"de221e8\" data-element_type=\"container\" data-e-type=\"container\">\n\t\t\t\t<div class=\"elementor-element elementor-element-0f2d4c8 elementor-widget elementor-widget-text-editor\" data-id=\"0f2d4c8\" data-element_type=\"widget\" data-e-type=\"widget\" data-widget_type=\"text-editor.default\">\n\t\t\t\t\t\t\t\t\t<p>Unser <a href=\"https:\/\/www.camping-les-saules.com\/de\/camping-4-etoiles-fouesnant\/\">4-Sterne-Campingplatz <\/a> bietet ger\u00e4umige und schattige Stellpl\u00e4tze sowie Mietunterk\u00fcnfte f\u00fcr kleine und gro\u00dfe Gruppen. Es gibt einen Au\u00dfenpool, Kinderspielpl\u00e4tze und einen direkten Zugang zum Strand, wo Sie sich entspannen und Aktivit\u00e4ten im Freien genie\u00dfen k\u00f6nnen. <\/p>\n<p>Der Strand von Kerleven, der von Ihrer Unterkunft aus in wenigen Minuten zu Fu\u00df erreichbar ist, ist einer der gr\u00f6\u00dften Vorteile unseres <a href=\"https:\/\/www.camping-les-saules.com\/de\/familien-campingplatz-fouesnant\/\">Familiencampingplatzes <\/a>.<p>  Es gibt einen Au\u00dfenpool, Kinderspielpl\u00e4tze und einen direkten Zugang zum Strand, so dass Sie zwischen Entspannung und Aktivit\u00e4ten im Freien wechseln k\u00f6nnen.<\/p>\n<p>Die Gl\u00e9nan-Inseln liegen direkt vor unserer Anlage und bilden einen maritimen Horizont, der sich mit den Gezeiten und den Jahreszeiten ver\u00e4ndert. Wir sind auch nur 10 Minuten vom Hafen von La For\u00eat-Fouesnant entfernt, dem legend\u00e4ren Hafen, von dem aus die Segelboote zu Langstreckenrennen wie der Vend\u00e9e Globe oder der Transat Jacques Vabre auslaufen. Eine gute Gelegenheit, diese Giganten der Meere bei ihren Vorbereitungen oder beim Auslaufen zu sehen.  <\/p>\t\t\t\t\t\t\t\t<\/div>\n\t\t\t\t<\/div>\n\t\t<div class=\"elementor-element elementor-element-d9647e6 e-con-full e-flex e-con e-child\" data-id=\"d9647e6\" data-element_type=\"container\" data-e-type=\"container\">\n\t\t\t\t<div class=\"elementor-element elementor-element-f69c2a1 elementor-widget elementor-widget-image\" data-id=\"f69c2a1\" data-element_type=\"widget\" data-e-type=\"widget\" data-widget_type=\"image.default\">\n\t\t\t\t\t\t\t\t\t\t\t\t\t\t\t<img loading=\"lazy\" decoding=\"async\" width=\"800\" height=\"620\" src=\"https:\/\/www.camping-les-saules.com\/wp-content\/uploads\/camping-saules-1024x793.webp\" class=\"attachment-large size-large wp-image-18886\" alt=\"Camping saules\" srcset=\"https:\/\/www.camping-les-saules.com\/wp-content\/uploads\/camping-saules-1024x793.webp 1024w, https:\/\/www.camping-les-saules.com\/wp-content\/uploads\/camping-saules-300x232.webp 300w, https:\/\/www.camping-les-saules.com\/wp-content\/uploads\/camping-saules-768x595.webp 768w, https:\/\/www.camping-les-saules.com\/wp-content\/uploads\/camping-saules-1536x1190.webp 1536w, https:\/\/www.camping-les-saules.com\/wp-content\/uploads\/camping-saules.webp 1603w\" sizes=\"auto, (max-width: 800px) 100vw, 800px\" \/>\t\t\t\t\t\t\t\t\t\t\t\t\t\t\t<\/div>\n\t\t\t\t<\/div>\n\t\t\t\t\t<\/div>\n\t\t\t\t<\/div>\n\t\t<div class=\"elementor-element elementor-element-9905d24 e-flex e-con-boxed e-con e-parent\" data-id=\"9905d24\" data-element_type=\"container\" data-e-type=\"container\" data-settings=\"{&quot;background_background&quot;:&quot;classic&quot;}\">\n\t\t\t\t\t<div class=\"e-con-inner\">\n\t\t<div class=\"elementor-element elementor-element-dcdb2e7 e-con-full e-flex e-con e-child\" data-id=\"dcdb2e7\" data-element_type=\"container\" data-e-type=\"container\">\n\t\t\t\t<div class=\"elementor-element elementor-element-f44abb1 elementor-widget elementor-widget-image\" data-id=\"f44abb1\" data-element_type=\"widget\" data-e-type=\"widget\" data-widget_type=\"image.default\">\n\t\t\t\t\t\t\t\t\t\t\t\t\t\t\t<img loading=\"lazy\" decoding=\"async\" width=\"750\" height=\"499\" src=\"https:\/\/www.camping-les-saules.com\/wp-content\/uploads\/acces-direct-plage-2.jpg\" class=\"attachment-medium_large size-medium_large wp-image-12812\" alt=\"Ein Mann und zwei Kinder gehen auf einem sonnigen Weg zum Strand im s\u00fcdlichen Finist\u00e8re und tragen Strandausr\u00fcstung. Autos parken entlang des grasbewachsenen Weges und B\u00e4ume s\u00e4umen die Seiten, die an einen ruhigen Campingausflug erinnern.\" srcset=\"https:\/\/www.camping-les-saules.com\/wp-content\/uploads\/acces-direct-plage-2.jpg 750w, https:\/\/www.camping-les-saules.com\/wp-content\/uploads\/acces-direct-plage-2-300x200.jpg 300w\" sizes=\"auto, (max-width: 750px) 100vw, 750px\" \/>\t\t\t\t\t\t\t\t\t\t\t\t\t\t\t<\/div>\n\t\t\t\t<div class=\"elementor-element elementor-element-b7240cb elementor-widget elementor-widget-image\" data-id=\"b7240cb\" data-element_type=\"widget\" data-e-type=\"widget\" data-widget_type=\"image.default\">\n\t\t\t\t\t\t\t\t\t\t\t\t\t\t\t<img loading=\"lazy\" decoding=\"async\" width=\"768\" height=\"504\" src=\"https:\/\/www.camping-les-saules.com\/wp-content\/uploads\/plage-cap-coz-1-768x504.jpg\" class=\"attachment-medium_large size-medium_large wp-image-12787\" alt=\"Ein sonniger Strand im Finist\u00e8re mit Menschen, die spazieren gehen und sich im Sand sonnen. Hohe B\u00e4ume spenden Schatten am Ufer, w\u00e4hrend das ruhige Wasser unter einem klaren blauen Himmel glitzert, was den Strand zu einem perfekten Ort f\u00fcr ruhesuchende Campingfreunde macht.\" srcset=\"https:\/\/www.camping-les-saules.com\/wp-content\/uploads\/plage-cap-coz-1-768x504.jpg 768w, https:\/\/www.camping-les-saules.com\/wp-content\/uploads\/plage-cap-coz-1-300x197.jpg 300w, https:\/\/www.camping-les-saules.com\/wp-content\/uploads\/plage-cap-coz-1.jpg 800w\" sizes=\"auto, (max-width: 768px) 100vw, 768px\" \/>\t\t\t\t\t\t\t\t\t\t\t\t\t\t\t<\/div>\n\t\t\t\t<\/div>\n\t\t<div class=\"elementor-element elementor-element-756b597 e-con-full e-flex e-con e-child\" data-id=\"756b597\" data-element_type=\"container\" data-e-type=\"container\">\n\t\t\t\t<div class=\"elementor-element elementor-element-6a700ee elementor-widget elementor-widget-text-editor\" data-id=\"6a700ee\" data-element_type=\"widget\" data-e-type=\"widget\" data-widget_type=\"text-editor.default\">\n\t\t\t\t\t\t\t\t\t<h2 data-source-line=\"21-21\">Direkter Zugang zum Strand von Ihrer Unterkunft aus<\/h2><p data-source-line=\"23-23\">Der direkte Zugang zum Strand ist ein echter Pluspunkt, um zu jeder Tageszeit mit der Familie Zeit zu verbringen. Auf dem Campingplatz Les Saules k\u00f6nnen Sie nicht nur das Meer von Ihrer Terrasse aus sehen, sondern auch den Sand in wenigen Minuten zu Fu\u00df erreichen. Diese N\u00e4he ver\u00e4ndert den Urlaubsrhythmus und erm\u00f6glicht es Ihnen, spontan zwischen dem Campingplatz und dem Strand hin und her zu wechseln.  <\/p><p data-source-line=\"25-25\">Familien sch\u00e4tzen diese praktische Anordnung besonders. Sie m\u00fcssen nicht mit dem Auto fahren oder lange mit der gesamten Strandausr\u00fcstung laufen. Die Kinder werden unabh\u00e4ngiger und die Eltern haben mehr Ruhe. Zwischen dem Schwimmen k\u00f6nnen Sie zum Mittagessen in Ihre Unterkunft zur\u00fcckkehren, eine Siesta im Schatten der Pinien machen und dann am sp\u00e4ten Nachmittag wieder an den Strand gehen.   <\/p><p data-source-line=\"27-27\">Um die K\u00fcste von Fouesnant weiter zu entdecken, f\u00fchrt der GR 34 direkt an unserem Campingplatz vorbei. Dieser Fernwanderweg, auch &#8222;Sentier des Douaniers&#8220; genannt, f\u00fchrt durch die gesamte Bretagne und enth\u00fcllt geheime Buchten und Aussichtspunkte auf den Ozean. Ein Spaziergang am fr\u00fchen Morgen oder bei Sonnenuntergang bietet bemerkenswerte Lichtverh\u00e4ltnisse, die von Fotografen besonders gesch\u00e4tzt werden. Die goldene Stunde, in der das Licht weicher und w\u00e4rmer wird, verwandelt die K\u00fcstenlandschaft in nat\u00fcrliche Gem\u00e4lde, an die Sie sich gerne erinnern werden.   <\/p><p data-source-line=\"29-29\">Die anderen Str\u00e4nde der Gemeinde Fouesnant sind leicht zu erreichen, wie z.B. <a href=\"https:\/\/www.camping-les-saules.com\/de\/camping-beg-meil\/\">Beg Meil, nur wenige Schritte vom Campingplatz entfernt<\/a>. Jeder Strand hat seinen eigenen Charakter: feine Sandstr\u00e4nde, gesch\u00fctzte Buchten oder wilde Landschaften. Diese Vielfalt erm\u00f6glicht es Ihnen, Ihren Aufenthalt abwechslungsreich zu gestalten und verschiedene Stimmungen zu entdecken.  <\/p>\t\t\t\t\t\t\t\t<\/div>\n\t\t\t\t<\/div>\n\t\t\t\t\t<\/div>\n\t\t\t\t<\/div>\n\t\t<div class=\"elementor-element elementor-element-a8c8d33 e-flex e-con-boxed e-con e-parent\" data-id=\"a8c8d33\" data-element_type=\"container\" data-e-type=\"container\">\n\t\t\t\t\t<div class=\"e-con-inner\">\n\t\t<div class=\"elementor-element elementor-element-e980f21 e-con-full e-flex e-con e-child\" data-id=\"e980f21\" data-element_type=\"container\" data-e-type=\"container\">\n\t\t\t\t<div class=\"elementor-element elementor-element-b5f25ed elementor-widget elementor-widget-text-editor\" data-id=\"b5f25ed\" data-element_type=\"widget\" data-e-type=\"widget\" data-widget_type=\"text-editor.default\">\n\t\t\t\t\t\t\t\t\t<h2 data-source-line=\"31-31\">Unterk\u00fcnfte mit Blick auf den Ozean<\/h2><p data-source-line=\"33-33\">Wir bieten verschiedene Arten von Unterk\u00fcnften an, um den Bed\u00fcrfnissen aller gerecht zu werden. Die traditionellen, ger\u00e4umigen und schattigen Campingpl\u00e4tze bieten Ihnen die M\u00f6glichkeit, Ihr Zelt, Ihren Wohnwagen oder Ihr Wohnmobil in einer nat\u00fcrlichen Umgebung aufzustellen. Einige haben einen direkten Blick auf das Meer und bieten das Vergn\u00fcgen, mit Blick auf den Ozean einzuschlafen und aufzuwachen.  <\/p><p data-source-line=\"35-35\">Unsere Mobilheime bieten eine Kombination aus moderner Ausstattung und privilegierter Lage f\u00fcr noch mehr Komfort. Es gibt verschiedene Modelle, darunter auch <a href=\"https:\/\/www.camping-les-saules.com\/de\/mobilheim-8-personen\/\" target=\"_blank\" rel=\"noopener noreferrer\">Mobilheime f\u00fcr 8 Personen<\/a>, die f\u00fcr gro\u00dfe Familien oder Gruppen von Freunden geeignet sind. Diese Unterk\u00fcnfte verf\u00fcgen \u00fcber Holzterrassen, auf denen Sie Ihre Mahlzeiten mit Blick auf das Meer einnehmen und einen Aperitif genie\u00dfen k\u00f6nnen, w\u00e4hrend Sie die Seev\u00f6gel beobachten.  <\/p><p data-source-line=\"37-37\">Von unseren Unterk\u00fcnften mit direktem Zugang zum Strand aus wird das Leben im Rhythmus der Gezeiten zu einem ganz besonderen Erlebnis. Das Schauspiel \u00e4ndert sich st\u00e4ndig: Hochwasser, das an den Felsen leckt, Ebbe, die den Strand und die Pf\u00fctzen mit Meereslebewesen freigibt, Lichter, die je nach Tageszeit und Wetter variieren. Diese st\u00e4ndige Verbindung mit dem Ozean macht die Erfahrung eines Campingplatzes mit Meerblick in der Bretagne aus.  <\/p>\t\t\t\t\t\t\t\t<\/div>\n\t\t\t\t<div class=\"elementor-element elementor-element-b14297e elementor-hidden-mobile elementor-widget elementor-widget-button\" data-id=\"b14297e\" data-element_type=\"widget\" data-e-type=\"widget\" data-widget_type=\"button.default\">\n\t\t\t\t\t\t\t\t\t\t<a class=\"elementor-button elementor-button-link elementor-size-sm\" href=\"https:\/\/www.camping-les-saules.com\/de\/unterkuenfte\/\">\n\t\t\t\t\t\t<span class=\"elementor-button-content-wrapper\">\n\t\t\t\t\t\t<span class=\"elementor-button-icon\">\n\t\t\t\t<svg xmlns=\"http:\/\/www.w3.org\/2000\/svg\" width=\"24\" height=\"24\" viewBox=\"0 0 24 24\" fill=\"none\" stroke=\"currentColor\" stroke-width=\"2\" stroke-linecap=\"round\" stroke-linejoin=\"round\" class=\"lucide lucide-chevron-right-icon lucide-chevron-right\"><path d=\"m9 18 6-6-6-6\"><\/path><\/svg>\t\t\t<\/span>\n\t\t\t\t\t\t\t\t\t<span class=\"elementor-button-text\">Entdecken Sie unsere Unterk\u00fcnfte<\/span>\n\t\t\t\t\t<\/span>\n\t\t\t\t\t<\/a>\n\t\t\t\t\t\t\t\t<\/div>\n\t\t\t\t<\/div>\n\t\t<div class=\"elementor-element elementor-element-2eb34c5 e-con-full e-flex e-con e-child\" data-id=\"2eb34c5\" data-element_type=\"container\" data-e-type=\"container\" data-settings=\"{&quot;background_background&quot;:&quot;classic&quot;}\">\n\t\t\t\t<div class=\"elementor-element elementor-element-faaff2c elementor-widget elementor-widget-image\" data-id=\"faaff2c\" data-element_type=\"widget\" data-e-type=\"widget\" data-widget_type=\"image.default\">\n\t\t\t\t\t\t\t\t\t\t\t\t\t\t\t<img loading=\"lazy\" decoding=\"async\" width=\"768\" height=\"514\" src=\"https:\/\/www.camping-les-saules.com\/wp-content\/uploads\/Saules-1025-12-768x514.jpg\" class=\"attachment-medium_large size-medium_large wp-image-18840\" alt=\"Weiden 1025\" srcset=\"https:\/\/www.camping-les-saules.com\/wp-content\/uploads\/Saules-1025-12-768x514.jpg 768w, https:\/\/www.camping-les-saules.com\/wp-content\/uploads\/Saules-1025-12-300x201.jpg 300w, https:\/\/www.camping-les-saules.com\/wp-content\/uploads\/Saules-1025-12-1024x686.jpg 1024w, https:\/\/www.camping-les-saules.com\/wp-content\/uploads\/Saules-1025-12.jpg 1280w\" sizes=\"auto, (max-width: 768px) 100vw, 768px\" \/>\t\t\t\t\t\t\t\t\t\t\t\t\t\t\t<\/div>\n\t\t\t\t<div class=\"elementor-element elementor-element-ba7a2bd elementor-widget elementor-widget-image\" data-id=\"ba7a2bd\" data-element_type=\"widget\" data-e-type=\"widget\" data-widget_type=\"image.default\">\n\t\t\t\t\t\t\t\t\t\t\t\t\t\t\t<img loading=\"lazy\" decoding=\"async\" width=\"768\" height=\"576\" src=\"https:\/\/www.camping-les-saules.com\/wp-content\/uploads\/mobil-home-8-personnes-1-768x576.jpg\" class=\"attachment-medium_large size-medium_large wp-image-13983\" alt=\"Mobil Home Oman 8 Personen\" srcset=\"https:\/\/www.camping-les-saules.com\/wp-content\/uploads\/mobil-home-8-personnes-1-768x576.jpg 768w, https:\/\/www.camping-les-saules.com\/wp-content\/uploads\/mobil-home-8-personnes-1-300x225.jpg 300w, https:\/\/www.camping-les-saules.com\/wp-content\/uploads\/mobil-home-8-personnes-1.jpg 800w\" sizes=\"auto, (max-width: 768px) 100vw, 768px\" \/>\t\t\t\t\t\t\t\t\t\t\t\t\t\t\t<\/div>\n\t\t\t\t<\/div>\n\t\t\t\t\t<\/div>\n\t\t\t\t<\/div>\n\t\t<div class=\"elementor-element elementor-element-70bf1aa e-flex e-con-boxed e-con e-parent\" data-id=\"70bf1aa\" data-element_type=\"container\" data-e-type=\"container\" data-settings=\"{&quot;background_background&quot;:&quot;classic&quot;}\">\n\t\t\t\t\t<div class=\"e-con-inner\">\n\t\t<div class=\"elementor-element elementor-element-8f91fe1 e-con-full e-flex e-con e-child\" data-id=\"8f91fe1\" data-element_type=\"container\" data-e-type=\"container\" data-settings=\"{&quot;background_background&quot;:&quot;classic&quot;}\">\n\t\t\t\t<div class=\"elementor-element elementor-element-bee6fe4 elementor-widget elementor-widget-image\" data-id=\"bee6fe4\" data-element_type=\"widget\" data-e-type=\"widget\" data-widget_type=\"image.default\">\n\t\t\t\t\t\t\t\t\t\t\t\t\t\t\t<img loading=\"lazy\" decoding=\"async\" width=\"768\" height=\"346\" src=\"https:\/\/www.camping-les-saules.com\/wp-content\/uploads\/location-paddle-kayak-768x346.jpg\" class=\"attachment-medium_large size-medium_large wp-image-13792\" alt=\"Vermietung von Paddle Kajaks\" srcset=\"https:\/\/www.camping-les-saules.com\/wp-content\/uploads\/location-paddle-kayak-768x346.jpg 768w, https:\/\/www.camping-les-saules.com\/wp-content\/uploads\/location-paddle-kayak-300x135.jpg 300w, https:\/\/www.camping-les-saules.com\/wp-content\/uploads\/location-paddle-kayak-1024x461.jpg 1024w, https:\/\/www.camping-les-saules.com\/wp-content\/uploads\/location-paddle-kayak.jpg 1200w\" sizes=\"auto, (max-width: 768px) 100vw, 768px\" \/>\t\t\t\t\t\t\t\t\t\t\t\t\t\t\t<\/div>\n\t\t\t\t<div class=\"elementor-element elementor-element-be3a48d elementor-widget elementor-widget-image\" data-id=\"be3a48d\" data-element_type=\"widget\" data-e-type=\"widget\" data-widget_type=\"image.default\">\n\t\t\t\t\t\t\t\t\t\t\t\t\t\t\t<img loading=\"lazy\" decoding=\"async\" width=\"768\" height=\"575\" src=\"https:\/\/www.camping-les-saules.com\/wp-content\/uploads\/paillotte-saules-768x575.webp\" class=\"attachment-medium_large size-medium_large wp-image-18691\" alt=\"Paillotte saules\" srcset=\"https:\/\/www.camping-les-saules.com\/wp-content\/uploads\/paillotte-saules-768x575.webp 768w, https:\/\/www.camping-les-saules.com\/wp-content\/uploads\/paillotte-saules-300x225.webp 300w, https:\/\/www.camping-les-saules.com\/wp-content\/uploads\/paillotte-saules.webp 1024w\" sizes=\"auto, (max-width: 768px) 100vw, 768px\" \/>\t\t\t\t\t\t\t\t\t\t\t\t\t\t\t<\/div>\n\t\t\t\t<\/div>\n\t\t<div class=\"elementor-element elementor-element-f5dfa42 e-con-full e-flex e-con e-child\" data-id=\"f5dfa42\" data-element_type=\"container\" data-e-type=\"container\">\n\t\t\t\t<div class=\"elementor-element elementor-element-afa7b91 elementor-widget elementor-widget-text-editor\" data-id=\"afa7b91\" data-element_type=\"widget\" data-e-type=\"widget\" data-widget_type=\"text-editor.default\">\n\t\t\t\t\t\t\t\t\t<h2 data-source-line=\"39-39\">Wassersport und Strandsport<\/h2><p data-source-line=\"41-41\">Der Strand von Kerleven und seine gesch\u00fctzte Bucht eignen sich f\u00fcr verschiedene Wassersportaktivit\u00e4ten. Wir <a href=\"https:\/\/www.camping-les-saules.com\/location-de-kayaks-et-paddles\/\" target=\"_blank\" rel=\"noopener noreferrer\">vermieten Kajaks und Paddles direkt am Strand<\/a>, ohne komplizierte Reservierung oder Anreise. Mit diesen Booten k\u00f6nnen Sie die K\u00fcste aus einem anderen Blickwinkel erkunden, Buchten erreichen, die nur \u00fcber das Meer erreichbar sind, oder einfach mit der ganzen Familie \u00fcber das Wasser gleiten.  <\/p><p data-source-line=\"43-43\">Kajakfahren bietet eine sanfte Ann\u00e4herung an die Meeresumwelt. Sie paddeln in Ihrem eigenen Rhythmus entlang der zerkl\u00fcfteten K\u00fcste des s\u00fcdlichen Finist\u00e8re, beobachten die von den Wellen geformten Felsformationen und n\u00e4hern sich den kleinen Inseln, auf denen V\u00f6gel nisten. Stand-up-Paddling ist sowohl f\u00fcr Anf\u00e4nger als auch f\u00fcr Fortgeschrittene geeignet. Das Gleichgewicht auf dem Brett vermittelt ein angenehmes Gef\u00fchl und erm\u00f6glicht es, den ganzen K\u00f6rper zu trainieren und gleichzeitig die maritime Umgebung zu genie\u00dfen.   <\/p><p data-source-line=\"45-45\">Der Strand ist auch ein idealer Spielplatz f\u00fcr andere Sportarten f\u00fcr die ganze Familie. Der Sand bietet einen weichen Boden f\u00fcr morgendliches Joggen, Yoga in den Wellen, Fitness\u00fcbungen oder Ballspiele. Diese k\u00f6rperlichen Aktivit\u00e4ten erhalten eine neue Dimension, wenn sie mit Blick auf den Ozean stattfinden, mit der jodhaltigen Luft und dem Rauschen der Wellen als nat\u00fcrlicher Begleitung.  <\/p><p data-source-line=\"47-47\">Im Sommer k\u00f6nnen Sie aufgrund der Wetterbedingungen im s\u00fcdlichen Finist\u00e8re den Strand und das Meer in vollen Z\u00fcgen genie\u00dfen. Das Wasser erw\u00e4rmt sich allm\u00e4hlich und macht das Baden f\u00fcr die ganze Familie angenehm. Die Gezeiten bestimmen den Tagesrhythmus und bieten unterschiedliche Erlebnisse: Schwimmen bei Flut in tiefem Wasser, Erkundung der Felsen bei Ebbe, Angeln f\u00fcr die Neugierigen.  <\/p>\t\t\t\t\t\t\t\t<\/div>\n\t\t\t\t<\/div>\n\t\t\t\t\t<\/div>\n\t\t\t\t<\/div>\n\t\t<div class=\"elementor-element elementor-element-8ba6579 e-flex e-con-boxed e-con e-parent\" data-id=\"8ba6579\" data-element_type=\"container\" data-e-type=\"container\">\n\t\t\t\t\t<div class=\"e-con-inner\">\n\t\t<div class=\"elementor-element elementor-element-02f84e4 e-con-full e-flex e-con e-child\" data-id=\"02f84e4\" data-element_type=\"container\" data-e-type=\"container\">\n\t\t\t\t<div class=\"elementor-element elementor-element-c5dc5f6 elementor-widget elementor-widget-text-editor\" data-id=\"c5dc5f6\" data-element_type=\"widget\" data-e-type=\"widget\" data-widget_type=\"text-editor.default\">\n\t\t\t\t\t\t\t\t\t<h2 data-source-line=\"49-49\">Die Bretagne, eine Region mit vielen Landschaften<\/h2><p data-source-line=\"51-51\">Die Wahl eines Campingplatzes mit Meerblick in der Bretagne bedeutet, dass Sie sich f\u00fcr einen Ort der Entdeckung entscheiden, an dem sich die Landschaften st\u00e4ndig erneuern. Das Finist\u00e8re, das westlichste Departement auf dem franz\u00f6sischen Festland, bietet eine bemerkenswerte Vielfalt an nat\u00fcrlichen Umgebungen. Von unserem Campingplatz in Fouesnant aus haben Sie leichten Zugang zu den verschiedenen Facetten der Bretagne.  <\/p><p data-source-line=\"53-53\">Das Land von Quimper, das nur wenige Kilometer von unserer Schule entfernt ist, verbindet architektonisches Erbe mit lebendigen Traditionen. Die gotische Kathedrale Saint-Corentin \u00fcberragt die Stadt, die gepflasterten Gassen des historischen Zentrums beherbergen Gesch\u00e4fte und Restaurants, w\u00e4hrend die Museen die Geschichte der Fayence von Quimper und der bretonischen Kultur erz\u00e4hlen. Ein kultureller Ausflug, der die Tage am Strand angenehm erg\u00e4nzt.  <\/p><p data-source-line=\"55-55\">Der GR 34 f\u00fchrt Sie zu anderen Teilen der K\u00fcste des Finist\u00e8re. Dieser Fernwanderweg f\u00fchrt durch verschiedene K\u00fcstenlandschaften: von den Wellen geschlagene Klippen, feine Sandstr\u00e4nde, bl\u00fchende Heidefl\u00e4chen mit Ginster und Heidekraut und authentische Fischerh\u00e4fen. Jeder Abschnitt bietet eine andere Atmosph\u00e4re und vermittelt einen Eindruck von der engen Beziehung zwischen der Bretagne und dem Atlantik.  <\/p><p data-source-line=\"57-57\">Die Inselgruppe Les Gl\u00e9nan, die Sie von unserem <a href=\"https:\/\/www.camping-les-saules.com\/de\/camping-vue-mer-fouesnant\/\" target=\"_blank\" rel=\"noopener noreferrer\">Campingplatz mit Meerblick in Fouesnant<\/a> aus sehen k\u00f6nnen, ist einen Tagesausflug wert. Diese Inseln mit ihrem t\u00fcrkisfarbenen Wasser erinnern an tropische Landschaften im Herzen der Bretagne. Die \u00dcberfahrten starten im Hafen von Beg-Meil oder Concarneau w\u00e4hrend der Sommersaison. Vor Ort finden Sie wei\u00dfe Sandstr\u00e4nde, eine bekannte Segelschule und eine gesch\u00fctzte nat\u00fcrliche Umgebung.   <\/p><p data-source-line=\"59-59\">Unsere geographische Lage zwischen B\u00e9nodet und Concarneau macht Tagesausfl\u00fcge einfach. B\u00e9nodet, ein familienfreundlicher Badeort, bietet Spazierg\u00e4nge entlang des Flusses Odet und verschiedene Wassersportarten. Concarneau, eine historische geschlossene Stadt und der drittgr\u00f6\u00dfte Fischereihafen Frankreichs, l\u00e4dt zu einem Spaziergang durch die Festungsanlagen aus dem 14. Jahrhundert und zur Beobachtung der Trawler bei der R\u00fcckkehr aus der Flut ein. Diese beiden sich erg\u00e4nzenden St\u00e4dte bereichern Ihren Aufenthalt im s\u00fcdlichen Finist\u00e8re.   <\/p>\t\t\t\t\t\t\t\t<\/div>\n\t\t\t\t<\/div>\n\t\t<div class=\"elementor-element elementor-element-64c779c e-con-full e-flex e-con e-child\" data-id=\"64c779c\" data-element_type=\"container\" data-e-type=\"container\" data-settings=\"{&quot;background_background&quot;:&quot;classic&quot;}\">\n\t\t\t\t<div class=\"elementor-element elementor-element-d788803 elementor-widget elementor-widget-image\" data-id=\"d788803\" data-element_type=\"widget\" data-e-type=\"widget\" data-widget_type=\"image.default\">\n\t\t\t\t\t\t\t\t\t\t\t\t\t\t\t<img loading=\"lazy\" decoding=\"async\" width=\"735\" height=\"551\" src=\"https:\/\/www.camping-les-saules.com\/wp-content\/uploads\/quimper.jpg\" class=\"attachment-medium_large size-medium_large wp-image-13890\" alt=\"Quimper\" srcset=\"https:\/\/www.camping-les-saules.com\/wp-content\/uploads\/quimper.jpg 735w, https:\/\/www.camping-les-saules.com\/wp-content\/uploads\/quimper-300x225.jpg 300w\" sizes=\"auto, (max-width: 735px) 100vw, 735px\" \/>\t\t\t\t\t\t\t\t\t\t\t\t\t\t\t<\/div>\n\t\t\t\t<div class=\"elementor-element elementor-element-9cb29e6 elementor-widget elementor-widget-image\" data-id=\"9cb29e6\" data-element_type=\"widget\" data-e-type=\"widget\" data-widget_type=\"image.default\">\n\t\t\t\t\t\t\t\t\t\t\t\t\t\t\t<img loading=\"lazy\" decoding=\"async\" width=\"768\" height=\"576\" src=\"https:\/\/www.camping-les-saules.com\/wp-content\/uploads\/nevez-3-768x576.jpg\" class=\"attachment-medium_large size-medium_large wp-image-13906\" alt=\"Unter dem klaren blauen Himmel eines typischen Tages in Nevez enth\u00fcllt sich die K\u00fcstenlandschaft mit einem Feldweg, der sich an zerkl\u00fcfteten Felsklippen entlang schl\u00e4ngelt, w\u00e4hrend sich der Ozean bis zum Horizont erstreckt.\" srcset=\"https:\/\/www.camping-les-saules.com\/wp-content\/uploads\/nevez-3-768x576.jpg 768w, https:\/\/www.camping-les-saules.com\/wp-content\/uploads\/nevez-3-300x225.jpg 300w, https:\/\/www.camping-les-saules.com\/wp-content\/uploads\/nevez-3-1024x768.jpg 1024w, https:\/\/www.camping-les-saules.com\/wp-content\/uploads\/nevez-3.jpg 1200w\" sizes=\"auto, (max-width: 768px) 100vw, 768px\" \/>\t\t\t\t\t\t\t\t\t\t\t\t\t\t\t<\/div>\n\t\t\t\t<div class=\"elementor-element elementor-element-2fb5eeb elementor-hidden-mobile elementor-widget elementor-widget-button\" data-id=\"2fb5eeb\" data-element_type=\"widget\" data-e-type=\"widget\" data-widget_type=\"button.default\">\n\t\t\t\t\t\t\t\t\t\t<a class=\"elementor-button elementor-button-link elementor-size-sm\" href=\"https:\/\/www.camping-les-saules.com\/de\/unterkuenfte\/\">\n\t\t\t\t\t\t<span class=\"elementor-button-content-wrapper\">\n\t\t\t\t\t\t<span class=\"elementor-button-icon\">\n\t\t\t\t<svg xmlns=\"http:\/\/www.w3.org\/2000\/svg\" width=\"24\" height=\"24\" viewBox=\"0 0 24 24\" fill=\"none\" stroke=\"currentColor\" stroke-width=\"2\" stroke-linecap=\"round\" stroke-linejoin=\"round\" class=\"lucide lucide-chevron-right-icon lucide-chevron-right\"><path d=\"m9 18 6-6-6-6\"><\/path><\/svg>\t\t\t<\/span>\n\t\t\t\t\t\t\t\t\t<span class=\"elementor-button-text\">Entdecken Sie unsere Unterk\u00fcnfte<\/span>\n\t\t\t\t\t<\/span>\n\t\t\t\t\t<\/a>\n\t\t\t\t\t\t\t\t<\/div>\n\t\t\t\t<\/div>\n\t\t\t\t\t<\/div>\n\t\t\t\t<\/div>\n\t\t<div class=\"elementor-element elementor-element-b8fb718 e-flex e-con-boxed e-con e-parent\" data-id=\"b8fb718\" data-element_type=\"container\" data-e-type=\"container\" data-settings=\"{&quot;background_background&quot;:&quot;classic&quot;}\">\n\t\t\t\t\t<div class=\"e-con-inner\">\n\t\t<div class=\"elementor-element elementor-element-7ceb0e1 e-con-full e-flex e-con e-child\" data-id=\"7ceb0e1\" data-element_type=\"container\" data-e-type=\"container\">\n\t\t\t\t<div class=\"elementor-element elementor-element-7dce106 elementor-widget elementor-widget-text-editor\" data-id=\"7dce106\" data-element_type=\"widget\" data-e-type=\"widget\" data-widget_type=\"text-editor.default\">\n\t\t\t\t\t\t\t\t\t<h2 data-source-line=\"61-61\">Unser Campingplatz mit Swimmingpool und Familieneinrichtungen<\/h2><p data-source-line=\"63-63\">Neben dem Meerblick und dem Zugang zum Strand bietet Ihnen unser <a href=\"https:\/\/www.camping-les-saules.com\/de\/camping-fouesnant-piscine\/\" target=\"_blank\" rel=\"noopener noreferrer\">Campingplatz in Fouesnant mit Schwimmbad<\/a> auch Einrichtungen, die auf den Komfort der Familie ausgerichtet sind. Der Au\u00dfenpool ist eine willkommene Abwechslung an Tagen mit wechselhaftem Wetter oder wenn die Ebbe das Meer vor\u00fcbergehend fernh\u00e4lt. <\/p><p data-source-line=\"65-65\">Die Kinder genie\u00dfen ihren eigenen Spielbereich, wo sie andere junge Urlauber treffen und ihre Selbst\u00e4ndigkeit in aller Sicherheit entwickeln k\u00f6nnen. So k\u00f6nnen sich die Eltern wirklich entspannen, da sie wissen, dass ihre Kinder in einer geeigneten und beaufsichtigten Umgebung spielen. <\/p><p data-source-line=\"67-67\">Unser Team sorgt f\u00fcr einen reibungslosen Ablauf Ihres Aufenthaltes und steht Ihnen jederzeit zur Verf\u00fcgung, um Ihre Fragen \u00fcber lokale Aktivit\u00e4ten, Gezeiten, die besten Zeiten f\u00fcr den Sonnenuntergang oder die Restaurants von Fouesnant, die wir besonders sch\u00e4tzen, zu beantworten. Dieser menschliche und aufmerksame Ansatz zeichnet den famili\u00e4ren Geist unseres Hauses aus. <\/p><h2 data-source-line=\"69-69\">Praktische Informationen f\u00fcr Ihren Aufenthalt<\/h2><p data-source-line=\"71-71\">Der Campingplatz Les Saules liegt in Fouesnant, im s\u00fcdlichen Finist\u00e8re, einer Region, die von den bretonischen Hauptstra\u00dfen aus leicht zu erreichen ist.  <\/p><p data-source-line=\"73-73\">Unser <a href=\"https:\/\/www.camping-les-saules.com\/de\/camping-cap-coz\/\" target=\"_blank\" rel=\"noopener noreferrer\">Campingplatz in Cap Coz<\/a> ist von April bis September ge\u00f6ffnet, so dass Sie die Bretagne im Fr\u00fchling, Sommer und Fr\u00fchherbst genie\u00dfen k\u00f6nnen. Jede Jahreszeit hat ihren eigenen Charakter: milder Fr\u00fchling und bl\u00fchende Natur, Sommerhitze und belebte Str\u00e4nde, Herbstlichter und wiedergefundene Ruhe. <\/p><p data-source-line=\"75-75\">Um unsere Verf\u00fcgbarkeiten zu entdecken und Ihren Aufenthalt auf einem Campingplatz mit Meerblick in der Bretagne zu planen, schauen Sie sich unsere <a href=\"https:\/\/www.camping-les-saules.com\/de\/preise\/\" target=\"_blank\" rel=\"noopener noreferrer\">Preisliste<\/a> an oder <a href=\"https:\/\/www.camping-les-saules.com\/de\/kontakt\/\" target=\"_blank\" rel=\"noopener noreferrer\">kontaktieren Sie uns direkt<\/a>. Wir beantworten Ihre Fragen zu den Unterk\u00fcnften, den angebotenen Dienstleistungen und den Besonderheiten jeder Jahreszeit. <\/p>\t\t\t\t\t\t\t\t<\/div>\n\t\t\t\t<div class=\"elementor-element elementor-element-b53520a elementor-hidden-mobile elementor-widget elementor-widget-button\" data-id=\"b53520a\" data-element_type=\"widget\" data-e-type=\"widget\" data-widget_type=\"button.default\">\n\t\t\t\t\t\t\t\t\t\t<a class=\"elementor-button elementor-button-link elementor-size-sm\" href=\"https:\/\/www.camping-les-saules.com\/de\/unterkuenfte\/\">\n\t\t\t\t\t\t<span class=\"elementor-button-content-wrapper\">\n\t\t\t\t\t\t<span class=\"elementor-button-icon\">\n\t\t\t\t<svg xmlns=\"http:\/\/www.w3.org\/2000\/svg\" width=\"24\" height=\"24\" viewBox=\"0 0 24 24\" fill=\"none\" stroke=\"currentColor\" stroke-width=\"2\" stroke-linecap=\"round\" stroke-linejoin=\"round\" class=\"lucide lucide-chevron-right-icon lucide-chevron-right\"><path d=\"m9 18 6-6-6-6\"><\/path><\/svg>\t\t\t<\/span>\n\t\t\t\t\t\t\t\t\t<span class=\"elementor-button-text\">Entdecken Sie unsere Unterk\u00fcnfte<\/span>\n\t\t\t\t\t<\/span>\n\t\t\t\t\t<\/a>\n\t\t\t\t\t\t\t\t<\/div>\n\t\t\t\t<\/div>\n\t\t<div class=\"elementor-element elementor-element-587d5a3 e-con-full e-flex e-con e-child\" data-id=\"587d5a3\" data-element_type=\"container\" data-e-type=\"container\" data-settings=\"{&quot;background_background&quot;:&quot;classic&quot;}\">\n\t\t\t\t<div class=\"elementor-element elementor-element-ff83572 elementor-widget elementor-widget-gallery\" data-id=\"ff83572\" data-element_type=\"widget\" data-e-type=\"widget\" data-settings=\"{&quot;gallery_layout&quot;:&quot;masonry&quot;,&quot;columns&quot;:1,&quot;lazyload&quot;:&quot;yes&quot;,&quot;columns_tablet&quot;:2,&quot;columns_mobile&quot;:1,&quot;gap&quot;:{&quot;unit&quot;:&quot;px&quot;,&quot;size&quot;:10,&quot;sizes&quot;:[]},&quot;gap_tablet&quot;:{&quot;unit&quot;:&quot;px&quot;,&quot;size&quot;:10,&quot;sizes&quot;:[]},&quot;gap_mobile&quot;:{&quot;unit&quot;:&quot;px&quot;,&quot;size&quot;:10,&quot;sizes&quot;:[]},&quot;link_to&quot;:&quot;file&quot;,&quot;overlay_background&quot;:&quot;yes&quot;,&quot;content_hover_animation&quot;:&quot;fade-in&quot;}\" data-widget_type=\"gallery.default\">\n\t\t\t\t\t\t\t<div class=\"elementor-gallery__container\">\n\t\t\t\t\t\t\t<a class=\"e-gallery-item elementor-gallery-item elementor-animated-content\" href=\"https:\/\/www.camping-les-saules.com\/wp-content\/uploads\/epicerie-camping.jpg\" data-elementor-open-lightbox=\"yes\" data-elementor-lightbox-slideshow=\"ff83572\" data-e-action-hash=\"#elementor-action%3Aaction%3Dlightbox%26settings%3DeyJpZCI6MTI4MTksInVybCI6Imh0dHBzOlwvXC93d3cuY2FtcGluZy1sZXMtc2F1bGVzLmNvbVwvd3AtY29udGVudFwvdXBsb2Fkc1wvZXBpY2VyaWUtY2FtcGluZy5qcGciLCJzbGlkZXNob3ciOiJmZjgzNTcyIn0%3D\">\n\t\t\t\t\t<div class=\"e-gallery-image elementor-gallery-item__image\" data-thumbnail=\"https:\/\/www.camping-les-saules.com\/wp-content\/uploads\/epicerie-camping.jpg\" data-width=\"750\" data-height=\"497\" aria-label=\"Zwei Personen gehen durch einen hellen und modernen Laden mit verschiedenen Produkten auf wei\u00dfen Regalen, perfekt f\u00fcr diejenigen, die einen Campingurlaub in der sch\u00f6nen Region Finist\u00e8re planen. Eine Innentreppe auf der linken Seite tr\u00e4gt zum klaren Design bei. \" role=\"img\" ><\/div>\n\t\t\t\t\t\t\t\t\t\t\t<div class=\"elementor-gallery-item__overlay\"><\/div>\n\t\t\t\t\t\t\t\t\t\t\t\t\t\t<\/a>\n\t\t\t\t\t\t\t<a class=\"e-gallery-item elementor-gallery-item elementor-animated-content\" href=\"https:\/\/www.camping-les-saules.com\/wp-content\/uploads\/parc-aquatique-camping-1.jpg\" data-elementor-open-lightbox=\"yes\" data-elementor-lightbox-slideshow=\"ff83572\" data-e-action-hash=\"#elementor-action%3Aaction%3Dlightbox%26settings%3DeyJpZCI6MTI4MTUsInVybCI6Imh0dHBzOlwvXC93d3cuY2FtcGluZy1sZXMtc2F1bGVzLmNvbVwvd3AtY29udGVudFwvdXBsb2Fkc1wvcGFyYy1hcXVhdGlxdWUtY2FtcGluZy0xLmpwZyIsInNsaWRlc2hvdyI6ImZmODM1NzIifQ%3D%3D\">\n\t\t\t\t\t<div class=\"e-gallery-image elementor-gallery-item__image\" data-thumbnail=\"https:\/\/www.camping-les-saules.com\/wp-content\/uploads\/parc-aquatique-camping-1.jpg\" data-width=\"750\" data-height=\"498\" aria-label=\"Der sonnige Au\u00dfenpoolbereich von Camping Sud ist mit Palmen und Liegest\u00fchlen ausgestattet, wo die Menschen fr\u00f6hlich das Wasser genie\u00dfen.\" role=\"img\" ><\/div>\n\t\t\t\t\t\t\t\t\t\t\t<div class=\"elementor-gallery-item__overlay\"><\/div>\n\t\t\t\t\t\t\t\t\t\t\t\t\t\t<\/a>\n\t\t\t\t\t<\/div>\n\t\t\t\t\t<\/div>\n\t\t\t\t<\/div>\n\t\t\t\t\t<\/div>\n\t\t\t\t<\/div>\n\t\t<div class=\"elementor-element elementor-element-fd3167a e-flex e-con-boxed e-con e-parent\" data-id=\"fd3167a\" data-element_type=\"container\" data-e-type=\"container\">\n\t\t\t\t\t<div class=\"e-con-inner\">\n\t\t\t\t<div class=\"elementor-element elementor-element-5a0f66f elementor-widget elementor-widget-heading\" data-id=\"5a0f66f\" data-element_type=\"widget\" data-e-type=\"widget\" data-widget_type=\"heading.default\">\n\t\t\t\t\t<h2 class=\"elementor-heading-title elementor-size-default\">H\u00e4ufig gestellte Fragen \u00fcber unseren Campingplatz mit Meerblick in der Bretagne<\/h2>\t\t\t\t<\/div>\n\t\t\t\t<div class=\"elementor-element elementor-element-ff67575 elementor-widget elementor-widget-n-accordion\" data-id=\"ff67575\" data-element_type=\"widget\" data-e-type=\"widget\" data-settings=\"{&quot;default_state&quot;:&quot;expanded&quot;,&quot;max_items_expended&quot;:&quot;one&quot;,&quot;n_accordion_animation_duration&quot;:{&quot;unit&quot;:&quot;ms&quot;,&quot;size&quot;:400,&quot;sizes&quot;:[]}}\" data-widget_type=\"nested-accordion.default\">\n\t\t\t\t\t\t\t<div class=\"e-n-accordion\" aria-label=\"Accordion. Open links with Enter or Space, close with Escape, and navigate with Arrow Keys\">\n\t\t\t\t\t\t<details id=\"e-n-accordion-item-2670\" class=\"e-n-accordion-item\" open>\n\t\t\t\t<summary class=\"e-n-accordion-item-title\" data-accordion-index=\"1\" tabindex=\"0\" aria-expanded=\"true\" aria-controls=\"e-n-accordion-item-2670\" >\n\t\t\t\t\t<span class='e-n-accordion-item-title-header'><span class=\"e-n-accordion-item-title-text\"> Wie weit ist der Campingplatz vom Strand entfernt? <\/span><\/span>\n\t\t\t\t\t\t\t<span class='e-n-accordion-item-title-icon'>\n\t\t\t<span class='e-opened' ><svg xmlns=\"http:\/\/www.w3.org\/2000\/svg\" width=\"24\" height=\"24\" viewBox=\"0 0 24 24\" fill=\"none\" stroke=\"#045A68\" stroke-width=\"2\" stroke-linecap=\"round\" stroke-linejoin=\"round\" class=\"lucide lucide-chevron-up-icon lucide-chevron-up\"><path d=\"m18 15-6-6-6 6\"><\/path><\/svg><\/span>\n\t\t\t<span class='e-closed'><svg xmlns=\"http:\/\/www.w3.org\/2000\/svg\" width=\"24\" height=\"24\" viewBox=\"0 0 24 24\" fill=\"none\" stroke=\"#045A68\" stroke-width=\"2\" stroke-linecap=\"round\" stroke-linejoin=\"round\" class=\"lucide lucide-chevron-down-icon lucide-chevron-down\"><path d=\"m6 9 6 6 6-6\"><\/path><\/svg><\/span>\n\t\t<\/span>\n\n\t\t\t\t\t\t<\/summary>\n\t\t\t\t<div role=\"region\" aria-labelledby=\"e-n-accordion-item-2670\" class=\"elementor-element elementor-element-293864f e-con-full e-flex e-con e-child\" data-id=\"293864f\" data-element_type=\"container\" data-e-type=\"container\">\n\t\t\t\t<div class=\"elementor-element elementor-element-18faafd elementor-widget elementor-widget-text-editor\" data-id=\"18faafd\" data-element_type=\"widget\" data-e-type=\"widget\" data-widget_type=\"text-editor.default\">\n\t\t\t\t\t\t\t\t\t<p data-source-line=\"79-80\">Der Strand von Kerleven liegt nur wenige Minuten zu Fu\u00df vom Campingplatz Les Saules entfernt. Diese N\u00e4he erm\u00f6glicht es den Kindern, ihre Spielsachen selbst zu tragen und den Familien, spontan zwischen dem Campingplatz und dem Meer hin und her zu pendeln. Der Zugang erfolgt \u00fcber einen direkten Weg, der zum Sand f\u00fchrt, ohne eine Stra\u00dfe zu \u00fcberqueren.  <\/p>\t\t\t\t\t\t\t\t<\/div>\n\t\t\t\t<\/div>\n\t\t\t\t\t<\/details>\n\t\t\t\t\t\t<details id=\"e-n-accordion-item-2671\" class=\"e-n-accordion-item\" >\n\t\t\t\t<summary class=\"e-n-accordion-item-title\" data-accordion-index=\"2\" tabindex=\"-1\" aria-expanded=\"false\" aria-controls=\"e-n-accordion-item-2671\" >\n\t\t\t\t\t<span class='e-n-accordion-item-title-header'><span class=\"e-n-accordion-item-title-text\"> Kann man von den Unterk\u00fcnften aus das Meer sehen? <\/span><\/span>\n\t\t\t\t\t\t\t<span class='e-n-accordion-item-title-icon'>\n\t\t\t<span class='e-opened' ><svg xmlns=\"http:\/\/www.w3.org\/2000\/svg\" width=\"24\" height=\"24\" viewBox=\"0 0 24 24\" fill=\"none\" stroke=\"#045A68\" stroke-width=\"2\" stroke-linecap=\"round\" stroke-linejoin=\"round\" class=\"lucide lucide-chevron-up-icon lucide-chevron-up\"><path d=\"m18 15-6-6-6 6\"><\/path><\/svg><\/span>\n\t\t\t<span class='e-closed'><svg xmlns=\"http:\/\/www.w3.org\/2000\/svg\" width=\"24\" height=\"24\" viewBox=\"0 0 24 24\" fill=\"none\" stroke=\"#045A68\" stroke-width=\"2\" stroke-linecap=\"round\" stroke-linejoin=\"round\" class=\"lucide lucide-chevron-down-icon lucide-chevron-down\"><path d=\"m6 9 6 6 6-6\"><\/path><\/svg><\/span>\n\t\t<\/span>\n\n\t\t\t\t\t\t<\/summary>\n\t\t\t\t<div role=\"region\" aria-labelledby=\"e-n-accordion-item-2671\" class=\"elementor-element elementor-element-697a08f e-con-full e-flex e-con e-child\" data-id=\"697a08f\" data-element_type=\"container\" data-e-type=\"container\">\n\t\t\t\t<div class=\"elementor-element elementor-element-bfeb895 elementor-widget elementor-widget-text-editor\" data-id=\"bfeb895\" data-element_type=\"widget\" data-e-type=\"widget\" data-widget_type=\"text-editor.default\">\n\t\t\t\t\t\t\t\t\t<p data-source-line=\"82-83\">Mehrere Stellpl\u00e4tze und Unterk\u00fcnfte haben einen direkten Blick auf den Ozean. Bitte geben Sie bei Ihrer Reservierung an, dass Sie eine Unterkunft mit Meerblick w\u00fcnschen, damit wir Ihre Anfrage bestm\u00f6glich bearbeiten k\u00f6nnen. <\/p>\t\t\t\t\t\t\t\t<\/div>\n\t\t\t\t<\/div>\n\t\t\t\t\t<\/details>\n\t\t\t\t\t\t<details id=\"e-n-accordion-item-2672\" class=\"e-n-accordion-item\" >\n\t\t\t\t<summary class=\"e-n-accordion-item-title\" data-accordion-index=\"3\" tabindex=\"-1\" aria-expanded=\"false\" aria-controls=\"e-n-accordion-item-2672\" >\n\t\t\t\t\t<span class='e-n-accordion-item-title-header'><span class=\"e-n-accordion-item-title-text\"> Welche Wassersportaktivit\u00e4ten gibt es vor Ort? <\/span><\/span>\n\t\t\t\t\t\t\t<span class='e-n-accordion-item-title-icon'>\n\t\t\t<span class='e-opened' ><svg xmlns=\"http:\/\/www.w3.org\/2000\/svg\" width=\"24\" height=\"24\" viewBox=\"0 0 24 24\" fill=\"none\" stroke=\"#045A68\" stroke-width=\"2\" stroke-linecap=\"round\" stroke-linejoin=\"round\" class=\"lucide lucide-chevron-up-icon lucide-chevron-up\"><path d=\"m18 15-6-6-6 6\"><\/path><\/svg><\/span>\n\t\t\t<span class='e-closed'><svg xmlns=\"http:\/\/www.w3.org\/2000\/svg\" width=\"24\" height=\"24\" viewBox=\"0 0 24 24\" fill=\"none\" stroke=\"#045A68\" stroke-width=\"2\" stroke-linecap=\"round\" stroke-linejoin=\"round\" class=\"lucide lucide-chevron-down-icon lucide-chevron-down\"><path d=\"m6 9 6 6 6-6\"><\/path><\/svg><\/span>\n\t\t<\/span>\n\n\t\t\t\t\t\t<\/summary>\n\t\t\t\t<div role=\"region\" aria-labelledby=\"e-n-accordion-item-2672\" class=\"elementor-element elementor-element-b833483 e-con-full e-flex e-con e-child\" data-id=\"b833483\" data-element_type=\"container\" data-e-type=\"container\">\n\t\t\t\t<div class=\"elementor-element elementor-element-d2d8d5c elementor-widget elementor-widget-text-editor\" data-id=\"d2d8d5c\" data-element_type=\"widget\" data-e-type=\"widget\" data-widget_type=\"text-editor.default\">\n\t\t\t\t\t\t\t\t\t<p data-source-line=\"85-86\">Wir vermieten Kajaks und Stand-up-Paddles direkt vom Strand aus. Mit diesen Ger\u00e4ten k\u00f6nnen Sie die K\u00fcste vom Meer aus erkunden und Buchten und Aussichtspunkte entdecken, die nur vom Wasser aus zug\u00e4nglich sind. Andere Wassersportarten k\u00f6nnen in der Bucht von Fouesnant und Umgebung ausge\u00fcbt werden: Segeln, Windsurfen, Strandsegeln, je nach Spot.  <\/p>\t\t\t\t\t\t\t\t<\/div>\n\t\t\t\t<\/div>\n\t\t\t\t\t<\/details>\n\t\t\t\t\t\t<details id=\"e-n-accordion-item-2673\" class=\"e-n-accordion-item\" >\n\t\t\t\t<summary class=\"e-n-accordion-item-title\" data-accordion-index=\"4\" tabindex=\"-1\" aria-expanded=\"false\" aria-controls=\"e-n-accordion-item-2673\" >\n\t\t\t\t\t<span class='e-n-accordion-item-title-header'><span class=\"e-n-accordion-item-title-text\"> Ist der Campingplatz f\u00fcr kleine Kinder geeignet? <\/span><\/span>\n\t\t\t\t\t\t\t<span class='e-n-accordion-item-title-icon'>\n\t\t\t<span class='e-opened' ><svg xmlns=\"http:\/\/www.w3.org\/2000\/svg\" width=\"24\" height=\"24\" viewBox=\"0 0 24 24\" fill=\"none\" stroke=\"#045A68\" stroke-width=\"2\" stroke-linecap=\"round\" stroke-linejoin=\"round\" class=\"lucide lucide-chevron-up-icon lucide-chevron-up\"><path d=\"m18 15-6-6-6 6\"><\/path><\/svg><\/span>\n\t\t\t<span class='e-closed'><svg xmlns=\"http:\/\/www.w3.org\/2000\/svg\" width=\"24\" height=\"24\" viewBox=\"0 0 24 24\" fill=\"none\" stroke=\"#045A68\" stroke-width=\"2\" stroke-linecap=\"round\" stroke-linejoin=\"round\" class=\"lucide lucide-chevron-down-icon lucide-chevron-down\"><path d=\"m6 9 6 6 6-6\"><\/path><\/svg><\/span>\n\t\t<\/span>\n\n\t\t\t\t\t\t<\/summary>\n\t\t\t\t<div role=\"region\" aria-labelledby=\"e-n-accordion-item-2673\" class=\"elementor-element elementor-element-d7c942f e-con-full e-flex e-con e-child\" data-id=\"d7c942f\" data-element_type=\"container\" data-e-type=\"container\">\n\t\t\t\t<div class=\"elementor-element elementor-element-86487d1 elementor-widget elementor-widget-text-editor\" data-id=\"86487d1\" data-element_type=\"widget\" data-e-type=\"widget\" data-widget_type=\"text-editor.default\">\n\t\t\t\t\t\t\t\t\t<p data-source-line=\"88-89\">Unser <a href=\"https:\/\/www.camping-les-saules.com\/de\/familien-campingplatz-fouesnant\/\" target=\"_blank\" rel=\"noopener noreferrer\">Familiencampingplatz<\/a> verf\u00fcgt \u00fcber Einrichtungen, die auf Familien mit kleinen Kindern zugeschnitten sind: sicherer Spielplatz, Freibad, Strandn\u00e4he. Das Gel\u00e4nde ist so angelegt, dass die Kinder selbstst\u00e4ndig werden k\u00f6nnen, aber trotzdem in einem sicheren Bereich bleiben. Der Strand von Kerleven ist gesch\u00fctzt und bei Flut flach, so dass die ersten Entdeckungen des Meeres m\u00f6glich sind.  <\/p>\t\t\t\t\t\t\t\t<\/div>\n\t\t\t\t<\/div>\n\t\t\t\t\t<\/details>\n\t\t\t\t\t\t<details id=\"e-n-accordion-item-2674\" class=\"e-n-accordion-item\" >\n\t\t\t\t<summary class=\"e-n-accordion-item-title\" data-accordion-index=\"5\" tabindex=\"-1\" aria-expanded=\"false\" aria-controls=\"e-n-accordion-item-2674\" >\n\t\t\t\t\t<span class='e-n-accordion-item-title-header'><span class=\"e-n-accordion-item-title-text\"> Kann man vom Campingplatz aus wandern? <\/span><\/span>\n\t\t\t\t\t\t\t<span class='e-n-accordion-item-title-icon'>\n\t\t\t<span class='e-opened' ><svg xmlns=\"http:\/\/www.w3.org\/2000\/svg\" width=\"24\" height=\"24\" viewBox=\"0 0 24 24\" fill=\"none\" stroke=\"#045A68\" stroke-width=\"2\" stroke-linecap=\"round\" stroke-linejoin=\"round\" class=\"lucide lucide-chevron-up-icon lucide-chevron-up\"><path d=\"m18 15-6-6-6 6\"><\/path><\/svg><\/span>\n\t\t\t<span class='e-closed'><svg xmlns=\"http:\/\/www.w3.org\/2000\/svg\" width=\"24\" height=\"24\" viewBox=\"0 0 24 24\" fill=\"none\" stroke=\"#045A68\" stroke-width=\"2\" stroke-linecap=\"round\" stroke-linejoin=\"round\" class=\"lucide lucide-chevron-down-icon lucide-chevron-down\"><path d=\"m6 9 6 6 6-6\"><\/path><\/svg><\/span>\n\t\t<\/span>\n\n\t\t\t\t\t\t<\/summary>\n\t\t\t\t<div role=\"region\" aria-labelledby=\"e-n-accordion-item-2674\" class=\"elementor-element elementor-element-338f7f1 e-con-full e-flex e-con e-child\" data-id=\"338f7f1\" data-element_type=\"container\" data-e-type=\"container\">\n\t\t\t\t<div class=\"elementor-element elementor-element-86fb45a elementor-widget elementor-widget-text-editor\" data-id=\"86fb45a\" data-element_type=\"widget\" data-e-type=\"widget\" data-widget_type=\"text-editor.default\">\n\t\t\t\t\t\t\t\t\t<p data-source-line=\"91-92\">Der K\u00fcstenpfad GR 34 verl\u00e4uft direkt an unserem Campingplatz und bietet einen unmittelbaren Zugang zu Wanderungen entlang der K\u00fcste von Finist\u00e8re. Sie k\u00f6nnen am fr\u00fchen Morgen oder am Ende des Tages wandern, ohne das Auto zu nehmen. Die \u00f6stliche Route f\u00fchrt nach Beg-Meil und Cap Coz, w\u00e4hrend Sie in westlicher Richtung weitere Buchten und Aussichtspunkte auf das Archipel von Gl\u00e9nan entdecken k\u00f6nnen.  <\/p>\t\t\t\t\t\t\t\t<\/div>\n\t\t\t\t<\/div>\n\t\t\t\t\t<\/details>\n\t\t\t\t\t\t<details id=\"e-n-accordion-item-2675\" class=\"e-n-accordion-item\" >\n\t\t\t\t<summary class=\"e-n-accordion-item-title\" data-accordion-index=\"6\" tabindex=\"-1\" aria-expanded=\"false\" aria-controls=\"e-n-accordion-item-2675\" >\n\t\t\t\t\t<span class='e-n-accordion-item-title-header'><span class=\"e-n-accordion-item-title-text\"> Was sind die Sehensw\u00fcrdigkeiten in der N\u00e4he des Campingplatzes? <\/span><\/span>\n\t\t\t\t\t\t\t<span class='e-n-accordion-item-title-icon'>\n\t\t\t<span class='e-opened' ><svg xmlns=\"http:\/\/www.w3.org\/2000\/svg\" width=\"24\" height=\"24\" viewBox=\"0 0 24 24\" fill=\"none\" stroke=\"#045A68\" stroke-width=\"2\" stroke-linecap=\"round\" stroke-linejoin=\"round\" class=\"lucide lucide-chevron-up-icon lucide-chevron-up\"><path d=\"m18 15-6-6-6 6\"><\/path><\/svg><\/span>\n\t\t\t<span class='e-closed'><svg xmlns=\"http:\/\/www.w3.org\/2000\/svg\" width=\"24\" height=\"24\" viewBox=\"0 0 24 24\" fill=\"none\" stroke=\"#045A68\" stroke-width=\"2\" stroke-linecap=\"round\" stroke-linejoin=\"round\" class=\"lucide lucide-chevron-down-icon lucide-chevron-down\"><path d=\"m6 9 6 6 6-6\"><\/path><\/svg><\/span>\n\t\t<\/span>\n\n\t\t\t\t\t\t<\/summary>\n\t\t\t\t<div role=\"region\" aria-labelledby=\"e-n-accordion-item-2675\" class=\"elementor-element elementor-element-5b701c1 e-con-full e-flex e-con e-child\" data-id=\"5b701c1\" data-element_type=\"container\" data-e-type=\"container\">\n\t\t\t\t<div class=\"elementor-element elementor-element-b074834 elementor-widget elementor-widget-text-editor\" data-id=\"b074834\" data-element_type=\"widget\" data-e-type=\"widget\" data-widget_type=\"text-editor.default\">\n\t\t\t\t\t\t\t\t\t<p data-source-line=\"94-95\">In Fouesnant und Umgebung befinden sich mehrere bemerkenswerte Sehensw\u00fcrdigkeiten: die Inselgruppe Gl\u00e9nan, die mit dem Boot erreichbar ist, die geschlossene Stadt Concarneau in 15 Minuten Entfernung, Quimper und sein historisches Erbe in 20 Minuten Entfernung, der mythische Hafen Port de la For\u00eat und die zahlreichen Str\u00e4nde der Gemeinde. Diese zentrale Lage im s\u00fcdlichen Finist\u00e8re erm\u00f6glicht es Ihnen, die Entdeckungen zu variieren, w\u00e4hrend Sie jeden Abend in Ihre Unterkunft mit Blick auf das Meer zur\u00fcckkehren. <\/p>\t\t\t\t\t\t\t\t<\/div>\n\t\t\t\t<\/div>\n\t\t\t\t\t<\/details>\n\t\t\t\t\t<\/div>\n\t\t\t\t\t<script type=\"application\/ld+json\">{\"@context\":\"https:\\\/\\\/schema.org\",\"@type\":\"FAQPage\",\"mainEntity\":[{\"@type\":\"Question\",\"name\":\"Wie weit ist der Campingplatz vom Strand entfernt?\",\"acceptedAnswer\":{\"@type\":\"Answer\",\"text\":\"Der Strand von Kerleven liegt nur wenige Minuten zu Fu\\u00df vom Campingplatz Les Saules entfernt. Diese N\\u00e4he erm\\u00f6glicht es den Kindern, ihre Spielsachen selbst zu tragen und den Familien, spontan zwischen dem Campingplatz und dem Meer hin und her zu pendeln. Der Zugang erfolgt \\u00fcber einen direkten Weg, der zum Sand f\\u00fchrt, ohne eine Stra\\u00dfe zu \\u00fcberqueren.\"}},{\"@type\":\"Question\",\"name\":\"Kann man von den Unterk\\u00fcnften aus das Meer sehen?\",\"acceptedAnswer\":{\"@type\":\"Answer\",\"text\":\"Mehrere Stellpl\\u00e4tze und Unterk\\u00fcnfte haben einen direkten Blick auf den Ozean. Bitte geben Sie bei Ihrer Reservierung an, dass Sie eine Unterkunft mit Meerblick w\\u00fcnschen, damit wir Ihre Anfrage bestm\\u00f6glich bearbeiten k\\u00f6nnen.\"}},{\"@type\":\"Question\",\"name\":\"Welche Wassersportaktivit\\u00e4ten gibt es vor Ort?\",\"acceptedAnswer\":{\"@type\":\"Answer\",\"text\":\"Wir vermieten Kajaks und Stand-up-Paddles direkt vom Strand aus. Mit diesen Ger\\u00e4ten k\\u00f6nnen Sie die K\\u00fcste vom Meer aus erkunden und Buchten und Aussichtspunkte entdecken, die nur vom Wasser aus zug\\u00e4nglich sind. Andere Wassersportarten k\\u00f6nnen in der Bucht von Fouesnant und Umgebung ausge\\u00fcbt werden: Segeln, Windsurfen, Strandsegeln, je nach Spot.\"}},{\"@type\":\"Question\",\"name\":\"Ist der Campingplatz f\\u00fcr kleine Kinder geeignet?\",\"acceptedAnswer\":{\"@type\":\"Answer\",\"text\":\"Unser Familiencampingplatz verf\\u00fcgt \\u00fcber Einrichtungen, die auf Familien mit kleinen Kindern zugeschnitten sind: sicherer Spielplatz, Freibad, Strandn\\u00e4he. Das Gel\\u00e4nde ist so angelegt, dass die Kinder selbstst\\u00e4ndig werden k\\u00f6nnen, aber trotzdem in einem sicheren Bereich bleiben. Der Strand von Kerleven ist gesch\\u00fctzt und bei Flut flach, so dass die ersten Entdeckungen des Meeres m\\u00f6glich sind.\"}},{\"@type\":\"Question\",\"name\":\"Kann man vom Campingplatz aus wandern?\",\"acceptedAnswer\":{\"@type\":\"Answer\",\"text\":\"Der K\\u00fcstenpfad GR 34 verl\\u00e4uft direkt an unserem Campingplatz und bietet einen unmittelbaren Zugang zu Wanderungen entlang der K\\u00fcste von Finist\\u00e8re. Sie k\\u00f6nnen am fr\\u00fchen Morgen oder am Ende des Tages wandern, ohne das Auto zu nehmen. Die \\u00f6stliche Route f\\u00fchrt nach Beg-Meil und Cap Coz, w\\u00e4hrend Sie in westlicher Richtung weitere Buchten und Aussichtspunkte auf das Archipel von Gl\\u00e9nan entdecken k\\u00f6nnen.\"}},{\"@type\":\"Question\",\"name\":\"Was sind die Sehensw\\u00fcrdigkeiten in der N\\u00e4he des Campingplatzes?\",\"acceptedAnswer\":{\"@type\":\"Answer\",\"text\":\"In Fouesnant und Umgebung befinden sich mehrere bemerkenswerte Sehensw\\u00fcrdigkeiten: die Inselgruppe Gl\\u00e9nan, die mit dem Boot erreichbar ist, die geschlossene Stadt Concarneau in 15 Minuten Entfernung, Quimper und sein historisches Erbe in 20 Minuten Entfernung, der mythische Hafen Port de la For\\u00eat und die zahlreichen Str\\u00e4nde der Gemeinde. Diese zentrale Lage im s\\u00fcdlichen Finist\\u00e8re erm\\u00f6glicht es Ihnen, die Entdeckungen zu variieren, w\\u00e4hrend Sie jeden Abend in Ihre Unterkunft mit Blick auf das Meer zur\\u00fcckkehren.\"}}]}<\/script>\n\t\t\t\t\t\t\t<\/div>\n\t\t\t\t<div class=\"elementor-element elementor-element-67271cb elementor-align-center elementor-widget elementor-widget-button\" data-id=\"67271cb\" data-element_type=\"widget\" data-e-type=\"widget\" data-widget_type=\"button.default\">\n\t\t\t\t\t\t\t\t\t\t<a class=\"elementor-button elementor-button-link elementor-size-sm\" href=\"https:\/\/www.camping-les-saules.com\/de\/kontakt\/\">\n\t\t\t\t\t\t<span class=\"elementor-button-content-wrapper\">\n\t\t\t\t\t\t\t\t\t<span class=\"elementor-button-text\">Haben Sie noch eine Frage? Kontaktieren Sie uns! <\/span>\n\t\t\t\t\t<\/span>\n\t\t\t\t\t<\/a>\n\t\t\t\t\t\t\t\t<\/div>\n\t\t\t\t\t<\/div>\n\t\t\t\t<\/div>\n\t\t\t\t<\/div>\n\t\t","protected":false},"excerpt":{"rendered":"<p>Willkommen auf dem 4* Campingplatz Les Saules Campingplatz mit Meerblick in der Bretagne Willkommen auf dem Campingplatz Les Saules, unserem Campingplatz am Meer im Finist\u00e8re, wo Sie einen erholsamen Aufenthalt inmitten der Natur mit Blick auf den Ozean genie\u00dfen k\u00f6nnen. Nur wenige Meter vom Strand von Kerleven entfernt und gegen\u00fcber den Gl\u00e9nan-Inseln gelegen, verbindet unsere [&hellip;]<\/p>\n","protected":false},"author":1,"featured_media":0,"parent":0,"menu_order":0,"comment_status":"closed","ping_status":"closed","template":"","meta":{"slim_seo":{"title":"Campingplatz Meerblick Fouesnant | Panorama Ozean & Gl\u00e9nan-Inseln","description":"Bleiben Sie auf einem Campingplatz mit Meerblick in Fouesnant: Panorama \u00fcber den Atlantik und die Gl\u00e9nan-Inseln, abwechslungsreiche bretonische Landschaften, Zugang zum GR34. Bevorzugen Sie die PLAGE-Kategorie wegen der Aussicht."},"footnotes":""},"class_list":["post-14327","page","type-page","status-publish","hentry"],"_links":{"self":[{"href":"https:\/\/www.camping-les-saules.com\/de\/wp-json\/wp\/v2\/pages\/14327","targetHints":{"allow":["GET"]}}],"collection":[{"href":"https:\/\/www.camping-les-saules.com\/de\/wp-json\/wp\/v2\/pages"}],"about":[{"href":"https:\/\/www.camping-les-saules.com\/de\/wp-json\/wp\/v2\/types\/page"}],"author":[{"embeddable":true,"href":"https:\/\/www.camping-les-saules.com\/de\/wp-json\/wp\/v2\/users\/1"}],"replies":[{"embeddable":true,"href":"https:\/\/www.camping-les-saules.com\/de\/wp-json\/wp\/v2\/comments?post=14327"}],"version-history":[{"count":0,"href":"https:\/\/www.camping-les-saules.com\/de\/wp-json\/wp\/v2\/pages\/14327\/revisions"}],"wp:attachment":[{"href":"https:\/\/www.camping-les-saules.com\/de\/wp-json\/wp\/v2\/media?parent=14327"}],"curies":[{"name":"wp","href":"https:\/\/api.w.org\/{rel}","templated":true}]}}