{"id":12967,"date":"2025-08-20T21:00:03","date_gmt":"2025-08-20T19:00:03","guid":{"rendered":"https:\/\/www.camping-les-saules.com\/unsere-partnerschaften\/"},"modified":"2026-02-23T16:30:38","modified_gmt":"2026-02-23T15:30:38","slug":"unsere-partnerschaften","status":"publish","type":"page","link":"https:\/\/www.camping-les-saules.com\/de\/unsere-partnerschaften\/","title":{"rendered":"Unsere Partnerschaften"},"content":{"rendered":"\t\t<div data-elementor-type=\"wp-page\" data-elementor-id=\"12967\" class=\"elementor elementor-12967 elementor-5134\" data-elementor-post-type=\"page\">\n\t\t\t\t<div class=\"elementor-element elementor-element-fa22f36 e-flex e-con-boxed e-con e-parent\" data-id=\"fa22f36\" data-element_type=\"container\" data-e-type=\"container\" data-settings=\"{&quot;background_background&quot;:&quot;classic&quot;}\">\n\t\t\t\t\t<div class=\"e-con-inner\">\n\t\t<div class=\"elementor-element elementor-element-ad2340a e-con-full e-flex e-con e-child\" data-id=\"ad2340a\" data-element_type=\"container\" data-e-type=\"container\">\n\t\t\t\t<div class=\"elementor-element elementor-element-795cb82 elementor-widget elementor-widget-heading\" data-id=\"795cb82\" data-element_type=\"widget\" data-e-type=\"widget\" data-widget_type=\"heading.default\">\n\t\t\t\t\t<h1 class=\"elementor-heading-title elementor-size-default\">Unsere Partnerschaften<\/h1>\t\t\t\t<\/div>\n\t\t\t\t<div class=\"elementor-element elementor-element-95b6171 elementor-widget elementor-widget-text-editor\" data-id=\"95b6171\" data-element_type=\"widget\" data-e-type=\"widget\" data-widget_type=\"text-editor.default\">\n\t\t\t\t\t\t\t\t\t<p>Genie\u00dfen Sie Ihren Urlaub im S\u00fcd-Finist\u00e8re mit den Rabatten unserer Partner!<\/p>\t\t\t\t\t\t\t\t<\/div>\n\t\t\t\t<div class=\"elementor-element elementor-element-d7f7bde elementor-align-center elementor-widget elementor-widget-button\" data-id=\"d7f7bde\" data-element_type=\"widget\" data-e-type=\"widget\" data-widget_type=\"button.default\">\n\t\t\t\t\t\t\t\t\t\t<a class=\"elementor-button elementor-button-link elementor-size-sm\" href=\"https:\/\/www.camping-les-saules.com\/de\/mobilheim-fouesnant\/\">\n\t\t\t\t\t\t<span class=\"elementor-button-content-wrapper\">\n\t\t\t\t\t\t\t\t\t<span class=\"elementor-button-text\">Ich buche meinen Aufenthalt<\/span>\n\t\t\t\t\t<\/span>\n\t\t\t\t\t<\/a>\n\t\t\t\t\t\t\t\t<\/div>\n\t\t\t\t<\/div>\n\t\t\t\t\t<\/div>\n\t\t\t\t<\/div>\n\t\t<div class=\"elementor-element elementor-element-73d4e0e e-flex e-con-boxed e-con e-parent\" data-id=\"73d4e0e\" data-element_type=\"container\" data-e-type=\"container\">\n\t\t\t\t\t<div class=\"e-con-inner\">\n\t\t<div class=\"elementor-element elementor-element-774fa0a e-con-full e-flex e-con e-child\" data-id=\"774fa0a\" data-element_type=\"container\" data-e-type=\"container\">\n\t\t\t\t<div class=\"elementor-element elementor-element-f80089f elementor-widget elementor-widget-text-editor\" data-id=\"f80089f\" data-element_type=\"widget\" data-e-type=\"widget\" data-widget_type=\"text-editor.default\">\n\t\t\t\t\t\t\t\t\t<h2>Thalasso in Concarneau<\/h2><p><b>Nur 10 Autominuten vom Campingplatz entfernt liegt das Thalasso-Therapiezentrum von Concarneau in einer authentischen und raffinierten Umgebung.  <\/b>Sie profitieren von allen Vorteilen des Spas und der Thalassotherapie. Mit Blick auf den Ozean, genie\u00dfen Sie das Spa Marin: 32\u00b0 warmes Meerwasserschwimmbad mit Massaged\u00fcsen, Jacuzzi, Sprudelliegen, Sauna, Hammam, Teestube. (Ge\u00f6ffnet 7 Tage die Woche - ab 14 Jahren).   <\/p><p><span style=\"color: var( --e-global-color-text ); font-family: var( --e-global-typography-text-font-family ), Sans-serif; font-size: var( --e-global-typography-text-font-size ); font-style: var( --e-global-typography-text-font-style ); letter-spacing: var( --e-global-typography-text-letter-spacing ); text-transform: var( --e-global-typography-text-text-transform );\"><b>Profitieren Sie von Erm\u00e4\u00dfigungen auf Behandlungen und Massagen: <a href=\"https:\/\/www.camping-les-saules.com\/wp-content\/uploads\/thalasso-concarneau-reduction.pdf\">Weitere Informationen<\/a><\/b><\/span><\/p><p><span style=\"color: var( --e-global-color-text ); font-family: var( --e-global-typography-text-font-family ), Sans-serif; font-size: var( --e-global-typography-text-font-size ); font-style: var( --e-global-typography-text-font-style ); font-weight: var( --e-global-typography-text-font-weight ); letter-spacing: var( --e-global-typography-text-letter-spacing ); text-transform: var( --e-global-typography-text-text-transform );\">Website: <\/span><a style=\"background-color: #ffffff; font-family: var( --e-global-typography-text-font-family ), Sans-serif; font-size: var( --e-global-typography-text-font-size ); font-style: var( --e-global-typography-text-font-style ); font-weight: var( --e-global-typography-text-font-weight ); letter-spacing: var( --e-global-typography-text-letter-spacing ); text-transform: var( --e-global-typography-text-text-transform );\" href=\"https:\/\/www.concarneau-thalasso.com\/\" target=\"_blank\" rel=\"noopener\">concarneau-thalasso.com<\/a><\/p>\t\t\t\t\t\t\t\t<\/div>\n\t\t\t\t<\/div>\n\t\t<div class=\"elementor-element elementor-element-5e96ee4 e-con-full e-flex e-con e-child\" data-id=\"5e96ee4\" data-element_type=\"container\" data-e-type=\"container\">\n\t\t\t\t<div class=\"elementor-element elementor-element-cfd11bb elementor-widget elementor-widget-image\" data-id=\"cfd11bb\" data-element_type=\"widget\" data-e-type=\"widget\" data-widget_type=\"image.default\">\n\t\t\t\t\t\t\t\t\t\t\t\t\t\t\t<img loading=\"lazy\" decoding=\"async\" width=\"768\" height=\"513\" src=\"https:\/\/www.camping-les-saules.com\/wp-content\/uploads\/CLA_0927-768x513.jpg\" class=\"attachment-medium_large size-medium_large wp-image-13861\" alt=\"Thalasso\" srcset=\"https:\/\/www.camping-les-saules.com\/wp-content\/uploads\/CLA_0927-768x513.jpg 768w, https:\/\/www.camping-les-saules.com\/wp-content\/uploads\/CLA_0927-300x200.jpg 300w, https:\/\/www.camping-les-saules.com\/wp-content\/uploads\/CLA_0927-1024x683.jpg 1024w, https:\/\/www.camping-les-saules.com\/wp-content\/uploads\/CLA_0927-1536x1025.jpg 1536w, https:\/\/www.camping-les-saules.com\/wp-content\/uploads\/CLA_0927-scaled.jpg 2048w\" sizes=\"auto, (max-width: 768px) 100vw, 768px\" \/>\t\t\t\t\t\t\t\t\t\t\t\t\t\t\t<\/div>\n\t\t\t\t<\/div>\n\t\t\t\t\t<\/div>\n\t\t\t\t<\/div>\n\t\t<div class=\"elementor-element elementor-element-ab90c28 e-flex e-con-boxed e-con e-parent\" data-id=\"ab90c28\" data-element_type=\"container\" data-e-type=\"container\">\n\t\t\t\t\t<div class=\"e-con-inner\">\n\t\t<div class=\"elementor-element elementor-element-306e9da e-con-full e-flex e-con e-child\" data-id=\"306e9da\" data-element_type=\"container\" data-e-type=\"container\">\n\t\t\t\t<div class=\"elementor-element elementor-element-42fff28 elementor-widget-divider--view-line elementor-widget elementor-widget-divider\" data-id=\"42fff28\" data-element_type=\"widget\" data-e-type=\"widget\" data-widget_type=\"divider.default\">\n\t\t\t\t\t\t\t<div class=\"elementor-divider\">\n\t\t\t<span class=\"elementor-divider-separator\">\n\t\t\t\t\t\t<\/span>\n\t\t<\/div>\n\t\t\t\t\t\t<\/div>\n\t\t\t\t<\/div>\n\t\t\t\t\t<\/div>\n\t\t\t\t<\/div>\n\t\t<div class=\"elementor-element elementor-element-28c52b2 e-flex e-con-boxed e-con e-parent\" data-id=\"28c52b2\" data-element_type=\"container\" data-e-type=\"container\">\n\t\t\t\t\t<div class=\"e-con-inner\">\n\t\t<div class=\"elementor-element elementor-element-f27febd e-con-full e-flex e-con e-child\" data-id=\"f27febd\" data-element_type=\"container\" data-e-type=\"container\">\n\t\t\t\t<div class=\"elementor-element elementor-element-79e00a9 elementor-widget elementor-widget-image\" data-id=\"79e00a9\" data-element_type=\"widget\" data-e-type=\"widget\" data-widget_type=\"image.default\">\n\t\t\t\t\t\t\t\t\t\t\t\t\t\t\t<img loading=\"lazy\" decoding=\"async\" width=\"500\" height=\"333\" src=\"https:\/\/www.camping-les-saules.com\/wp-content\/uploads\/adrenature.webp\" class=\"attachment-medium_large size-medium_large wp-image-14158\" alt=\"Unsere sorgf\u00e4ltig gebaute Holzh\u00fcttenplattform liegt zwischen den B\u00e4umen und ist von \u00fcppigem gr\u00fcnem Laub umgeben. Mit Kletterelementen und Leitern bietet sie einen abenteuerlichen Ausflug f\u00fcr alle Altersgruppen - ein perfekter Ort, um neue Verbindungen und Partnerschaften in einer ruhigen, nat\u00fcrlichen Umgebung zu f\u00f6rdern.\" srcset=\"https:\/\/www.camping-les-saules.com\/wp-content\/uploads\/adrenature.webp 500w, https:\/\/www.camping-les-saules.com\/wp-content\/uploads\/adrenature-300x200.webp 300w\" sizes=\"auto, (max-width: 500px) 100vw, 500px\" \/>\t\t\t\t\t\t\t\t\t\t\t\t\t\t\t<\/div>\n\t\t\t\t<\/div>\n\t\t<div class=\"elementor-element elementor-element-8cc8c7e e-con-full e-flex e-con e-child\" data-id=\"8cc8c7e\" data-element_type=\"container\" data-e-type=\"container\">\n\t\t\t\t<div class=\"elementor-element elementor-element-423dfe5 elementor-widget elementor-widget-text-editor\" data-id=\"423dfe5\" data-element_type=\"widget\" data-e-type=\"widget\" data-widget_type=\"text-editor.default\">\n\t\t\t\t\t\t\t\t\t<h2>Adrenatur<\/h2><p><strong>Adr\u00e9nature<\/strong> ist ein Abenteuerpark in Melgven, 20 Minuten vom Campingplatz entfernt. Er ist der gr\u00f6\u00dfte Abenteuerpark im Finist\u00e8re. <\/p><p>Der Park bietet 19 Hochseilg\u00e4rten, die f\u00fcr Kinder ab 3 Jahren zug\u00e4nglich sind. Zus\u00e4tzlich zu den Baumklettertouren bietet der Park auch riesige Seilrutschen, H\u00e4ngespiele und ein Outdoor-Escape-Game.  <\/p><p><strong>Erhalten Sie einen Euro Erm\u00e4\u00dfigung pro Eintritt, wenn Sie Ihr Armband des Campingplatzes vorzeigen.<\/strong><\/p><p><span style=\"letter-spacing: 0.4px;\">Weitere Informationen: <a href=\"https:\/\/www.adrenature.fr\/\" target=\"_blank\" rel=\"noopener\">adrenature.fr<\/a><\/span><strong><br><\/strong><\/p>\t\t\t\t\t\t\t\t<\/div>\n\t\t\t\t<\/div>\n\t\t\t\t\t<\/div>\n\t\t\t\t<\/div>\n\t\t<div class=\"elementor-element elementor-element-fd7dda6 e-flex e-con-boxed e-con e-parent\" data-id=\"fd7dda6\" data-element_type=\"container\" data-e-type=\"container\">\n\t\t\t\t\t<div class=\"e-con-inner\">\n\t\t<div class=\"elementor-element elementor-element-2104fec e-con-full e-flex e-con e-child\" data-id=\"2104fec\" data-element_type=\"container\" data-e-type=\"container\">\n\t\t\t\t<div class=\"elementor-element elementor-element-a1eced8 elementor-widget-divider--view-line elementor-widget elementor-widget-divider\" data-id=\"a1eced8\" data-element_type=\"widget\" data-e-type=\"widget\" data-widget_type=\"divider.default\">\n\t\t\t\t\t\t\t<div class=\"elementor-divider\">\n\t\t\t<span class=\"elementor-divider-separator\">\n\t\t\t\t\t\t<\/span>\n\t\t<\/div>\n\t\t\t\t\t\t<\/div>\n\t\t\t\t<\/div>\n\t\t\t\t\t<\/div>\n\t\t\t\t<\/div>\n\t\t<div class=\"elementor-element elementor-element-7bdf768 e-flex e-con-boxed e-con e-parent\" data-id=\"7bdf768\" data-element_type=\"container\" data-e-type=\"container\">\n\t\t\t\t\t<div class=\"e-con-inner\">\n\t\t<div class=\"elementor-element elementor-element-0f1aaa6 e-con-full e-flex e-con e-child\" data-id=\"0f1aaa6\" data-element_type=\"container\" data-e-type=\"container\">\n\t\t\t\t<div class=\"elementor-element elementor-element-d1314dc elementor-widget elementor-widget-text-editor\" data-id=\"d1314dc\" data-element_type=\"widget\" data-e-type=\"widget\" data-widget_type=\"text-editor.default\">\n\t\t\t\t\t\t\t\t\t<h2>Gl\u00e9nan Entdeckung<\/h2><p>Von der Pointe de Tr\u00e9vignon aus, 10 Autominuten vom Campingplatz entfernt, k\u00f6nnen Sie die K\u00fcstenwanderung und die Fahrt den Aven hinauf (ca. 1 Std. 15 Min.) entdecken, aber auch den Ausflug zum Archipel der Gl\u00e9nan in Begleitung von Mathieu, dem Kapit\u00e4n eines sehr komfortablen 12-Personen-Halbrigides. Die \u00dcberfahrt zu den Gl\u00e9nan-Inseln dauert etwa 20 Minuten und Sie haben einen etwa 3-st\u00fcndigen Aufenthalt auf der Insel Saint Nicolas, nach einem ausf\u00fchrlichen Kommentar \u00fcber diesen wundersch\u00f6nen bretonischen Archipel. <\/p><p><strong>Erm\u00e4\u00dfigung von 2 Euro pro Sitzplatz gegen Vorlage eines Nachweises.<\/strong><\/p><p>F\u00fcr Reservierungen: 06 70 75 89 79 \/ contact@glenandecouverte.com<\/p>\t\t\t\t\t\t\t\t<\/div>\n\t\t\t\t<\/div>\n\t\t<div class=\"elementor-element elementor-element-c4317df e-con-full e-flex e-con e-child\" data-id=\"c4317df\" data-element_type=\"container\" data-e-type=\"container\">\n\t\t\t\t<div class=\"elementor-element elementor-element-cb24f04 elementor-widget elementor-widget-image\" data-id=\"cb24f04\" data-element_type=\"widget\" data-e-type=\"widget\" data-widget_type=\"image.default\">\n\t\t\t\t\t\t\t\t\t\t\t\t\t\t\t<img loading=\"lazy\" decoding=\"async\" width=\"768\" height=\"576\" src=\"https:\/\/www.camping-les-saules.com\/wp-content\/uploads\/Gl\u00e9nan-d\u00e9couverte-768x576.jpg\" class=\"attachment-medium_large size-medium_large wp-image-13862\" alt=\"Eine Gruppe von Menschen sitzt in einem Schlauchboot auf dem blauen Wasser des Ozeans, mit einem F\u00fchrer am Steuer, der Unsere Partnerschaften vorstellt. Das ferne Ufer und einige Segelboote sind im Hintergrund unter einem klaren Himmel zu sehen.\" srcset=\"https:\/\/www.camping-les-saules.com\/wp-content\/uploads\/Gl\u00e9nan-d\u00e9couverte-768x576.jpg 768w, https:\/\/www.camping-les-saules.com\/wp-content\/uploads\/Gl\u00e9nan-d\u00e9couverte-300x225.jpg 300w, https:\/\/www.camping-les-saules.com\/wp-content\/uploads\/Gl\u00e9nan-d\u00e9couverte.jpg 800w\" sizes=\"auto, (max-width: 768px) 100vw, 768px\" \/>\t\t\t\t\t\t\t\t\t\t\t\t\t\t\t<\/div>\n\t\t\t\t<\/div>\n\t\t\t\t\t<\/div>\n\t\t\t\t<\/div>\n\t\t<div class=\"elementor-element elementor-element-a12d073 e-flex e-con-boxed e-con e-parent\" data-id=\"a12d073\" data-element_type=\"container\" data-e-type=\"container\">\n\t\t\t\t\t<div class=\"e-con-inner\">\n\t\t<div class=\"elementor-element elementor-element-3d42df3 e-con-full e-flex e-con e-child\" data-id=\"3d42df3\" data-element_type=\"container\" data-e-type=\"container\">\n\t\t\t\t<div class=\"elementor-element elementor-element-0a81fd2 elementor-widget-divider--view-line elementor-widget elementor-widget-divider\" data-id=\"0a81fd2\" data-element_type=\"widget\" data-e-type=\"widget\" data-widget_type=\"divider.default\">\n\t\t\t\t\t\t\t<div class=\"elementor-divider\">\n\t\t\t<span class=\"elementor-divider-separator\">\n\t\t\t\t\t\t<\/span>\n\t\t<\/div>\n\t\t\t\t\t\t<\/div>\n\t\t\t\t<\/div>\n\t\t\t\t\t<\/div>\n\t\t\t\t<\/div>\n\t\t<div class=\"elementor-element elementor-element-3f2baee e-flex e-con-boxed e-con e-parent\" data-id=\"3f2baee\" data-element_type=\"container\" data-e-type=\"container\">\n\t\t\t\t\t<div class=\"e-con-inner\">\n\t\t<div class=\"elementor-element elementor-element-7c25547 e-con-full e-flex e-con e-child\" data-id=\"7c25547\" data-element_type=\"container\" data-e-type=\"container\">\n\t\t\t\t<div class=\"elementor-element elementor-element-fd790e7 elementor-widget elementor-widget-image\" data-id=\"fd790e7\" data-element_type=\"widget\" data-e-type=\"widget\" data-widget_type=\"image.default\">\n\t\t\t\t\t\t\t\t\t\t\t\t\t\t\t<img loading=\"lazy\" decoding=\"async\" width=\"500\" height=\"333\" src=\"https:\/\/www.camping-les-saules.com\/wp-content\/uploads\/finistere-kite-surf.webp\" class=\"attachment-medium_large size-medium_large wp-image-14159\" alt=\"Eine Person surft mit dem Kite auf dem Ozean und schmiedet neue Partnerschaften mit der Natur inmitten der Wellen im Hintergrund.\" srcset=\"https:\/\/www.camping-les-saules.com\/wp-content\/uploads\/finistere-kite-surf.webp 500w, https:\/\/www.camping-les-saules.com\/wp-content\/uploads\/finistere-kite-surf-300x200.webp 300w\" sizes=\"auto, (max-width: 500px) 100vw, 500px\" \/>\t\t\t\t\t\t\t\t\t\t\t\t\t\t\t<\/div>\n\t\t\t\t<\/div>\n\t\t<div class=\"elementor-element elementor-element-43d3de8 e-con-full e-flex e-con e-child\" data-id=\"43d3de8\" data-element_type=\"container\" data-e-type=\"container\">\n\t\t\t\t<div class=\"elementor-element elementor-element-e6a514b elementor-widget elementor-widget-text-editor\" data-id=\"e6a514b\" data-element_type=\"widget\" data-e-type=\"widget\" data-widget_type=\"text-editor.default\">\n\t\t\t\t\t\t\t\t\t<h2>Finist\u00e8re Kite &amp; Wing School<\/h2><p>Die Finist\u00e8re Kite School ist eine Schule f\u00fcr <b>Kitesurfen<\/b> und <b>Wingfoil <\/b>(eine Mischung aus Windsurfen, Kitesurfen und Foiling) in La For\u00eat-Fouesnant, in der Bucht von Concarneau. Die Schule ist von April bis November ge\u00f6ffnet und bietet Kurse und Lehrg\u00e4nge f\u00fcr alle Niveaus, von Anf\u00e4ngern bis zu Fortgeschrittenen. <\/p><p><span style=\"color: var( --e-global-color-text ); font-family: var( --e-global-typography-text-font-family ), Sans-serif; font-size: var( --e-global-typography-text-font-size ); font-style: var( --e-global-typography-text-font-style ); letter-spacing: 0.4px; text-transform: var( --e-global-typography-text-text-transform );\"><b>- 10% auf alle Aktivit\u00e4ten gegen Vorlage eines Nachweises<\/b><\/span><\/p><p><span style=\"color: var( --e-global-color-text ); font-family: var( --e-global-typography-text-font-family ), Sans-serif; font-size: var( --e-global-typography-text-font-size ); font-style: var( --e-global-typography-text-font-style ); font-weight: var( --e-global-typography-text-font-weight ); letter-spacing: 0.4px; text-transform: var( --e-global-typography-text-text-transform );\">Weitere Informationen : <\/span><a href=\"https:\/\/www.finisterekiteschool.com\/\" target=\"_blank\" rel=\"noopener\"><span style=\"color: var( --e-global-color-text ); font-family: var( --e-global-typography-text-font-family ), Sans-serif; font-size: var( --e-global-typography-text-font-size ); font-style: var( --e-global-typography-text-font-style ); font-weight: var( --e-global-typography-text-font-weight ); letter-spacing: var( --e-global-typography-text-letter-spacing ); text-transform: var( --e-global-typography-text-text-transform );\">finisterekiteschool.com<\/span><\/a><\/p>\t\t\t\t\t\t\t\t<\/div>\n\t\t\t\t<\/div>\n\t\t\t\t\t<\/div>\n\t\t\t\t<\/div>\n\t\t<div class=\"elementor-element elementor-element-c640c83 e-flex e-con-boxed e-con e-parent\" data-id=\"c640c83\" data-element_type=\"container\" data-e-type=\"container\">\n\t\t\t\t\t<div class=\"e-con-inner\">\n\t\t<div class=\"elementor-element elementor-element-e96d061 e-con-full e-flex e-con e-child\" data-id=\"e96d061\" data-element_type=\"container\" data-e-type=\"container\">\n\t\t\t\t<div class=\"elementor-element elementor-element-6dc9736 elementor-widget-divider--view-line elementor-widget elementor-widget-divider\" data-id=\"6dc9736\" data-element_type=\"widget\" data-e-type=\"widget\" data-widget_type=\"divider.default\">\n\t\t\t\t\t\t\t<div class=\"elementor-divider\">\n\t\t\t<span class=\"elementor-divider-separator\">\n\t\t\t\t\t\t<\/span>\n\t\t<\/div>\n\t\t\t\t\t\t<\/div>\n\t\t\t\t<\/div>\n\t\t\t\t\t<\/div>\n\t\t\t\t<\/div>\n\t\t<div class=\"elementor-element elementor-element-e50f6eb e-flex e-con-boxed e-con e-parent\" data-id=\"e50f6eb\" data-element_type=\"container\" data-e-type=\"container\">\n\t\t\t\t\t<div class=\"e-con-inner\">\n\t\t<div class=\"elementor-element elementor-element-ffde7b1 e-con-full e-flex e-con e-child\" data-id=\"ffde7b1\" data-element_type=\"container\" data-e-type=\"container\">\n\t\t\t\t<div class=\"elementor-element elementor-element-3dd2ddb elementor-widget elementor-widget-text-editor\" data-id=\"3dd2ddb\" data-element_type=\"widget\" data-e-type=\"widget\" data-widget_type=\"text-editor.default\">\n\t\t\t\t\t\t\t\t\t<h2>Die Bojen des Waldes<\/h2><p>Die <span style=\"letter-spacing: 0.4px;\">Wassersportbasis Les Bou\u00e9es de la For\u00eat<\/span> liegt am Strand von Kerleven, nur 2 Schritte vom Campingplatz entfernt und bietet eine breite Palette an Wassersportaktivit\u00e4ten f\u00fcr jedes Alter und jedes Niveau.<\/p><ul><li>An einer <strong>Boje<\/strong>, die von einem Boot gezogen wird, k\u00f6nnen Sie \u00fcber die Wellen fliegen und die atemberaubende Aussicht auf die Bucht von La For\u00eat genie\u00dfen.<\/li><li><strong>Wakeboarding<\/strong> ist ein Wassersport, bei dem man auf einem Brett, das von einem Boot gezogen wird, \u00fcber das Wasser gleitet.  <\/li><li><strong>Das gezogene Foil<\/strong> ist eine noch neuere Disziplin, bei der man auf einem Brett mit einem Foil, einem Fl\u00fcgel, der sich \u00fcber die Wasseroberfl\u00e4che hebt, \u00fcber das Wasser gleitet.  <\/li><\/ul><p> <\/p><p style=\"letter-spacing: 0.4px;\"><span style=\"color: var( --e-global-color-text ); font-family: var( --e-global-typography-text-font-family ), Sans-serif; font-size: var( --e-global-typography-text-font-size ); font-style: var( --e-global-typography-text-font-style ); letter-spacing: 0.4px; text-transform: var( --e-global-typography-text-text-transform );\"><span style=\"font-weight: bold;\">- 10% auf alle Aktivit\u00e4ten gegen Vorlage eines Nachweises<\/span><\/span><\/p><div><span style=\"color: var( --e-global-color-text ); font-family: var( --e-global-typography-text-font-family ), Sans-serif; font-size: var( --e-global-typography-text-font-size ); font-style: var( --e-global-typography-text-font-style ); letter-spacing: 0.4px; text-transform: var( --e-global-typography-text-text-transform );\">Weitere Informationen: <a href=\"https:\/\/www.lesboueesdelaforet.com\/\">lesboueesdelaforet.com<\/a><\/span><\/div>\t\t\t\t\t\t\t\t<\/div>\n\t\t\t\t<\/div>\n\t\t<div class=\"elementor-element elementor-element-38dd3a1 e-con-full e-flex e-con e-child\" data-id=\"38dd3a1\" data-element_type=\"container\" data-e-type=\"container\">\n\t\t\t\t<div class=\"elementor-element elementor-element-2045efd elementor-widget elementor-widget-image\" data-id=\"2045efd\" data-element_type=\"widget\" data-e-type=\"widget\" data-widget_type=\"image.default\">\n\t\t\t\t\t\t\t\t\t\t\t\t\t\t\t<img loading=\"lazy\" decoding=\"async\" width=\"600\" height=\"393\" src=\"https:\/\/www.camping-les-saules.com\/wp-content\/uploads\/bouee-tractee-plage-fouesnant.webp\" class=\"attachment-medium_large size-medium_large wp-image-14161\" alt=\"Boje in Fouesnant\" srcset=\"https:\/\/www.camping-les-saules.com\/wp-content\/uploads\/bouee-tractee-plage-fouesnant.webp 600w, https:\/\/www.camping-les-saules.com\/wp-content\/uploads\/bouee-tractee-plage-fouesnant-300x197.webp 300w\" sizes=\"auto, (max-width: 600px) 100vw, 600px\" \/>\t\t\t\t\t\t\t\t\t\t\t\t\t\t\t<\/div>\n\t\t\t\t<\/div>\n\t\t\t\t\t<\/div>\n\t\t\t\t<\/div>\n\t\t<div class=\"elementor-element elementor-element-ff67bf5 e-flex e-con-boxed e-con e-parent\" data-id=\"ff67bf5\" data-element_type=\"container\" data-e-type=\"container\">\n\t\t\t\t\t<div class=\"e-con-inner\">\n\t\t<div class=\"elementor-element elementor-element-6e3674e e-con-full e-flex e-con e-child\" data-id=\"6e3674e\" data-element_type=\"container\" data-e-type=\"container\">\n\t\t\t\t<div class=\"elementor-element elementor-element-61fe325 elementor-widget-divider--view-line elementor-widget elementor-widget-divider\" data-id=\"61fe325\" data-element_type=\"widget\" data-e-type=\"widget\" data-widget_type=\"divider.default\">\n\t\t\t\t\t\t\t<div class=\"elementor-divider\">\n\t\t\t<span class=\"elementor-divider-separator\">\n\t\t\t\t\t\t<\/span>\n\t\t<\/div>\n\t\t\t\t\t\t<\/div>\n\t\t\t\t<\/div>\n\t\t\t\t\t<\/div>\n\t\t\t\t<\/div>\n\t\t<div class=\"elementor-element elementor-element-17e0c04 e-flex e-con-boxed e-con e-parent\" data-id=\"17e0c04\" data-element_type=\"container\" data-e-type=\"container\">\n\t\t\t\t\t<div class=\"e-con-inner\">\n\t\t<div class=\"elementor-element elementor-element-1713695 e-con-full e-flex e-con e-child\" data-id=\"1713695\" data-element_type=\"container\" data-e-type=\"container\">\n\t\t\t\t<div class=\"elementor-element elementor-element-e91f906 elementor-widget elementor-widget-image\" data-id=\"e91f906\" data-element_type=\"widget\" data-e-type=\"widget\" data-widget_type=\"image.default\">\n\t\t\t\t\t\t\t\t\t\t\t\t\t\t\t<img loading=\"lazy\" decoding=\"async\" width=\"768\" height=\"432\" src=\"https:\/\/www.camping-les-saules.com\/wp-content\/uploads\/Photo_Golf-Cornouaille_Golf-Mer-1-1-768x432.jpg\" class=\"attachment-medium_large size-medium_large wp-image-13859\" alt=\"Golf de Cornouaille\" srcset=\"https:\/\/www.camping-les-saules.com\/wp-content\/uploads\/Photo_Golf-Cornouaille_Golf-Mer-1-1-768x432.jpg 768w, https:\/\/www.camping-les-saules.com\/wp-content\/uploads\/Photo_Golf-Cornouaille_Golf-Mer-1-1-300x169.jpg 300w, https:\/\/www.camping-les-saules.com\/wp-content\/uploads\/Photo_Golf-Cornouaille_Golf-Mer-1-1-1024x576.jpg 1024w, https:\/\/www.camping-les-saules.com\/wp-content\/uploads\/Photo_Golf-Cornouaille_Golf-Mer-1-1-1536x864.jpg 1536w, https:\/\/www.camping-les-saules.com\/wp-content\/uploads\/Photo_Golf-Cornouaille_Golf-Mer-1-1-scaled.jpg 2048w\" sizes=\"auto, (max-width: 768px) 100vw, 768px\" \/>\t\t\t\t\t\t\t\t\t\t\t\t\t\t\t<\/div>\n\t\t\t\t<\/div>\n\t\t<div class=\"elementor-element elementor-element-3318d6c e-con-full e-flex e-con e-child\" data-id=\"3318d6c\" data-element_type=\"container\" data-e-type=\"container\">\n\t\t\t\t<div class=\"elementor-element elementor-element-b7c12e2 elementor-widget elementor-widget-text-editor\" data-id=\"b7c12e2\" data-element_type=\"widget\" data-e-type=\"widget\" data-widget_type=\"text-editor.default\">\n\t\t\t\t\t\t\t\t\t<h2>Golf de Cornouaille<\/h2><p>In La For\u00eat Fouesnant, im Herzen der bretonischen Riviera, liegt der Golfplatz Golf de Cornouaille, der seit 1959 ge\u00f6ffnet ist. Er verf\u00fcgt \u00fcber einen 18-Loch-Platz, auf dem Sie mit der Familie oder mit Freunden eine angenehme Zeit verbringen k\u00f6nnen. Sie werden von der herrlichen Aussicht auf die Bucht begeistert sein.  <\/p><p><strong><span style=\"color: var( --e-global-color-text ); font-family: var( --e-global-typography-text-font-family ), Sans-serif; font-size: var( --e-global-typography-text-font-size ); font-style: var( --e-global-typography-text-font-style ); letter-spacing: var( --e-global-typography-text-letter-spacing ); text-transform: var( --e-global-typography-text-text-transform );\">20% Erm\u00e4\u00dfigung auf den vollen Preis der 18- und 9-Loch-Greenfees gegen Vorlage eines Nachweises.<\/span><\/strong><\/p><p>F\u00fcr Reservierungen: 02 98 56 97 09 oder <a href=\"mailto:contact@golfdecornouaille.com\">contact@golfdecornouaille.com<\/a><\/p><p>Weitere Informationen: <a style=\"background-color: #ffffff; font-family: var( --e-global-typography-text-font-family ), Sans-serif; font-size: var( --e-global-typography-text-font-size ); font-style: var( --e-global-typography-text-font-style ); font-weight: var( --e-global-typography-text-font-weight ); letter-spacing: var( --e-global-typography-text-letter-spacing ); text-transform: var( --e-global-typography-text-text-transform );\" href=\"https:\/\/www.golfdecornouaille.com\/\" target=\"_blank\" rel=\"noopener\">golfdecornouaille.com<\/a><\/p>\t\t\t\t\t\t\t\t<\/div>\n\t\t\t\t<\/div>\n\t\t\t\t\t<\/div>\n\t\t\t\t<\/div>\n\t\t<div class=\"elementor-element elementor-element-38dd197 e-flex e-con-boxed e-con e-parent\" data-id=\"38dd197\" data-element_type=\"container\" data-e-type=\"container\">\n\t\t\t\t\t<div class=\"e-con-inner\">\n\t\t<div class=\"elementor-element elementor-element-987ee0b e-con-full e-flex e-con e-child\" data-id=\"987ee0b\" data-element_type=\"container\" data-e-type=\"container\">\n\t\t\t\t<div class=\"elementor-element elementor-element-3ddc07c elementor-widget-divider--view-line elementor-widget elementor-widget-divider\" data-id=\"3ddc07c\" data-element_type=\"widget\" data-e-type=\"widget\" data-widget_type=\"divider.default\">\n\t\t\t\t\t\t\t<div class=\"elementor-divider\">\n\t\t\t<span class=\"elementor-divider-separator\">\n\t\t\t\t\t\t<\/span>\n\t\t<\/div>\n\t\t\t\t\t\t<\/div>\n\t\t\t\t<\/div>\n\t\t\t\t\t<\/div>\n\t\t\t\t<\/div>\n\t\t<div class=\"elementor-element elementor-element-6f97e47 e-flex e-con-boxed e-con e-parent\" data-id=\"6f97e47\" data-element_type=\"container\" data-e-type=\"container\">\n\t\t\t\t\t<div class=\"e-con-inner\">\n\t\t<div class=\"elementor-element elementor-element-f4bdc87 e-con-full e-flex e-con e-child\" data-id=\"f4bdc87\" data-element_type=\"container\" data-e-type=\"container\">\n\t\t\t\t<div class=\"elementor-element elementor-element-4eb2d41 elementor-widget elementor-widget-text-editor\" data-id=\"4eb2d41\" data-element_type=\"widget\" data-e-type=\"widget\" data-widget_type=\"text-editor.default\">\n\t\t\t\t\t\t\t\t\t<h2>Biscuiterie de Pont-Aven<\/h2><p>Die Biscuiterie de Pont-Aven ist eine Institution in der Bretagne. Sie wurde 1920 gegr\u00fcndet und ist auf die Herstellung von traditionellem bretonischem Geb\u00e4ck spezialisiert, darunter der ber\u00fchmte Kouign Amann und der Far aux Pruneaux. <span style=\"color: var( --e-global-color-text ); font-family: var( --e-global-typography-text-font-family ), Sans-serif; font-size: var( --e-global-typography-text-font-size ); font-style: var( --e-global-typography-text-font-style ); font-weight: var( --e-global-typography-text-font-weight ); letter-spacing: var( --e-global-typography-text-letter-spacing ); text-transform: var( --e-global-typography-text-text-transform );\">Der Besuch der Keksfabrik ist eine einzigartige Erfahrung, bei der Sie die Geheimnisse der Herstellung dieser k\u00f6stlichen Kekse entdecken k\u00f6nnen. Sie k\u00f6nnen den Konditoren bei ihrer Arbeit \u00fcber die Schulter schauen, von der Vorbereitung des Teigs bis zum Backen.<\/span> <\/p><p><strong>Profitieren Sie von 5% Rabatt (Rabatt g\u00fcltig ab dem ersten Einkauf und nicht mit der Treuekarte kombinierbar) auf alle frischen Kekse und Kuchen gegen Vorlage eines Belegs.<\/strong><\/p>\t\t\t\t\t\t\t\t<\/div>\n\t\t\t\t<\/div>\n\t\t<div class=\"elementor-element elementor-element-121dd19 e-con-full e-flex e-con e-child\" data-id=\"121dd19\" data-element_type=\"container\" data-e-type=\"container\">\n\t\t\t\t<div class=\"elementor-element elementor-element-0e6569b elementor-widget elementor-widget-image\" data-id=\"0e6569b\" data-element_type=\"widget\" data-e-type=\"widget\" data-widget_type=\"image.default\">\n\t\t\t\t\t\t\t\t\t\t\t\t\t\t\t<img loading=\"lazy\" decoding=\"async\" width=\"500\" height=\"375\" src=\"https:\/\/www.camping-les-saules.com\/wp-content\/uploads\/biscuiterie-Pont-Aven.webp\" class=\"attachment-medium_large size-medium_large wp-image-14160\" alt=\"Die Au\u00dfenseite der Biscuiterie de Pont-Aven, einer charmanten Keksfabrik mit vibrierenden blauen Fensterl\u00e4den und bezaubernden Wandmalereien, steht an einem sonnigen Tag stolz in ihrem rustikalen Steingeb\u00e4ude.\" srcset=\"https:\/\/www.camping-les-saules.com\/wp-content\/uploads\/biscuiterie-Pont-Aven.webp 500w, https:\/\/www.camping-les-saules.com\/wp-content\/uploads\/biscuiterie-Pont-Aven-300x225.webp 300w\" sizes=\"auto, (max-width: 500px) 100vw, 500px\" \/>\t\t\t\t\t\t\t\t\t\t\t\t\t\t\t<\/div>\n\t\t\t\t<\/div>\n\t\t\t\t\t<\/div>\n\t\t\t\t<\/div>\n\t\t<div class=\"elementor-element elementor-element-f496000 e-flex e-con-boxed e-con e-parent\" data-id=\"f496000\" data-element_type=\"container\" data-e-type=\"container\">\n\t\t\t\t\t<div class=\"e-con-inner\">\n\t\t<div class=\"elementor-element elementor-element-f6d9e9e e-con-full e-flex e-con e-child\" data-id=\"f6d9e9e\" data-element_type=\"container\" data-e-type=\"container\">\n\t\t\t\t<div class=\"elementor-element elementor-element-23aee7c elementor-widget-divider--view-line elementor-widget elementor-widget-divider\" data-id=\"23aee7c\" data-element_type=\"widget\" data-e-type=\"widget\" data-widget_type=\"divider.default\">\n\t\t\t\t\t\t\t<div class=\"elementor-divider\">\n\t\t\t<span class=\"elementor-divider-separator\">\n\t\t\t\t\t\t<\/span>\n\t\t<\/div>\n\t\t\t\t\t\t<\/div>\n\t\t\t\t<\/div>\n\t\t\t\t\t<\/div>\n\t\t\t\t<\/div>\n\t\t<div class=\"elementor-element elementor-element-5554073 e-flex e-con-boxed e-con e-parent\" data-id=\"5554073\" data-element_type=\"container\" data-e-type=\"container\">\n\t\t\t\t\t<div class=\"e-con-inner\">\n\t\t<div class=\"elementor-element elementor-element-e0df955 e-con-full e-flex e-con e-child\" data-id=\"e0df955\" data-element_type=\"container\" data-e-type=\"container\">\n\t\t\t\t<div class=\"elementor-element elementor-element-287ef4c elementor-widget elementor-widget-image\" data-id=\"287ef4c\" data-element_type=\"widget\" data-e-type=\"widget\" data-widget_type=\"image.default\">\n\t\t\t\t\t\t\t\t\t\t\t\t\t\t\t<img loading=\"lazy\" decoding=\"async\" width=\"768\" height=\"512\" src=\"https:\/\/www.camping-les-saules.com\/wp-content\/uploads\/haliotika-cite-peche-768x512.jpeg\" class=\"attachment-medium_large size-medium_large wp-image-14163\" alt=\"Fischer, Mitglieder unserer Initiative Unsere Partnerschaften, laden unter einem klaren blauen Himmel Kisten mit Fisch von einem Boot im Hafen ab.\" srcset=\"https:\/\/www.camping-les-saules.com\/wp-content\/uploads\/haliotika-cite-peche-768x512.jpeg 768w, https:\/\/www.camping-les-saules.com\/wp-content\/uploads\/haliotika-cite-peche-300x200.jpeg 300w, https:\/\/www.camping-les-saules.com\/wp-content\/uploads\/haliotika-cite-peche-1024x683.jpeg 1024w, https:\/\/www.camping-les-saules.com\/wp-content\/uploads\/haliotika-cite-peche-1536x1024.jpeg 1536w, https:\/\/www.camping-les-saules.com\/wp-content\/uploads\/haliotika-cite-peche-2048x1366.jpeg 2048w\" sizes=\"auto, (max-width: 768px) 100vw, 768px\" \/>\t\t\t\t\t\t\t\t\t\t\t\t\t\t\t<\/div>\n\t\t\t\t<\/div>\n\t\t<div class=\"elementor-element elementor-element-2d3b3f9 e-con-full e-flex e-con e-child\" data-id=\"2d3b3f9\" data-element_type=\"container\" data-e-type=\"container\">\n\t\t\t\t<div class=\"elementor-element elementor-element-464e728 elementor-widget elementor-widget-text-editor\" data-id=\"464e728\" data-element_type=\"widget\" data-e-type=\"widget\" data-widget_type=\"text-editor.default\">\n\t\t\t\t\t\t\t\t\t<h2>Haliotika<\/h2><p><strong>Haliotika<\/strong> ist ein Interpretationszentrum \u00fcber die Fischerei in Le Guilvinec. Es ist einzigartig in der Bretagne und bietet den Besuchern einen Einblick in die faszinierende Welt der Fischer und der handwerklichen Fischerei in Frankreich. Es ist ein idealer Ort f\u00fcr einen Ausflug mit der Familie oder mit Freunden.  <\/p><p><strong>Erhalten Sie 10% Rabatt auf den Eintritt zu Haliotika, dem Entdeckungszentrum, den Schatzsuchen und den Kinderworkshops.<\/strong><\/p><p>Die Erm\u00e4\u00dfigung kann mit einem Gutscheincode auf unserer Website &#8222;SAULES2024&#8220; oder bei Vorlage des Armbands des Campingplatzes oder eines anderen damit zusammenh\u00e4ngenden Gegenstands in Anspruch genommen werden.<\/p><p>Weitere Informationen: <a style=\"background-color: #ffffff; font-family: var( --e-global-typography-text-font-family ), Sans-serif; font-size: var( --e-global-typography-text-font-size ); font-style: var( --e-global-typography-text-font-style ); font-weight: var( --e-global-typography-text-font-weight ); letter-spacing: var( --e-global-typography-text-letter-spacing ); text-transform: var( --e-global-typography-text-text-transform );\" href=\"https:\/\/www.haliotika.com\/\" target=\"_blank\" rel=\"noopener\">haliotika.com<\/a><\/p>\t\t\t\t\t\t\t\t<\/div>\n\t\t\t\t<\/div>\n\t\t\t\t\t<\/div>\n\t\t\t\t<\/div>\n\t\t<div class=\"elementor-element elementor-element-2bc5541 e-flex e-con-boxed e-con e-parent\" data-id=\"2bc5541\" data-element_type=\"container\" data-e-type=\"container\">\n\t\t\t\t\t<div class=\"e-con-inner\">\n\t\t<div class=\"elementor-element elementor-element-500c6ed e-con-full e-flex e-con e-child\" data-id=\"500c6ed\" data-element_type=\"container\" data-e-type=\"container\">\n\t\t\t\t<div class=\"elementor-element elementor-element-6e8754a elementor-widget-divider--view-line elementor-widget elementor-widget-divider\" data-id=\"6e8754a\" data-element_type=\"widget\" data-e-type=\"widget\" data-widget_type=\"divider.default\">\n\t\t\t\t\t\t\t<div class=\"elementor-divider\">\n\t\t\t<span class=\"elementor-divider-separator\">\n\t\t\t\t\t\t<\/span>\n\t\t<\/div>\n\t\t\t\t\t\t<\/div>\n\t\t\t\t<\/div>\n\t\t\t\t\t<\/div>\n\t\t\t\t<\/div>\n\t\t<div class=\"elementor-element elementor-element-78e157c e-flex e-con-boxed e-con e-parent\" data-id=\"78e157c\" data-element_type=\"container\" data-e-type=\"container\">\n\t\t\t\t\t<div class=\"e-con-inner\">\n\t\t<div class=\"elementor-element elementor-element-f8db341 e-con-full e-flex e-con e-child\" data-id=\"f8db341\" data-element_type=\"container\" data-e-type=\"container\">\n\t\t\t\t<div class=\"elementor-element elementor-element-5275201 elementor-widget elementor-widget-text-editor\" data-id=\"5275201\" data-element_type=\"widget\" data-e-type=\"widget\" data-widget_type=\"text-editor.default\">\n\t\t\t\t\t\t\t\t\t<h2>Stadt der Segeln<\/h2><p><strong>Die Cit\u00e9 de la Voile \u00c9ric Tabarly<\/strong> in Lorient in der Bretagne ist ein Muss f\u00fcr alle Segel- und Schifffahrtsfans. Sie bietet eine immersive und interaktive Erfahrung, die Besuchern aller Altersgruppen die faszinierende Welt der Hochseeregatten und des Segelns n\u00e4her bringt. <\/p><p>Profitieren Sie von g\u00fcnstigen Preisen auf dem Campingplatz Les Saules: <strong>Erwachsene: 11,60\u20ac<\/strong> statt 13,70\u20ac. <br><strong>Kinder von 2 bis 6 Jahren: 2,90\u20ac<\/strong> statt 3,40\u20ac<br><strong>Jugendliche von 7 bis 17 Jahren: 6,80\u20ac<\/strong> statt 8\u20ac.<\/p><p>Erm\u00e4\u00dfigung auf der Website <a href=\"https:\/\/citevoile-tabarly.com\" target=\"_blank\" rel=\"noopener\">citevoile-tabarly.com<\/a> mit dem Code: PART1524 oder gegen Vorlage eines Belegs vor Ort.<\/p>\t\t\t\t\t\t\t\t<\/div>\n\t\t\t\t<\/div>\n\t\t<div class=\"elementor-element elementor-element-3fea779 e-con-full e-flex e-con e-child\" data-id=\"3fea779\" data-element_type=\"container\" data-e-type=\"container\">\n\t\t\t\t<div class=\"elementor-element elementor-element-640c371 elementor-widget elementor-widget-image\" data-id=\"640c371\" data-element_type=\"widget\" data-e-type=\"widget\" data-widget_type=\"image.default\">\n\t\t\t\t\t\t\t\t\t\t\t\t\t\t\t<img loading=\"lazy\" decoding=\"async\" width=\"768\" height=\"466\" src=\"https:\/\/www.camping-les-saules.com\/wp-content\/uploads\/cite-voile-lorient-768x466.jpeg\" class=\"attachment-medium_large size-medium_large wp-image-14178\" alt=\"Modellsegelboote mit nummerierten Segeln, eine Hommage an unsere Partnerschaften, schwimmen anmutig auf einem gro\u00dfen Innenbecken unter einer hohen Decke, die durch eine moderne Beleuchtung hervorgehoben wird.\" srcset=\"https:\/\/www.camping-les-saules.com\/wp-content\/uploads\/cite-voile-lorient-768x466.jpeg 768w, https:\/\/www.camping-les-saules.com\/wp-content\/uploads\/cite-voile-lorient-300x182.jpeg 300w, https:\/\/www.camping-les-saules.com\/wp-content\/uploads\/cite-voile-lorient.jpeg 840w\" sizes=\"auto, (max-width: 768px) 100vw, 768px\" \/>\t\t\t\t\t\t\t\t\t\t\t\t\t\t\t<\/div>\n\t\t\t\t<\/div>\n\t\t\t\t\t<\/div>\n\t\t\t\t<\/div>\n\t\t<div class=\"elementor-element elementor-element-d23707a e-flex e-con-boxed e-con e-parent\" data-id=\"d23707a\" data-element_type=\"container\" data-e-type=\"container\">\n\t\t\t\t\t<div class=\"e-con-inner\">\n\t\t<div class=\"elementor-element elementor-element-f28d0d0 e-con-full e-flex e-con e-child\" data-id=\"f28d0d0\" data-element_type=\"container\" data-e-type=\"container\">\n\t\t\t\t<div class=\"elementor-element elementor-element-f06ad01 elementor-widget-divider--view-line elementor-widget elementor-widget-divider\" data-id=\"f06ad01\" data-element_type=\"widget\" data-e-type=\"widget\" data-widget_type=\"divider.default\">\n\t\t\t\t\t\t\t<div class=\"elementor-divider\">\n\t\t\t<span class=\"elementor-divider-separator\">\n\t\t\t\t\t\t<\/span>\n\t\t<\/div>\n\t\t\t\t\t\t<\/div>\n\t\t\t\t<\/div>\n\t\t\t\t\t<\/div>\n\t\t\t\t<\/div>\n\t\t<div class=\"elementor-element elementor-element-ae92a45 e-flex e-con-boxed e-con e-parent\" data-id=\"ae92a45\" data-element_type=\"container\" data-e-type=\"container\">\n\t\t\t\t\t<div class=\"e-con-inner\">\n\t\t<div class=\"elementor-element elementor-element-8c602a1 e-con-full e-flex e-con e-child\" data-id=\"8c602a1\" data-element_type=\"container\" data-e-type=\"container\">\n\t\t\t\t<div class=\"elementor-element elementor-element-b536a7d elementor-widget elementor-widget-image\" data-id=\"b536a7d\" data-element_type=\"widget\" data-e-type=\"widget\" data-widget_type=\"image.default\">\n\t\t\t\t\t\t\t\t\t\t\t\t\t\t\t<img loading=\"lazy\" decoding=\"async\" width=\"605\" height=\"430\" src=\"https:\/\/www.camping-les-saules.com\/wp-content\/uploads\/sous-marin-flore-lorient-exterieur.jpg\" class=\"attachment-medium_large size-medium_large wp-image-14179\" alt=\"Ein schwarzes U-Boot wird auf einer Werftplattform unter einem blauen Himmel mit Wolken ausgestellt, was den innovativen Geist unserer Zusammenarbeit symbolisiert.\" srcset=\"https:\/\/www.camping-les-saules.com\/wp-content\/uploads\/sous-marin-flore-lorient-exterieur.jpg 605w, https:\/\/www.camping-les-saules.com\/wp-content\/uploads\/sous-marin-flore-lorient-exterieur-300x213.jpg 300w\" sizes=\"auto, (max-width: 605px) 100vw, 605px\" \/>\t\t\t\t\t\t\t\t\t\t\t\t\t\t\t<\/div>\n\t\t\t\t<\/div>\n\t\t<div class=\"elementor-element elementor-element-599ab8a e-con-full e-flex e-con e-child\" data-id=\"599ab8a\" data-element_type=\"container\" data-e-type=\"container\">\n\t\t\t\t<div class=\"elementor-element elementor-element-4119c69 elementor-widget elementor-widget-text-editor\" data-id=\"4119c69\" data-element_type=\"widget\" data-e-type=\"widget\" data-widget_type=\"text-editor.default\">\n\t\t\t\t\t\t\t\t\t<h2>Unterwasser Flora<\/h2><p><strong>Das U-Boot Flore-S645 in Lorient<\/strong> bietet einen Einblick in die franz\u00f6sische Unterwassergeschichte. Die Flore, die einst unter strengster Geheimhaltung die Weltmeere durchkreuzte, hat es sich heute zur Aufgabe gemacht, ihr reiches Erbe durch ein Museum zu teilen. Die Besucher erhalten einen Einblick in das Leben an Bord und die Navigationstechniken.  <\/p><p>Auf dem Campingplatz Les Saules zahlen Erwachsene \u20ac 8,65 statt \u20ac 10,20 und Kinder von 7 bis 17 Jahren zahlen \u20ac 5,10 statt \u20ac 6.<\/p><p>Erm\u00e4\u00dfigung auf der Website <a href=\"https:\/\/www.la-flore.fr\/fr\" target=\"_blank\" rel=\"noopener\">la-flore.fr<\/a> mit dem Code: PART1524 oder gegen Vorlage eines Nachweises vor Ort.<\/p>\t\t\t\t\t\t\t\t<\/div>\n\t\t\t\t<\/div>\n\t\t\t\t\t<\/div>\n\t\t\t\t<\/div>\n\t\t<div class=\"elementor-element elementor-element-255e7ea e-flex e-con-boxed e-con e-parent\" data-id=\"255e7ea\" data-element_type=\"container\" data-e-type=\"container\">\n\t\t\t\t\t<div class=\"e-con-inner\">\n\t\t<div class=\"elementor-element elementor-element-4c71f6d e-con-full e-flex e-con e-child\" data-id=\"4c71f6d\" data-element_type=\"container\" data-e-type=\"container\">\n\t\t\t\t<div class=\"elementor-element elementor-element-72292a5 elementor-widget-divider--view-line elementor-widget elementor-widget-divider\" data-id=\"72292a5\" data-element_type=\"widget\" data-e-type=\"widget\" data-widget_type=\"divider.default\">\n\t\t\t\t\t\t\t<div class=\"elementor-divider\">\n\t\t\t<span class=\"elementor-divider-separator\">\n\t\t\t\t\t\t<\/span>\n\t\t<\/div>\n\t\t\t\t\t\t<\/div>\n\t\t\t\t<\/div>\n\t\t\t\t\t<\/div>\n\t\t\t\t<\/div>\n\t\t<div class=\"elementor-element elementor-element-184781d e-flex e-con-boxed e-con e-parent\" data-id=\"184781d\" data-element_type=\"container\" data-e-type=\"container\">\n\t\t\t\t\t<div class=\"e-con-inner\">\n\t\t<div class=\"elementor-element elementor-element-4633854 e-con-full e-flex e-con e-child\" data-id=\"4633854\" data-element_type=\"container\" data-e-type=\"container\">\n\t\t\t\t<div class=\"elementor-element elementor-element-f54f3e3 elementor-widget elementor-widget-text-editor\" data-id=\"f54f3e3\" data-element_type=\"widget\" data-e-type=\"widget\" data-widget_type=\"text-editor.default\">\n\t\t\t\t\t\t\t\t\t<h2><strong>Das Nationalgest\u00fct in Hennebont<\/strong><\/h2><p><strong>Das Nationalgest\u00fct Hennebont<\/strong> liegt im Morbihan in der Bretagne und ist ein beliebtes Ziel f\u00fcr Pferdeliebhaber und Pferdesportgeschichte. Dieses wundersch\u00f6ne Anwesen, das auf eine jahrhundertelange Erfahrung zur\u00fcckblicken kann, bietet F\u00fchrungen, Reitvorf\u00fchrungen und Workshops an, um in die Welt der Pferde einzutauchen. <\/p><p>Profitieren Sie von g\u00fcnstigen Preisen auf dem Campingplatz Les Saules :  <\/p><p>Nur f\u00fcr die Besichtigung: <br><strong>Erwachsene: 7,20\u20ac<\/strong> statt 8,50\u20ac<br><span style=\"font-weight: bolder;\">Jugendliche von 7 bis 17 Jahren: 4,30\u20ac<\/span> statt 5,10\u20ac.<\/p><p>F\u00fcr die Besichtigung und die Vorstellung:<br><strong style=\"color: var( --e-global-color-text ); font-family: var( --e-global-typography-text-font-family ), Sans-serif; font-size: var( --e-global-typography-text-font-size ); font-style: var( --e-global-typography-text-font-style ); letter-spacing: var( --e-global-typography-text-letter-spacing ); text-transform: var( --e-global-typography-text-text-transform );\">Erwachsene: 11,40\u20ac<\/strong>.<span style=\"color: var( --e-global-color-text ); font-family: var( --e-global-typography-text-font-family ), Sans-serif; font-size: var( --e-global-typography-text-font-size ); font-style: var( --e-global-typography-text-font-style ); letter-spacing: var( --e-global-typography-text-letter-spacing ); text-transform: var( --e-global-typography-text-text-transform );\"><span style=\"font-weight: var( --e-global-typography-text-font-weight );\"> statt 12,70\u20ac.<\/span><br><\/span><strong style=\"color: var( --e-global-color-text ); font-family: var( --e-global-typography-text-font-family ), Sans-serif; font-size: var( --e-global-typography-text-font-size ); font-style: var( --e-global-typography-text-font-style ); letter-spacing: var( --e-global-typography-text-letter-spacing ); text-transform: var( --e-global-typography-text-text-transform );\">Kinder zwischen 3 und 6 Jahren: 2,85\u20ac.<\/strong><span style=\"color: var( --e-global-color-text ); font-family: var( --e-global-typography-text-font-family ), Sans-serif; font-size: var( --e-global-typography-text-font-size ); font-style: var( --e-global-typography-text-font-style ); letter-spacing: var( --e-global-typography-text-letter-spacing ); text-transform: var( --e-global-typography-text-text-transform );\"><span style=\"font-weight: var( --e-global-typography-text-font-weight );\"> statt 3,15\u20ac.<\/span><br><\/span><strong style=\"color: var( --e-global-color-text ); font-family: var( --e-global-typography-text-font-family ), Sans-serif; font-size: var( --e-global-typography-text-font-size ); font-style: var( --e-global-typography-text-font-style ); letter-spacing: var( --e-global-typography-text-letter-spacing ); text-transform: var( --e-global-typography-text-text-transform );\">Jugendliche von 7 bis 17 Jahren: 6,70\u20ac<\/strong><span style=\"color: var( --e-global-color-text ); font-family: var( --e-global-typography-text-font-family ), Sans-serif; font-size: var( --e-global-typography-text-font-size ); font-style: var( --e-global-typography-text-font-style ); font-weight: var( --e-global-typography-text-font-weight ); letter-spacing: var( --e-global-typography-text-letter-spacing ); text-transform: var( --e-global-typography-text-text-transform );\"> statt 7,45\u20ac<\/span><strong style=\"color: var( --e-global-color-text ); font-family: var( --e-global-typography-text-font-family ), Sans-serif; font-size: var( --e-global-typography-text-font-size ); font-style: var( --e-global-typography-text-font-style ); letter-spacing: var( --e-global-typography-text-letter-spacing ); text-transform: var( --e-global-typography-text-text-transform );\">.<\/strong><\/p><p><span style=\"color: var( --e-global-color-text ); font-family: var( --e-global-typography-text-font-family ), Sans-serif; font-size: var( --e-global-typography-text-font-size ); font-style: var( --e-global-typography-text-font-style ); font-weight: var( --e-global-typography-text-font-weight ); letter-spacing: var( --e-global-typography-text-letter-spacing ); text-transform: var( --e-global-typography-text-text-transform );\">Erm\u00e4\u00dfigung anwendbar auf der Website <a href=\"https:\/\/www.haras-hennebont.fr\/fr\">haras-hennebont.fr<\/a><\/span><span style=\"color: var( --e-global-color-text ); font-family: var( --e-global-typography-text-font-family ), Sans-serif; font-size: var( --e-global-typography-text-font-size ); font-style: var( --e-global-typography-text-font-style ); font-weight: var( --e-global-typography-text-font-weight ); letter-spacing: var( --e-global-typography-text-letter-spacing ); text-transform: var( --e-global-typography-text-text-transform );\"> mit dem Code: PART1524 f\u00fcr die Besichtigung und dem Code 24PPART f\u00fcr die Besichtigung + Vorstellung und gegen Vorlage eines Nachweises vor Ort.<\/span><\/p>\t\t\t\t\t\t\t\t<\/div>\n\t\t\t\t<\/div>\n\t\t<div class=\"elementor-element elementor-element-bdc2179 e-con-full e-flex e-con e-child\" data-id=\"bdc2179\" data-element_type=\"container\" data-e-type=\"container\">\n\t\t\t\t<div class=\"elementor-element elementor-element-8189119 elementor-widget elementor-widget-image\" data-id=\"8189119\" data-element_type=\"widget\" data-e-type=\"widget\" data-widget_type=\"image.default\">\n\t\t\t\t\t\t\t\t\t\t\t\t\t\t\t<img loading=\"lazy\" decoding=\"async\" width=\"515\" height=\"375\" src=\"https:\/\/www.camping-les-saules.com\/wp-content\/uploads\/haras_hennebont.jpeg\" class=\"attachment-medium_large size-medium_large wp-image-14177\" alt=\"Ein schwarzes Pferd mit blonder M\u00e4hne steht in einem Stall, blickt durch eine halbe T\u00fcr und erinnert an die St\u00e4rke, die in strategischen Partnerschaften zu finden ist. W\u00e4hrenddessen ist ein zweites Pferd in einem benachbarten Stall zu sehen.\" srcset=\"https:\/\/www.camping-les-saules.com\/wp-content\/uploads\/haras_hennebont.jpeg 515w, https:\/\/www.camping-les-saules.com\/wp-content\/uploads\/haras_hennebont-300x218.jpeg 300w\" sizes=\"auto, (max-width: 515px) 100vw, 515px\" \/>\t\t\t\t\t\t\t\t\t\t\t\t\t\t\t<\/div>\n\t\t\t\t<\/div>\n\t\t\t\t\t<\/div>\n\t\t\t\t<\/div>\n\t\t\t\t<\/div>\n\t\t","protected":false},"excerpt":{"rendered":"<p>Unsere Partnerschaften Genie\u00dfen Sie Ihren Urlaub im S\u00fcd-Finist\u00e8re mit den Rabatten unserer Partner! Ich buche meinen Aufenthalt Thalasso in Concarneau Nur 10 Autominuten vom Campingplatz entfernt liegt das Thalasso-Therapiezentrum von Concarneau in einer authentischen und raffinierten Umgebung. Sie profitieren von allen Vorteilen des Spas und der Thalassotherapie. Mit Blick auf den Ozean, genie\u00dfen Sie das [&hellip;]<\/p>\n","protected":false},"author":3,"featured_media":0,"parent":0,"menu_order":0,"comment_status":"closed","ping_status":"closed","template":"","meta":{"slim_seo":{"title":"Partner & Schn\u00e4ppchen Fouesnant | Erm\u00e4\u00dfigungen Aktivit\u00e4ten","description":"Profitieren Sie von Vorzugspreisen dank unserer Partner: Haras de Hennebont, Wassersport, kulturelle Besichtigungen. Exklusive Kundenrabatte auf Camping Les Saules."},"footnotes":""},"class_list":["post-12967","page","type-page","status-publish","hentry"],"_links":{"self":[{"href":"https:\/\/www.camping-les-saules.com\/de\/wp-json\/wp\/v2\/pages\/12967","targetHints":{"allow":["GET"]}}],"collection":[{"href":"https:\/\/www.camping-les-saules.com\/de\/wp-json\/wp\/v2\/pages"}],"about":[{"href":"https:\/\/www.camping-les-saules.com\/de\/wp-json\/wp\/v2\/types\/page"}],"author":[{"embeddable":true,"href":"https:\/\/www.camping-les-saules.com\/de\/wp-json\/wp\/v2\/users\/3"}],"replies":[{"embeddable":true,"href":"https:\/\/www.camping-les-saules.com\/de\/wp-json\/wp\/v2\/comments?post=12967"}],"version-history":[{"count":0,"href":"https:\/\/www.camping-les-saules.com\/de\/wp-json\/wp\/v2\/pages\/12967\/revisions"}],"wp:attachment":[{"href":"https:\/\/www.camping-les-saules.com\/de\/wp-json\/wp\/v2\/media?parent=12967"}],"curies":[{"name":"wp","href":"https:\/\/api.w.org\/{rel}","templated":true}]}}