{"id":12907,"date":"2025-08-19T21:35:03","date_gmt":"2025-08-19T19:35:03","guid":{"rendered":"https:\/\/www.camping-les-saules.com\/mobilheim-8-personen\/"},"modified":"2026-02-23T16:35:42","modified_gmt":"2026-02-23T15:35:42","slug":"mobilheim-8-personen","status":"publish","type":"page","link":"https:\/\/www.camping-les-saules.com\/de\/mobilheim-8-personen\/","title":{"rendered":"Mobilheim 6\/8 Personen f\u00fcr einen gelungenen Urlaub am Meer"},"content":{"rendered":"\t\t<div data-elementor-type=\"wp-post\" data-elementor-id=\"12907\" class=\"elementor elementor-12907 elementor-9758\" data-elementor-post-type=\"page\">\n\t\t\t\t<div class=\"elementor-element elementor-element-ce02a68 e-flex e-con-boxed e-con e-parent\" data-id=\"ce02a68\" data-element_type=\"container\" data-e-type=\"container\" data-settings=\"{&quot;background_background&quot;:&quot;classic&quot;}\">\n\t\t\t\t\t<div class=\"e-con-inner\">\n\t\t<div class=\"elementor-element elementor-element-e125674 e-con-full e-flex e-con e-child\" data-id=\"e125674\" data-element_type=\"container\" data-e-type=\"container\">\n\t\t\t\t<div class=\"elementor-element elementor-element-2ddfde4 elementor-widget elementor-widget-heading\" data-id=\"2ddfde4\" data-element_type=\"widget\" data-e-type=\"widget\" data-widget_type=\"heading.default\">\n\t\t\t\t\t<span class=\"elementor-heading-title elementor-size-default\">Willkommen auf dem 4* Campingplatz Les Saules<\/span>\t\t\t\t<\/div>\n\t\t\t\t<div class=\"elementor-element elementor-element-16550ff elementor-widget elementor-widget-heading\" data-id=\"16550ff\" data-element_type=\"widget\" data-e-type=\"widget\" data-widget_type=\"heading.default\">\n\t\t\t\t\t<h1 class=\"elementor-heading-title elementor-size-default\">Mobilheim f\u00fcr 8 Personen mit direktem Zugang zum Strand<\/h1>\t\t\t\t<\/div>\n\t\t\t\t<div class=\"elementor-element elementor-element-74608bb elementor-widget elementor-widget-text-editor\" data-id=\"74608bb\" data-element_type=\"widget\" data-e-type=\"widget\" data-widget_type=\"text-editor.default\">\n\t\t\t\t\t\t\t\t\t<p>Planen Sie einen Urlaub mit einer gro\u00dfen Familie oder mit Freunden im Finist\u00e8re? Unser Familiencampingplatz in La For\u00eat-Fouesnant bietet Ihnen zwei Modelle von Mobilheimen f\u00fcr 8 Personen mit direktem Zugang zum Strand von Kerleven.   <\/p>\t\t\t\t\t\t\t\t<\/div>\n\t\t\t\t<div class=\"elementor-element elementor-element-d5df5b0 elementor-align-center elementor-widget elementor-widget-button\" data-id=\"d5df5b0\" data-element_type=\"widget\" data-e-type=\"widget\" data-widget_type=\"button.default\">\n\t\t\t\t\t\t\t\t\t\t<a class=\"elementor-button elementor-button-link elementor-size-sm\" href=\"#elementor-action%3Aaction%3Dpopup%3Aopen%26settings%3DeyJpZCI6MTkxNTIsInRvZ2dsZSI6ZmFsc2V9\">\n\t\t\t\t\t\t<span class=\"elementor-button-content-wrapper\">\n\t\t\t\t\t\t<span class=\"elementor-button-icon\">\n\t\t\t\t<svg xmlns=\"http:\/\/www.w3.org\/2000\/svg\" width=\"24\" height=\"24\" viewBox=\"0 0 24 24\" fill=\"none\" stroke=\"currentColor\" stroke-width=\"2\" stroke-linecap=\"round\" stroke-linejoin=\"round\" class=\"lucide lucide-chevron-right-icon lucide-chevron-right\"><path d=\"m9 18 6-6-6-6\"><\/path><\/svg>\t\t\t<\/span>\n\t\t\t\t\t\t\t\t\t<span class=\"elementor-button-text\">Siehe den Plan des Campingplatzes<\/span>\n\t\t\t\t\t<\/span>\n\t\t\t\t\t<\/a>\n\t\t\t\t\t\t\t\t<\/div>\n\t\t\t\t<div class=\"elementor-element elementor-element-ce9490b elementor-hidden-mobile elementor-widget elementor-widget-button\" data-id=\"ce9490b\" data-element_type=\"widget\" data-e-type=\"widget\" data-widget_type=\"button.default\">\n\t\t\t\t\t\t\t\t\t\t<a class=\"elementor-button elementor-button-link elementor-size-sm\" href=\"https:\/\/www.camping-les-saules.com\/de\/preise\/\">\n\t\t\t\t\t\t<span class=\"elementor-button-content-wrapper\">\n\t\t\t\t\t\t\t\t\t<span class=\"elementor-button-text\">Preise und Verf\u00fcgbarkeit<\/span>\n\t\t\t\t\t<\/span>\n\t\t\t\t\t<\/a>\n\t\t\t\t\t\t\t\t<\/div>\n\t\t\t\t<\/div>\n\t\t<div class=\"elementor-element elementor-element-89ae760 e-con-full e-flex e-con e-child\" data-id=\"89ae760\" data-element_type=\"container\" data-e-type=\"container\">\n\t\t\t\t<div class=\"elementor-element elementor-element-f26d192 elementor-widget__width-inherit elementor-widget elementor-widget-image\" data-id=\"f26d192\" data-element_type=\"widget\" data-e-type=\"widget\" data-widget_type=\"image.default\">\n\t\t\t\t\t\t\t\t\t\t\t\t\t\t\t<img loading=\"lazy\" decoding=\"async\" width=\"750\" height=\"499\" src=\"https:\/\/www.camping-les-saules.com\/wp-content\/uploads\/acces-direct-plage-2.jpg\" class=\"attachment-full size-full wp-image-12812\" alt=\"Ein Mann und zwei Kinder gehen auf einem sonnigen Weg zum Strand im s\u00fcdlichen Finist\u00e8re und tragen Strandausr\u00fcstung. Autos parken entlang des grasbewachsenen Weges und B\u00e4ume s\u00e4umen die Seiten, die an einen ruhigen Campingausflug erinnern.\" srcset=\"https:\/\/www.camping-les-saules.com\/wp-content\/uploads\/acces-direct-plage-2.jpg 750w, https:\/\/www.camping-les-saules.com\/wp-content\/uploads\/acces-direct-plage-2-300x200.jpg 300w\" sizes=\"auto, (max-width: 750px) 100vw, 750px\" \/>\t\t\t\t\t\t\t\t\t\t\t\t\t\t\t<\/div>\n\t\t\t\t<div class=\"elementor-element elementor-element-8ffc73a elementor-widget__width-initial elementor-widget elementor-widget-shortcode\" data-id=\"8ffc73a\" data-element_type=\"widget\" data-e-type=\"widget\" data-widget_type=\"shortcode.default\">\n\t\t\t\t\t\t\t<div class=\"elementor-shortcode\"><style>#wprev-badge-3{border-radius: 0px;}#wprev-badge-3{border-top: 5px solid #ffffff;}#wprev-badge-3{background: #ffffff;}#wprev-badge-3{border-bottom: 5px solid #ffffff;}#wprev-badge-3 .svgicons {background: #F9BC11 }#wprev-badge-3 .wppro_badge1_SPAN_4 {color: #666666;}#wprev-badge-3 .wppro_badge1_SPAN_13 {color: #666666;}#wprev-badge-3 .wppro_badge1_DIV_12 {color: #666666;}#wprev-badge-3 {width: auto;}<\/style>\r\n<div class=\"wprevpro_badge wppro_badge1_DIV_1 b6s1\" id=\"wprev-badge-3\">\t\r\n\t\t\t\t<div class=\"wppro_badge1_DIV_2 b6s2\">\t\r\n\t\t\t\t<div class=\"wppro_badge3_DIV_13\"><img decoding=\"async\" src=\"https:\/\/www.camping-les-saules.com\/wp-content\/plugins\/wp-review-slider-pro\/public\/partials\/imgs\/facebook_small_icon.svg\" width=32 height=32 alt=\"facebook logo\" class=\"wppro_badge3_IMG_4 wprevsmallbadgeicon\"><img decoding=\"async\" src=\"https:\/\/www.camping-les-saules.com\/wp-content\/plugins\/wp-review-slider-pro\/public\/partials\/imgs\/google_small_icon.svg\" width=32 height=32 alt=\"google logo\" class=\"wppro_badge3_IMG_4 wprevsmallbadgeicon\"><img decoding=\"async\" src=\"https:\/\/www.camping-les-saules.com\/wp-content\/plugins\/wp-review-slider-pro\/public\/partials\/imgs\/tripadvisor_small_icon.svg\" width=32 height=32 alt=\"tripadvisor logo\" class=\"wppro_badge3_IMG_4 wprevsmallbadgeicon\"><\/div>\t\r\n\t\t\t\t<div class=\"wppro_badge1_DIV_5 b6s5\">\t\r\n\t\t\t\t<div class=\"wppro_badge1_DIV_stars b6s6\"><span class=\"wppro_avg_b6s6a\">4.6<\/span><span class=\"svgicons svg-wprsp-star-full\"><\/span><span class=\"svgicons svg-wprsp-star-full\"><\/span><span class=\"svgicons svg-wprsp-star-full\"><\/span><span class=\"svgicons svg-wprsp-star-full\"><\/span><span class=\"svgicons svg-wprsp-star-half\"><\/span>\t\r\n\t\t\t\t<\/div>\t\r\n\t\t\t\t<div class=\"wppro_badge1_DIV_12 b6s12\"><span class=\"wppro_badge1_SPAN_15\">298<\/span>&nbsp;Avis<\/div><\/div><\/div><\/div>\r\n\t\t\t\t\r\n\r\n<\/div>\n\t\t\t\t\t\t<\/div>\n\t\t\t\t<\/div>\n\t\t\t\t\t<\/div>\n\t\t\t\t<\/div>\n\t\t<div class=\"elementor-element elementor-element-f4215b8 e-flex e-con-boxed e-con e-child\" data-id=\"f4215b8\" data-element_type=\"container\" data-e-type=\"container\">\n\t\t\t\t\t<div class=\"e-con-inner\">\n\t\t<div class=\"elementor-element elementor-element-975eb3c e-con-full e-flex e-con e-child\" data-id=\"975eb3c\" data-element_type=\"container\" data-e-type=\"container\">\n\t\t\t\t<div class=\"elementor-element elementor-element-b764908 elementor-widget elementor-widget-text-editor\" data-id=\"b764908\" data-element_type=\"widget\" data-e-type=\"widget\" data-widget_type=\"text-editor.default\">\n\t\t\t\t\t\t\t\t\t<p data-source-line=\"9-9\">Unsere zwei XXL-Mobilheime mit modernem Design sind perfekt ausgestattet, um Ihre Familie unter optimalen Bedingungen zu empfangen. Jede Unterkunft verf\u00fcgt \u00fcber eine offene K\u00fcche mit Zugang zu einer \u00fcberdachten Terrasse, ideal f\u00fcr Familienessen. Beide Modelle befinden sich auf der Strandseite, so dass Sie den ganzen Tag \u00fcber leicht zum Ozean und zur\u00fcck gelangen k\u00f6nnen.  <\/p><h2 id=\"les-atouts-de-notre-emplacement-en-bord-de-mer\" data-source-line=\"11-11\">Die Vorteile unserer Lage am Meer<\/h2><p data-source-line=\"13-13\">Unser <a href=\"https:\/\/www.camping-les-saules.com\/de\/camping-bord-de-mer-fouesnant\/\" target=\"_blank\" rel=\"noopener noreferrer\">Campingplatz am Meer in Fouesnant<\/a> bietet einen direkten Zugang zum Strand von Kerleven, einem der sch\u00f6nsten Str\u00e4nde des s\u00fcdlichen Finist\u00e8re. Sobald Sie aufwachen, liegt Ihnen das Meer zu F\u00fc\u00dfen. Sie leben im Rhythmus der Gezeiten, zwischen morgendlichem Schwimmen und Spazierg\u00e4ngen im Sand am Ende des Tages.  <\/p><p data-source-line=\"15-15\">Der Campingplatz liegt auch am Anfang des GR34, dem ber\u00fchmten K\u00fcstenpfad, der entlang der bretonischen K\u00fcste zwischen B\u00e9nodet und Concarneau verl\u00e4uft. Wanderfreunde werden diese privilegierte Lage zu sch\u00e4tzen wissen, um die K\u00fcste des s\u00fcdlichen Finist\u00e8re zu erkunden. Das nur 8 Autominuten entfernte Thalasso de Concarneau bietet Behandlungen mit Blick auf den Ozean, f\u00fcr diejenigen, die w\u00e4hrend ihres Aufenthalts Entspannung und Fitness kombinieren m\u00f6chten.  <\/p>\t\t\t\t\t\t\t\t<\/div>\n\t\t\t\t<\/div>\n\t\t\t\t\t<\/div>\n\t\t\t\t<\/div>\n\t\t<div class=\"elementor-element elementor-element-03803aa e-flex e-con-boxed e-con e-child\" data-id=\"03803aa\" data-element_type=\"container\" data-e-type=\"container\">\n\t\t\t\t\t<div class=\"e-con-inner\">\n\t\t<div class=\"elementor-element elementor-element-04ba39e e-con-full e-flex e-con e-child\" data-id=\"04ba39e\" data-element_type=\"container\" data-e-type=\"container\">\n\t\t\t\t<div class=\"elementor-element elementor-element-5ae7f73 elementor-arrows-position-inside elementor-pagination-position-outside elementor-widget elementor-widget-image-carousel\" data-id=\"5ae7f73\" data-element_type=\"widget\" data-e-type=\"widget\" data-settings=\"{&quot;navigation&quot;:&quot;both&quot;,&quot;autoplay&quot;:&quot;yes&quot;,&quot;pause_on_hover&quot;:&quot;yes&quot;,&quot;pause_on_interaction&quot;:&quot;yes&quot;,&quot;autoplay_speed&quot;:5000,&quot;infinite&quot;:&quot;yes&quot;,&quot;speed&quot;:500,&quot;image_spacing_custom&quot;:{&quot;unit&quot;:&quot;px&quot;,&quot;size&quot;:20,&quot;sizes&quot;:[]},&quot;image_spacing_custom_tablet&quot;:{&quot;unit&quot;:&quot;px&quot;,&quot;size&quot;:&quot;&quot;,&quot;sizes&quot;:[]},&quot;image_spacing_custom_mobile&quot;:{&quot;unit&quot;:&quot;px&quot;,&quot;size&quot;:&quot;&quot;,&quot;sizes&quot;:[]}}\" data-widget_type=\"image-carousel.default\">\n\t\t\t\t\t\t\t<div class=\"elementor-image-carousel-wrapper swiper\" role=\"region\" aria-roledescription=\"carousel\" aria-label=\"Carrousel d\u2019images\" dir=\"ltr\">\n\t\t\t<div class=\"elementor-image-carousel swiper-wrapper\" aria-live=\"off\">\n\t\t\t\t\t\t\t\t<div class=\"swiper-slide\" role=\"group\" aria-roledescription=\"slide\" aria-label=\"1 von 3\"><a data-elementor-open-lightbox=\"yes\" data-elementor-lightbox-slideshow=\"5ae7f73\" data-e-action-hash=\"#elementor-action%3Aaction%3Dlightbox%26settings%3DeyJpZCI6MTM0ODQsInVybCI6Imh0dHBzOlwvXC93d3cuY2FtcGluZy1sZXMtc2F1bGVzLmNvbVwvd3AtY29udGVudFwvdXBsb2Fkc1wvbW9iaWwtaG9tZS04LXBlcnNvbm5lcy1maW5pc3RlcmUuanBnIiwic2xpZGVzaG93IjoiNWFlN2Y3MyJ9\" href=\"https:\/\/www.camping-les-saules.com\/wp-content\/uploads\/mobil-home-8-personnes-finistere.jpg\"><figure class=\"swiper-slide-inner\"><img decoding=\"async\" class=\"swiper-slide-image\" src=\"https:\/\/www.camping-les-saules.com\/wp-content\/uploads\/mobil-home-8-personnes-finistere-768x576.jpg\" alt=\"Mobilheim-8-Personen-Finistere\" \/><\/figure><\/a><\/div><div class=\"swiper-slide\" role=\"group\" aria-roledescription=\"slide\" aria-label=\"2 von 3\"><a data-elementor-open-lightbox=\"yes\" data-elementor-lightbox-slideshow=\"5ae7f73\" data-e-action-hash=\"#elementor-action%3Aaction%3Dlightbox%26settings%3DeyJpZCI6MTM5ODYsInVybCI6Imh0dHBzOlwvXC93d3cuY2FtcGluZy1sZXMtc2F1bGVzLmNvbVwvd3AtY29udGVudFwvdXBsb2Fkc1wvbW9iaWwtaG9tZS14eGwuanBnIiwic2xpZGVzaG93IjoiNWFlN2Y3MyJ9\" href=\"https:\/\/www.camping-les-saules.com\/wp-content\/uploads\/mobil-home-xxl.jpg\"><figure class=\"swiper-slide-inner\"><img decoding=\"async\" class=\"swiper-slide-image\" src=\"https:\/\/www.camping-les-saules.com\/wp-content\/uploads\/mobil-home-xxl-768x576.jpg\" alt=\"Mobilheim 8 Personen Nirvana Espace\" \/><\/figure><\/a><\/div><div class=\"swiper-slide\" role=\"group\" aria-roledescription=\"slide\" aria-label=\"3 von 3\"><a data-elementor-open-lightbox=\"yes\" data-elementor-lightbox-slideshow=\"5ae7f73\" data-e-action-hash=\"#elementor-action%3Aaction%3Dlightbox%26settings%3DeyJpZCI6MTM5ODMsInVybCI6Imh0dHBzOlwvXC93d3cuY2FtcGluZy1sZXMtc2F1bGVzLmNvbVwvd3AtY29udGVudFwvdXBsb2Fkc1wvbW9iaWwtaG9tZS04LXBlcnNvbm5lcy0xLmpwZyIsInNsaWRlc2hvdyI6IjVhZTdmNzMifQ%3D%3D\" href=\"https:\/\/www.camping-les-saules.com\/wp-content\/uploads\/mobil-home-8-personnes-1.jpg\"><figure class=\"swiper-slide-inner\"><img decoding=\"async\" class=\"swiper-slide-image\" src=\"https:\/\/www.camping-les-saules.com\/wp-content\/uploads\/mobil-home-8-personnes-1-768x576.jpg\" alt=\"Mobil Home Oman 8 Personen\" \/><\/figure><\/a><\/div>\t\t\t<\/div>\n\t\t\t\t\t\t\t\t\t\t\t\t<div class=\"elementor-swiper-button elementor-swiper-button-prev\" role=\"button\" tabindex=\"0\">\n\t\t\t\t\t\t<svg aria-hidden=\"true\" class=\"e-font-icon-svg e-eicon-chevron-left\" viewBox=\"0 0 1000 1000\" xmlns=\"http:\/\/www.w3.org\/2000\/svg\"><path d=\"M646 125C629 125 613 133 604 142L308 442C296 454 292 471 292 487 292 504 296 521 308 533L604 854C617 867 629 875 646 875 663 875 679 871 692 858 704 846 713 829 713 812 713 796 708 779 692 767L438 487 692 225C700 217 708 204 708 187 708 171 704 154 692 142 675 129 663 125 646 125Z\"><\/path><\/svg>\t\t\t\t\t<\/div>\n\t\t\t\t\t<div class=\"elementor-swiper-button elementor-swiper-button-next\" role=\"button\" tabindex=\"0\">\n\t\t\t\t\t\t<svg aria-hidden=\"true\" class=\"e-font-icon-svg e-eicon-chevron-right\" viewBox=\"0 0 1000 1000\" xmlns=\"http:\/\/www.w3.org\/2000\/svg\"><path d=\"M696 533C708 521 713 504 713 487 713 471 708 454 696 446L400 146C388 133 375 125 354 125 338 125 325 129 313 142 300 154 292 171 292 187 292 204 296 221 308 233L563 492 304 771C292 783 288 800 288 817 288 833 296 850 308 863 321 871 338 875 354 875 371 875 388 867 400 854L696 533Z\"><\/path><\/svg>\t\t\t\t\t<\/div>\n\t\t\t\t\n\t\t\t\t\t\t\t\t\t<div class=\"swiper-pagination\"><\/div>\n\t\t\t\t\t\t\t\t\t<\/div>\n\t\t\t\t\t\t<\/div>\n\t\t\t\t<\/div>\n\t\t\t\t\t<\/div>\n\t\t\t\t<\/div>\n\t\t<div class=\"elementor-element elementor-element-b5aaaa7 e-flex e-con-boxed e-con e-child\" data-id=\"b5aaaa7\" data-element_type=\"container\" data-e-type=\"container\">\n\t\t\t\t\t<div class=\"e-con-inner\">\n\t\t<div class=\"elementor-element elementor-element-123072b e-con-full e-flex e-con e-child\" data-id=\"123072b\" data-element_type=\"container\" data-e-type=\"container\">\n\t\t\t\t<div class=\"elementor-element elementor-element-a778c9f elementor-widget elementor-widget-text-editor\" data-id=\"a778c9f\" data-element_type=\"widget\" data-e-type=\"widget\" data-widget_type=\"text-editor.default\">\n\t\t\t\t\t\t\t\t\t<h2 data-source-line=\"15-15\">Mobilheim 8 Personen Privilegierte Reihe<\/h2><p data-source-line=\"19-19\">Unser 4-Zimmer-Standcaravan der Privilege-Klasse ist unsere kompletteste Unterkunft f\u00fcr gro\u00dfe Familien. Es befindet sich auf der Strandseite und bietet eine hochwertige Ausstattung f\u00fcr einen optimalen Komfort w\u00e4hrend Ihres Urlaubs. <\/p><p data-source-line=\"21-21\"><strong>Konfiguration der Schlafzimmer:<\/strong> Dieser Standcaravan verf\u00fcgt \u00fcber 2 Schlafzimmer mit Doppelbetten von 140 x 190 cm und 2 Schlafzimmer mit 2 Einzelbetten von 80 x 190 cm pro Zimmer. Alle Zimmer sind mit Rolll\u00e4den und Schr\u00e4nken ausgestattet. Die komplette Bettw\u00e4sche ist vorhanden: Bettdecken, Kopfkissen, Bettw\u00e4sche und Handt\u00fccher, so dass Sie Ihr Gep\u00e4ck nicht belasten m\u00fcssen.  <\/p><p data-source-line=\"23-23\"><strong>Badezimmer:<\/strong> Der gr\u00f6\u00dfte Vorteil dieses Modells sind die zwei Badezimmer, die jeweils mit einer Duschkabine und einem Waschtisch ausgestattet sind. Diese Konfiguration vermeidet morgendliche Staus und erleichtert die t\u00e4gliche Organisation mit acht Personen. Ein separates WC vervollst\u00e4ndigt die sanit\u00e4ren Einrichtungen.  <\/p><p data-source-line=\"25-25\"><strong>K\u00fcche und Ausstattung:<\/strong> Die voll ausgestattete amerikanische K\u00fcche verf\u00fcgt \u00fcber einen 4-stelligen Gasherd, eine Edelstahlsp\u00fcle, eine Dunstabzugshaube, einen K\u00fchlschrank mit Gefrierfach, einen Geschirrsp\u00fcler, eine Mikrowelle, einen Wasserkocher, eine Kaffeemaschine, eine Kaffeemaschine f\u00fcr Pads und einen Toaster. Das gesamte Geschirr und die K\u00fcchenutensilien f\u00fcr 8 Personen sind vorhanden. Alle R\u00e4ume sind mit elektrischen Konvektoren beheizt.  <\/p><p data-source-line=\"27-27\">Wohnbereich<strong>:<\/strong> Der Wohnbereich ist um eine gro\u00dfe Sitzbank, einen Tisch und 8 St\u00fchle herum angeordnet. Das Mobilheim ist mit einem Fernseher ausgestattet, so dass Sie sich mit Ihrer Familie entspannen k\u00f6nnen. WiFi ist f\u00fcr 4 Personen im Preis inbegriffen, so dass Sie w\u00e4hrend Ihres Urlaubs immer in Verbindung bleiben k\u00f6nnen.  <\/p><p data-source-line=\"29-29\"><strong>Terrasse und Au\u00dfenbereich:<\/strong> Die gro\u00dfe \u00fcberdachte Terrasse ist mit einem Tisch, 8 St\u00fchlen und 3 Relax-Sesseln ausgestattet. Ein Grill und ein W\u00e4schest\u00e4nder vervollst\u00e4ndigen die Ausstattung. Es gibt auch eine Ladestation f\u00fcr ein Elektrofahrzeug, ein Service, der auf bretonischen Campingpl\u00e4tzen noch selten ist. Zwei Parkpl\u00e4tze sind f\u00fcr Ihre Unterkunft reserviert.   <\/p><h2 id=\"mobil-home-8-personnes-gamme-confort\" data-source-line=\"31-31\">Mobilheim 8 Personen Komfortlinie<\/h2><p data-source-line=\"33-33\">Unser Mobilheim mit 4 Schlafzimmern der Komfort-Klasse bietet alle wichtigen Einrichtungen f\u00fcr einen angenehmen Familienurlaub am Meer. Es liegt auf der Strandseite wie sein Gegenst\u00fcck Privilege und ist eine preisg\u00fcnstige Option, ohne auf Komfort verzichten zu m\u00fcssen. <\/p><p data-source-line=\"35-35\"><strong>Konfiguration der Schlafzimmer:<\/strong> Dieses Modell bietet die gleiche Aufteilung wie die Privil\u00e8ge-Reihe: 2 Schlafzimmer mit Doppelbetten von 140 x 190 cm und 2 Schlafzimmer mit 2 Einzelbetten von 80 x 190 cm pro Zimmer. Die Zimmer sind mit Verdunkelungsrollos oder Rolll\u00e4den ausgestattet und verf\u00fcgen \u00fcber Schr\u00e4nke. Bettdecken und Kopfkissen sind vorhanden, Bettw\u00e4sche und Handt\u00fccher m\u00fcssen Sie selbst mitbringen.  <\/p><p data-source-line=\"37-37\"><strong>Badezimmer:<\/strong> Ein Badezimmer mit einer Duschkabine und einem Waschtisch ist in allen Zimmern vorhanden. Die Toilette ist vom Badezimmer getrennt, was die Benutzung durch mehrere Personen erleichtert. <\/p><p data-source-line=\"39-39\"><strong>K\u00fcche und Ausstattung:<\/strong> Die K\u00fcche verf\u00fcgt \u00fcber einen 4-stelligen Gasherd, eine Edelstahlsp\u00fcle, eine Dunstabzugshaube, einen K\u00fchlschrank mit Gefrierfach, eine Mikrowelle, einen Wasserkocher, eine Kaffeemaschine und einen Toaster. Das Geschirr und alle K\u00fcchenutensilien f\u00fcr 8 Personen stehen zur Verf\u00fcgung. Alle R\u00e4ume des Mobilheims sind mit einer elektrischen Heizung ausgestattet.  <\/p><p data-source-line=\"41-41\">Wohnbereich<strong>:<\/strong> Der Wohnbereich besteht aus einer gro\u00dfen Sitzbank, einem Tisch mit 8 St\u00fchlen und einem Fernseher. Diese Einrichtung erm\u00f6glicht es der ganzen Familie, sich bequem zu den Mahlzeiten und zum Entspannen zu treffen. <\/p><p data-source-line=\"43-43\"><strong>Terrasse und Au\u00dfenbereich:<\/strong> Die \u00fcberdachte Terrasse verf\u00fcgt \u00fcber einen Tisch, 8 St\u00fchle und 3 Relax-Sessel. Ein Holzkohlegrill und ein W\u00e4schest\u00e4nder vervollst\u00e4ndigen die Au\u00dfenausstattung. Zwei Parkpl\u00e4tze sind Ihrer Unterkunft zugeordnet.  <\/p><h2 id=\"une-solution-alternative-%3A-les-appartements-duplex-communicants\" data-source-line=\"45-45\">Eine alternative L\u00f6sung: Duplex-Apartments mit Verbindungst\u00fcr<\/h2><p data-source-line=\"47-47\">F\u00fcr gro\u00dfe Familien oder Gruppen, die mehr Platz ben\u00f6tigen, aber dennoch in der N\u00e4he bleiben m\u00f6chten, bieten wir auch zwei Duplex-Appartements f\u00fcr 4 Personen an. Diese Unterk\u00fcnfte k\u00f6nnen \u00fcber ihre \u00fcberdachte Terrasse mit Meerblick miteinander verbunden werden. Diese Konfiguration erm\u00f6glicht es Eltern und Gro\u00dfeltern, ihre Privatsph\u00e4re zu bewahren, w\u00e4hrend sie die geselligen Momente auf der gemeinsamen Terrasse mit Blick auf den Ozean teilen k\u00f6nnen.  <\/p><h2 id=\"profiter-du-camping-au-printemps-%3A-tarifs-avantageux-et-d%C3%A9couvertes\" data-source-line=\"49-49\">Genie\u00dfen Sie Camping im Fr\u00fchling: G\u00fcnstige Preise und Entdeckungen<\/h2><p data-source-line=\"51-51\">Der Fr\u00fchling ist eine ideale Zeit, um Ihr 8-Personen-Mobilheim zu einem g\u00fcnstigen Preis zu buchen. Auf dem Campingplatz Les Saules k\u00f6nnen Sie eine Woche mit direktem Zugang zum Strand ab 465 \u20ac buchen. Diese Saison bietet viele Vorteile, um das s\u00fcdliche Finist\u00e8re unter optimalen Bedingungen zu erkunden.  <\/p><p data-source-line=\"53-53\">Die geringeren Besucherzahlen erm\u00f6glichen es, die Sehensw\u00fcrdigkeiten wie das Gl\u00e9nan-Archipel ohne die sommerlichen Menschenmassen zu genie\u00dfen. Die milden Temperaturen eignen sich f\u00fcr Wanderungen auf dem K\u00fcstenpfad und f\u00fcr kulturelle Besichtigungen. Kinder genie\u00dfen die vielf\u00e4ltigen Aktivit\u00e4ten, die in der Region angeboten werden: familienfreundliche Museen, Geocaching, Erkundung von Buchten und wilden Str\u00e4nden.  <\/p><p data-source-line=\"55-55\">Wenn das Meerwasser im Fr\u00fchjahr noch k\u00fchl ist, k\u00f6nnen Sie in unserem beheizten Au\u00dfenpool bequem schwimmen. Im Wellnessbereich des Campingplatzes k\u00f6nnen Sie sich nach einem Spaziergang am Meer entspannen. <\/p>\t\t\t\t\t\t\t\t<\/div>\n\t\t\t\t<\/div>\n\t\t\t\t\t<\/div>\n\t\t\t\t<\/div>\n\t\t<div class=\"elementor-element elementor-element-6609059 e-flex e-con-boxed e-con e-child\" data-id=\"6609059\" data-element_type=\"container\" data-e-type=\"container\">\n\t\t\t\t\t<div class=\"e-con-inner\">\n\t\t<div class=\"elementor-element elementor-element-d36e324 e-con-full e-flex e-con e-child\" data-id=\"d36e324\" data-element_type=\"container\" data-e-type=\"container\">\n\t\t\t\t<div class=\"elementor-element elementor-element-4fa635c elementor-arrows-position-inside elementor-pagination-position-outside elementor-widget elementor-widget-image-carousel\" data-id=\"4fa635c\" data-element_type=\"widget\" data-e-type=\"widget\" data-settings=\"{&quot;navigation&quot;:&quot;both&quot;,&quot;autoplay&quot;:&quot;yes&quot;,&quot;pause_on_hover&quot;:&quot;yes&quot;,&quot;pause_on_interaction&quot;:&quot;yes&quot;,&quot;autoplay_speed&quot;:5000,&quot;infinite&quot;:&quot;yes&quot;,&quot;speed&quot;:500,&quot;image_spacing_custom&quot;:{&quot;unit&quot;:&quot;px&quot;,&quot;size&quot;:20,&quot;sizes&quot;:[]},&quot;image_spacing_custom_tablet&quot;:{&quot;unit&quot;:&quot;px&quot;,&quot;size&quot;:&quot;&quot;,&quot;sizes&quot;:[]},&quot;image_spacing_custom_mobile&quot;:{&quot;unit&quot;:&quot;px&quot;,&quot;size&quot;:&quot;&quot;,&quot;sizes&quot;:[]}}\" data-widget_type=\"image-carousel.default\">\n\t\t\t\t\t\t\t<div class=\"elementor-image-carousel-wrapper swiper\" role=\"region\" aria-roledescription=\"carousel\" aria-label=\"Carrousel d\u2019images\" dir=\"ltr\">\n\t\t\t<div class=\"elementor-image-carousel swiper-wrapper\" aria-live=\"off\">\n\t\t\t\t\t\t\t\t<div class=\"swiper-slide\" role=\"group\" aria-roledescription=\"slide\" aria-label=\"1 von 6\"><a data-elementor-open-lightbox=\"yes\" data-elementor-lightbox-slideshow=\"4fa635c\" data-e-action-hash=\"#elementor-action%3Aaction%3Dlightbox%26settings%3DeyJpZCI6MTU1MjAsInVybCI6Imh0dHBzOlwvXC93d3cuY2FtcGluZy1sZXMtc2F1bGVzLmNvbVwvd3AtY29udGVudFwvdXBsb2Fkc1wvcmVzdGF1cmFudC1jYW1waW5nLndlYnAiLCJzbGlkZXNob3ciOiI0ZmE2MzVjIn0%3D\" href=\"https:\/\/www.camping-les-saules.com\/wp-content\/uploads\/restaurant-camping.webp\"><figure class=\"swiper-slide-inner\"><img decoding=\"async\" class=\"swiper-slide-image\" src=\"https:\/\/www.camping-les-saules.com\/wp-content\/uploads\/restaurant-camping-768x512.webp\" alt=\"Ein modernes Haus mit Sitzgelegenheiten im Freien unter roten und schwarzen Sonnenschirmen, Topfpflanzen und Menschen, die an einem sonnigen Tag die Holzterrasse genie\u00dfen - ein perfekter Ort zum Entspannen oder Zusammenkommen, der an die W\u00e4rme der famili\u00e4ren Momente beim Camping erinnert.\" \/><\/figure><\/a><\/div><div class=\"swiper-slide\" role=\"group\" aria-roledescription=\"slide\" aria-label=\"2 von 6\"><a data-elementor-open-lightbox=\"yes\" data-elementor-lightbox-slideshow=\"4fa635c\" data-e-action-hash=\"#elementor-action%3Aaction%3Dlightbox%26settings%3DeyJpZCI6MTI4MTYsInVybCI6Imh0dHBzOlwvXC93d3cuY2FtcGluZy1sZXMtc2F1bGVzLmNvbVwvd3AtY29udGVudFwvdXBsb2Fkc1wvZXBpY2VyaWUtY2FtcGluZy0yLmpwZyIsInNsaWRlc2hvdyI6IjRmYTYzNWMifQ%3D%3D\" href=\"https:\/\/www.camping-les-saules.com\/wp-content\/uploads\/epicerie-camping-2.jpg\"><figure class=\"swiper-slide-inner\"><img decoding=\"async\" class=\"swiper-slide-image\" src=\"https:\/\/www.camping-les-saules.com\/wp-content\/uploads\/epicerie-camping-2.jpg\" alt=\"Kleiner Supermarkt mit Regalen, in denen verschiedene Lebensmittel, Getr\u00e4nke und Snacks ausgestellt sind, ideal zum Einkaufen vor Ihrem Campingurlaub im S\u00fcd-Finist\u00e8re. Im Hintergrund ist eine Treppe zu sehen.\" \/><\/figure><\/a><\/div><div class=\"swiper-slide\" role=\"group\" aria-roledescription=\"slide\" aria-label=\"3 von 6\"><a data-elementor-open-lightbox=\"yes\" data-elementor-lightbox-slideshow=\"4fa635c\" data-e-action-hash=\"#elementor-action%3Aaction%3Dlightbox%26settings%3DeyJpZCI6MTI4MTUsInVybCI6Imh0dHBzOlwvXC93d3cuY2FtcGluZy1sZXMtc2F1bGVzLmNvbVwvd3AtY29udGVudFwvdXBsb2Fkc1wvcGFyYy1hcXVhdGlxdWUtY2FtcGluZy0xLmpwZyIsInNsaWRlc2hvdyI6IjRmYTYzNWMifQ%3D%3D\" href=\"https:\/\/www.camping-les-saules.com\/wp-content\/uploads\/parc-aquatique-camping-1.jpg\"><figure class=\"swiper-slide-inner\"><img decoding=\"async\" class=\"swiper-slide-image\" src=\"https:\/\/www.camping-les-saules.com\/wp-content\/uploads\/parc-aquatique-camping-1.jpg\" alt=\"Der sonnige Au\u00dfenpoolbereich von Camping Sud ist mit Palmen und Liegest\u00fchlen ausgestattet, wo die Menschen fr\u00f6hlich das Wasser genie\u00dfen.\" \/><\/figure><\/a><\/div><div class=\"swiper-slide\" role=\"group\" aria-roledescription=\"slide\" aria-label=\"4 von 6\"><a data-elementor-open-lightbox=\"yes\" data-elementor-lightbox-slideshow=\"4fa635c\" data-e-action-hash=\"#elementor-action%3Aaction%3Dlightbox%26settings%3DeyJpZCI6MTI4MTQsInVybCI6Imh0dHBzOlwvXC93d3cuY2FtcGluZy1sZXMtc2F1bGVzLmNvbVwvd3AtY29udGVudFwvdXBsb2Fkc1wvamV1eC1jYW1waW5nLTIuanBnIiwic2xpZGVzaG93IjoiNGZhNjM1YyJ9\" href=\"https:\/\/www.camping-les-saules.com\/wp-content\/uploads\/jeux-camping-2.jpg\"><figure class=\"swiper-slide-inner\"><img decoding=\"async\" class=\"swiper-slide-image\" src=\"https:\/\/www.camping-les-saules.com\/wp-content\/uploads\/jeux-camping-2-768x512.jpg\" alt=\"Kinder spielen auf einem farbenfrohen Spielger\u00fcst mit Rutschen und Kletterelementen, umgeben von B\u00e4umen und Geb\u00e4uden unter einem klaren Himmel, der an Campingausfl\u00fcge mit der Familie in der heiteren Landschaft des s\u00fcdlichen Finist\u00e8re erinnert.\" \/><\/figure><\/a><\/div><div class=\"swiper-slide\" role=\"group\" aria-roledescription=\"slide\" aria-label=\"5 von 6\"><a data-elementor-open-lightbox=\"yes\" data-elementor-lightbox-slideshow=\"4fa635c\" data-e-action-hash=\"#elementor-action%3Aaction%3Dlightbox%26settings%3DeyJpZCI6MTI4MTIsInVybCI6Imh0dHBzOlwvXC93d3cuY2FtcGluZy1sZXMtc2F1bGVzLmNvbVwvd3AtY29udGVudFwvdXBsb2Fkc1wvYWNjZXMtZGlyZWN0LXBsYWdlLTIuanBnIiwic2xpZGVzaG93IjoiNGZhNjM1YyJ9\" href=\"https:\/\/www.camping-les-saules.com\/wp-content\/uploads\/acces-direct-plage-2.jpg\"><figure class=\"swiper-slide-inner\"><img decoding=\"async\" class=\"swiper-slide-image\" src=\"https:\/\/www.camping-les-saules.com\/wp-content\/uploads\/acces-direct-plage-2.jpg\" alt=\"Ein Mann und zwei Kinder gehen auf einem sonnigen Weg zum Strand im s\u00fcdlichen Finist\u00e8re und tragen Strandausr\u00fcstung. Autos parken entlang des grasbewachsenen Weges und B\u00e4ume s\u00e4umen die Seiten, die an einen ruhigen Campingausflug erinnern.\" \/><\/figure><\/a><\/div><div class=\"swiper-slide\" role=\"group\" aria-roledescription=\"slide\" aria-label=\"6 von 6\"><a data-elementor-open-lightbox=\"yes\" data-elementor-lightbox-slideshow=\"4fa635c\" data-e-action-hash=\"#elementor-action%3Aaction%3Dlightbox%26settings%3DeyJpZCI6MTI3OTYsInVybCI6Imh0dHBzOlwvXC93d3cuY2FtcGluZy1sZXMtc2F1bGVzLmNvbVwvd3AtY29udGVudFwvdXBsb2Fkc1wvcGxhZ2UtZmluaXN0ZXJlLXN1ZC5qcGciLCJzbGlkZXNob3ciOiI0ZmE2MzVjIn0%3D\" href=\"https:\/\/www.camping-les-saules.com\/wp-content\/uploads\/plage-finistere-sud.jpg\"><figure class=\"swiper-slide-inner\"><img decoding=\"async\" class=\"swiper-slide-image\" src=\"https:\/\/www.camping-les-saules.com\/wp-content\/uploads\/plage-finistere-sud-768x575.jpg\" alt=\"Luftaufnahme eines belebten Strandes im Finist\u00e8re mit badenden und sonnenbadenden Menschen. In der N\u00e4he befindet sich ein Campingplatz, der einen einfachen Zugang zum Ozean bietet, w\u00e4hrend ein Parkplatz mit Autos an das Ufer grenzt, das von einer Reihe charmanter Geb\u00e4ude ges\u00e4umt wird.\" \/><\/figure><\/a><\/div>\t\t\t<\/div>\n\t\t\t\t\t\t\t\t\t\t\t\t<div class=\"elementor-swiper-button elementor-swiper-button-prev\" role=\"button\" tabindex=\"0\">\n\t\t\t\t\t\t<svg aria-hidden=\"true\" class=\"e-font-icon-svg e-eicon-chevron-left\" viewBox=\"0 0 1000 1000\" xmlns=\"http:\/\/www.w3.org\/2000\/svg\"><path d=\"M646 125C629 125 613 133 604 142L308 442C296 454 292 471 292 487 292 504 296 521 308 533L604 854C617 867 629 875 646 875 663 875 679 871 692 858 704 846 713 829 713 812 713 796 708 779 692 767L438 487 692 225C700 217 708 204 708 187 708 171 704 154 692 142 675 129 663 125 646 125Z\"><\/path><\/svg>\t\t\t\t\t<\/div>\n\t\t\t\t\t<div class=\"elementor-swiper-button elementor-swiper-button-next\" role=\"button\" tabindex=\"0\">\n\t\t\t\t\t\t<svg aria-hidden=\"true\" class=\"e-font-icon-svg e-eicon-chevron-right\" viewBox=\"0 0 1000 1000\" xmlns=\"http:\/\/www.w3.org\/2000\/svg\"><path d=\"M696 533C708 521 713 504 713 487 713 471 708 454 696 446L400 146C388 133 375 125 354 125 338 125 325 129 313 142 300 154 292 171 292 187 292 204 296 221 308 233L563 492 304 771C292 783 288 800 288 817 288 833 296 850 308 863 321 871 338 875 354 875 371 875 388 867 400 854L696 533Z\"><\/path><\/svg>\t\t\t\t\t<\/div>\n\t\t\t\t\n\t\t\t\t\t\t\t\t\t<div class=\"swiper-pagination\"><\/div>\n\t\t\t\t\t\t\t\t\t<\/div>\n\t\t\t\t\t\t<\/div>\n\t\t\t\t<\/div>\n\t\t\t\t\t<\/div>\n\t\t\t\t<\/div>\n\t\t<div class=\"elementor-element elementor-element-5d1ff0f e-flex e-con-boxed e-con e-child\" data-id=\"5d1ff0f\" data-element_type=\"container\" data-e-type=\"container\">\n\t\t\t\t\t<div class=\"e-con-inner\">\n\t\t<div class=\"elementor-element elementor-element-026070a e-con-full e-flex e-con e-child\" data-id=\"026070a\" data-element_type=\"container\" data-e-type=\"container\">\n\t\t\t\t<div class=\"elementor-element elementor-element-7ce33d8 elementor-widget elementor-widget-text-editor\" data-id=\"7ce33d8\" data-element_type=\"widget\" data-e-type=\"widget\" data-widget_type=\"text-editor.default\">\n\t\t\t\t\t\t\t\t\t<h2 data-source-line=\"55-55\">Sommer im Mobilheim: Animation und Service auf dem Campingplatz<\/h2><p data-source-line=\"59-59\">W\u00e4hrend der Sommersaison bietet der Campingplatz Les Saules alles, um Ihren Aufenthalt zu einem unvergesslichen Erlebnis zu machen. Der 300 m\u00b2 gro\u00dfe beheizte Au\u00dfenpool mit Rutsche und Pentagliss begeistert die Kinder, w\u00e4hrend das gesicherte Planschbecken die Kleinsten willkommen hei\u00dft. Der Bouleplatz, die Spielpl\u00e4tze und der Verleih von Kajaks und Paddles vervollst\u00e4ndigen das Angebot an Aktivit\u00e4ten vor Ort.  <\/p><p data-source-line=\"61-61\">Unsere Einrichtungen bieten Ihnen die M\u00f6glichkeit, zwischen Strand, Schwimmbad und Kajakfahrten entlang der K\u00fcste zu variieren. Die sommerlichen Animationen f\u00fcr Gro\u00df und Klein schaffen eine gesellige Atmosph\u00e4re, die den Ruf unseres <a href=\"https:\/\/www.camping-les-saules.com\/de\/familien-campingplatz-fouesnant\/\" target=\"_blank\" rel=\"noopener noreferrer\">Familiencampingplatzes in Fouesnant<\/a> begr\u00fcndet. <\/p><p data-source-line=\"63-63\"><strong>Essen &amp; Trinken:<\/strong> Das Restaurant des Campingplatzes bietet den ganzen Sommer \u00fcber eine Auswahl an hausgemachten Gerichten. F\u00fcr diejenigen, die lieber in ihrem Mobilheim kochen m\u00f6chten, bietet der nahegelegene Supermarkt alle notwendigen Produkte, um Ihre Mahlzeiten zuzubereiten. Die schattige Terrasse des Campingplatzes bietet einen angenehmen Rahmen, um sich zu entspannen und den Blick auf die Gl\u00e9nan-Inseln zu genie\u00dfen.  <\/p><h2 id=\"explorer-les-environs-depuis-notre-camping\" data-source-line=\"65-65\">Erkunden Sie die Umgebung von unserem Campingplatz aus<\/h2><p data-source-line=\"67-67\">Unsere privilegierte geographische Lage erm\u00f6glicht es Ihnen, die bemerkenswerten Sehensw\u00fcrdigkeiten des s\u00fcdlichen Finist\u00e8re leicht zu erreichen. Der <a href=\"https:\/\/www.camping-les-saules.com\/de\/camping-beg-meil\/\" target=\"_blank\" rel=\"noopener noreferrer\">Campingplatz Beg-Meil<\/a> befindet sich in der N\u00e4he der sch\u00f6nsten Str\u00e4nde der Region, w\u00e4hrend <a href=\"https:\/\/www.camping-les-saules.com\/de\/camping-cap-coz\/\" target=\"_blank\" rel=\"noopener noreferrer\">Cap Coz<\/a> ein anderes Gesicht der K\u00fcste von Fouesnantais bietet. <\/p><p data-source-line=\"69-69\">Die St\u00e4dte Concarneau mit seiner ummauerten Stadt, Pont-Aven mit seinen Kunstgalerien oder Quimper mit seinem historischen Erbe sind vom Campingplatz aus leicht zu besichtigen. Die Inselgruppe Les Gl\u00e9nan ist mit dem Boot von Concarneau oder B\u00e9nodet aus erreichbar und bietet t\u00fcrkisfarbenes Wasser und wei\u00dfe Sandstr\u00e4nde. <\/p><h2 id=\"r%C3%A9server-votre-mobil-home-8-personnes\" data-source-line=\"71-71\">Buchen Sie Ihr Mobilheim f\u00fcr 8 Personen<\/h2><p data-source-line=\"73-73\">Wir bieten regelm\u00e4\u00dfig Sonderangebote f\u00fcr unsere Mobilheime f\u00fcr 8 Personen an. Diese g\u00fcnstigen Preise erm\u00f6glichen es Ihnen, einen Familienurlaub im S\u00fcd-Finist\u00e8re zu verbringen, ohne sich Sorgen um Ihr Budget machen zu m\u00fcssen. Besuchen Sie unser Online-Buchungstool, um unsere Verf\u00fcgbarkeiten zu pr\u00fcfen und von unseren Sonderangeboten zu profitieren.  <\/p><p data-source-line=\"75-75\">Ob Sie sich nun f\u00fcr den Fr\u00fchling wegen der Ruhe und der attraktiven Preise entscheiden oder f\u00fcr den Sommer, um von allen Animationen zu profitieren, unser Campingplatz empf\u00e4ngt Sie in einer famili\u00e4ren und entspannten Atmosph\u00e4re. Unser Urlaub mit dem Geschmack von Freiheit l\u00e4sst Sie die Bretagne anders entdecken, zwischen Meer und Natur. <\/p>\t\t\t\t\t\t\t\t<\/div>\n\t\t\t\t<div class=\"elementor-element elementor-element-526e402 elementor-hidden-mobile elementor-widget elementor-widget-button\" data-id=\"526e402\" data-element_type=\"widget\" data-e-type=\"widget\" data-widget_type=\"button.default\">\n\t\t\t\t\t\t\t\t\t\t<a class=\"elementor-button elementor-button-link elementor-size-sm\" href=\"https:\/\/www.camping-les-saules.com\/de\/preise\/\">\n\t\t\t\t\t\t<span class=\"elementor-button-content-wrapper\">\n\t\t\t\t\t\t\t\t\t<span class=\"elementor-button-text\">Preise und Verf\u00fcgbarkeit<\/span>\n\t\t\t\t\t<\/span>\n\t\t\t\t\t<\/a>\n\t\t\t\t\t\t\t\t<\/div>\n\t\t\t\t<\/div>\n\t\t\t\t\t<\/div>\n\t\t\t\t<\/div>\n\t\t<div class=\"elementor-element elementor-element-942f591 e-flex e-con-boxed e-con e-parent\" data-id=\"942f591\" data-element_type=\"container\" data-e-type=\"container\" data-settings=\"{&quot;background_background&quot;:&quot;classic&quot;}\">\n\t\t\t\t\t<div class=\"e-con-inner\">\n\t\t\t\t<div class=\"elementor-element elementor-element-4fc5520 elementor-widget elementor-widget-heading\" data-id=\"4fc5520\" data-element_type=\"widget\" data-e-type=\"widget\" data-widget_type=\"heading.default\">\n\t\t\t\t\t<h2 class=\"elementor-heading-title elementor-size-default\">H\u00e4ufig gestellte Fragen zu unseren 8-Sitzer Mobilheimen<\/h2>\t\t\t\t<\/div>\n\t\t\t\t<div class=\"elementor-element elementor-element-34b69ed elementor-widget elementor-widget-n-accordion\" data-id=\"34b69ed\" data-element_type=\"widget\" data-e-type=\"widget\" data-settings=\"{&quot;default_state&quot;:&quot;expanded&quot;,&quot;max_items_expended&quot;:&quot;one&quot;,&quot;n_accordion_animation_duration&quot;:{&quot;unit&quot;:&quot;ms&quot;,&quot;size&quot;:400,&quot;sizes&quot;:[]}}\" data-widget_type=\"nested-accordion.default\">\n\t\t\t\t\t\t\t<div class=\"e-n-accordion\" aria-label=\"Accordion. Open links with Enter or Space, close with Escape, and navigate with Arrow Keys\">\n\t\t\t\t\t\t<details id=\"e-n-accordion-item-5520\" class=\"e-n-accordion-item\" open>\n\t\t\t\t<summary class=\"e-n-accordion-item-title\" data-accordion-index=\"1\" tabindex=\"0\" aria-expanded=\"true\" aria-controls=\"e-n-accordion-item-5520\" >\n\t\t\t\t\t<span class='e-n-accordion-item-title-header'><span class=\"e-n-accordion-item-title-text\"> Was ist der Unterschied zwischen der Komfort- und der Privilege-Reihe? <\/span><\/span>\n\t\t\t\t\t\t\t<span class='e-n-accordion-item-title-icon'>\n\t\t\t<span class='e-opened' ><svg xmlns=\"http:\/\/www.w3.org\/2000\/svg\" width=\"24\" height=\"24\" viewBox=\"0 0 24 24\" fill=\"none\" stroke=\"#045A68\" stroke-width=\"2\" stroke-linecap=\"round\" stroke-linejoin=\"round\" class=\"lucide lucide-chevron-up-icon lucide-chevron-up\"><path d=\"m18 15-6-6-6 6\"><\/path><\/svg><\/span>\n\t\t\t<span class='e-closed'><svg xmlns=\"http:\/\/www.w3.org\/2000\/svg\" width=\"24\" height=\"24\" viewBox=\"0 0 24 24\" fill=\"none\" stroke=\"#045A68\" stroke-width=\"2\" stroke-linecap=\"round\" stroke-linejoin=\"round\" class=\"lucide lucide-chevron-down-icon lucide-chevron-down\"><path d=\"m6 9 6 6 6-6\"><\/path><\/svg><\/span>\n\t\t<\/span>\n\n\t\t\t\t\t\t<\/summary>\n\t\t\t\t<div role=\"region\" aria-labelledby=\"e-n-accordion-item-5520\" class=\"elementor-element elementor-element-ed0017e e-con-full e-flex e-con e-child\" data-id=\"ed0017e\" data-element_type=\"container\" data-e-type=\"container\">\n\t\t\t\t<div class=\"elementor-element elementor-element-37ca0af elementor-widget elementor-widget-text-editor\" data-id=\"37ca0af\" data-element_type=\"widget\" data-e-type=\"widget\" data-widget_type=\"text-editor.default\">\n\t\t\t\t\t\t\t\t\t<p data-source-line=\"61-62\">Die Privilege-Kategorie verf\u00fcgt \u00fcber zwei Badezimmer mit Duschkabinen anstelle von einem, eine Sp\u00fclmaschine, eine Kaffeemaschine mit Pads zus\u00e4tzlich zur Kaffeemaschine, komplette Bettw\u00e4sche (einschlie\u00dflich Bettw\u00e4sche und Handt\u00fccher) und eine Ladestation f\u00fcr Elektrofahrzeuge. Die Komfort-Kategorie bietet alle wesentlichen Annehmlichkeiten mit einem Badezimmer und Sie bringen Bettw\u00e4sche und Handt\u00fccher mit. <\/p>\t\t\t\t\t\t\t\t<\/div>\n\t\t\t\t<\/div>\n\t\t\t\t\t<\/details>\n\t\t\t\t\t\t<details id=\"e-n-accordion-item-5521\" class=\"e-n-accordion-item\" >\n\t\t\t\t<summary class=\"e-n-accordion-item-title\" data-accordion-index=\"2\" tabindex=\"-1\" aria-expanded=\"false\" aria-controls=\"e-n-accordion-item-5521\" >\n\t\t\t\t\t<span class='e-n-accordion-item-title-header'><span class=\"e-n-accordion-item-title-text\"> Haben die Mobilheime Meerblick? <\/span><\/span>\n\t\t\t\t\t\t\t<span class='e-n-accordion-item-title-icon'>\n\t\t\t<span class='e-opened' ><svg xmlns=\"http:\/\/www.w3.org\/2000\/svg\" width=\"24\" height=\"24\" viewBox=\"0 0 24 24\" fill=\"none\" stroke=\"#045A68\" stroke-width=\"2\" stroke-linecap=\"round\" stroke-linejoin=\"round\" class=\"lucide lucide-chevron-up-icon lucide-chevron-up\"><path d=\"m18 15-6-6-6 6\"><\/path><\/svg><\/span>\n\t\t\t<span class='e-closed'><svg xmlns=\"http:\/\/www.w3.org\/2000\/svg\" width=\"24\" height=\"24\" viewBox=\"0 0 24 24\" fill=\"none\" stroke=\"#045A68\" stroke-width=\"2\" stroke-linecap=\"round\" stroke-linejoin=\"round\" class=\"lucide lucide-chevron-down-icon lucide-chevron-down\"><path d=\"m6 9 6 6 6-6\"><\/path><\/svg><\/span>\n\t\t<\/span>\n\n\t\t\t\t\t\t<\/summary>\n\t\t\t\t<div role=\"region\" aria-labelledby=\"e-n-accordion-item-5521\" class=\"elementor-element elementor-element-52d8861 e-con-full e-flex e-con e-child\" data-id=\"52d8861\" data-element_type=\"container\" data-e-type=\"container\">\n\t\t\t\t<div class=\"elementor-element elementor-element-c53a80d elementor-widget elementor-widget-text-editor\" data-id=\"c53a80d\" data-element_type=\"widget\" data-e-type=\"widget\" data-widget_type=\"text-editor.default\">\n\t\t\t\t\t\t\t\t\t<p data-source-line=\"64-65\">Unsere Mobilheime f\u00fcr 8 Personen liegen auf der Strandseite, was den Zugang zum Ozean erleichtert. Die Lage am Strand bedeutet jedoch nicht, dass Sie von der Terrasse aus einen direkten Blick auf das Meer haben. Der direkte Zugang zum Strand von Kerleven ist nur wenige Meter entfernt.  <\/p>\t\t\t\t\t\t\t\t<\/div>\n\t\t\t\t<\/div>\n\t\t\t\t\t<\/details>\n\t\t\t\t\t\t<details id=\"e-n-accordion-item-5522\" class=\"e-n-accordion-item\" >\n\t\t\t\t<summary class=\"e-n-accordion-item-title\" data-accordion-index=\"3\" tabindex=\"-1\" aria-expanded=\"false\" aria-controls=\"e-n-accordion-item-5522\" >\n\t\t\t\t\t<span class='e-n-accordion-item-title-header'><span class=\"e-n-accordion-item-title-text\"> Ist die Bettw\u00e4sche in beiden Kategorien enthalten? <\/span><\/span>\n\t\t\t\t\t\t\t<span class='e-n-accordion-item-title-icon'>\n\t\t\t<span class='e-opened' ><svg xmlns=\"http:\/\/www.w3.org\/2000\/svg\" width=\"24\" height=\"24\" viewBox=\"0 0 24 24\" fill=\"none\" stroke=\"#045A68\" stroke-width=\"2\" stroke-linecap=\"round\" stroke-linejoin=\"round\" class=\"lucide lucide-chevron-up-icon lucide-chevron-up\"><path d=\"m18 15-6-6-6 6\"><\/path><\/svg><\/span>\n\t\t\t<span class='e-closed'><svg xmlns=\"http:\/\/www.w3.org\/2000\/svg\" width=\"24\" height=\"24\" viewBox=\"0 0 24 24\" fill=\"none\" stroke=\"#045A68\" stroke-width=\"2\" stroke-linecap=\"round\" stroke-linejoin=\"round\" class=\"lucide lucide-chevron-down-icon lucide-chevron-down\"><path d=\"m6 9 6 6 6-6\"><\/path><\/svg><\/span>\n\t\t<\/span>\n\n\t\t\t\t\t\t<\/summary>\n\t\t\t\t<div role=\"region\" aria-labelledby=\"e-n-accordion-item-5522\" class=\"elementor-element elementor-element-05192cf e-con-full e-flex e-con e-child\" data-id=\"05192cf\" data-element_type=\"container\" data-e-type=\"container\">\n\t\t\t\t<div class=\"elementor-element elementor-element-1d1cd63 elementor-widget elementor-widget-text-editor\" data-id=\"1d1cd63\" data-element_type=\"widget\" data-e-type=\"widget\" data-widget_type=\"text-editor.default\">\n\t\t\t\t\t\t\t\t\t<p data-source-line=\"67-68\">In der Privilege-Kategorie wird die gesamte Bettw\u00e4sche bereitgestellt: Bettdecken, Kopfkissen, Bettw\u00e4sche und Handt\u00fccher. In der Komfortklasse werden Bettdecken und Kopfkissen bereitgestellt, aber Sie m\u00fcssen Ihre eigenen Bettlaken und Handt\u00fccher mitbringen. Dieser Unterschied spiegelt sich im Mietpreis wider.  <\/p>\t\t\t\t\t\t\t\t<\/div>\n\t\t\t\t<\/div>\n\t\t\t\t\t<\/details>\n\t\t\t\t\t\t<details id=\"e-n-accordion-item-5523\" class=\"e-n-accordion-item\" >\n\t\t\t\t<summary class=\"e-n-accordion-item-title\" data-accordion-index=\"4\" tabindex=\"-1\" aria-expanded=\"false\" aria-controls=\"e-n-accordion-item-5523\" >\n\t\t\t\t\t<span class='e-n-accordion-item-title-header'><span class=\"e-n-accordion-item-title-text\"> Kann ein Elektrofahrzeug im Mobilheim aufgeladen werden? <\/span><\/span>\n\t\t\t\t\t\t\t<span class='e-n-accordion-item-title-icon'>\n\t\t\t<span class='e-opened' ><svg xmlns=\"http:\/\/www.w3.org\/2000\/svg\" width=\"24\" height=\"24\" viewBox=\"0 0 24 24\" fill=\"none\" stroke=\"#045A68\" stroke-width=\"2\" stroke-linecap=\"round\" stroke-linejoin=\"round\" class=\"lucide lucide-chevron-up-icon lucide-chevron-up\"><path d=\"m18 15-6-6-6 6\"><\/path><\/svg><\/span>\n\t\t\t<span class='e-closed'><svg xmlns=\"http:\/\/www.w3.org\/2000\/svg\" width=\"24\" height=\"24\" viewBox=\"0 0 24 24\" fill=\"none\" stroke=\"#045A68\" stroke-width=\"2\" stroke-linecap=\"round\" stroke-linejoin=\"round\" class=\"lucide lucide-chevron-down-icon lucide-chevron-down\"><path d=\"m6 9 6 6 6-6\"><\/path><\/svg><\/span>\n\t\t<\/span>\n\n\t\t\t\t\t\t<\/summary>\n\t\t\t\t<div role=\"region\" aria-labelledby=\"e-n-accordion-item-5523\" class=\"elementor-element elementor-element-a5fb1d5 e-con-full e-flex e-con e-child\" data-id=\"a5fb1d5\" data-element_type=\"container\" data-e-type=\"container\">\n\t\t\t\t<div class=\"elementor-element elementor-element-fc7e5f7 elementor-widget elementor-widget-text-editor\" data-id=\"fc7e5f7\" data-element_type=\"widget\" data-e-type=\"widget\" data-widget_type=\"text-editor.default\">\n\t\t\t\t\t\t\t\t\t<p data-source-line=\"70-71\">Nur das Mobilheim der Privilege-Klasse verf\u00fcgt \u00fcber eine Ladestation f\u00fcr ein Elektrofahrzeug direkt auf dem Stellplatz. Dies ist ein seltener Service auf den Campingpl\u00e4tzen im s\u00fcdlichen Finist\u00e8re, der von Familien mit Elektroautos gesch\u00e4tzt wird. <\/p>\t\t\t\t\t\t\t\t<\/div>\n\t\t\t\t<\/div>\n\t\t\t\t\t<\/details>\n\t\t\t\t\t\t<details id=\"e-n-accordion-item-5524\" class=\"e-n-accordion-item\" >\n\t\t\t\t<summary class=\"e-n-accordion-item-title\" data-accordion-index=\"5\" tabindex=\"-1\" aria-expanded=\"false\" aria-controls=\"e-n-accordion-item-5524\" >\n\t\t\t\t\t<span class='e-n-accordion-item-title-header'><span class=\"e-n-accordion-item-title-text\"> Wie viele Parkpl\u00e4tze stehen pro Mobilheim zur Verf\u00fcgung? <\/span><\/span>\n\t\t\t\t\t\t\t<span class='e-n-accordion-item-title-icon'>\n\t\t\t<span class='e-opened' ><svg xmlns=\"http:\/\/www.w3.org\/2000\/svg\" width=\"24\" height=\"24\" viewBox=\"0 0 24 24\" fill=\"none\" stroke=\"#045A68\" stroke-width=\"2\" stroke-linecap=\"round\" stroke-linejoin=\"round\" class=\"lucide lucide-chevron-up-icon lucide-chevron-up\"><path d=\"m18 15-6-6-6 6\"><\/path><\/svg><\/span>\n\t\t\t<span class='e-closed'><svg xmlns=\"http:\/\/www.w3.org\/2000\/svg\" width=\"24\" height=\"24\" viewBox=\"0 0 24 24\" fill=\"none\" stroke=\"#045A68\" stroke-width=\"2\" stroke-linecap=\"round\" stroke-linejoin=\"round\" class=\"lucide lucide-chevron-down-icon lucide-chevron-down\"><path d=\"m6 9 6 6 6-6\"><\/path><\/svg><\/span>\n\t\t<\/span>\n\n\t\t\t\t\t\t<\/summary>\n\t\t\t\t<div role=\"region\" aria-labelledby=\"e-n-accordion-item-5524\" class=\"elementor-element elementor-element-2dfb6e4 e-con-full e-flex e-con e-child\" data-id=\"2dfb6e4\" data-element_type=\"container\" data-e-type=\"container\">\n\t\t\t\t<div class=\"elementor-element elementor-element-57cf986 elementor-widget elementor-widget-text-editor\" data-id=\"57cf986\" data-element_type=\"widget\" data-e-type=\"widget\" data-widget_type=\"text-editor.default\">\n\t\t\t\t\t\t\t\t\t<p data-source-line=\"73-74\">Jedes Mobilheim f\u00fcr 8 Personen, egal ob Komfort oder Privilege, verf\u00fcgt \u00fcber zwei reservierte Parkpl\u00e4tze. Hier k\u00f6nnen auch gr\u00f6\u00dfere Familien oder Gruppen von Freunden bequem parken. <\/p>\t\t\t\t\t\t\t\t<\/div>\n\t\t\t\t<\/div>\n\t\t\t\t\t<\/details>\n\t\t\t\t\t\t<details id=\"e-n-accordion-item-5525\" class=\"e-n-accordion-item\" >\n\t\t\t\t<summary class=\"e-n-accordion-item-title\" data-accordion-index=\"6\" tabindex=\"-1\" aria-expanded=\"false\" aria-controls=\"e-n-accordion-item-5525\" >\n\t\t\t\t\t<span class='e-n-accordion-item-title-header'><span class=\"e-n-accordion-item-title-text\"> Hat der Campingplatz wirklich direkten Zugang zum Strand? <\/span><\/span>\n\t\t\t\t\t\t\t<span class='e-n-accordion-item-title-icon'>\n\t\t\t<span class='e-opened' ><svg xmlns=\"http:\/\/www.w3.org\/2000\/svg\" width=\"24\" height=\"24\" viewBox=\"0 0 24 24\" fill=\"none\" stroke=\"#045A68\" stroke-width=\"2\" stroke-linecap=\"round\" stroke-linejoin=\"round\" class=\"lucide lucide-chevron-up-icon lucide-chevron-up\"><path d=\"m18 15-6-6-6 6\"><\/path><\/svg><\/span>\n\t\t\t<span class='e-closed'><svg xmlns=\"http:\/\/www.w3.org\/2000\/svg\" width=\"24\" height=\"24\" viewBox=\"0 0 24 24\" fill=\"none\" stroke=\"#045A68\" stroke-width=\"2\" stroke-linecap=\"round\" stroke-linejoin=\"round\" class=\"lucide lucide-chevron-down-icon lucide-chevron-down\"><path d=\"m6 9 6 6 6-6\"><\/path><\/svg><\/span>\n\t\t<\/span>\n\n\t\t\t\t\t\t<\/summary>\n\t\t\t\t<div role=\"region\" aria-labelledby=\"e-n-accordion-item-5525\" class=\"elementor-element elementor-element-6463952 e-con-full e-flex e-con e-child\" data-id=\"6463952\" data-element_type=\"container\" data-e-type=\"container\">\n\t\t\t\t<div class=\"elementor-element elementor-element-463d558 elementor-widget elementor-widget-text-editor\" data-id=\"463d558\" data-element_type=\"widget\" data-e-type=\"widget\" data-widget_type=\"text-editor.default\">\n\t\t\t\t\t\t\t\t\t<p data-source-line=\"73-74\">Unser Campingplatz hat einen direkten Zugang zum Strand von Kerleven, ohne dass Sie eine Stra\u00dfe \u00fcberqueren m\u00fcssen. Sie erreichen den Sand und den Ozean in wenigen Minuten zu Fu\u00df von Ihrem Mobilheim aus, was ein gro\u00dfer Vorteil ist, besonders mit kleinen Kindern oder wenn Sie den ganzen Tag hin und her laufen m\u00fcssen. <\/p>\t\t\t\t\t\t\t\t<\/div>\n\t\t\t\t<\/div>\n\t\t\t\t\t<\/details>\n\t\t\t\t\t\t<details id=\"e-n-accordion-item-5526\" class=\"e-n-accordion-item\" >\n\t\t\t\t<summary class=\"e-n-accordion-item-title\" data-accordion-index=\"7\" tabindex=\"-1\" aria-expanded=\"false\" aria-controls=\"e-n-accordion-item-5526\" >\n\t\t\t\t\t<span class='e-n-accordion-item-title-header'><span class=\"e-n-accordion-item-title-text\"> Ist das Mobilheim f\u00fcr Aufenthalte in der Nebensaison beheizt? <\/span><\/span>\n\t\t\t\t\t\t\t<span class='e-n-accordion-item-title-icon'>\n\t\t\t<span class='e-opened' ><svg xmlns=\"http:\/\/www.w3.org\/2000\/svg\" width=\"24\" height=\"24\" viewBox=\"0 0 24 24\" fill=\"none\" stroke=\"#045A68\" stroke-width=\"2\" stroke-linecap=\"round\" stroke-linejoin=\"round\" class=\"lucide lucide-chevron-up-icon lucide-chevron-up\"><path d=\"m18 15-6-6-6 6\"><\/path><\/svg><\/span>\n\t\t\t<span class='e-closed'><svg xmlns=\"http:\/\/www.w3.org\/2000\/svg\" width=\"24\" height=\"24\" viewBox=\"0 0 24 24\" fill=\"none\" stroke=\"#045A68\" stroke-width=\"2\" stroke-linecap=\"round\" stroke-linejoin=\"round\" class=\"lucide lucide-chevron-down-icon lucide-chevron-down\"><path d=\"m6 9 6 6 6-6\"><\/path><\/svg><\/span>\n\t\t<\/span>\n\n\t\t\t\t\t\t<\/summary>\n\t\t\t\t<div role=\"region\" aria-labelledby=\"e-n-accordion-item-5526\" class=\"elementor-element elementor-element-8662270 e-con-full e-flex e-con e-child\" data-id=\"8662270\" data-element_type=\"container\" data-e-type=\"container\">\n\t\t\t\t<div class=\"elementor-element elementor-element-4dcedd4 elementor-widget elementor-widget-text-editor\" data-id=\"4dcedd4\" data-element_type=\"widget\" data-e-type=\"widget\" data-widget_type=\"text-editor.default\">\n\t\t\t\t\t\t\t\t\t<p data-source-line=\"73-74\">Ja, beide Mobilheimserien f\u00fcr 8 Personen verf\u00fcgen \u00fcber elektrische Konvektoren in jedem Raum. Die Heizung erm\u00f6glicht Ihnen einen komfortablen Aufenthalt im Fr\u00fchling oder fr\u00fchen Herbst, sehr angenehme Zeiten, um das s\u00fcdliche Finist\u00e8re ohne die Sommermassen zu entdecken. <\/p>\t\t\t\t\t\t\t\t<\/div>\n\t\t\t\t<\/div>\n\t\t\t\t\t<\/details>\n\t\t\t\t\t\t<details id=\"e-n-accordion-item-5527\" class=\"e-n-accordion-item\" >\n\t\t\t\t<summary class=\"e-n-accordion-item-title\" data-accordion-index=\"8\" tabindex=\"-1\" aria-expanded=\"false\" aria-controls=\"e-n-accordion-item-5527\" >\n\t\t\t\t\t<span class='e-n-accordion-item-title-header'><span class=\"e-n-accordion-item-title-text\"> Was kostet eine Woche in einem Mobilheim f\u00fcr 8 Personen im Fr\u00fchling?   <\/span><\/span>\n\t\t\t\t\t\t\t<span class='e-n-accordion-item-title-icon'>\n\t\t\t<span class='e-opened' ><svg xmlns=\"http:\/\/www.w3.org\/2000\/svg\" width=\"24\" height=\"24\" viewBox=\"0 0 24 24\" fill=\"none\" stroke=\"#045A68\" stroke-width=\"2\" stroke-linecap=\"round\" stroke-linejoin=\"round\" class=\"lucide lucide-chevron-up-icon lucide-chevron-up\"><path d=\"m18 15-6-6-6 6\"><\/path><\/svg><\/span>\n\t\t\t<span class='e-closed'><svg xmlns=\"http:\/\/www.w3.org\/2000\/svg\" width=\"24\" height=\"24\" viewBox=\"0 0 24 24\" fill=\"none\" stroke=\"#045A68\" stroke-width=\"2\" stroke-linecap=\"round\" stroke-linejoin=\"round\" class=\"lucide lucide-chevron-down-icon lucide-chevron-down\"><path d=\"m6 9 6 6 6-6\"><\/path><\/svg><\/span>\n\t\t<\/span>\n\n\t\t\t\t\t\t<\/summary>\n\t\t\t\t<div role=\"region\" aria-labelledby=\"e-n-accordion-item-5527\" class=\"elementor-element elementor-element-87bc88a e-con-full e-flex e-con e-child\" data-id=\"87bc88a\" data-element_type=\"container\" data-e-type=\"container\">\n\t\t\t\t<div class=\"elementor-element elementor-element-449f8f6 elementor-widget elementor-widget-text-editor\" data-id=\"449f8f6\" data-element_type=\"widget\" data-e-type=\"widget\" data-widget_type=\"text-editor.default\">\n\t\t\t\t\t\t\t\t\t<p data-source-line=\"73-74\">Im Fr\u00fchjahr k\u00f6nnen Sie eine Woche Urlaub in einem Standcaravan f\u00fcr 8 Personen mit direktem Zugang zum Strand ab \u20ac 465,- buchen. Dieser Preis gilt f\u00fcr die Komfortklasse. Die Privil\u00e8ge-Kategorie mit zus\u00e4tzlichen Leistungen wird zu einem anderen Preis angeboten. In unserem Online-Buchungstool finden Sie die detaillierten Preise f\u00fcr Ihr Reisedatum.   <\/p>\t\t\t\t\t\t\t\t<\/div>\n\t\t\t\t<\/div>\n\t\t\t\t\t<\/details>\n\t\t\t\t\t\t<details id=\"e-n-accordion-item-5528\" class=\"e-n-accordion-item\" >\n\t\t\t\t<summary class=\"e-n-accordion-item-title\" data-accordion-index=\"9\" tabindex=\"-1\" aria-expanded=\"false\" aria-controls=\"e-n-accordion-item-5528\" >\n\t\t\t\t\t<span class='e-n-accordion-item-title-header'><span class=\"e-n-accordion-item-title-text\"> Ist der Pool des Campingplatzes die ganze Saison \u00fcber ge\u00f6ffnet?   <\/span><\/span>\n\t\t\t\t\t\t\t<span class='e-n-accordion-item-title-icon'>\n\t\t\t<span class='e-opened' ><svg xmlns=\"http:\/\/www.w3.org\/2000\/svg\" width=\"24\" height=\"24\" viewBox=\"0 0 24 24\" fill=\"none\" stroke=\"#045A68\" stroke-width=\"2\" stroke-linecap=\"round\" stroke-linejoin=\"round\" class=\"lucide lucide-chevron-up-icon lucide-chevron-up\"><path d=\"m18 15-6-6-6 6\"><\/path><\/svg><\/span>\n\t\t\t<span class='e-closed'><svg xmlns=\"http:\/\/www.w3.org\/2000\/svg\" width=\"24\" height=\"24\" viewBox=\"0 0 24 24\" fill=\"none\" stroke=\"#045A68\" stroke-width=\"2\" stroke-linecap=\"round\" stroke-linejoin=\"round\" class=\"lucide lucide-chevron-down-icon lucide-chevron-down\"><path d=\"m6 9 6 6 6-6\"><\/path><\/svg><\/span>\n\t\t<\/span>\n\n\t\t\t\t\t\t<\/summary>\n\t\t\t\t<div role=\"region\" aria-labelledby=\"e-n-accordion-item-5528\" class=\"elementor-element elementor-element-7d033bf e-con-full e-flex e-con e-child\" data-id=\"7d033bf\" data-element_type=\"container\" data-e-type=\"container\">\n\t\t\t\t<div class=\"elementor-element elementor-element-f3971fb elementor-widget elementor-widget-text-editor\" data-id=\"f3971fb\" data-element_type=\"widget\" data-e-type=\"widget\" data-widget_type=\"text-editor.default\">\n\t\t\t\t\t\t\t\t\t<p data-source-line=\"73-74\">Unsere 300 m\u00b2 gro\u00dfe Badelandschaft mit beheiztem Pool, Rutsche und Pentagliss ist von Mitte Mai bis Mitte September ge\u00f6ffnet. So k\u00f6nnen Sie auch im Fr\u00fchling oder fr\u00fchen Herbst, wenn der Ozean noch k\u00fchl ist, schwimmen. <\/p>\t\t\t\t\t\t\t\t<\/div>\n\t\t\t\t<\/div>\n\t\t\t\t\t<\/details>\n\t\t\t\t\t<\/div>\n\t\t\t\t\t<script type=\"application\/ld+json\">{\"@context\":\"https:\\\/\\\/schema.org\",\"@type\":\"FAQPage\",\"mainEntity\":[{\"@type\":\"Question\",\"name\":\"Was ist der Unterschied zwischen der Komfort- und der Privilege-Reihe?\",\"acceptedAnswer\":{\"@type\":\"Answer\",\"text\":\"Die Privilege-Kategorie verf\\u00fcgt \\u00fcber zwei Badezimmer mit Duschkabinen anstelle von einem, eine Sp\\u00fclmaschine, eine Kaffeemaschine mit Pads zus\\u00e4tzlich zur Kaffeemaschine, komplette Bettw\\u00e4sche (einschlie\\u00dflich Bettw\\u00e4sche und Handt\\u00fccher) und eine Ladestation f\\u00fcr Elektrofahrzeuge. Die Komfort-Kategorie bietet alle wesentlichen Annehmlichkeiten mit einem Badezimmer und Sie bringen Bettw\\u00e4sche und Handt\\u00fccher mit.\"}},{\"@type\":\"Question\",\"name\":\"Haben die Mobilheime Meerblick?\",\"acceptedAnswer\":{\"@type\":\"Answer\",\"text\":\"Unsere Mobilheime f\\u00fcr 8 Personen liegen auf der Strandseite, was den Zugang zum Ozean erleichtert. Die Lage am Strand bedeutet jedoch nicht, dass Sie von der Terrasse aus einen direkten Blick auf das Meer haben. Der direkte Zugang zum Strand von Kerleven ist nur wenige Meter entfernt.\"}},{\"@type\":\"Question\",\"name\":\"Ist die Bettw\\u00e4sche in beiden Kategorien enthalten?\",\"acceptedAnswer\":{\"@type\":\"Answer\",\"text\":\"In der Privilege-Kategorie wird die gesamte Bettw\\u00e4sche bereitgestellt: Bettdecken, Kopfkissen, Bettw\\u00e4sche und Handt\\u00fccher. In der Komfortklasse werden Bettdecken und Kopfkissen bereitgestellt, aber Sie m\\u00fcssen Ihre eigenen Bettlaken und Handt\\u00fccher mitbringen. Dieser Unterschied spiegelt sich im Mietpreis wider.\"}},{\"@type\":\"Question\",\"name\":\"Kann ein Elektrofahrzeug im Mobilheim aufgeladen werden?\",\"acceptedAnswer\":{\"@type\":\"Answer\",\"text\":\"Nur das Mobilheim der Privilege-Klasse verf\\u00fcgt \\u00fcber eine Ladestation f\\u00fcr ein Elektrofahrzeug direkt auf dem Stellplatz. Dies ist ein seltener Service auf den Campingpl\\u00e4tzen im s\\u00fcdlichen Finist\\u00e8re, der von Familien mit Elektroautos gesch\\u00e4tzt wird.\"}},{\"@type\":\"Question\",\"name\":\"Wie viele Parkpl\\u00e4tze stehen pro Mobilheim zur Verf\\u00fcgung?\",\"acceptedAnswer\":{\"@type\":\"Answer\",\"text\":\"Jedes Mobilheim f\\u00fcr 8 Personen, egal ob Komfort oder Privilege, verf\\u00fcgt \\u00fcber zwei reservierte Parkpl\\u00e4tze. Hier k\\u00f6nnen auch gr\\u00f6\\u00dfere Familien oder Gruppen von Freunden bequem parken.\"}},{\"@type\":\"Question\",\"name\":\"Hat der Campingplatz wirklich direkten Zugang zum Strand?\",\"acceptedAnswer\":{\"@type\":\"Answer\",\"text\":\"Unser Campingplatz hat einen direkten Zugang zum Strand von Kerleven, ohne dass Sie eine Stra\\u00dfe \\u00fcberqueren m\\u00fcssen. Sie erreichen den Sand und den Ozean in wenigen Minuten zu Fu\\u00df von Ihrem Mobilheim aus, was ein gro\\u00dfer Vorteil ist, besonders mit kleinen Kindern oder wenn Sie den ganzen Tag hin und her laufen m\\u00fcssen.\"}},{\"@type\":\"Question\",\"name\":\"Ist das Mobilheim f\\u00fcr Aufenthalte in der Nebensaison beheizt?\",\"acceptedAnswer\":{\"@type\":\"Answer\",\"text\":\"Ja, beide Mobilheimserien f\\u00fcr 8 Personen verf\\u00fcgen \\u00fcber elektrische Konvektoren in jedem Raum. Die Heizung erm\\u00f6glicht Ihnen einen komfortablen Aufenthalt im Fr\\u00fchling oder fr\\u00fchen Herbst, sehr angenehme Zeiten, um das s\\u00fcdliche Finist\\u00e8re ohne die Sommermassen zu entdecken.\"}},{\"@type\":\"Question\",\"name\":\"Was kostet eine Woche in einem Mobilheim f\\u00fcr 8 Personen im Fr\\u00fchling?\",\"acceptedAnswer\":{\"@type\":\"Answer\",\"text\":\"Im Fr\\u00fchjahr k\\u00f6nnen Sie eine Woche Urlaub in einem Standcaravan f\\u00fcr 8 Personen mit direktem Zugang zum Strand ab \\u20ac 465,- buchen. Dieser Preis gilt f\\u00fcr die Komfortklasse. Die Privil\\u00e8ge-Kategorie mit zus\\u00e4tzlichen Leistungen wird zu einem anderen Preis angeboten. In unserem Online-Buchungstool finden Sie die detaillierten Preise f\\u00fcr Ihr Reisedatum.\"}},{\"@type\":\"Question\",\"name\":\"Ist der Pool des Campingplatzes die ganze Saison \\u00fcber ge\\u00f6ffnet?\",\"acceptedAnswer\":{\"@type\":\"Answer\",\"text\":\"Unsere 300 m\\u00b2 gro\\u00dfe Badelandschaft mit beheiztem Pool, Rutsche und Pentagliss ist von Mitte Mai bis Mitte September ge\\u00f6ffnet. So k\\u00f6nnen Sie auch im Fr\\u00fchling oder fr\\u00fchen Herbst, wenn der Ozean noch k\\u00fchl ist, schwimmen.\"}}]}<\/script>\n\t\t\t\t\t\t\t<\/div>\n\t\t\t\t<div class=\"elementor-element elementor-element-cf70501 elementor-align-center elementor-widget elementor-widget-button\" data-id=\"cf70501\" data-element_type=\"widget\" data-e-type=\"widget\" data-widget_type=\"button.default\">\n\t\t\t\t\t\t\t\t\t\t<a class=\"elementor-button elementor-button-link elementor-size-sm\" href=\"https:\/\/www.camping-les-saules.com\/de\/kontakt\/\">\n\t\t\t\t\t\t<span class=\"elementor-button-content-wrapper\">\n\t\t\t\t\t\t\t\t\t<span class=\"elementor-button-text\">Haben Sie noch eine Frage? Kontaktieren Sie uns! <\/span>\n\t\t\t\t\t<\/span>\n\t\t\t\t\t<\/a>\n\t\t\t\t\t\t\t\t<\/div>\n\t\t\t\t\t<\/div>\n\t\t\t\t<\/div>\n\t\t\t\t<\/div>\n\t\t","protected":false},"excerpt":{"rendered":"<p>Willkommen auf dem 4* Campingplatz Les Saules Mobilheim f\u00fcr 8 Personen mit direktem Zugang zum Strand Planen Sie einen Urlaub mit einer gro\u00dfen Familie oder mit Freunden im Finist\u00e8re? Unser Familiencampingplatz in La For\u00eat-Fouesnant bietet Ihnen zwei Modelle von Mobilheimen f\u00fcr 8 Personen mit direktem Zugang zum Strand von Kerleven. Siehe den Plan des Campingplatzes [&hellip;]<\/p>\n","protected":false},"author":1,"featured_media":0,"parent":0,"menu_order":0,"comment_status":"closed","ping_status":"closed","template":"","meta":{"slim_seo":{"title":"Mobilheim 8 Personen Fouesnant | 4 Schlafzimmer in Strandn\u00e4he","description":"Mieten Sie ein Mobilheim f\u00fcr 8 Personen in Fouesnant: 4 Schlafzimmer, 2 B\u00e4der, \u00fcberdachte Terrasse, Geschirrsp\u00fcler, WiFi inklusive. Komfort und Privileg. Ab 465\u20ac\/Woche."},"footnotes":""},"class_list":["post-12907","page","type-page","status-publish","hentry"],"_links":{"self":[{"href":"https:\/\/www.camping-les-saules.com\/de\/wp-json\/wp\/v2\/pages\/12907","targetHints":{"allow":["GET"]}}],"collection":[{"href":"https:\/\/www.camping-les-saules.com\/de\/wp-json\/wp\/v2\/pages"}],"about":[{"href":"https:\/\/www.camping-les-saules.com\/de\/wp-json\/wp\/v2\/types\/page"}],"author":[{"embeddable":true,"href":"https:\/\/www.camping-les-saules.com\/de\/wp-json\/wp\/v2\/users\/1"}],"replies":[{"embeddable":true,"href":"https:\/\/www.camping-les-saules.com\/de\/wp-json\/wp\/v2\/comments?post=12907"}],"version-history":[{"count":0,"href":"https:\/\/www.camping-les-saules.com\/de\/wp-json\/wp\/v2\/pages\/12907\/revisions"}],"wp:attachment":[{"href":"https:\/\/www.camping-les-saules.com\/de\/wp-json\/wp\/v2\/media?parent=12907"}],"curies":[{"name":"wp","href":"https:\/\/api.w.org\/{rel}","templated":true}]}}