{"id":12827,"date":"2025-08-21T03:00:05","date_gmt":"2025-08-21T01:00:05","guid":{"rendered":"https:\/\/www.camping-les-saules.com\/unterkuenfte\/"},"modified":"2026-04-02T07:51:40","modified_gmt":"2026-04-02T05:51:40","slug":"unterkuenfte","status":"publish","type":"page","link":"https:\/\/www.camping-les-saules.com\/de\/unterkuenfte\/","title":{"rendered":"Unterk\u00fcnfte"},"content":{"rendered":"\t\t<div data-elementor-type=\"wp-page\" data-elementor-id=\"12827\" class=\"elementor elementor-12827 elementor-9128\" data-elementor-post-type=\"page\">\n\t\t\t\t<div class=\"elementor-element elementor-element-ab97135 e-flex e-con-boxed e-con e-parent\" data-id=\"ab97135\" data-element_type=\"container\" data-e-type=\"container\" data-settings=\"{&quot;background_background&quot;:&quot;classic&quot;}\">\n\t\t\t\t\t<div class=\"e-con-inner\">\n\t\t<div class=\"elementor-element elementor-element-71d006d e-con-full e-flex e-con e-child\" data-id=\"71d006d\" data-element_type=\"container\" data-e-type=\"container\">\n\t\t\t\t<div class=\"elementor-element elementor-element-42c6bb3 elementor-widget elementor-widget-heading\" data-id=\"42c6bb3\" data-element_type=\"widget\" data-e-type=\"widget\" data-widget_type=\"heading.default\">\n\t\t\t\t\t<span class=\"elementor-heading-title elementor-size-default\">Saison 2026<\/span>\t\t\t\t<\/div>\n\t\t\t\t<div class=\"elementor-element elementor-element-7a122e9 elementor-widget elementor-widget-heading\" data-id=\"7a122e9\" data-element_type=\"widget\" data-e-type=\"widget\" data-widget_type=\"heading.default\">\n\t\t\t\t\t<h1 class=\"elementor-heading-title elementor-size-default\">Unsere Unterk\u00fcnfte<\/h1>\t\t\t\t<\/div>\n\t\t\t\t<div class=\"elementor-element elementor-element-8f52ec0 elementor-widget elementor-widget-text-editor\" data-id=\"8f52ec0\" data-element_type=\"widget\" data-e-type=\"widget\" data-widget_type=\"text-editor.default\">\n\t\t\t\t\t\t\t\t\t<p>Gegen\u00fcber den Gl\u00e9nan-Inseln empf\u00e4ngt Sie unser 4-Sterne-Campingplatz auf einem 4,5 Hektar gro\u00dfen Gel\u00e4nde direkt am Meer. Wir haben unsere Unterk\u00fcnfte so konzipiert, dass sie Ihren Erwartungen entsprechen: ausgestattete Mobilheime mit 2 bis 4 Schlafzimmern, Appartements mit Meerblick oder ger\u00e4umige Camping-Stellpl\u00e4tze mit direktem Zugang zum Strand. Jedes Angebot bietet Ihnen einen idealen Ausgangspunkt, um Fouesnant und das s\u00fcdliche Finist\u00e8re zu erkunden.  <\/p>\t\t\t\t\t\t\t\t<\/div>\n\t\t\t\t<div class=\"elementor-element elementor-element-072e148 elementor-align-center elementor-widget elementor-widget-button\" data-id=\"072e148\" data-element_type=\"widget\" data-e-type=\"widget\" data-widget_type=\"button.default\">\n\t\t\t\t\t\t\t\t\t\t<a class=\"elementor-button elementor-button-link elementor-size-sm\" href=\"#elementor-action%3Aaction%3Dpopup%3Aopen%26settings%3DeyJpZCI6MTkxNTIsInRvZ2dsZSI6ZmFsc2V9\">\n\t\t\t\t\t\t<span class=\"elementor-button-content-wrapper\">\n\t\t\t\t\t\t<span class=\"elementor-button-icon\">\n\t\t\t\t<svg xmlns=\"http:\/\/www.w3.org\/2000\/svg\" width=\"24\" height=\"24\" viewBox=\"0 0 24 24\" fill=\"none\" stroke=\"currentColor\" stroke-width=\"2\" stroke-linecap=\"round\" stroke-linejoin=\"round\" class=\"lucide lucide-chevron-right-icon lucide-chevron-right\"><path d=\"m9 18 6-6-6-6\"><\/path><\/svg>\t\t\t<\/span>\n\t\t\t\t\t\t\t\t\t<span class=\"elementor-button-text\">Siehe den Plan des Campingplatzes<\/span>\n\t\t\t\t\t<\/span>\n\t\t\t\t\t<\/a>\n\t\t\t\t\t\t\t\t<\/div>\n\t\t\t\t<\/div>\n\t\t\t\t\t<\/div>\n\t\t\t\t<\/div>\n\t\t<div class=\"elementor-element elementor-element-2df326b e-flex e-con-boxed e-con e-parent\" data-id=\"2df326b\" data-element_type=\"container\" data-e-type=\"container\" data-settings=\"{&quot;background_background&quot;:&quot;classic&quot;}\">\n\t\t\t\t\t<div class=\"e-con-inner\">\n\t\t<div class=\"elementor-element elementor-element-e4ce799 e-con-full e-grid e-con e-child\" data-id=\"e4ce799\" data-element_type=\"container\" data-e-type=\"container\">\n\t\t<div class=\"elementor-element elementor-element-8bb9723 e-con-full e-flex e-con e-child\" data-id=\"8bb9723\" data-element_type=\"container\" data-e-type=\"container\" data-settings=\"{&quot;background_background&quot;:&quot;classic&quot;}\">\n\t\t<div class=\"elementor-element elementor-element-7c838d7 e-con-full e-flex e-con e-child\" data-id=\"7c838d7\" data-element_type=\"container\" data-e-type=\"container\" data-settings=\"{&quot;background_background&quot;:&quot;classic&quot;}\">\n\t\t\t\t<div class=\"elementor-element elementor-element-bee2584 elementor-widget elementor-widget-image\" data-id=\"bee2584\" data-element_type=\"widget\" data-e-type=\"widget\" data-widget_type=\"image.default\">\n\t\t\t\t\t\t\t\t\t\t\t\t\t\t\t\t<a href=\"https:\/\/www.camping-les-saules.com\/de\/campingplatz-mit-wohnung\/\">\n\t\t\t\t\t\t\t<img loading=\"lazy\" decoding=\"async\" width=\"768\" height=\"622\" src=\"https:\/\/www.camping-les-saules.com\/wp-content\/uploads\/Terrasse-appartement-768x622.webp\" class=\"attachment-medium_large size-medium_large wp-image-18830\" alt=\"Terrasse Wohnung\" srcset=\"https:\/\/www.camping-les-saules.com\/wp-content\/uploads\/Terrasse-appartement-768x622.webp 768w, https:\/\/www.camping-les-saules.com\/wp-content\/uploads\/Terrasse-appartement-300x243.webp 300w, https:\/\/www.camping-les-saules.com\/wp-content\/uploads\/Terrasse-appartement.webp 1024w\" sizes=\"auto, (max-width: 768px) 100vw, 768px\" \/>\t\t\t\t\t\t\t\t<\/a>\n\t\t\t\t\t\t\t\t\t\t\t\t\t\t\t<\/div>\n\t\t<div class=\"elementor-element elementor-element-ac66666 e-con-full e-flex e-con e-child\" data-id=\"ac66666\" data-element_type=\"container\" data-e-type=\"container\">\n\t\t\t\t<div class=\"elementor-element elementor-element-9f38a31 elementor-widget__width-inherit elementor-widget elementor-widget-heading\" data-id=\"9f38a31\" data-element_type=\"widget\" data-e-type=\"widget\" data-widget_type=\"heading.default\">\n\t\t\t\t\t<h2 class=\"elementor-heading-title elementor-size-default\">Apartments mit Meerblick<\/h2>\t\t\t\t<\/div>\n\t\t\t\t<div class=\"elementor-element elementor-element-64bc166 elementor-widget elementor-widget-button\" data-id=\"64bc166\" data-element_type=\"widget\" data-e-type=\"widget\" data-widget_type=\"button.default\">\n\t\t\t\t\t\t\t\t\t\t<a class=\"elementor-button elementor-button-link elementor-size-sm\" href=\"#\">\n\t\t\t\t\t\t<span class=\"elementor-button-content-wrapper\">\n\t\t\t\t\t\t\t\t\t<span class=\"elementor-button-text\">4 Personen<\/span>\n\t\t\t\t\t<\/span>\n\t\t\t\t\t<\/a>\n\t\t\t\t\t\t\t\t<\/div>\n\t\t\t\t<div class=\"elementor-element elementor-element-86be7a5 elementor-widget elementor-widget-button\" data-id=\"86be7a5\" data-element_type=\"widget\" data-e-type=\"widget\" data-widget_type=\"button.default\">\n\t\t\t\t\t\t\t\t\t\t<a class=\"elementor-button elementor-button-link elementor-size-sm\" href=\"#\">\n\t\t\t\t\t\t<span class=\"elementor-button-content-wrapper\">\n\t\t\t\t\t\t\t\t\t<span class=\"elementor-button-text\">Strandseite<\/span>\n\t\t\t\t\t<\/span>\n\t\t\t\t\t<\/a>\n\t\t\t\t\t\t\t\t<\/div>\n\t\t\t\t<\/div>\n\t\t\t\t<div class=\"elementor-element elementor-element-254868a elementor-widget elementor-widget-heading\" data-id=\"254868a\" data-element_type=\"widget\" data-e-type=\"widget\" data-widget_type=\"heading.default\">\n\t\t\t\t\t<span class=\"elementor-heading-title elementor-size-default\">Ab <strong>420\u20ac\/Woche<\/strong><\/span>\t\t\t\t<\/div>\n\t\t\t\t<div class=\"elementor-element elementor-element-200bdf9 elementor-align-center elementor-widget elementor-widget-button\" data-id=\"200bdf9\" data-element_type=\"widget\" data-e-type=\"widget\" data-widget_type=\"button.default\">\n\t\t\t\t\t\t\t\t\t\t<a class=\"elementor-button elementor-button-link elementor-size-sm\" href=\"https:\/\/www.camping-les-saules.com\/de\/campingplatz-mit-wohnung\/\">\n\t\t\t\t\t\t<span class=\"elementor-button-content-wrapper\">\n\t\t\t\t\t\t<span class=\"elementor-button-icon\">\n\t\t\t\t<svg xmlns=\"http:\/\/www.w3.org\/2000\/svg\" width=\"24\" height=\"24\" viewBox=\"0 0 24 24\" fill=\"none\" stroke=\"currentColor\" stroke-width=\"2\" stroke-linecap=\"round\" stroke-linejoin=\"round\" class=\"lucide lucide-chevron-right-icon lucide-chevron-right\"><path d=\"m9 18 6-6-6-6\"><\/path><\/svg>\t\t\t<\/span>\n\t\t\t\t\t\t\t\t\t<span class=\"elementor-button-text\">Entdecken Sie die Apartments<\/span>\n\t\t\t\t\t<\/span>\n\t\t\t\t\t<\/a>\n\t\t\t\t\t\t\t\t<\/div>\n\t\t\t\t<\/div>\n\t\t\t\t<\/div>\n\t\t<div class=\"elementor-element elementor-element-4c2cc1d e-con-full e-flex e-con e-child\" data-id=\"4c2cc1d\" data-element_type=\"container\" data-e-type=\"container\" data-settings=\"{&quot;background_background&quot;:&quot;classic&quot;}\">\n\t\t<div class=\"elementor-element elementor-element-dd242df e-con-full e-flex e-con e-child\" data-id=\"dd242df\" data-element_type=\"container\" data-e-type=\"container\" data-settings=\"{&quot;background_background&quot;:&quot;classic&quot;}\">\n\t\t\t\t<div class=\"elementor-element elementor-element-b5cd544 elementor-widget elementor-widget-image\" data-id=\"b5cd544\" data-element_type=\"widget\" data-e-type=\"widget\" data-widget_type=\"image.default\">\n\t\t\t\t\t\t\t\t\t\t\t\t\t\t\t\t<a href=\"https:\/\/www.camping-les-saules.com\/de\/mobilheim-fouesnant\/\">\n\t\t\t\t\t\t\t<img loading=\"lazy\" decoding=\"async\" width=\"768\" height=\"512\" src=\"https:\/\/www.camping-les-saules.com\/wp-content\/uploads\/mobil-home-fouesnant-1-768x512.webp\" class=\"attachment-medium_large size-medium_large wp-image-19512\" alt=\"Mobilheim Fouesnant\" srcset=\"https:\/\/www.camping-les-saules.com\/wp-content\/uploads\/mobil-home-fouesnant-1-768x512.webp 768w, https:\/\/www.camping-les-saules.com\/wp-content\/uploads\/mobil-home-fouesnant-1-300x200.webp 300w, https:\/\/www.camping-les-saules.com\/wp-content\/uploads\/mobil-home-fouesnant-1.webp 1024w\" sizes=\"auto, (max-width: 768px) 100vw, 768px\" \/>\t\t\t\t\t\t\t\t<\/a>\n\t\t\t\t\t\t\t\t\t\t\t\t\t\t\t<\/div>\n\t\t<div class=\"elementor-element elementor-element-915a7df e-con-full e-flex e-con e-child\" data-id=\"915a7df\" data-element_type=\"container\" data-e-type=\"container\">\n\t\t\t\t<div class=\"elementor-element elementor-element-d12901e elementor-widget__width-inherit elementor-widget elementor-widget-heading\" data-id=\"d12901e\" data-element_type=\"widget\" data-e-type=\"widget\" data-widget_type=\"heading.default\">\n\t\t\t\t\t<h2 class=\"elementor-heading-title elementor-size-default\">Mobilheime<\/h2>\t\t\t\t<\/div>\n\t\t\t\t<div class=\"elementor-element elementor-element-a786fd1 elementor-widget elementor-widget-button\" data-id=\"a786fd1\" data-element_type=\"widget\" data-e-type=\"widget\" data-widget_type=\"button.default\">\n\t\t\t\t\t\t\t\t\t\t<a class=\"elementor-button elementor-button-link elementor-size-sm\" href=\"#\">\n\t\t\t\t\t\t<span class=\"elementor-button-content-wrapper\">\n\t\t\t\t\t\t\t\t\t<span class=\"elementor-button-text\">von 2 bis 8 Personen<\/span>\n\t\t\t\t\t<\/span>\n\t\t\t\t\t<\/a>\n\t\t\t\t\t\t\t\t<\/div>\n\t\t\t\t<div class=\"elementor-element elementor-element-92e942c elementor-widget elementor-widget-button\" data-id=\"92e942c\" data-element_type=\"widget\" data-e-type=\"widget\" data-widget_type=\"button.default\">\n\t\t\t\t\t\t\t\t\t\t<a class=\"elementor-button elementor-button-link elementor-size-sm\" href=\"#\">\n\t\t\t\t\t\t<span class=\"elementor-button-content-wrapper\">\n\t\t\t\t\t\t\t\t\t<span class=\"elementor-button-text\">Strandseite oder Naturseite<\/span>\n\t\t\t\t\t<\/span>\n\t\t\t\t\t<\/a>\n\t\t\t\t\t\t\t\t<\/div>\n\t\t\t\t<\/div>\n\t\t\t\t<div class=\"elementor-element elementor-element-e991657 elementor-widget elementor-widget-heading\" data-id=\"e991657\" data-element_type=\"widget\" data-e-type=\"widget\" data-widget_type=\"heading.default\">\n\t\t\t\t\t<span class=\"elementor-heading-title elementor-size-default\">Ab <strong>210\u20ac\/Woche<\/strong><\/span>\t\t\t\t<\/div>\n\t\t\t\t<div class=\"elementor-element elementor-element-69f9dff elementor-align-center elementor-widget elementor-widget-button\" data-id=\"69f9dff\" data-element_type=\"widget\" data-e-type=\"widget\" data-widget_type=\"button.default\">\n\t\t\t\t\t\t\t\t\t\t<a class=\"elementor-button elementor-button-link elementor-size-sm\" href=\"https:\/\/www.camping-les-saules.com\/de\/mobilheim-fouesnant\/\">\n\t\t\t\t\t\t<span class=\"elementor-button-content-wrapper\">\n\t\t\t\t\t\t<span class=\"elementor-button-icon\">\n\t\t\t\t<svg xmlns=\"http:\/\/www.w3.org\/2000\/svg\" width=\"24\" height=\"24\" viewBox=\"0 0 24 24\" fill=\"none\" stroke=\"currentColor\" stroke-width=\"2\" stroke-linecap=\"round\" stroke-linejoin=\"round\" class=\"lucide lucide-chevron-right-icon lucide-chevron-right\"><path d=\"m9 18 6-6-6-6\"><\/path><\/svg>\t\t\t<\/span>\n\t\t\t\t\t\t\t\t\t<span class=\"elementor-button-text\">Sehen Sie sich die Mobilheime an<\/span>\n\t\t\t\t\t<\/span>\n\t\t\t\t\t<\/a>\n\t\t\t\t\t\t\t\t<\/div>\n\t\t\t\t<\/div>\n\t\t\t\t<\/div>\n\t\t<div class=\"elementor-element elementor-element-0668faf e-con-full e-flex e-con e-child\" data-id=\"0668faf\" data-element_type=\"container\" data-e-type=\"container\" data-settings=\"{&quot;background_background&quot;:&quot;classic&quot;}\">\n\t\t<div class=\"elementor-element elementor-element-385d2d9 e-con-full e-flex e-con e-child\" data-id=\"385d2d9\" data-element_type=\"container\" data-e-type=\"container\" data-settings=\"{&quot;background_background&quot;:&quot;classic&quot;}\">\n\t\t\t\t<div class=\"elementor-element elementor-element-bd55bb0 elementor-widget elementor-widget-image\" data-id=\"bd55bb0\" data-element_type=\"widget\" data-e-type=\"widget\" data-widget_type=\"image.default\">\n\t\t\t\t\t\t\t\t\t\t\t\t\t\t\t\t<a href=\"https:\/\/www.camping-les-saules.com\/de\/stellplaetze\/\">\n\t\t\t\t\t\t\t<img loading=\"lazy\" decoding=\"async\" width=\"768\" height=\"384\" src=\"https:\/\/www.camping-les-saules.com\/wp-content\/uploads\/emplacement-camping-fouesnant-2-768x384.jpg\" class=\"attachment-medium_large size-medium_large wp-image-12837\" alt=\"Ein aufblasbares Kajak liegt auf der Grasfl\u00e4che neben einem Wohnmobil mit aufklappbarem Dach, eingebettet zwischen B\u00e4umen und Gr\u00fcn, die f\u00fcr die einladenden Campingpl\u00e4tze im s\u00fcdlichen Finist\u00e8re stehen.\" srcset=\"https:\/\/www.camping-les-saules.com\/wp-content\/uploads\/emplacement-camping-fouesnant-2-768x384.jpg 768w, https:\/\/www.camping-les-saules.com\/wp-content\/uploads\/emplacement-camping-fouesnant-2-300x150.jpg 300w, https:\/\/www.camping-les-saules.com\/wp-content\/uploads\/emplacement-camping-fouesnant-2.jpg 1000w\" sizes=\"auto, (max-width: 768px) 100vw, 768px\" \/>\t\t\t\t\t\t\t\t<\/a>\n\t\t\t\t\t\t\t\t\t\t\t\t\t\t\t<\/div>\n\t\t<div class=\"elementor-element elementor-element-6b3447d e-con-full e-flex e-con e-child\" data-id=\"6b3447d\" data-element_type=\"container\" data-e-type=\"container\">\n\t\t\t\t<div class=\"elementor-element elementor-element-0e0fc3b elementor-widget__width-inherit elementor-widget elementor-widget-heading\" data-id=\"0e0fc3b\" data-element_type=\"widget\" data-e-type=\"widget\" data-widget_type=\"heading.default\">\n\t\t\t\t\t<h2 class=\"elementor-heading-title elementor-size-default\">Pl\u00e4tze<\/h2>\t\t\t\t<\/div>\n\t\t\t\t<div class=\"elementor-element elementor-element-2e3e9b4 elementor-widget elementor-widget-button\" data-id=\"2e3e9b4\" data-element_type=\"widget\" data-e-type=\"widget\" data-widget_type=\"button.default\">\n\t\t\t\t\t\t\t\t\t\t<a class=\"elementor-button elementor-button-link elementor-size-sm\" href=\"#\">\n\t\t\t\t\t\t<span class=\"elementor-button-content-wrapper\">\n\t\t\t\t\t\t\t\t\t<span class=\"elementor-button-text\">6 Personen<\/span>\n\t\t\t\t\t<\/span>\n\t\t\t\t\t<\/a>\n\t\t\t\t\t\t\t\t<\/div>\n\t\t\t\t<div class=\"elementor-element elementor-element-3c272d9 elementor-widget elementor-widget-button\" data-id=\"3c272d9\" data-element_type=\"widget\" data-e-type=\"widget\" data-widget_type=\"button.default\">\n\t\t\t\t\t\t\t\t\t\t<a class=\"elementor-button elementor-button-link elementor-size-sm\" href=\"#\">\n\t\t\t\t\t\t<span class=\"elementor-button-content-wrapper\">\n\t\t\t\t\t\t\t\t\t<span class=\"elementor-button-text\">Strandseite<\/span>\n\t\t\t\t\t<\/span>\n\t\t\t\t\t<\/a>\n\t\t\t\t\t\t\t\t<\/div>\n\t\t\t\t<\/div>\n\t\t\t\t<div class=\"elementor-element elementor-element-49e1fde elementor-widget elementor-widget-heading\" data-id=\"49e1fde\" data-element_type=\"widget\" data-e-type=\"widget\" data-widget_type=\"heading.default\">\n\t\t\t\t\t<span class=\"elementor-heading-title elementor-size-default\">Ab <strong>112\u20ac\/Woche<\/strong><\/span>\t\t\t\t<\/div>\n\t\t\t\t<div class=\"elementor-element elementor-element-2775c6b elementor-align-center elementor-widget elementor-widget-button\" data-id=\"2775c6b\" data-element_type=\"widget\" data-e-type=\"widget\" data-widget_type=\"button.default\">\n\t\t\t\t\t\t\t\t\t\t<a class=\"elementor-button elementor-button-link elementor-size-sm\" href=\"https:\/\/www.camping-les-saules.com\/de\/stellplaetze\/\">\n\t\t\t\t\t\t<span class=\"elementor-button-content-wrapper\">\n\t\t\t\t\t\t<span class=\"elementor-button-icon\">\n\t\t\t\t<svg xmlns=\"http:\/\/www.w3.org\/2000\/svg\" width=\"24\" height=\"24\" viewBox=\"0 0 24 24\" fill=\"none\" stroke=\"currentColor\" stroke-width=\"2\" stroke-linecap=\"round\" stroke-linejoin=\"round\" class=\"lucide lucide-chevron-right-icon lucide-chevron-right\"><path d=\"m9 18 6-6-6-6\"><\/path><\/svg>\t\t\t<\/span>\n\t\t\t\t\t\t\t\t\t<span class=\"elementor-button-text\">Entdecken Sie die Standorte<\/span>\n\t\t\t\t\t<\/span>\n\t\t\t\t\t<\/a>\n\t\t\t\t\t\t\t\t<\/div>\n\t\t\t\t<\/div>\n\t\t\t\t<\/div>\n\t\t\t\t<\/div>\n\t\t\t\t\t<\/div>\n\t\t\t\t<\/div>\n\t\t<div class=\"elementor-element elementor-element-b30c0c2 e-flex e-con-boxed e-con e-parent\" data-id=\"b30c0c2\" data-element_type=\"container\" data-e-type=\"container\" data-settings=\"{&quot;background_background&quot;:&quot;classic&quot;}\">\n\t\t\t\t\t<div class=\"e-con-inner\">\n\t\t<div class=\"elementor-element elementor-element-5b6ef63 e-con-full e-flex e-con e-child\" data-id=\"5b6ef63\" data-element_type=\"container\" data-e-type=\"container\">\n\t\t\t\t<div class=\"elementor-element elementor-element-1854bc3 elementor-widget elementor-widget-heading\" data-id=\"1854bc3\" data-element_type=\"widget\" data-e-type=\"widget\" data-widget_type=\"heading.default\">\n\t\t\t\t\t<h3 class=\"elementor-heading-title elementor-size-default\">Unsere Meerblick-Apartments: Komfort mit Blick auf den Ozean<\/h3>\t\t\t\t<\/div>\n\t\t\t\t<div class=\"elementor-element elementor-element-38cda8b elementor-widget elementor-widget-text-editor\" data-id=\"38cda8b\" data-element_type=\"widget\" data-e-type=\"widget\" data-widget_type=\"text-editor.default\">\n\t\t\t\t\t\t\t\t\t<p data-source-line=\"9-9\">Wir haben zwei Duplex-Appartements auf der Strandseite eingerichtet, die eine echte Alternative zu den traditionellen Mobilheimen bieten. Diese 51 m\u00b2 gro\u00dfen Unterk\u00fcnfte sind das ganze Jahr \u00fcber ge\u00f6ffnet und bieten Platz f\u00fcr 4 Personen mit zwei separaten Schlafzimmern (ein Doppelbett und zwei Einzelbetten) und einer \u00fcberdachten Terrasse mit einer bioklimatischen Pergola. <\/p>\n<p data-source-line=\"11-11\">Wir stellen die gesamte Bettw\u00e4sche und Handt\u00fccher zur Verf\u00fcgung. Die voll ausgestattete K\u00fcche verf\u00fcgt \u00fcber einen Geschirrsp\u00fcler, eine Kaffeemaschine und sogar eine elektrische Plancha f\u00fcr Ihre Abende auf der Terrasse mit Blick auf das Meer. Der direkte Zugang zum Strand und die zentrale Lage in der N\u00e4he des Pools sind besonders f\u00fcr Familien mit Kindern attraktiv.  <\/p>\n<p data-source-line=\"15-15\"><strong>Inklusive Ausstattung:<\/strong> Kostenloses Wi-Fi, Connected TV, Geschirrsp\u00fcler, Bettw\u00e4sche und Handt\u00fccher vorhanden, Privatparkplatz, Heizung, elektrische Plancha | <strong>Haustiere nicht erlaubt<\/strong><\/p>\n<p data-source-line=\"17-17\"><a href=\"https:\/\/www.camping-les-saules.com\/de\/campingplatz-mit-wohnung\/\" target=\"_blank\" rel=\"noopener noreferrer\">Entdecken Sie unsere Wohnungen mit Meerblick \u2192.<\/a><\/p>\n<p data-source-line=\"17-17\">\n<\/p>\t\t\t\t\t\t\t\t<\/div>\n\t\t\t\t<\/div>\n\t\t<div class=\"elementor-element elementor-element-18120a7 e-con-full e-flex e-con e-child\" data-id=\"18120a7\" data-element_type=\"container\" data-e-type=\"container\">\n\t\t\t\t<div class=\"elementor-element elementor-element-6c9848c elementor-widget elementor-widget-image\" data-id=\"6c9848c\" data-element_type=\"widget\" data-e-type=\"widget\" data-widget_type=\"image.default\">\n\t\t\t\t\t\t\t\t\t\t\t\t\t\t\t<img loading=\"lazy\" decoding=\"async\" width=\"768\" height=\"1024\" src=\"https:\/\/www.camping-les-saules.com\/wp-content\/uploads\/Appartement-vue-mer-fouesnant-P3-768x1024.webp\" class=\"attachment-large size-large wp-image-18839\" alt=\"Wohnung Meerblick Fouesnant P3\" srcset=\"https:\/\/www.camping-les-saules.com\/wp-content\/uploads\/Appartement-vue-mer-fouesnant-P3-768x1024.webp 768w, https:\/\/www.camping-les-saules.com\/wp-content\/uploads\/Appartement-vue-mer-fouesnant-P3-225x300.webp 225w, https:\/\/www.camping-les-saules.com\/wp-content\/uploads\/Appartement-vue-mer-fouesnant-P3.webp 1024w\" sizes=\"auto, (max-width: 768px) 100vw, 768px\" \/>\t\t\t\t\t\t\t\t\t\t\t\t\t\t\t<\/div>\n\t\t\t\t<\/div>\n\t\t\t\t\t<\/div>\n\t\t\t\t<\/div>\n\t\t<div class=\"elementor-element elementor-element-381248b e-flex e-con-boxed e-con e-parent\" data-id=\"381248b\" data-element_type=\"container\" data-e-type=\"container\">\n\t\t\t\t\t<div class=\"e-con-inner\">\n\t\t<div class=\"elementor-element elementor-element-f4d5b8c e-con-full e-flex e-con e-child\" data-id=\"f4d5b8c\" data-element_type=\"container\" data-e-type=\"container\">\n\t\t\t\t<div class=\"elementor-element elementor-element-e85be24 elementor-widget elementor-widget-heading\" data-id=\"e85be24\" data-element_type=\"widget\" data-e-type=\"widget\" data-widget_type=\"heading.default\">\n\t\t\t\t\t<h3 class=\"elementor-heading-title elementor-size-default\">Unsere Mobilheime: Platz und Zweckm\u00e4\u00dfigkeit<\/h3>\t\t\t\t<\/div>\n\t\t\t\t<div class=\"elementor-element elementor-element-d748df9 elementor-widget elementor-widget-text-editor\" data-id=\"d748df9\" data-element_type=\"widget\" data-e-type=\"widget\" data-widget_type=\"text-editor.default\">\n\t\t\t\t\t\t\t\t\t<p data-source-line=\"9-9\">Wir bieten eine Reihe neuer Mobilheime, die f\u00fcr verschiedene Familienkonfigurationen von 2 bis 8 Personen geeignet sind. Je nach Ihren Priorit\u00e4ten w\u00e4hlen Sie zwischen unseren Mobilheimen <strong>&#8222;PLAGE&#8220;<\/strong> mit direktem Zugang zum Meer, zum Pool und zur Bar oder unseren Mobilheimen <strong>&#8222;NATURE&#8220;<\/strong>, die im oberen Teil des Campingplatzes liegen und mehr Ruhe und Gr\u00fcn bieten. <\/p><p data-source-line=\"11-11\"><strong>Unsere vier Komfortlinien :<\/strong><\/p><p data-source-line=\"13-13\"><strong>Essentiel:<\/strong> Mobilheim mit TV, Grill und nicht \u00fcberdachter Terrasse. Eine preisg\u00fcnstige L\u00f6sung f\u00fcr diejenigen, die ihre Tage am Strand oder beim Wandern verbringen und nur eine komfortable \u00dcbernachtungsm\u00f6glichkeit suchen. <\/p><p data-source-line=\"15-15\"><strong>Komfortklasse:<\/strong> Mit halb\u00fcberdachter Terrasse, die Sie in den hei\u00dfen Stunden vor der Sonne sch\u00fctzt. TV und Grill sind inbegriffen. Diese Modelle bieten das beste Preis-Leistungs-Verh\u00e4ltnis f\u00fcr Familien.  <\/p><p data-source-line=\"17-17\"><strong>Privilege:<\/strong> Die obere Ebene mit Geschirrsp\u00fcler, Kaffeepadmaschine, Bettw\u00e4sche und einer vollst\u00e4ndig \u00fcberdachten Terrasse. Sch\u00f6ner Bonus: Zugang zu einer Ladestation f\u00fcr Elektrofahrzeuge. <\/p><p data-source-line=\"19-19\"><strong>Lodge:<\/strong> Unser Premium-Angebot, das eine elektrische Plancha, Wi-Fi in der Unterkunft und zwei private Parkpl\u00e4tze umfasst. Die Bettw\u00e4sche und der Geschirrsp\u00fcler sind vorhanden, so dass Sie mit leichtem Gep\u00e4ck abreisen und Ihren Urlaub in vollen Z\u00fcgen genie\u00dfen k\u00f6nnen. <\/p><p data-source-line=\"21-21\">Alle unsere Mobilheime verf\u00fcgen \u00fcber eine K\u00fcche mit K\u00fchlschrank, Kochplatte, komplettem Geschirr und Utensilien. Wir bieten Modelle mit 1 bis 4 Schlafzimmern an, je nach der Gr\u00f6\u00dfe Ihrer Gruppe. Einige gro\u00dfe Mobilheime haben zwei Badezimmer f\u00fcr mehr Komfort im Alltag, besonders beliebt bei <a href=\"https:\/\/www.camping-les-saules.com\/de\/mobilheim-8-personen\/\" target=\"_blank\" rel=\"noopener noreferrer\">Aufenthalten mit 8 Personen<\/a>.  <\/p><p data-source-line=\"23-23\">Barrierefreiheit<strong>:<\/strong> Wir haben ein Mobilheim f\u00fcr Personen mit eingeschr\u00e4nkter Mobilit\u00e4t (4 Personen) mit einer Zugangsrampe, einem ger\u00e4umigen Badezimmer und einem erleichterten Zugang ausgestattet.<\/p><p data-source-line=\"25-25\"><a href=\"https:\/\/www.camping-les-saules.com\/de\/mobilheim-fouesnant\/\" target=\"_blank\" rel=\"noopener noreferrer\">Sehen Sie alle unsere Mobilheime und Verf\u00fcgbarkeiten \u2192.<\/a><\/p>\t\t\t\t\t\t\t\t<\/div>\n\t\t\t\t<\/div>\n\t\t<div class=\"elementor-element elementor-element-2a4d9e2 e-con-full e-flex e-con e-child\" data-id=\"2a4d9e2\" data-element_type=\"container\" data-e-type=\"container\">\n\t\t\t\t<div class=\"elementor-element elementor-element-b78e769 elementor-widget elementor-widget-image\" data-id=\"b78e769\" data-element_type=\"widget\" data-e-type=\"widget\" data-widget_type=\"image.default\">\n\t\t\t\t\t\t\t\t\t\t\t\t\t\t\t<img loading=\"lazy\" decoding=\"async\" width=\"800\" height=\"536\" src=\"https:\/\/www.camping-les-saules.com\/wp-content\/uploads\/Saules-1025-12-1024x686.jpg\" class=\"attachment-large size-large wp-image-18840\" alt=\"Weiden 1025\" srcset=\"https:\/\/www.camping-les-saules.com\/wp-content\/uploads\/Saules-1025-12-1024x686.jpg 1024w, https:\/\/www.camping-les-saules.com\/wp-content\/uploads\/Saules-1025-12-300x201.jpg 300w, https:\/\/www.camping-les-saules.com\/wp-content\/uploads\/Saules-1025-12-768x514.jpg 768w, https:\/\/www.camping-les-saules.com\/wp-content\/uploads\/Saules-1025-12.jpg 1280w\" sizes=\"auto, (max-width: 800px) 100vw, 800px\" \/>\t\t\t\t\t\t\t\t\t\t\t\t\t\t\t<\/div>\n\t\t\t\t<div class=\"elementor-element elementor-element-51ffa59 elementor-widget elementor-widget-image\" data-id=\"51ffa59\" data-element_type=\"widget\" data-e-type=\"widget\" data-widget_type=\"image.default\">\n\t\t\t\t\t\t\t\t\t\t\t\t\t\t\t<img loading=\"lazy\" decoding=\"async\" width=\"800\" height=\"534\" src=\"https:\/\/www.camping-les-saules.com\/wp-content\/uploads\/mobil-home-PMR-2-1024x683.jpg\" class=\"attachment-large size-large wp-image-12876\" alt=\"Ein gem\u00fctliches Zimmer in einem Mobilheim in Fouesnant besteht aus zwei Einzelbetten mit gr\u00fcnen und gelben Decken, einem Fenster und einem Regal. Auf einem der Betten steht eine Schale, w\u00e4hrend die Regale mit B\u00fcchern und Dekorationsgegenst\u00e4nden ausgestattet sind. Eine Leuchte h\u00e4ngt \u00fcber den Betten.\" srcset=\"https:\/\/www.camping-les-saules.com\/wp-content\/uploads\/mobil-home-PMR-2-1024x683.jpg 1024w, https:\/\/www.camping-les-saules.com\/wp-content\/uploads\/mobil-home-PMR-2-300x200.jpg 300w, https:\/\/www.camping-les-saules.com\/wp-content\/uploads\/mobil-home-PMR-2-768x512.jpg 768w, https:\/\/www.camping-les-saules.com\/wp-content\/uploads\/mobil-home-PMR-2-1536x1024.jpg 1536w, https:\/\/www.camping-les-saules.com\/wp-content\/uploads\/mobil-home-PMR-2.jpg 1758w\" sizes=\"auto, (max-width: 800px) 100vw, 800px\" \/>\t\t\t\t\t\t\t\t\t\t\t\t\t\t\t<\/div>\n\t\t\t\t<\/div>\n\t\t\t\t\t<\/div>\n\t\t\t\t<\/div>\n\t\t<div class=\"elementor-element elementor-element-b497c00 e-flex e-con-boxed e-con e-parent\" data-id=\"b497c00\" data-element_type=\"container\" data-e-type=\"container\" data-settings=\"{&quot;background_background&quot;:&quot;classic&quot;}\">\n\t\t\t\t\t<div class=\"e-con-inner\">\n\t\t<div class=\"elementor-element elementor-element-e6928ef e-con-full e-flex e-con e-child\" data-id=\"e6928ef\" data-element_type=\"container\" data-e-type=\"container\">\n\t\t\t\t<div class=\"elementor-element elementor-element-c9d9113 elementor-widget elementor-widget-heading\" data-id=\"c9d9113\" data-element_type=\"widget\" data-e-type=\"widget\" data-widget_type=\"heading.default\">\n\t\t\t\t\t<h3 class=\"elementor-heading-title elementor-size-default\">Unsere Camping-Stellpl\u00e4tze: Authentizit\u00e4t am Meer\n<\/h3>\t\t\t\t<\/div>\n\t\t\t\t<div class=\"elementor-element elementor-element-3d6d7c2 elementor-widget elementor-widget-text-editor\" data-id=\"3d6d7c2\" data-element_type=\"widget\" data-e-type=\"widget\" data-widget_type=\"text-editor.default\">\n\t\t\t\t\t\t\t\t\t<p data-source-line=\"9-9\">F\u00fcr Liebhaber von Caravaning, Zelt oder Van bieten wir Stellpl\u00e4tze von ca. 90 m\u00b2 mit direktem Zugang zum Strand. Diese Option ist besonders f\u00fcr Wanderer interessant, die die Freiheit der Einrichtung sch\u00e4tzen und gleichzeitig alle unsere Einrichtungen nutzen m\u00f6chten: beheizter Wasserpark, Sanit\u00e4ranlagen mit Warmwasser, W\u00e4scherei. <\/p><p data-source-line=\"13-13\"><strong>Gut zu wissen:<\/strong> Unsere Stellpl\u00e4tze sind aufgrund der Beschaffenheit des Gel\u00e4ndes nicht f\u00fcr Wohnmobile mit einer L\u00e4nge von mehr als 7,50 m geeignet. Haustiere sind auf den Stellpl\u00e4tzen gegen einen Aufpreis erlaubt (au\u00dfer Hunde der Kategorien 1 und 2). <\/p><p data-source-line=\"15-15\"><strong>Services:<\/strong> kostenloser Zugang zum Wasserpark, Sanit\u00e4ranlagen mit unbegrenzt warmem Wasser, Entleerung von Wohnmobilen, Waschmaschine, Trockner, Wi-Fi gegen Geb\u00fchr<\/p><p data-source-line=\"17-17\"><a href=\"https:\/\/www.camping-les-saules.com\/de\/stellplaetze\/\" target=\"_blank\" rel=\"noopener noreferrer\">Buchen Sie einen Campingplatz \u2192.<\/a><\/p>\t\t\t\t\t\t\t\t<\/div>\n\t\t\t\t<\/div>\n\t\t<div class=\"elementor-element elementor-element-024a2be e-con-full e-flex e-con e-child\" data-id=\"024a2be\" data-element_type=\"container\" data-e-type=\"container\">\n\t\t\t\t<div class=\"elementor-element elementor-element-9108d35 elementor-widget elementor-widget-image\" data-id=\"9108d35\" data-element_type=\"widget\" data-e-type=\"widget\" data-widget_type=\"image.default\">\n\t\t\t\t\t\t\t\t\t\t\t\t\t\t\t<img loading=\"lazy\" decoding=\"async\" width=\"800\" height=\"529\" src=\"https:\/\/www.camping-les-saules.com\/wp-content\/uploads\/emplacement-camping.webp\" class=\"attachment-large size-large wp-image-18836\" alt=\"Stellplatz Campingplatz\" srcset=\"https:\/\/www.camping-les-saules.com\/wp-content\/uploads\/emplacement-camping.webp 1024w, https:\/\/www.camping-les-saules.com\/wp-content\/uploads\/emplacement-camping-300x198.webp 300w, https:\/\/www.camping-les-saules.com\/wp-content\/uploads\/emplacement-camping-768x508.webp 768w\" sizes=\"auto, (max-width: 800px) 100vw, 800px\" \/>\t\t\t\t\t\t\t\t\t\t\t\t\t\t\t<\/div>\n\t\t\t\t<\/div>\n\t\t\t\t\t<\/div>\n\t\t\t\t<\/div>\n\t\t<div class=\"elementor-element elementor-element-e5fd381 e-flex e-con-boxed e-con e-parent\" data-id=\"e5fd381\" data-element_type=\"container\" data-e-type=\"container\">\n\t\t\t\t\t<div class=\"e-con-inner\">\n\t\t\t\t<div class=\"elementor-element elementor-element-015a0e9 elementor-widget elementor-widget-heading\" data-id=\"015a0e9\" data-element_type=\"widget\" data-e-type=\"widget\" data-widget_type=\"heading.default\">\n\t\t\t\t\t<h2 class=\"elementor-heading-title elementor-size-default\">FAQs zu unseren Unterk\u00fcnften<\/h2>\t\t\t\t<\/div>\n\t\t\t\t<div class=\"elementor-element elementor-element-5398a36 elementor-widget elementor-widget-n-accordion\" data-id=\"5398a36\" data-element_type=\"widget\" data-e-type=\"widget\" data-settings=\"{&quot;default_state&quot;:&quot;expanded&quot;,&quot;max_items_expended&quot;:&quot;one&quot;,&quot;n_accordion_animation_duration&quot;:{&quot;unit&quot;:&quot;ms&quot;,&quot;size&quot;:400,&quot;sizes&quot;:[]}}\" data-widget_type=\"nested-accordion.default\">\n\t\t\t\t\t\t\t<div class=\"e-n-accordion\" aria-label=\"Accordion. Open links with Enter or Space, close with Escape, and navigate with Arrow Keys\">\n\t\t\t\t\t\t<details id=\"e-n-accordion-item-8760\" class=\"e-n-accordion-item\" open>\n\t\t\t\t<summary class=\"e-n-accordion-item-title\" data-accordion-index=\"1\" tabindex=\"0\" aria-expanded=\"true\" aria-controls=\"e-n-accordion-item-8760\" >\n\t\t\t\t\t<span class='e-n-accordion-item-title-header'><span class=\"e-n-accordion-item-title-text\"> Wie lange ist die Mindestmietdauer auf dem Campingplatz Les Saules? <\/span><\/span>\n\t\t\t\t\t\t\t<span class='e-n-accordion-item-title-icon'>\n\t\t\t<span class='e-opened' ><svg xmlns=\"http:\/\/www.w3.org\/2000\/svg\" width=\"24\" height=\"24\" viewBox=\"0 0 24 24\" fill=\"none\" stroke=\"#045A68\" stroke-width=\"2\" stroke-linecap=\"round\" stroke-linejoin=\"round\" class=\"lucide lucide-chevron-up-icon lucide-chevron-up\"><path d=\"m18 15-6-6-6 6\"><\/path><\/svg><\/span>\n\t\t\t<span class='e-closed'><svg xmlns=\"http:\/\/www.w3.org\/2000\/svg\" width=\"24\" height=\"24\" viewBox=\"0 0 24 24\" fill=\"none\" stroke=\"#045A68\" stroke-width=\"2\" stroke-linecap=\"round\" stroke-linejoin=\"round\" class=\"lucide lucide-chevron-down-icon lucide-chevron-down\"><path d=\"m6 9 6 6 6-6\"><\/path><\/svg><\/span>\n\t\t<\/span>\n\n\t\t\t\t\t\t<\/summary>\n\t\t\t\t<div role=\"region\" aria-labelledby=\"e-n-accordion-item-8760\" class=\"elementor-element elementor-element-feed9f5 e-con-full e-flex e-con e-child\" data-id=\"feed9f5\" data-element_type=\"container\" data-e-type=\"container\">\n\t\t\t\t<div class=\"elementor-element elementor-element-50a949f elementor-widget elementor-widget-text-editor\" data-id=\"50a949f\" data-element_type=\"widget\" data-e-type=\"widget\" data-widget_type=\"text-editor.default\">\n\t\t\t\t\t\t\t\t\t<p>In der Hochsaison (Juli-August) vermieten wir unsere Mobilheime und Appartements wochenweise von Samstag 17.00 Uhr bis Samstag 10.00 Uhr. Diese Organisation erm\u00f6glicht eine sorgf\u00e4ltige Wartung zwischen den Aufenthalten.  In der Nebensaison (April-Juni und September) sind je nach Verf\u00fcgbarkeit auch Kurzaufenthalte von 2 bis 4 N\u00e4chten m\u00f6glich.  <\/p>\t\t\t\t\t\t\t\t<\/div>\n\t\t\t\t<\/div>\n\t\t\t\t\t<\/details>\n\t\t\t\t\t\t<details id=\"e-n-accordion-item-8761\" class=\"e-n-accordion-item\" >\n\t\t\t\t<summary class=\"e-n-accordion-item-title\" data-accordion-index=\"2\" tabindex=\"-1\" aria-expanded=\"false\" aria-controls=\"e-n-accordion-item-8761\" >\n\t\t\t\t\t<span class='e-n-accordion-item-title-header'><span class=\"e-n-accordion-item-title-text\"> Sind Bettw\u00e4sche und Handt\u00fccher in den Unterk\u00fcnften vorhanden? <\/span><\/span>\n\t\t\t\t\t\t\t<span class='e-n-accordion-item-title-icon'>\n\t\t\t<span class='e-opened' ><svg xmlns=\"http:\/\/www.w3.org\/2000\/svg\" width=\"24\" height=\"24\" viewBox=\"0 0 24 24\" fill=\"none\" stroke=\"#045A68\" stroke-width=\"2\" stroke-linecap=\"round\" stroke-linejoin=\"round\" class=\"lucide lucide-chevron-up-icon lucide-chevron-up\"><path d=\"m18 15-6-6-6 6\"><\/path><\/svg><\/span>\n\t\t\t<span class='e-closed'><svg xmlns=\"http:\/\/www.w3.org\/2000\/svg\" width=\"24\" height=\"24\" viewBox=\"0 0 24 24\" fill=\"none\" stroke=\"#045A68\" stroke-width=\"2\" stroke-linecap=\"round\" stroke-linejoin=\"round\" class=\"lucide lucide-chevron-down-icon lucide-chevron-down\"><path d=\"m6 9 6 6 6-6\"><\/path><\/svg><\/span>\n\t\t<\/span>\n\n\t\t\t\t\t\t<\/summary>\n\t\t\t\t<div role=\"region\" aria-labelledby=\"e-n-accordion-item-8761\" class=\"elementor-element elementor-element-078db55 e-con-full e-flex e-con e-child\" data-id=\"078db55\" data-element_type=\"container\" data-e-type=\"container\">\n\t\t\t\t<div class=\"elementor-element elementor-element-2cd3f8f elementor-widget elementor-widget-text-editor\" data-id=\"2cd3f8f\" data-element_type=\"widget\" data-e-type=\"widget\" data-widget_type=\"text-editor.default\">\n\t\t\t\t\t\t\t\t\t<p>Wir stellen systematisch die komplette Bettw\u00e4sche (Bettdecken, Kopfkissen, Nackenrollen) in allen unseren Mietunterk\u00fcnften zur Verf\u00fcgung.<\/p><p>Bettw\u00e4sche, Bettbez\u00fcge und Handt\u00fccher m\u00fcssen Sie selbst bezahlen, au\u00dfer in den Appartements und den Mobilheimen der Lodge- und Privilege-Kategorie.<\/p><p>Wenn Sie mit leichtem Gep\u00e4ck reisen m\u00f6chten, k\u00f6nnen Sie Bettw\u00e4sche (15 \u20ac f\u00fcr Doppelbetten) und ein Handtuchset (9,50 \u20ac) mieten. Dieses Angebot ist besonders bei Familien beliebt und erspart Ihnen viel Gep\u00e4ck. <\/p>\t\t\t\t\t\t\t\t<\/div>\n\t\t\t\t<\/div>\n\t\t\t\t\t<\/details>\n\t\t\t\t\t\t<details id=\"e-n-accordion-item-8762\" class=\"e-n-accordion-item\" >\n\t\t\t\t<summary class=\"e-n-accordion-item-title\" data-accordion-index=\"3\" tabindex=\"-1\" aria-expanded=\"false\" aria-controls=\"e-n-accordion-item-8762\" >\n\t\t\t\t\t<span class='e-n-accordion-item-title-header'><span class=\"e-n-accordion-item-title-text\"> Kann man sein Haustier mitbringen? <\/span><\/span>\n\t\t\t\t\t\t\t<span class='e-n-accordion-item-title-icon'>\n\t\t\t<span class='e-opened' ><svg xmlns=\"http:\/\/www.w3.org\/2000\/svg\" width=\"24\" height=\"24\" viewBox=\"0 0 24 24\" fill=\"none\" stroke=\"#045A68\" stroke-width=\"2\" stroke-linecap=\"round\" stroke-linejoin=\"round\" class=\"lucide lucide-chevron-up-icon lucide-chevron-up\"><path d=\"m18 15-6-6-6 6\"><\/path><\/svg><\/span>\n\t\t\t<span class='e-closed'><svg xmlns=\"http:\/\/www.w3.org\/2000\/svg\" width=\"24\" height=\"24\" viewBox=\"0 0 24 24\" fill=\"none\" stroke=\"#045A68\" stroke-width=\"2\" stroke-linecap=\"round\" stroke-linejoin=\"round\" class=\"lucide lucide-chevron-down-icon lucide-chevron-down\"><path d=\"m6 9 6 6 6-6\"><\/path><\/svg><\/span>\n\t\t<\/span>\n\n\t\t\t\t\t\t<\/summary>\n\t\t\t\t<div role=\"region\" aria-labelledby=\"e-n-accordion-item-8762\" class=\"elementor-element elementor-element-2da2fc0 e-con-full e-flex e-con e-child\" data-id=\"2da2fc0\" data-element_type=\"container\" data-e-type=\"container\">\n\t\t\t\t<div class=\"elementor-element elementor-element-3a09427 elementor-widget elementor-widget-text-editor\" data-id=\"3a09427\" data-element_type=\"widget\" data-e-type=\"widget\" data-widget_type=\"text-editor.default\">\n\t\t\t\t\t\t\t\t\t<p data-source-line=\"109-109\">Haustiere sind auf unseren Campingpl\u00e4tzen und Mobilheimen der Serien Essentiel, Confort und Privilege gegen einen Aufpreis von 3 \u20ac pro Tag willkommen. Hunde m\u00fcssen auf dem gesamten Campingplatz an der Leine gef\u00fchrt werden und sind in den Wasserbereichen aus gesundheitlichen Gr\u00fcnden nicht erlaubt. <\/p><p data-source-line=\"109-109\">Die Mobilheime Lodges und Apartments akzeptieren keine Haustiere.<\/p>\t\t\t\t\t\t\t\t<\/div>\n\t\t\t\t<\/div>\n\t\t\t\t\t<\/details>\n\t\t\t\t\t\t<details id=\"e-n-accordion-item-8763\" class=\"e-n-accordion-item\" >\n\t\t\t\t<summary class=\"e-n-accordion-item-title\" data-accordion-index=\"4\" tabindex=\"-1\" aria-expanded=\"false\" aria-controls=\"e-n-accordion-item-8763\" >\n\t\t\t\t\t<span class='e-n-accordion-item-title-header'><span class=\"e-n-accordion-item-title-text\"> Ist die Endreinigung obligatorisch? <\/span><\/span>\n\t\t\t\t\t\t\t<span class='e-n-accordion-item-title-icon'>\n\t\t\t<span class='e-opened' ><svg xmlns=\"http:\/\/www.w3.org\/2000\/svg\" width=\"24\" height=\"24\" viewBox=\"0 0 24 24\" fill=\"none\" stroke=\"#045A68\" stroke-width=\"2\" stroke-linecap=\"round\" stroke-linejoin=\"round\" class=\"lucide lucide-chevron-up-icon lucide-chevron-up\"><path d=\"m18 15-6-6-6 6\"><\/path><\/svg><\/span>\n\t\t\t<span class='e-closed'><svg xmlns=\"http:\/\/www.w3.org\/2000\/svg\" width=\"24\" height=\"24\" viewBox=\"0 0 24 24\" fill=\"none\" stroke=\"#045A68\" stroke-width=\"2\" stroke-linecap=\"round\" stroke-linejoin=\"round\" class=\"lucide lucide-chevron-down-icon lucide-chevron-down\"><path d=\"m6 9 6 6 6-6\"><\/path><\/svg><\/span>\n\t\t<\/span>\n\n\t\t\t\t\t\t<\/summary>\n\t\t\t\t<div role=\"region\" aria-labelledby=\"e-n-accordion-item-8763\" class=\"elementor-element elementor-element-f38cd7c e-con-full e-flex e-con e-child\" data-id=\"f38cd7c\" data-element_type=\"container\" data-e-type=\"container\">\n\t\t\t\t<div class=\"elementor-element elementor-element-2a611fc elementor-widget elementor-widget-text-editor\" data-id=\"2a611fc\" data-element_type=\"widget\" data-e-type=\"widget\" data-widget_type=\"text-editor.default\">\n\t\t\t\t\t\t\t\t\t<p data-source-line=\"7-7\">Ja, die Endreinigung ist f\u00fcr alle unsere Mietunterk\u00fcnfte (Mobilheime und Appartements) zu Ihren Lasten. Wir geben Ihnen bei Ihrer Ankunft eine Checkliste, damit Sie genau wissen, was Sie erwarten k\u00f6nnen. Diese Organisation erm\u00f6glicht es uns, unsere Preise erschwinglich zu halten und den nachfolgenden G\u00e4sten einen tadellosen Empfang zu garantieren.  <\/p><p data-source-line=\"9-9\"><strong>Was wir bei der Wohnungsabnahme \u00fcberpr\u00fcfen:<\/strong> die allgemeine Sauberkeit der Unterkunft, das Geschirr gewaschen und aufger\u00e4umt, der K\u00fchlschrank geleert und gereinigt, die M\u00fclltonnen in die Container gestellt, die B\u00f6den gefegt. Wir kontrollieren auch das Inventar, um sicherzustellen, dass keine Ausr\u00fcstungsgegenst\u00e4nde besch\u00e4digt oder zerbrochen wurden. <\/p><p data-source-line=\"11-11\"><strong>Wenn die Reinigung nicht unserer Checkliste entspricht,<\/strong> m\u00fcssen wir unser Team dringend mobilisieren, um die Unterkunft vor der n\u00e4chsten Ankunft, die oft am selben Tag stattfindet, vorzubereiten. In diesem Fall wird eine Pauschale von 100 \u20ac von Ihrer Kaution einbehalten, um diesen au\u00dfergew\u00f6hnlichen Einsatz zu decken. Zerbrochene oder fehlende Gegenst\u00e4nde werden ebenfalls zum Wiederbeschaffungspreis in Rechnung gestellt.  <\/p><p data-source-line=\"13-13\">Z\u00f6gern Sie nicht, uns bei Ihrer Ankunft jede festgestellte Anomalie zu melden, um Missverst\u00e4ndnisse bei der Abreise zu vermeiden.<\/p>\t\t\t\t\t\t\t\t<\/div>\n\t\t\t\t<\/div>\n\t\t\t\t\t<\/details>\n\t\t\t\t\t\t<details id=\"e-n-accordion-item-8764\" class=\"e-n-accordion-item\" >\n\t\t\t\t<summary class=\"e-n-accordion-item-title\" data-accordion-index=\"5\" tabindex=\"-1\" aria-expanded=\"false\" aria-controls=\"e-n-accordion-item-8764\" >\n\t\t\t\t\t<span class='e-n-accordion-item-title-header'><span class=\"e-n-accordion-item-title-text\"> Welche Einrichtungen f\u00fcr Babys gibt es in den Unterk\u00fcnften? <\/span><\/span>\n\t\t\t\t\t\t\t<span class='e-n-accordion-item-title-icon'>\n\t\t\t<span class='e-opened' ><svg xmlns=\"http:\/\/www.w3.org\/2000\/svg\" width=\"24\" height=\"24\" viewBox=\"0 0 24 24\" fill=\"none\" stroke=\"#045A68\" stroke-width=\"2\" stroke-linecap=\"round\" stroke-linejoin=\"round\" class=\"lucide lucide-chevron-up-icon lucide-chevron-up\"><path d=\"m18 15-6-6-6 6\"><\/path><\/svg><\/span>\n\t\t\t<span class='e-closed'><svg xmlns=\"http:\/\/www.w3.org\/2000\/svg\" width=\"24\" height=\"24\" viewBox=\"0 0 24 24\" fill=\"none\" stroke=\"#045A68\" stroke-width=\"2\" stroke-linecap=\"round\" stroke-linejoin=\"round\" class=\"lucide lucide-chevron-down-icon lucide-chevron-down\"><path d=\"m6 9 6 6 6-6\"><\/path><\/svg><\/span>\n\t\t<\/span>\n\n\t\t\t\t\t\t<\/summary>\n\t\t\t\t<div role=\"region\" aria-labelledby=\"e-n-accordion-item-8764\" class=\"elementor-element elementor-element-526ab71 e-con-full e-flex e-con e-child\" data-id=\"526ab71\" data-element_type=\"container\" data-e-type=\"container\">\n\t\t\t\t<div class=\"elementor-element elementor-element-ea818f2 elementor-widget elementor-widget-text-editor\" data-id=\"ea818f2\" data-element_type=\"widget\" data-e-type=\"widget\" data-widget_type=\"text-editor.default\">\n\t\t\t\t\t\t\t\t\t<p data-source-line=\"117-117\">Wir stellen auf Reservierung in allen unseren Mietunterk\u00fcnften kostenlos ein Babybett und einen Hochstuhl zur Verf\u00fcgung, solange der Vorrat reicht. Die Ausleihe ist auf ein Babyset pro Mietobjekt beschr\u00e4nkt. Wenn Sie zwei kleine Kinder haben, die eine Ausstattung ben\u00f6tigen, denken Sie bitte daran, dies bei der Buchung anzugeben, damit wir Ihnen mitteilen k\u00f6nnen, ob wir die Ausstattung haben.  <\/p>\t\t\t\t\t\t\t\t<\/div>\n\t\t\t\t<\/div>\n\t\t\t\t\t<\/details>\n\t\t\t\t\t\t<details id=\"e-n-accordion-item-8765\" class=\"e-n-accordion-item\" >\n\t\t\t\t<summary class=\"e-n-accordion-item-title\" data-accordion-index=\"6\" tabindex=\"-1\" aria-expanded=\"false\" aria-controls=\"e-n-accordion-item-8765\" >\n\t\t\t\t\t<span class='e-n-accordion-item-title-header'><span class=\"e-n-accordion-item-title-text\"> Gibt es Wi-Fi in den Unterk\u00fcnften? <\/span><\/span>\n\t\t\t\t\t\t\t<span class='e-n-accordion-item-title-icon'>\n\t\t\t<span class='e-opened' ><svg xmlns=\"http:\/\/www.w3.org\/2000\/svg\" width=\"24\" height=\"24\" viewBox=\"0 0 24 24\" fill=\"none\" stroke=\"#045A68\" stroke-width=\"2\" stroke-linecap=\"round\" stroke-linejoin=\"round\" class=\"lucide lucide-chevron-up-icon lucide-chevron-up\"><path d=\"m18 15-6-6-6 6\"><\/path><\/svg><\/span>\n\t\t\t<span class='e-closed'><svg xmlns=\"http:\/\/www.w3.org\/2000\/svg\" width=\"24\" height=\"24\" viewBox=\"0 0 24 24\" fill=\"none\" stroke=\"#045A68\" stroke-width=\"2\" stroke-linecap=\"round\" stroke-linejoin=\"round\" class=\"lucide lucide-chevron-down-icon lucide-chevron-down\"><path d=\"m6 9 6 6 6-6\"><\/path><\/svg><\/span>\n\t\t<\/span>\n\n\t\t\t\t\t\t<\/summary>\n\t\t\t\t<div role=\"region\" aria-labelledby=\"e-n-accordion-item-8765\" class=\"elementor-element elementor-element-d51782d e-con-full e-flex e-con e-child\" data-id=\"d51782d\" data-element_type=\"container\" data-e-type=\"container\">\n\t\t\t\t<div class=\"elementor-element elementor-element-a7631f3 elementor-widget elementor-widget-text-editor\" data-id=\"a7631f3\" data-element_type=\"widget\" data-e-type=\"widget\" data-widget_type=\"text-editor.default\">\n\t\t\t\t\t\t\t\t\t<p data-source-line=\"121-121\">Wi-Fi ist auf dem gesamten Campingplatz verf\u00fcgbar und bietet eine gute Geschwindigkeit f\u00fcr klassisches Surfen und E-Mails. Der Hauptanschluss befindet sich in der N\u00e4he der Rezeption, mit Relais in allen Unterkunftsbereichen. Das Netzwerk funktioniert gut in den Appartements mit Meerblick, da diese in der N\u00e4he der Rezeption liegen.  <\/p><p data-source-line=\"121-121\">Bei weiter entfernten Stellpl\u00e4tzen und Mobilheimen kann das Signal schw\u00e4cher sein. WLAN ist in der Wohnung und in den Mobilheimen der Lodge-Kategorie inklusive, auf den Stellpl\u00e4tzen und in den Mobilheimen der Kategorien Essentiel, Premium und Privilege ist es kostenpflichtig. Hier finden Sie die <a href=\"https:\/\/www.camping-les-saules.com\/de\/dienstleistungen\/\">Details zu den WiFi-Tarifen.<\/a>  <\/p>\t\t\t\t\t\t\t\t<\/div>\n\t\t\t\t<\/div>\n\t\t\t\t\t<\/details>\n\t\t\t\t\t\t<details id=\"e-n-accordion-item-8766\" class=\"e-n-accordion-item\" >\n\t\t\t\t<summary class=\"e-n-accordion-item-title\" data-accordion-index=\"7\" tabindex=\"-1\" aria-expanded=\"false\" aria-controls=\"e-n-accordion-item-8766\" >\n\t\t\t\t\t<span class='e-n-accordion-item-title-header'><span class=\"e-n-accordion-item-title-text\"> Kann man den genauen Standort seines Mobilheims w\u00e4hlen? <\/span><\/span>\n\t\t\t\t\t\t\t<span class='e-n-accordion-item-title-icon'>\n\t\t\t<span class='e-opened' ><svg xmlns=\"http:\/\/www.w3.org\/2000\/svg\" width=\"24\" height=\"24\" viewBox=\"0 0 24 24\" fill=\"none\" stroke=\"#045A68\" stroke-width=\"2\" stroke-linecap=\"round\" stroke-linejoin=\"round\" class=\"lucide lucide-chevron-up-icon lucide-chevron-up\"><path d=\"m18 15-6-6-6 6\"><\/path><\/svg><\/span>\n\t\t\t<span class='e-closed'><svg xmlns=\"http:\/\/www.w3.org\/2000\/svg\" width=\"24\" height=\"24\" viewBox=\"0 0 24 24\" fill=\"none\" stroke=\"#045A68\" stroke-width=\"2\" stroke-linecap=\"round\" stroke-linejoin=\"round\" class=\"lucide lucide-chevron-down-icon lucide-chevron-down\"><path d=\"m6 9 6 6 6-6\"><\/path><\/svg><\/span>\n\t\t<\/span>\n\n\t\t\t\t\t\t<\/summary>\n\t\t\t\t<div role=\"region\" aria-labelledby=\"e-n-accordion-item-8766\" class=\"elementor-element elementor-element-055652e e-flex e-con-boxed e-con e-child\" data-id=\"055652e\" data-element_type=\"container\" data-e-type=\"container\">\n\t\t\t\t\t<div class=\"e-con-inner\">\n\t\t\t\t<div class=\"elementor-element elementor-element-f3209ca elementor-widget elementor-widget-text-editor\" data-id=\"f3209ca\" data-element_type=\"widget\" data-e-type=\"widget\" data-widget_type=\"text-editor.default\">\n\t\t\t\t\t\t\t\t\t<p data-source-line=\"125-125\">Bei Ihrer Reservierung w\u00e4hlen Sie eine Unterkunftskategorie (Baureihe, Pl\u00e4tze, Meerseite oder Natur), aber keine bestimmte Stellplatznummer. Wir weisen die Mobilheime je nach Verf\u00fcgbarkeit und Ankunft\/Abreise zu, um die Wartung zu optimieren. Wenn Sie eine besondere Vorliebe haben (N\u00e4he zum Pool, ruhige Lage, Schatten, Sonne), vermerken Sie dies bitte in den Anmerkungen zur Buchung. Wir tun unser Bestes, um die Anfragen zu erf\u00fcllen, ohne absolute Garantie, abh\u00e4ngig von der Auslastung.   <\/p>\t\t\t\t\t\t\t\t<\/div>\n\t\t\t\t\t<\/div>\n\t\t\t\t<\/div>\n\t\t\t\t\t<\/details>\n\t\t\t\t\t\t<details id=\"e-n-accordion-item-8767\" class=\"e-n-accordion-item\" >\n\t\t\t\t<summary class=\"e-n-accordion-item-title\" data-accordion-index=\"8\" tabindex=\"-1\" aria-expanded=\"false\" aria-controls=\"e-n-accordion-item-8767\" >\n\t\t\t\t\t<span class='e-n-accordion-item-title-header'><span class=\"e-n-accordion-item-title-text\"> Wie sind die Ankunfts- und Abflugzeiten? <\/span><\/span>\n\t\t\t\t\t\t\t<span class='e-n-accordion-item-title-icon'>\n\t\t\t<span class='e-opened' ><svg xmlns=\"http:\/\/www.w3.org\/2000\/svg\" width=\"24\" height=\"24\" viewBox=\"0 0 24 24\" fill=\"none\" stroke=\"#045A68\" stroke-width=\"2\" stroke-linecap=\"round\" stroke-linejoin=\"round\" class=\"lucide lucide-chevron-up-icon lucide-chevron-up\"><path d=\"m18 15-6-6-6 6\"><\/path><\/svg><\/span>\n\t\t\t<span class='e-closed'><svg xmlns=\"http:\/\/www.w3.org\/2000\/svg\" width=\"24\" height=\"24\" viewBox=\"0 0 24 24\" fill=\"none\" stroke=\"#045A68\" stroke-width=\"2\" stroke-linecap=\"round\" stroke-linejoin=\"round\" class=\"lucide lucide-chevron-down-icon lucide-chevron-down\"><path d=\"m6 9 6 6 6-6\"><\/path><\/svg><\/span>\n\t\t<\/span>\n\n\t\t\t\t\t\t<\/summary>\n\t\t\t\t<div role=\"region\" aria-labelledby=\"e-n-accordion-item-8767\" class=\"elementor-element elementor-element-dee6025 e-flex e-con-boxed e-con e-child\" data-id=\"dee6025\" data-element_type=\"container\" data-e-type=\"container\">\n\t\t\t\t\t<div class=\"e-con-inner\">\n\t\t\t\t<div class=\"elementor-element elementor-element-5b91f6e elementor-widget elementor-widget-text-editor\" data-id=\"5b91f6e\" data-element_type=\"widget\" data-e-type=\"widget\" data-widget_type=\"text-editor.default\">\n\t\t\t\t\t\t\t\t\t<p data-source-line=\"129-129\">F\u00fcr die m\u00f6blierten Mietobjekte ist die Anreise samstags ab 17.00 Uhr und die Abreise bis 10.00 Uhr am Samstagmorgen. Diese strikten Zeiten erm\u00f6glichen uns eine gr\u00fcndliche Reinigung und eine vollst\u00e4ndige Kontrolle zwischen zwei Vermietungen. Im Falle einer vorhersehbaren Versp\u00e4tung m\u00fcssen Sie uns unbedingt vor 19 Uhr benachrichtigen. Die Anreise f\u00fcr die Campingpl\u00e4tze erfolgt die ganze Woche \u00fcber ab 12 Uhr.    Am Abreisetag muss der Stellplatz bis 12.00 Uhr ger\u00e4umt werden.<\/p>\t\t\t\t\t\t\t\t<\/div>\n\t\t\t\t\t<\/div>\n\t\t\t\t<\/div>\n\t\t\t\t\t<\/details>\n\t\t\t\t\t\t<details id=\"e-n-accordion-item-8768\" class=\"e-n-accordion-item\" >\n\t\t\t\t<summary class=\"e-n-accordion-item-title\" data-accordion-index=\"9\" tabindex=\"-1\" aria-expanded=\"false\" aria-controls=\"e-n-accordion-item-8768\" >\n\t\t\t\t\t<span class='e-n-accordion-item-title-header'><span class=\"e-n-accordion-item-title-text\"> Bleibt der Campingplatz au\u00dferhalb der Sommersaison ge\u00f6ffnet? <\/span><\/span>\n\t\t\t\t\t\t\t<span class='e-n-accordion-item-title-icon'>\n\t\t\t<span class='e-opened' ><svg xmlns=\"http:\/\/www.w3.org\/2000\/svg\" width=\"24\" height=\"24\" viewBox=\"0 0 24 24\" fill=\"none\" stroke=\"#045A68\" stroke-width=\"2\" stroke-linecap=\"round\" stroke-linejoin=\"round\" class=\"lucide lucide-chevron-up-icon lucide-chevron-up\"><path d=\"m18 15-6-6-6 6\"><\/path><\/svg><\/span>\n\t\t\t<span class='e-closed'><svg xmlns=\"http:\/\/www.w3.org\/2000\/svg\" width=\"24\" height=\"24\" viewBox=\"0 0 24 24\" fill=\"none\" stroke=\"#045A68\" stroke-width=\"2\" stroke-linecap=\"round\" stroke-linejoin=\"round\" class=\"lucide lucide-chevron-down-icon lucide-chevron-down\"><path d=\"m6 9 6 6 6-6\"><\/path><\/svg><\/span>\n\t\t<\/span>\n\n\t\t\t\t\t\t<\/summary>\n\t\t\t\t<div role=\"region\" aria-labelledby=\"e-n-accordion-item-8768\" class=\"elementor-element elementor-element-1d3bc53 e-flex e-con-boxed e-con e-child\" data-id=\"1d3bc53\" data-element_type=\"container\" data-e-type=\"container\">\n\t\t\t\t\t<div class=\"e-con-inner\">\n\t\t\t\t<div class=\"elementor-element elementor-element-6936c65 elementor-widget elementor-widget-text-editor\" data-id=\"6936c65\" data-element_type=\"widget\" data-e-type=\"widget\" data-widget_type=\"text-editor.default\">\n\t\t\t\t\t\t\t\t\t<p data-source-line=\"133-133\">Unsere Saison dauert von April bis Ende September, wobei alle Dienstleistungen im Juli und August vollst\u00e4ndig ge\u00f6ffnet sind.  <\/p><p data-source-line=\"133-133\">Im April-Mai-Juni und September arbeitet der Campingplatz mit angepassten Dienstleistungen: kein Verleih von Kajaks, Fahrr\u00e4dern oder Paddles. Diese Zeit zieht Rentner und kinderlose Paare an, die die Ruhe sch\u00e4tzen und das milde bretonische Klima genie\u00dfen wollen. Die Preise sind wesentlich g\u00fcnstiger als in der Hochsaison, mit der M\u00f6glichkeit von Kurzaufenthalten.  <\/p><p data-source-line=\"133-133\">Die Wohnungen k\u00f6nnen das ganze Jahr \u00fcber gemietet werden.<\/p>\t\t\t\t\t\t\t\t<\/div>\n\t\t\t\t\t<\/div>\n\t\t\t\t<\/div>\n\t\t\t\t\t<\/details>\n\t\t\t\t\t\t<details id=\"e-n-accordion-item-8769\" class=\"e-n-accordion-item\" >\n\t\t\t\t<summary class=\"e-n-accordion-item-title\" data-accordion-index=\"10\" tabindex=\"-1\" aria-expanded=\"false\" aria-controls=\"e-n-accordion-item-8769\" >\n\t\t\t\t\t<span class='e-n-accordion-item-title-header'><span class=\"e-n-accordion-item-title-text\"> Wie kann ich eine Unterkunft buchen? <\/span><\/span>\n\t\t\t\t\t\t\t<span class='e-n-accordion-item-title-icon'>\n\t\t\t<span class='e-opened' ><svg xmlns=\"http:\/\/www.w3.org\/2000\/svg\" width=\"24\" height=\"24\" viewBox=\"0 0 24 24\" fill=\"none\" stroke=\"#045A68\" stroke-width=\"2\" stroke-linecap=\"round\" stroke-linejoin=\"round\" class=\"lucide lucide-chevron-up-icon lucide-chevron-up\"><path d=\"m18 15-6-6-6 6\"><\/path><\/svg><\/span>\n\t\t\t<span class='e-closed'><svg xmlns=\"http:\/\/www.w3.org\/2000\/svg\" width=\"24\" height=\"24\" viewBox=\"0 0 24 24\" fill=\"none\" stroke=\"#045A68\" stroke-width=\"2\" stroke-linecap=\"round\" stroke-linejoin=\"round\" class=\"lucide lucide-chevron-down-icon lucide-chevron-down\"><path d=\"m6 9 6 6 6-6\"><\/path><\/svg><\/span>\n\t\t<\/span>\n\n\t\t\t\t\t\t<\/summary>\n\t\t\t\t<div role=\"region\" aria-labelledby=\"e-n-accordion-item-8769\" class=\"elementor-element elementor-element-b87d179 e-flex e-con-boxed e-con e-child\" data-id=\"b87d179\" data-element_type=\"container\" data-e-type=\"container\">\n\t\t\t\t\t<div class=\"e-con-inner\">\n\t\t\t\t<div class=\"elementor-element elementor-element-247264d elementor-widget elementor-widget-text-editor\" data-id=\"247264d\" data-element_type=\"widget\" data-e-type=\"widget\" data-widget_type=\"text-editor.default\">\n\t\t\t\t\t\t\t\t\t<p data-source-line=\"7-7\"><strong>Sichere Online-Reservierung:<\/strong> Unser Reservierungssystem erm\u00f6glicht es Ihnen, in Echtzeit die Verf\u00fcgbarkeit f\u00fcr jede Art von Unterkunft abzufragen. W\u00e4hlen Sie Ihre Daten, w\u00e4hlen Sie Ihr Angebot und best\u00e4tigen Sie Ihre Buchung mit wenigen Klicks. Bei der Buchung wird eine Anzahlung von 30% des Gesamtbetrages verlangt, der Restbetrag ist 30 Tage vor Ihrer Ankunft f\u00e4llig. Sichere Zahlung per Kreditkarte oder Bank\u00fcberweisung.   <\/p><p data-source-line=\"9-9\"><strong>Direkter Kontakt mit unseren Teams :<\/strong> Haben Sie eine spezifische Frage zu den Unterk\u00fcnften oder besondere Bed\u00fcrfnisse (Zug\u00e4nglichkeit, Babyausstattung, Allergien)? Yann und Coralie an der Rezeption kennen jede Unterkunft genau und k\u00f6nnen Ihnen helfen, die beste L\u00f6sung f\u00fcr Ihre famili\u00e4re Situation zu finden. Z\u00f6gern Sie nicht, uns direkt unter <strong>02 98 56 98 57<\/strong> anzurufen oder nutzen Sie unser <strong><a href=\"https:\/\/www.camping-les-saules.com\/contact-2\/\" target=\"_blank\" rel=\"noopener noreferrer\">Kontaktformular.<\/a><\/strong> - Wir antworten Ihnen in der Regel innerhalb von 24 Stunden.  <\/p><p data-source-line=\"11-11\"><strong>Buchungs\u00e4nderung:<\/strong> \u00c4nderungen an Ihrer Buchung (\u00c4nderung des Datums, Art der Unterkunft) k\u00f6nnen kostenlos vorgenommen werden, sofern der Campingplatz noch frei ist. Kontaktieren Sie uns so bald wie m\u00f6glich, um die Optionen zu pr\u00fcfen. <\/p><p data-source-line=\"13-13\"><strong>Stornierungsbedingungen:<\/strong> Jede Stornierung muss uns schriftlich mitgeteilt werden (E-Mail oder Einschreiben mit R\u00fcckschein). Es gelten die folgenden Bedingungen: <\/p><ul data-source-line=\"15-18\"><li data-source-line=\"15-15\"><strong>Stornierung mehr als 30 Tage vor Ankunft:<\/strong> 25% der Gesamtkosten des Aufenthalts werden einbehalten.<\/li><li data-source-line=\"16-16\"><strong>Stornierung zwischen 30 und 15 Tagen vor der Ankunft:<\/strong> 50% der Gesamtkosten des Aufenthalts werden einbehalten.<\/li><li data-source-line=\"17-18\"><strong>Stornierung weniger als 15 Tage vor Ankunft oder Nichterscheinen:<\/strong> 100% des Betrags wird f\u00e4llig.<\/li><\/ul><p data-source-line=\"19-19\"><strong>Reiser\u00fccktrittsversicherung dringend empfohlen:<\/strong> Der Campingplatz bietet keine direkte Reiser\u00fccktrittsversicherung an. Wir empfehlen Ihnen dringend, eine solche Versicherung abzuschlie\u00dfen, um sich im Falle einer Krankheit, eines Unfalls oder eines unvorhergesehenen Ereignisses im Beruf zu sch\u00fctzen. Sie k\u00f6nnen sich an unseren Partner <strong>NG Ass<\/strong> urances (contact@ngassurances.fr \/ 06 12 73 70 93) wenden oder Ihren eigenen Versicherer w\u00e4hlen.  <\/p><p data-source-line=\"19-19\"><a href=\"https:\/\/www.camping-les-saules.com\/contact-2\/\" target=\"_blank\" rel=\"noopener noreferrer\">Sehen Sie sich unsere Verf\u00fcgbarkeiten an und buchen Sie \u2192.<\/a><\/p>\t\t\t\t\t\t\t\t<\/div>\n\t\t\t\t\t<\/div>\n\t\t\t\t<\/div>\n\t\t\t\t\t<\/details>\n\t\t\t\t\t<\/div>\n\t\t\t\t\t<script type=\"application\/ld+json\">{\"@context\":\"https:\\\/\\\/schema.org\",\"@type\":\"FAQPage\",\"mainEntity\":[{\"@type\":\"Question\",\"name\":\"Wie lange ist die Mindestmietdauer auf dem Campingplatz Les Saules?\",\"acceptedAnswer\":{\"@type\":\"Answer\",\"text\":\"In der Hochsaison (Juli-August) vermieten wir unsere Mobilheime und Appartements wochenweise von Samstag 17.00 Uhr bis Samstag 10.00 Uhr. Diese Organisation erm\\u00f6glicht eine sorgf\\u00e4ltige Wartung zwischen den Aufenthalten.  In der Nebensaison (April-Juni und September) sind je nach Verf\\u00fcgbarkeit auch Kurzaufenthalte von 2 bis 4 N\\u00e4chten m\\u00f6glich.\"}},{\"@type\":\"Question\",\"name\":\"Sind Bettw\\u00e4sche und Handt\\u00fccher in den Unterk\\u00fcnften vorhanden?\",\"acceptedAnswer\":{\"@type\":\"Answer\",\"text\":\"Wir stellen systematisch die komplette Bettw\\u00e4sche (Bettdecken, Kopfkissen, Nackenrollen) in allen unseren Mietunterk\\u00fcnften zur Verf\\u00fcgung.Bettw\\u00e4sche, Bettbez\\u00fcge und Handt\\u00fccher m\\u00fcssen Sie selbst bezahlen, au\\u00dfer in den Appartements und den Mobilheimen der Lodge- und Privilege-Kategorie.Wenn Sie mit leichtem Gep\\u00e4ck reisen m\\u00f6chten, k\\u00f6nnen Sie Bettw\\u00e4sche (15 \\u20ac f\\u00fcr Doppelbetten) und ein Handtuchset (9,50 \\u20ac) mieten. Dieses Angebot ist besonders bei Familien beliebt und erspart Ihnen viel Gep\\u00e4ck.\"}},{\"@type\":\"Question\",\"name\":\"Kann man sein Haustier mitbringen?\",\"acceptedAnswer\":{\"@type\":\"Answer\",\"text\":\"Haustiere sind auf unseren Campingpl\\u00e4tzen und Mobilheimen der Serien Essentiel, Confort und Privilege gegen einen Aufpreis von 3 \\u20ac pro Tag willkommen. Hunde m\\u00fcssen auf dem gesamten Campingplatz an der Leine gef\\u00fchrt werden und sind in den Wasserbereichen aus gesundheitlichen Gr\\u00fcnden nicht erlaubt. Die Mobilheime Lodges und Apartments akzeptieren keine Haustiere.\"}},{\"@type\":\"Question\",\"name\":\"Ist die Endreinigung obligatorisch?\",\"acceptedAnswer\":{\"@type\":\"Answer\",\"text\":\"Ja, die Endreinigung ist f\\u00fcr alle unsere Mietunterk\\u00fcnfte (Mobilheime und Appartements) zu Ihren Lasten. Wir geben Ihnen bei Ihrer Ankunft eine Checkliste, damit Sie genau wissen, was Sie erwarten k\\u00f6nnen. Diese Organisation erm\\u00f6glicht es uns, unsere Preise erschwinglich zu halten und den nachfolgenden G\\u00e4sten einen tadellosen Empfang zu garantieren.  Was wir bei der Wohnungsabnahme \\u00fcberpr\\u00fcfen: die allgemeine Sauberkeit der Unterkunft, das Geschirr gewaschen und aufger\\u00e4umt, der K\\u00fchlschrank geleert und gereinigt, die M\\u00fclltonnen in die Container gestellt, die B\\u00f6den gefegt. Wir kontrollieren auch das Inventar, um sicherzustellen, dass keine Ausr\\u00fcstungsgegenst\\u00e4nde besch\\u00e4digt oder zerbrochen wurden. Wenn die Reinigung nicht unserer Checkliste entspricht, m\\u00fcssen wir unser Team dringend mobilisieren, um die Unterkunft vor der n\\u00e4chsten Ankunft, die oft am selben Tag stattfindet, vorzubereiten. In diesem Fall wird eine Pauschale von 100 \\u20ac von Ihrer Kaution einbehalten, um diesen au\\u00dfergew\\u00f6hnlichen Einsatz zu decken. Zerbrochene oder fehlende Gegenst\\u00e4nde werden ebenfalls zum Wiederbeschaffungspreis in Rechnung gestellt.  Z\\u00f6gern Sie nicht, uns bei Ihrer Ankunft jede festgestellte Anomalie zu melden, um Missverst\\u00e4ndnisse bei der Abreise zu vermeiden.\"}},{\"@type\":\"Question\",\"name\":\"Welche Einrichtungen f\\u00fcr Babys gibt es in den Unterk\\u00fcnften?\",\"acceptedAnswer\":{\"@type\":\"Answer\",\"text\":\"Wir stellen auf Reservierung in allen unseren Mietunterk\\u00fcnften kostenlos ein Babybett und einen Hochstuhl zur Verf\\u00fcgung, solange der Vorrat reicht. Die Ausleihe ist auf ein Babyset pro Mietobjekt beschr\\u00e4nkt. Wenn Sie zwei kleine Kinder haben, die eine Ausstattung ben\\u00f6tigen, denken Sie bitte daran, dies bei der Buchung anzugeben, damit wir Ihnen mitteilen k\\u00f6nnen, ob wir die Ausstattung haben.\"}},{\"@type\":\"Question\",\"name\":\"Gibt es Wi-Fi in den Unterk\\u00fcnften?\",\"acceptedAnswer\":{\"@type\":\"Answer\",\"text\":\"Wi-Fi ist auf dem gesamten Campingplatz verf\\u00fcgbar und bietet eine gute Geschwindigkeit f\\u00fcr klassisches Surfen und E-Mails. Der Hauptanschluss befindet sich in der N\\u00e4he der Rezeption, mit Relais in allen Unterkunftsbereichen. Das Netzwerk funktioniert gut in den Appartements mit Meerblick, da diese in der N\\u00e4he der Rezeption liegen.  Bei weiter entfernten Stellpl\\u00e4tzen und Mobilheimen kann das Signal schw\\u00e4cher sein. WLAN ist in der Wohnung und in den Mobilheimen der Lodge-Kategorie inklusive, auf den Stellpl\\u00e4tzen und in den Mobilheimen der Kategorien Essentiel, Premium und Privilege ist es kostenpflichtig. Hier finden Sie die Details zu den WiFi-Tarifen.\"}},{\"@type\":\"Question\",\"name\":\"Kann man den genauen Standort seines Mobilheims w\\u00e4hlen?\",\"acceptedAnswer\":{\"@type\":\"Answer\",\"text\":\"Bei Ihrer Reservierung w\\u00e4hlen Sie eine Unterkunftskategorie (Baureihe, Pl\\u00e4tze, Meerseite oder Natur), aber keine bestimmte Stellplatznummer. Wir weisen die Mobilheime je nach Verf\\u00fcgbarkeit und Ankunft\\\/Abreise zu, um die Wartung zu optimieren. Wenn Sie eine besondere Vorliebe haben (N\\u00e4he zum Pool, ruhige Lage, Schatten, Sonne), vermerken Sie dies bitte in den Anmerkungen zur Buchung. Wir tun unser Bestes, um die Anfragen zu erf\\u00fcllen, ohne absolute Garantie, abh\\u00e4ngig von der Auslastung.\"}},{\"@type\":\"Question\",\"name\":\"Wie sind die Ankunfts- und Abflugzeiten?\",\"acceptedAnswer\":{\"@type\":\"Answer\",\"text\":\"F\\u00fcr die m\\u00f6blierten Mietobjekte ist die Anreise samstags ab 17.00 Uhr und die Abreise bis 10.00 Uhr am Samstagmorgen. Diese strikten Zeiten erm\\u00f6glichen uns eine gr\\u00fcndliche Reinigung und eine vollst\\u00e4ndige Kontrolle zwischen zwei Vermietungen. Im Falle einer vorhersehbaren Versp\\u00e4tung m\\u00fcssen Sie uns unbedingt vor 19 Uhr benachrichtigen. Die Anreise f\\u00fcr die Campingpl\\u00e4tze erfolgt die ganze Woche \\u00fcber ab 12 Uhr.    Am Abreisetag muss der Stellplatz bis 12.00 Uhr ger\\u00e4umt werden.\"}},{\"@type\":\"Question\",\"name\":\"Bleibt der Campingplatz au\\u00dferhalb der Sommersaison ge\\u00f6ffnet?\",\"acceptedAnswer\":{\"@type\":\"Answer\",\"text\":\"Unsere Saison dauert von April bis Ende September, wobei alle Dienstleistungen im Juli und August vollst\\u00e4ndig ge\\u00f6ffnet sind.  Im April-Mai-Juni und September arbeitet der Campingplatz mit angepassten Dienstleistungen: kein Verleih von Kajaks, Fahrr\\u00e4dern oder Paddles. Diese Zeit zieht Rentner und kinderlose Paare an, die die Ruhe sch\\u00e4tzen und das milde bretonische Klima genie\\u00dfen wollen. Die Preise sind wesentlich g\\u00fcnstiger als in der Hochsaison, mit der M\\u00f6glichkeit von Kurzaufenthalten.  Die Wohnungen k\\u00f6nnen das ganze Jahr \\u00fcber gemietet werden.\"}},{\"@type\":\"Question\",\"name\":\"Wie kann ich eine Unterkunft buchen?\",\"acceptedAnswer\":{\"@type\":\"Answer\",\"text\":\"Sichere Online-Reservierung: Unser Reservierungssystem erm\\u00f6glicht es Ihnen, in Echtzeit die Verf\\u00fcgbarkeit f\\u00fcr jede Art von Unterkunft abzufragen. W\\u00e4hlen Sie Ihre Daten, w\\u00e4hlen Sie Ihr Angebot und best\\u00e4tigen Sie Ihre Buchung mit wenigen Klicks. Bei der Buchung wird eine Anzahlung von 30% des Gesamtbetrages verlangt, der Restbetrag ist 30 Tage vor Ihrer Ankunft f\\u00e4llig. Sichere Zahlung per Kreditkarte oder Bank\\u00fcberweisung.   Direkter Kontakt mit unseren Teams : Haben Sie eine spezifische Frage zu den Unterk\\u00fcnften oder besondere Bed\\u00fcrfnisse (Zug\\u00e4nglichkeit, Babyausstattung, Allergien)? Yann und Coralie an der Rezeption kennen jede Unterkunft genau und k\\u00f6nnen Ihnen helfen, die beste L\\u00f6sung f\\u00fcr Ihre famili\\u00e4re Situation zu finden. Z\\u00f6gern Sie nicht, uns direkt unter 02 98 56 98 57 anzurufen oder nutzen Sie unser Kontaktformular. - Wir antworten Ihnen in der Regel innerhalb von 24 Stunden.  Buchungs\\u00e4nderung: \\u00c4nderungen an Ihrer Buchung (\\u00c4nderung des Datums, Art der Unterkunft) k\\u00f6nnen kostenlos vorgenommen werden, sofern der Campingplatz noch frei ist. Kontaktieren Sie uns so bald wie m\\u00f6glich, um die Optionen zu pr\\u00fcfen. Stornierungsbedingungen: Jede Stornierung muss uns schriftlich mitgeteilt werden (E-Mail oder Einschreiben mit R\\u00fcckschein). Es gelten die folgenden Bedingungen: Stornierung mehr als 30 Tage vor Ankunft: 25% der Gesamtkosten des Aufenthalts werden einbehalten.Stornierung zwischen 30 und 15 Tagen vor der Ankunft: 50% der Gesamtkosten des Aufenthalts werden einbehalten.Stornierung weniger als 15 Tage vor Ankunft oder Nichterscheinen: 100% des Betrags wird f\\u00e4llig.Reiser\\u00fccktrittsversicherung dringend empfohlen: Der Campingplatz bietet keine direkte Reiser\\u00fccktrittsversicherung an. Wir empfehlen Ihnen dringend, eine solche Versicherung abzuschlie\\u00dfen, um sich im Falle einer Krankheit, eines Unfalls oder eines unvorhergesehenen Ereignisses im Beruf zu sch\\u00fctzen. Sie k\\u00f6nnen sich an unseren Partner NG Ass urances (contact@ngassurances.fr \\\/ 06 12 73 70 93) wenden oder Ihren eigenen Versicherer w\\u00e4hlen.  Sehen Sie sich unsere Verf\\u00fcgbarkeiten an und buchen Sie \\u2192.\"}}]}<\/script>\n\t\t\t\t\t\t\t<\/div>\n\t\t\t\t<div class=\"elementor-element elementor-element-3efe589 elementor-align-center elementor-widget elementor-widget-button\" data-id=\"3efe589\" data-element_type=\"widget\" data-e-type=\"widget\" data-widget_type=\"button.default\">\n\t\t\t\t\t\t\t\t\t\t<a class=\"elementor-button elementor-button-link elementor-size-sm\" href=\"https:\/\/www.camping-les-saules.com\/de\/kontakt\/\">\n\t\t\t\t\t\t<span class=\"elementor-button-content-wrapper\">\n\t\t\t\t\t\t\t\t\t<span class=\"elementor-button-text\">Haben Sie noch eine Frage? Kontaktieren Sie uns! <\/span>\n\t\t\t\t\t<\/span>\n\t\t\t\t\t<\/a>\n\t\t\t\t\t\t\t\t<\/div>\n\t\t\t\t\t<\/div>\n\t\t\t\t<\/div>\n\t\t\t\t<\/div>\n\t\t","protected":false},"excerpt":{"rendered":"<p>Saison 2026 Unsere Unterk\u00fcnfte Gegen\u00fcber den Gl\u00e9nan-Inseln empf\u00e4ngt Sie unser 4-Sterne-Campingplatz auf einem 4,5 Hektar gro\u00dfen Gel\u00e4nde direkt am Meer. Wir haben unsere Unterk\u00fcnfte so konzipiert, dass sie Ihren Erwartungen entsprechen: ausgestattete Mobilheime mit 2 bis 4 Schlafzimmern, Appartements mit Meerblick oder ger\u00e4umige Camping-Stellpl\u00e4tze mit direktem Zugang zum Strand. Jedes Angebot bietet Ihnen einen idealen [&hellip;]<\/p>\n","protected":false},"author":1,"featured_media":0,"parent":0,"menu_order":0,"comment_status":"closed","ping_status":"closed","template":"","meta":{"slim_seo":{"title":"Unterk\u00fcnfte auf dem Campingplatz Fouesnant : Mobilheim, Appart, Stellplatz","description":"Entdecken Sie unsere Unterk\u00fcnfte in Fouesnant: Mobilheime mit 4 Schlafzimmern (2-8 Personen), Appartements mit Meerblick, schattige Stellpl\u00e4tze. Alle mit Zugang zum Pool und Strand. Vergleichen und buchen Sie."},"footnotes":""},"class_list":["post-12827","page","type-page","status-publish","hentry"],"_links":{"self":[{"href":"https:\/\/www.camping-les-saules.com\/de\/wp-json\/wp\/v2\/pages\/12827","targetHints":{"allow":["GET"]}}],"collection":[{"href":"https:\/\/www.camping-les-saules.com\/de\/wp-json\/wp\/v2\/pages"}],"about":[{"href":"https:\/\/www.camping-les-saules.com\/de\/wp-json\/wp\/v2\/types\/page"}],"author":[{"embeddable":true,"href":"https:\/\/www.camping-les-saules.com\/de\/wp-json\/wp\/v2\/users\/1"}],"replies":[{"embeddable":true,"href":"https:\/\/www.camping-les-saules.com\/de\/wp-json\/wp\/v2\/comments?post=12827"}],"version-history":[{"count":1,"href":"https:\/\/www.camping-les-saules.com\/de\/wp-json\/wp\/v2\/pages\/12827\/revisions"}],"predecessor-version":[{"id":20490,"href":"https:\/\/www.camping-les-saules.com\/de\/wp-json\/wp\/v2\/pages\/12827\/revisions\/20490"}],"wp:attachment":[{"href":"https:\/\/www.camping-les-saules.com\/de\/wp-json\/wp\/v2\/media?parent=12827"}],"curies":[{"name":"wp","href":"https:\/\/api.w.org\/{rel}","templated":true}]}}