{"id":12744,"date":"2025-08-21T00:25:03","date_gmt":"2025-08-20T22:25:03","guid":{"rendered":"https:\/\/www.camping-les-saules.com\/campingplatz-bretagne-am-meer\/"},"modified":"2026-04-01T16:00:38","modified_gmt":"2026-04-01T14:00:38","slug":"campingplatz-fouesnant","status":"publish","type":"page","link":"https:\/\/www.camping-les-saules.com\/de\/","title":{"rendered":"Campingplatz Fouesnant"},"content":{"rendered":"\t\t<div data-elementor-type=\"wp-post\" data-elementor-id=\"12744\" class=\"elementor elementor-12744 elementor-1763\" data-elementor-post-type=\"page\">\n\t\t\t\t<div class=\"elementor-element elementor-element-2879ba7c e-flex e-con-boxed e-con e-parent\" data-id=\"2879ba7c\" data-element_type=\"container\" data-e-type=\"container\" data-settings=\"{&quot;background_background&quot;:&quot;classic&quot;}\">\n\t\t\t\t\t<div class=\"e-con-inner\">\n\t\t\t\t<div class=\"elementor-element elementor-element-ad87367 elementor-hidden-mobile elementor-widget elementor-widget-image\" data-id=\"ad87367\" data-element_type=\"widget\" data-e-type=\"widget\" data-widget_type=\"image.default\">\n\t\t\t\t\t\t\t\t\t\t\t\t\t\t\t<img loading=\"lazy\" decoding=\"async\" width=\"2560\" height=\"1742\" src=\"https:\/\/www.camping-les-saules.com\/wp-content\/uploads\/les-saules-fouesnant-1.webp\" class=\"attachment-full size-full wp-image-20441\" alt=\"Les saules fouesnant\" srcset=\"https:\/\/www.camping-les-saules.com\/wp-content\/uploads\/les-saules-fouesnant-1.webp 2560w, https:\/\/www.camping-les-saules.com\/wp-content\/uploads\/les-saules-fouesnant-1-300x204.webp 300w, https:\/\/www.camping-les-saules.com\/wp-content\/uploads\/les-saules-fouesnant-1-1024x697.webp 1024w, https:\/\/www.camping-les-saules.com\/wp-content\/uploads\/les-saules-fouesnant-1-768x523.webp 768w, https:\/\/www.camping-les-saules.com\/wp-content\/uploads\/les-saules-fouesnant-1-1536x1045.webp 1536w, https:\/\/www.camping-les-saules.com\/wp-content\/uploads\/les-saules-fouesnant-1-2048x1394.webp 2048w\" sizes=\"auto, (max-width: 2560px) 100vw, 2560px\" \/>\t\t\t\t\t\t\t\t\t\t\t\t\t\t\t<\/div>\n\t\t\t\t<div class=\"elementor-element elementor-element-ecb3f3e elementor-hidden-desktop elementor-hidden-tablet elementor-widget elementor-widget-image\" data-id=\"ecb3f3e\" data-element_type=\"widget\" data-e-type=\"widget\" data-widget_type=\"image.default\">\n\t\t\t\t\t\t\t\t\t\t\t\t\t\t\t<img loading=\"lazy\" decoding=\"async\" width=\"768\" height=\"1460\" src=\"https:\/\/www.camping-les-saules.com\/wp-content\/uploads\/camping-fouesnant-bretagne.webp\" class=\"attachment-full size-full wp-image-20466\" alt=\"Camping fouesnant bretagne\" srcset=\"https:\/\/www.camping-les-saules.com\/wp-content\/uploads\/camping-fouesnant-bretagne.webp 768w, https:\/\/www.camping-les-saules.com\/wp-content\/uploads\/camping-fouesnant-bretagne-158x300.webp 158w, https:\/\/www.camping-les-saules.com\/wp-content\/uploads\/camping-fouesnant-bretagne-539x1024.webp 539w\" sizes=\"auto, (max-width: 768px) 100vw, 768px\" \/>\t\t\t\t\t\t\t\t\t\t\t\t\t\t\t<\/div>\n\t\t\t\t<div class=\"elementor-element elementor-element-63a6be24 elementor-widget elementor-widget-heading\" data-id=\"63a6be24\" data-element_type=\"widget\" data-e-type=\"widget\" data-widget_type=\"heading.default\">\n\t\t\t\t\t<h1 class=\"elementor-heading-title elementor-size-default\">Campingplatz Les Saules in Fouesnant<\/h1>\t\t\t\t<\/div>\n\t\t\t\t<div class=\"elementor-element elementor-element-6c099f60 elementor-widget elementor-widget-heading\" data-id=\"6c099f60\" data-element_type=\"widget\" data-e-type=\"widget\" data-widget_type=\"heading.default\">\n\t\t\t\t\t<h2 class=\"elementor-heading-title elementor-size-default\"><a href=\"https:\/\/www.camping-les-saules.com\/de\/familien-campingplatz-fouesnant\/\">Ihr 4\u2605-Familiencampingplatz zwischen Strand und GR34<\/a><\/h2>\t\t\t\t<\/div>\n\t\t\t\t<div class=\"elementor-element elementor-element-3fb90009 elementor-widget elementor-widget-text-editor\" data-id=\"3fb90009\" data-element_type=\"widget\" data-e-type=\"widget\" data-widget_type=\"text-editor.default\">\n\t\t\t\t\t\t\t\t\t<p>Ouvert du 10 Avril au 20 Septembre 2026<\/p>\t\t\t\t\t\t\t\t<\/div>\n\t\t<div class=\"elementor-element elementor-element-41802bfa e-con-full e-flex e-con e-child\" data-id=\"41802bfa\" data-element_type=\"container\" data-e-type=\"container\">\n\t\t\t\t<div class=\"elementor-element elementor-element-17c4ed07 elementor-widget elementor-widget-button\" data-id=\"17c4ed07\" data-element_type=\"widget\" data-e-type=\"widget\" data-widget_type=\"button.default\">\n\t\t\t\t\t\t\t\t\t\t<a class=\"elementor-button elementor-button-link elementor-size-sm\" href=\"https:\/\/www.camping-les-saules.com\/de\/mobilheim-fouesnant\/\">\n\t\t\t\t\t\t<span class=\"elementor-button-content-wrapper\">\n\t\t\t\t\t\t\t\t\t<span class=\"elementor-button-text\">Siehe die Mobilheime<\/span>\n\t\t\t\t\t<\/span>\n\t\t\t\t\t<\/a>\n\t\t\t\t\t\t\t\t<\/div>\n\t\t\t\t<div class=\"elementor-element elementor-element-294f904e elementor-widget elementor-widget-button\" data-id=\"294f904e\" data-element_type=\"widget\" data-e-type=\"widget\" data-widget_type=\"button.default\">\n\t\t\t\t\t\t\t\t\t\t<a class=\"elementor-button elementor-button-link elementor-size-sm\" href=\"https:\/\/www.camping-les-saules.com\/de\/unterkuenfte\/\">\n\t\t\t\t\t\t<span class=\"elementor-button-content-wrapper\">\n\t\t\t\t\t\t\t\t\t<span class=\"elementor-button-text\">Alle Unterk\u00fcnfte<\/span>\n\t\t\t\t\t<\/span>\n\t\t\t\t\t<\/a>\n\t\t\t\t\t\t\t\t<\/div>\n\t\t\t\t<\/div>\n\t\t\t\t\t<\/div>\n\t\t\t\t<\/div>\n\t\t<div class=\"elementor-element elementor-element-e95e78c e-flex e-con-boxed e-con e-parent\" data-id=\"e95e78c\" data-element_type=\"container\" data-e-type=\"container\" data-settings=\"{&quot;background_background&quot;:&quot;classic&quot;}\">\n\t\t\t\t\t<div class=\"e-con-inner\">\n\t\t<div class=\"elementor-element elementor-element-13497c9 e-con-full e-flex e-con e-child\" data-id=\"13497c9\" data-element_type=\"container\" data-e-type=\"container\">\n\t\t\t\t<div class=\"elementor-element elementor-element-6c80e72 elementor-view-framed elementor-position-inline-start elementor-shape-circle elementor-mobile-position-block-start elementor-widget elementor-widget-icon-box\" data-id=\"6c80e72\" data-element_type=\"widget\" data-e-type=\"widget\" data-widget_type=\"icon-box.default\">\n\t\t\t\t\t\t\t<div class=\"elementor-icon-box-wrapper\">\n\n\t\t\t\t\t\t<div class=\"elementor-icon-box-icon\">\n\t\t\t\t<span  class=\"elementor-icon\">\n\t\t\t\t<svg aria-hidden=\"true\" class=\"e-font-icon-svg e-fas-umbrella-beach\" viewBox=\"0 0 640 512\" xmlns=\"http:\/\/www.w3.org\/2000\/svg\"><path d=\"M115.38 136.9l102.11 37.18c35.19-81.54 86.21-144.29 139-173.7-95.88-4.89-188.78 36.96-248.53 111.8-6.69 8.4-2.66 21.05 7.42 24.72zm132.25 48.16l238.48 86.83c35.76-121.38 18.7-231.66-42.63-253.98-7.4-2.7-15.13-4-23.09-4-58.02.01-128.27 69.17-172.76 171.15zM521.48 60.5c6.22 16.3 10.83 34.6 13.2 55.19 5.74 49.89-1.42 108.23-18.95 166.98l102.62 37.36c10.09 3.67 21.31-3.43 21.57-14.17 2.32-95.69-41.91-187.44-118.44-245.36zM560 447.98H321.06L386 269.5l-60.14-21.9-72.9 200.37H16c-8.84 0-16 7.16-16 16.01v32.01C0 504.83 7.16 512 16 512h544c8.84 0 16-7.17 16-16.01v-32.01c0-8.84-7.16-16-16-16z\"><\/path><\/svg>\t\t\t\t<\/span>\n\t\t\t<\/div>\n\t\t\t\n\t\t\t\t\t\t<div class=\"elementor-icon-box-content\">\n\n\t\t\t\t\t\t\t\t\t<p class=\"elementor-icon-box-title\">\n\t\t\t\t\t\t<span  >\n\t\t\t\t\t\t\tDirekter Zugang zum Strand\t\t\t\t\t\t<\/span>\n\t\t\t\t\t<\/p>\n\t\t\t\t\n\t\t\t\t\t\t\t\t\t<p class=\"elementor-icon-box-description\">\n\t\t\t\t\t\tund GR 34\t\t\t\t\t<\/p>\n\t\t\t\t\n\t\t\t<\/div>\n\t\t\t\n\t\t<\/div>\n\t\t\t\t\t\t<\/div>\n\t\t\t\t<\/div>\n\t\t<div class=\"elementor-element elementor-element-b7f7f99 e-con-full e-flex e-con e-child\" data-id=\"b7f7f99\" data-element_type=\"container\" data-e-type=\"container\">\n\t\t\t\t<div class=\"elementor-element elementor-element-66fc057 elementor-view-framed elementor-position-inline-start elementor-shape-circle elementor-mobile-position-block-start elementor-widget elementor-widget-icon-box\" data-id=\"66fc057\" data-element_type=\"widget\" data-e-type=\"widget\" data-widget_type=\"icon-box.default\">\n\t\t\t\t\t\t\t<div class=\"elementor-icon-box-wrapper\">\n\n\t\t\t\t\t\t<div class=\"elementor-icon-box-icon\">\n\t\t\t\t<span  class=\"elementor-icon\">\n\t\t\t\t<svg xmlns=\"http:\/\/www.w3.org\/2000\/svg\" id=\"Calque_1\" data-name=\"Calque 1\" viewBox=\"0 0 212.01 212\"><defs><style>.cls-1{fill:#fff;}<\/style><\/defs><path class=\"cls-1\" d=\"M100.07,149.71h0a40.69,40.69,0,0,1-13.55-2.42c-27,22.28-51.64,41.69-59.92,52.43-8,10.4-10.41,20.55-3.63,27.33s16.93,4.37,27.33-3.64c12.79-9.84,37.87-42.94,65.44-75.46l-.87-1a43.73,43.73,0,0,1-14.8,2.74Z\" transform=\"translate(-19 -19)\"><\/path><path class=\"cls-1\" d=\"M133.12,103.66l13.22,13.24a4.43,4.43,0,0,1,1.18.34,30.06,30.06,0,0,0,34.23-6.46l47.55-49.5a5.85,5.85,0,0,0,.36-7.84,5.73,5.73,0,0,0-8.44-.39l-43.11,43.1a5.93,5.93,0,0,1-7.86.62,5.71,5.71,0,0,1-.45-8.47l43.11-43.1a5.94,5.94,0,0,0,.63-7.87,5.7,5.7,0,0,0-4.14-2.09,5.64,5.64,0,0,0-4.33,1.66L162,80a5.94,5.94,0,0,1-7.88.63,5.71,5.71,0,0,1-.43-8.47L196.85,29h0a5.78,5.78,0,0,0-3.6-10,5.72,5.72,0,0,0-4.32,1.58l-49.67,47.7a30,30,0,0,0-6.46,34.22,4.91,4.91,0,0,1,.33,1.15Z\" transform=\"translate(-19 -19)\"><\/path><path class=\"cls-1\" d=\"M226.85,210.86,39.82,23.54c-8.4-8.42-20.56-5.13-20.81,9.9-.35,21.22,8.66,48.92,38,80.26C69.09,126.57,75.2,131.28,84.12,136A32.24,32.24,0,0,0,113,137.65a7.12,7.12,0,0,1,8.46,2.54c46.08,52.2,67.33,72.63,85.79,86s30.54-4.4,19.63-15.34Z\" transform=\"translate(-19 -19)\"><\/path><\/svg>\t\t\t\t<\/span>\n\t\t\t<\/div>\n\t\t\t\n\t\t\t\t\t\t<div class=\"elementor-icon-box-content\">\n\n\t\t\t\t\t\t\t\t\t<p class=\"elementor-icon-box-title\">\n\t\t\t\t\t\t<span  >\n\t\t\t\t\t\t\tSnack-Bar\t\t\t\t\t\t<\/span>\n\t\t\t\t\t<\/p>\n\t\t\t\t\n\t\t\t\t\t\t\t\t\t<p class=\"elementor-icon-box-description\">\n\t\t\t\t\t\tFood Truck in der Saison\t\t\t\t\t<\/p>\n\t\t\t\t\n\t\t\t<\/div>\n\t\t\t\n\t\t<\/div>\n\t\t\t\t\t\t<\/div>\n\t\t\t\t<\/div>\n\t\t<div class=\"elementor-element elementor-element-9e41229 e-con-full e-flex e-con e-child\" data-id=\"9e41229\" data-element_type=\"container\" data-e-type=\"container\">\n\t\t\t\t<div class=\"elementor-element elementor-element-d40e585 elementor-view-framed elementor-position-inline-start elementor-shape-circle elementor-mobile-position-block-start elementor-widget elementor-widget-icon-box\" data-id=\"d40e585\" data-element_type=\"widget\" data-e-type=\"widget\" data-widget_type=\"icon-box.default\">\n\t\t\t\t\t\t\t<div class=\"elementor-icon-box-wrapper\">\n\n\t\t\t\t\t\t<div class=\"elementor-icon-box-icon\">\n\t\t\t\t<span  class=\"elementor-icon\">\n\t\t\t\t<svg aria-hidden=\"true\" class=\"e-font-icon-svg e-fas-swimming-pool\" viewBox=\"0 0 640 512\" xmlns=\"http:\/\/www.w3.org\/2000\/svg\"><path d=\"M624 416h-16c-26.04 0-45.8-8.42-56.09-17.9-8.9-8.21-19.66-14.1-31.77-14.1h-16.3c-12.11 0-22.87 5.89-31.77 14.1C461.8 407.58 442.04 416 416 416s-45.8-8.42-56.09-17.9c-8.9-8.21-19.66-14.1-31.77-14.1h-16.3c-12.11 0-22.87 5.89-31.77 14.1C269.8 407.58 250.04 416 224 416s-45.8-8.42-56.09-17.9c-8.9-8.21-19.66-14.1-31.77-14.1h-16.3c-12.11 0-22.87 5.89-31.77 14.1C77.8 407.58 58.04 416 32 416H16c-8.84 0-16 7.16-16 16v32c0 8.84 7.16 16 16 16h16c38.62 0 72.72-12.19 96-31.84 23.28 19.66 57.38 31.84 96 31.84s72.72-12.19 96-31.84c23.28 19.66 57.38 31.84 96 31.84s72.72-12.19 96-31.84c23.28 19.66 57.38 31.84 96 31.84h16c8.84 0 16-7.16 16-16v-32c0-8.84-7.16-16-16-16zm-400-32v-96h192v96c19.12 0 30.86-6.16 34.39-9.42 9.17-8.46 19.2-14.34 29.61-18.07V128c0-17.64 14.36-32 32-32s32 14.36 32 32v16c0 8.84 7.16 16 16 16h32c8.84 0 16-7.16 16-16v-16c0-52.94-43.06-96-96-96s-96 43.06-96 96v96H224v-96c0-17.64 14.36-32 32-32s32 14.36 32 32v16c0 8.84 7.16 16 16 16h32c8.84 0 16-7.16 16-16v-16c0-52.94-43.06-96-96-96s-96 43.06-96 96v228.5c10.41 3.73 20.44 9.62 29.61 18.07 3.53 3.27 15.27 9.43 34.39 9.43z\"><\/path><\/svg>\t\t\t\t<\/span>\n\t\t\t<\/div>\n\t\t\t\n\t\t\t\t\t\t<div class=\"elementor-icon-box-content\">\n\n\t\t\t\t\t\t\t\t\t<p class=\"elementor-icon-box-title\">\n\t\t\t\t\t\t<span  >\n\t\t\t\t\t\t\tWasserpark von 300m2\t\t\t\t\t\t<\/span>\n\t\t\t\t\t<\/p>\n\t\t\t\t\n\t\t\t\t\t\t\t\t\t<p class=\"elementor-icon-box-description\">\n\t\t\t\t\t\tZug\u00e4nglich f\u00fcr PMR\t\t\t\t\t<\/p>\n\t\t\t\t\n\t\t\t<\/div>\n\t\t\t\n\t\t<\/div>\n\t\t\t\t\t\t<\/div>\n\t\t\t\t<\/div>\n\t\t<div class=\"elementor-element elementor-element-18bd54a e-con-full e-flex e-con e-child\" data-id=\"18bd54a\" data-element_type=\"container\" data-e-type=\"container\">\n\t\t\t\t<div class=\"elementor-element elementor-element-eed2204 elementor-view-framed elementor-position-inline-start elementor-shape-circle elementor-mobile-position-block-start elementor-widget elementor-widget-icon-box\" data-id=\"eed2204\" data-element_type=\"widget\" data-e-type=\"widget\" data-widget_type=\"icon-box.default\">\n\t\t\t\t\t\t\t<div class=\"elementor-icon-box-wrapper\">\n\n\t\t\t\t\t\t<div class=\"elementor-icon-box-icon\">\n\t\t\t\t<span  class=\"elementor-icon\">\n\t\t\t\t<svg xmlns=\"http:\/\/www.w3.org\/2000\/svg\" xmlns:xlink=\"http:\/\/www.w3.org\/1999\/xlink\" id=\"Calque_1\" x=\"0px\" y=\"0px\" viewBox=\"0 0 250 250\" style=\"enable-background:new 0 0 250 250;\" xml:space=\"preserve\"><style type=\"text\/css\">\t.st0{fill:#FFFFFF;}<\/style><g>\t<g>\t\t<path class=\"st0\" d=\"M218.3,191l-19.5-19.5c-3-3.1-7-4.8-11.3-4.9h-16.3l-7.6-7.6c69.2-71,57.1-123.3,56.5-125.5    c-0.4-1.4-1.5-2.6-2.9-2.9c-2.2-0.6-54.5-12.7-125.5,56.6l-7.6-7.6V63.3c0-4.3-1.7-8.5-4.8-11.5L59.8,32.5    c-2.3-2.3-5.4-3.6-8.6-3.6c-3.2,0-6.4,1.3-8.6,3.6L31.4,43.8c-4.7,4.7-4.7,12.4,0,17.1l19.5,19.5c3,3.1,7,4.8,11.3,4.9h16.3    l7.6,7.6c-69.2,71-57.1,123.3-56.5,125.5c0.4,1.4,1.5,2.6,2.9,2.9c4,0.9,8.1,1.2,12.2,1.2c19.8,0,61.5-7.3,113.2-57.8l7.7,7.6    v16.3c0,4.3,1.7,8.5,4.8,11.5l19.6,19.3c2.3,2.3,5.4,3.6,8.6,3.6c3.2,0,6.4-1.3,8.6-3.6l11.2-11.3C223,203.4,223,195.7,218.3,191    L218.3,191z M178.8,41.8c5.5,4.5,10.7,9.2,15.9,14.3c5.1,5.1,9.9,10.4,14.4,15.9c-3.7,12.7-9.1,24.9-16,36.3    c-5.8-10.6-13.1-20.4-21.7-28.9c-8.5-8.6-18.2-15.9-28.8-21.7c11.4-6.9,23.7-12.4,36.5-16.1L178.8,41.8z M212.6,38.2    c0.8,8,0.4,16.2-1.3,24.1c-3.5-4.1-7.1-8.1-11-11.9c-3.9-3.7-7.8-7.4-11.8-10.9c7.9-1.7,16.1-2.2,24.2-1.5L212.6,38.2z     M134.6,62.7c11.6,5.7,22.1,13.2,31.1,22.4c9.2,9,16.8,19.6,22.4,31.1c-8.9,13.3-19,25.7-30.2,37l-12.2-12.2    c12.8-15.1,15.7-33,6.4-42.4c-5.9-5.2-14.1-7-21.6-4.6c-7.7,2-14.7,5.8-20.6,11.1L97.7,93.1C109,81.8,121.4,71.6,134.6,62.7    L134.6,62.7z M134,140.9c-4.8,4.3-10.5,7.4-16.7,9c-4.8,1.7-10.1,0.8-14-2.4c-6.1-6.1-2.9-19.5,6.6-30.7L134,140.9z M115.7,111    c4.8-4.3,10.5-7.4,16.7-9c1.8-0.4,3.6-0.7,5.4-0.7c3.2-0.2,6.3,0.9,8.6,3.1c6.1,6.1,2.9,19.5-6.6,30.7L115.7,111z M56.4,74.8    L36.9,55.3c-0.8-0.8-1.2-1.8-1.2-2.9c0-1.1,0.4-2.1,1.2-2.9L48.5,38c0.8-0.8,1.8-1.2,2.9-1.2c1.1,0,2.1,0.4,2.9,1.2l19.5,19.5    c1.5,1.5,2.4,3.6,2.4,5.7v13.9H62.1C60,77.2,57.9,76.3,56.4,74.8L56.4,74.8z M70.8,210.2c-5.5-4.5-10.7-9.2-15.9-14.3    c-5.1-5.1-9.9-10.4-14.4-15.9c3.7-12.7,9.1-24.9,16-36.3c5.8,10.6,13.1,20.4,21.7,28.9c8.5,8.6,18.2,15.9,28.8,21.7    C95.8,201.2,83.5,206.5,70.8,210.2L70.8,210.2z M36.9,213.8c-0.8-8-0.4-16.2,1.3-24.1c3.5,4.1,7.1,8.1,11,11.9    C53,205.3,57,209,61,212.5C53.1,214.1,45,214.6,36.9,213.8L36.9,213.8z M115.1,189.2C103.5,183.6,93,176,84,166.8    c-9.2-9-16.8-19.6-22.4-31.1c8.9-13.3,19-25.7,30.2-37l12.2,12.2c-12.8,15.1-15.7,33-6.4,42.4c3.8,3.7,9,5.7,14.3,5.5    c2.4,0,4.9-0.3,7.3-0.9c7.7-2,14.7-5.8,20.6-11.1l12.2,12.2C140.7,170.1,128.3,180.3,115.1,189.2L115.1,189.2z M212.7,202.4    l-11.4,11.5c-0.8,0.8-1.8,1.2-2.9,1.2c-1.1,0-2.1-0.4-2.9-1.2L176,194.4c-1.5-1.5-2.4-3.6-2.4-5.7v-13.9h13.9    c2.2,0,4.2,0.9,5.8,2.4l19.5,19.5c0.8,0.8,1.2,1.8,1.2,2.9c0,1.1-0.4,2.1-1.2,2.9L212.7,202.4z\"><\/path>\t\t<path class=\"st0\" d=\"M173.6,72.2h0.4l5.1-0.6l-0.6,5.1c-0.2,2.2,1.4,4.2,3.6,4.5h0.4c2.1,0,3.8-1.5,4.1-3.6l0.8-6.9l6.9-0.8    c2.2-0.2,3.9-2.3,3.6-4.5c-0.2-2.2-2.3-3.9-4.5-3.6l-5.1,0.6l0.6-5.1c0.2-2.2-1.4-4.3-3.6-4.5s-4.3,1.4-4.5,3.6l-0.8,6.9l-6.9,0.8    c-2.2,0.1-4,2-3.8,4.3C169.4,70.5,171.3,72.3,173.6,72.2L173.6,72.2z\"><\/path>\t\t<path class=\"st0\" d=\"M75.6,179.7l-5.1,0.6l0.6-5.1c0.2-2.2-1.4-4.3-3.6-4.5s-4.3,1.4-4.5,3.6l-0.8,6.9l-6.9,0.8    c-2.2,0.1-4,2-3.8,4.3c0.1,2.2,2,4,4.3,3.8h0.4l5.1-0.6l-0.6,5.1c-0.2,2.2,1.4,4.2,3.6,4.5h0.4c2.1,0,3.8-1.5,4.1-3.6l0.8-6.9    l6.9-0.8c2.2-0.2,3.9-2.3,3.6-4.5C79.9,181,77.8,179.4,75.6,179.7L75.6,179.7z\"><\/path>\t<\/g><\/g><\/svg>\t\t\t\t<\/span>\n\t\t\t<\/div>\n\t\t\t\n\t\t\t\t\t\t<div class=\"elementor-icon-box-content\">\n\n\t\t\t\t\t\t\t\t\t<p class=\"elementor-icon-box-title\">\n\t\t\t\t\t\t<span  >\n\t\t\t\t\t\t\tVermietung von Kajaks\t\t\t\t\t\t<\/span>\n\t\t\t\t\t<\/p>\n\t\t\t\t\n\t\t\t\t\t\t\t\t\t<p class=\"elementor-icon-box-description\">\n\t\t\t\t\t\tFahrr\u00e4der und Paddles\t\t\t\t\t<\/p>\n\t\t\t\t\n\t\t\t<\/div>\n\t\t\t\n\t\t<\/div>\n\t\t\t\t\t\t<\/div>\n\t\t\t\t<\/div>\n\t\t\t\t\t<\/div>\n\t\t\t\t<\/div>\n\t\t<div class=\"elementor-element elementor-element-46f215a e-flex e-con-boxed e-con e-parent\" data-id=\"46f215a\" data-element_type=\"container\" data-e-type=\"container\">\n\t\t\t\t\t<div class=\"e-con-inner\">\n\t\t<div class=\"elementor-element elementor-element-ce04d41 e-con-full e-flex e-con e-child\" data-id=\"ce04d41\" data-element_type=\"container\" data-e-type=\"container\">\n\t\t\t\t<div class=\"elementor-element elementor-element-7d9dcab4 elementor-widget elementor-widget-heading\" data-id=\"7d9dcab4\" data-element_type=\"widget\" data-e-type=\"widget\" data-widget_type=\"heading.default\">\n\t\t\t\t\t<h2 class=\"elementor-heading-title elementor-size-default\">Campingplatz Les Saules in Fouesnant<\/h2>\t\t\t\t<\/div>\n\t\t\t\t<div class=\"elementor-element elementor-element-4d6e9970 elementor-widget elementor-widget-heading\" data-id=\"4d6e9970\" data-element_type=\"widget\" data-e-type=\"widget\" data-widget_type=\"heading.default\">\n\t\t\t\t\t<h3 class=\"elementor-heading-title elementor-size-default\">Der Geist der Familie im Herzen des S\u00fcd-Finist\u00e8re<\/h3>\t\t\t\t<\/div>\n\t\t\t\t<div class=\"elementor-element elementor-element-32765922 elementor-widget elementor-widget-text-editor\" data-id=\"32765922\" data-element_type=\"widget\" data-e-type=\"widget\" data-widget_type=\"text-editor.default\">\n\t\t\t\t\t\t\t\t\t<p>Auf dem Campingplatz Les Saules in Fouesnant im s\u00fcdlichen Finist\u00e8re nimmt man sich Zeit. Sie profitieren von einer gesch\u00fctzten, famili\u00e4ren Umgebung, einem herzlichen Empfang und allem, was Sie f\u00fcr einen gelungenen Urlaub brauchen: <\/p>\t\t\t\t\t\t\t\t<\/div>\n\t\t\t\t<div class=\"elementor-element elementor-element-33152a96 elementor-widget elementor-widget-text-editor\" data-id=\"33152a96\" data-element_type=\"widget\" data-e-type=\"widget\" data-widget_type=\"text-editor.default\">\n\t\t\t\t\t\t\t\t\t<ul><li><a href=\"https:\/\/www.camping-les-saules.com\/de\/camping-vue-mer-fouesnant\/\"><strong>Der Strand unterhalb des Campingplatzes<\/strong> <\/a>Baden, Sandburgen bauen, goldenes Abendlicht<\/li><li><strong>Der GR34 ist nur einen Katzensprung entfernt<\/strong>: K\u00fcstenwanderungen nach eigenem Rhythmus zwischen Le Cap Coz und Concarneau.<\/li><li> <a href=\"https:\/\/www.camping-les-saules.com\/de\/camping-4-etoiles-fouesnant\/\"><strong> Ein 4-Sterne-Campingplatz in Fouesnant<\/strong><\/a> ohne Hektik: der Komfort einer klassifizierten Einrichtung, die Authentizit\u00e4t einer herzlichen Atmosph\u00e4re<\/li><\/ul>\t\t\t\t\t\t\t\t<\/div>\n\t\t\t\t<div class=\"elementor-element elementor-element-733312d7 elementor-widget elementor-widget-text-editor\" data-id=\"733312d7\" data-element_type=\"widget\" data-e-type=\"widget\" data-widget_type=\"text-editor.default\">\n\t\t\t\t\t\t\t\t\t<p>Unser Familiencampingplatz in Fouesnant liegt in unmittelbarer N\u00e4he von Beg-Meil, einem ruhigen Badeort, und Cap Coz, das f\u00fcr seine feinen Sandstr\u00e4nde bekannt ist. Sie sind 5 km von Concarneau, 20 km von Pont-Aven und 15 km von Quimper entfernt. <\/p>\t\t\t\t\t\t\t\t<\/div>\n\t\t\t\t<div class=\"elementor-element elementor-element-4f716cb0 elementor-widget elementor-widget-button\" data-id=\"4f716cb0\" data-element_type=\"widget\" data-e-type=\"widget\" data-widget_type=\"button.default\">\n\t\t\t\t\t\t\t\t\t\t<a class=\"elementor-button elementor-button-link elementor-size-sm\" href=\"https:\/\/www.camping-les-saules.com\/de\/unterkuenfte\/\">\n\t\t\t\t\t\t<span class=\"elementor-button-content-wrapper\">\n\t\t\t\t\t\t\t\t\t<span class=\"elementor-button-text\">Entdecken Sie unsere Unterk\u00fcnfte<\/span>\n\t\t\t\t\t<\/span>\n\t\t\t\t\t<\/a>\n\t\t\t\t\t\t\t\t<\/div>\n\t\t\t\t<\/div>\n\t\t<div class=\"elementor-element elementor-element-194d1f83 e-con-full e-flex e-con e-child\" data-id=\"194d1f83\" data-element_type=\"container\" data-e-type=\"container\">\n\t\t\t\t<div class=\"elementor-element elementor-element-53467105 elementor-widget elementor-widget-image\" data-id=\"53467105\" data-element_type=\"widget\" data-e-type=\"widget\" data-widget_type=\"image.default\">\n\t\t\t\t\t\t\t\t\t\t\t\t\t\t\t<img loading=\"lazy\" decoding=\"async\" width=\"800\" height=\"533\" src=\"https:\/\/www.camping-les-saules.com\/wp-content\/uploads\/restaurant-camping.webp\" class=\"attachment-large size-large wp-image-15520\" alt=\"Ein modernes Haus mit Sitzgelegenheiten im Freien unter roten und schwarzen Sonnenschirmen, Topfpflanzen und Menschen, die an einem sonnigen Tag die Holzterrasse genie\u00dfen - ein perfekter Ort zum Entspannen oder Zusammenkommen, der an die W\u00e4rme der famili\u00e4ren Momente beim Camping erinnert.\" srcset=\"https:\/\/www.camping-les-saules.com\/wp-content\/uploads\/restaurant-camping.webp 800w, https:\/\/www.camping-les-saules.com\/wp-content\/uploads\/restaurant-camping-300x200.webp 300w, https:\/\/www.camping-les-saules.com\/wp-content\/uploads\/restaurant-camping-768x512.webp 768w\" sizes=\"auto, (max-width: 800px) 100vw, 800px\" \/>\t\t\t\t\t\t\t\t\t\t\t\t\t\t\t<\/div>\n\t\t\t\t<\/div>\n\t\t\t\t\t<\/div>\n\t\t\t\t<\/div>\n\t\t<div class=\"elementor-element elementor-element-277c2c96 e-flex e-con-boxed e-con e-parent\" data-id=\"277c2c96\" data-element_type=\"container\" data-e-type=\"container\" data-settings=\"{&quot;background_background&quot;:&quot;classic&quot;}\">\n\t\t\t\t\t<div class=\"e-con-inner\">\n\t\t<div class=\"elementor-element elementor-element-2dd8300d e-con-full e-flex e-con e-child\" data-id=\"2dd8300d\" data-element_type=\"container\" data-e-type=\"container\">\n\t\t\t\t<div class=\"elementor-element elementor-element-28b7b8a3 elementor-widget elementor-widget-image\" data-id=\"28b7b8a3\" data-element_type=\"widget\" data-e-type=\"widget\" data-widget_type=\"image.default\">\n\t\t\t\t\t\t\t\t\t\t\t\t\t\t\t<img loading=\"lazy\" decoding=\"async\" width=\"750\" height=\"499\" src=\"https:\/\/www.camping-les-saules.com\/wp-content\/uploads\/enfants-piscine-camping.jpg\" class=\"attachment-medium_large size-medium_large wp-image-12805\" alt=\"Zwei kleine Kinder spielen mit Spielzeug in einem Swimmingpool. Eines tr\u00e4gt eine Schwimmbrille und einen Badeanzug, w\u00e4hrend das andere Schwimmer h\u00e4lt, was an einen entspannenden Ausflug in das s\u00fcdliche Finist\u00e8re erinnert. Badeg\u00e4ste entspannen sich im Hintergrund und wecken Erinnerungen an ein sommerliches Campingabenteuer.\" srcset=\"https:\/\/www.camping-les-saules.com\/wp-content\/uploads\/enfants-piscine-camping.jpg 750w, https:\/\/www.camping-les-saules.com\/wp-content\/uploads\/enfants-piscine-camping-300x200.jpg 300w\" sizes=\"auto, (max-width: 750px) 100vw, 750px\" \/>\t\t\t\t\t\t\t\t\t\t\t\t\t\t\t<\/div>\n\t\t\t\t<\/div>\n\t\t<div class=\"elementor-element elementor-element-d9d1c6f e-con-full e-flex e-con e-child\" data-id=\"d9d1c6f\" data-element_type=\"container\" data-e-type=\"container\">\n\t\t\t\t<div class=\"elementor-element elementor-element-66921b60 elementor-widget elementor-widget-heading\" data-id=\"66921b60\" data-element_type=\"widget\" data-e-type=\"widget\" data-widget_type=\"heading.default\">\n\t\t\t\t\t<h2 class=\"elementor-heading-title elementor-size-default\">300 m\u00b2 gro\u00dfer beheizter Wasserpark<\/h2>\t\t\t\t<\/div>\n\t\t\t\t<div class=\"elementor-element elementor-element-31af5369 elementor-widget elementor-widget-heading\" data-id=\"31af5369\" data-element_type=\"widget\" data-e-type=\"widget\" data-widget_type=\"heading.default\">\n\t\t\t\t\t<h3 class=\"elementor-heading-title elementor-size-default\">Ein Wasserpark f\u00fcr alle unter freiem Himmel<\/h3>\t\t\t\t<\/div>\n\t\t\t\t<div class=\"elementor-element elementor-element-1be9a3f7 elementor-widget elementor-widget-text-editor\" data-id=\"1be9a3f7\" data-element_type=\"widget\" data-e-type=\"widget\" data-widget_type=\"text-editor.default\">\n\t\t\t\t\t\t\t\t\t<p>Wenn Sie auf dem Campingplatz bleiben m\u00f6chten, erwartet Sie der Wasserpark: beheiztes Schwimmbad und Planschbecken, Kinderrutschen, Becken mit variabler Tiefe&#8230; <strong>zug\u00e4nglich vom 13. Mai 2026 bis 13. September<\/strong>.<\/p>\t\t\t\t\t\t\t\t<\/div>\n\t\t\t\t<div class=\"elementor-element elementor-element-4954a4dc elementor-widget elementor-widget-heading\" data-id=\"4954a4dc\" data-element_type=\"widget\" data-e-type=\"widget\" data-widget_type=\"heading.default\">\n\t\t\t\t\t<span class=\"elementor-heading-title elementor-size-default\">\ud83d\ude42 Im Juli und August: betreute Wassergymnastiksitzungen, um in Form zu bleiben!<\/span>\t\t\t\t<\/div>\n\t\t\t\t<div class=\"elementor-element elementor-element-30a4d6d3 elementor-widget elementor-widget-text-editor\" data-id=\"30a4d6d3\" data-element_type=\"widget\" data-e-type=\"widget\" data-widget_type=\"text-editor.default\">\n\t\t\t\t\t\t\t\t\t<p>Unser <a href=\"https:\/\/www.camping-les-saules.com\/de\/camping-fouesnant-piscine\/\">Campingplatz mit Swimmingpool in Fouesnant<\/a> bietet ein perfektes Gleichgewicht zwischen Entspannung im Wasser und der N\u00e4he zum Meer.<\/p>\t\t\t\t\t\t\t\t<\/div>\n\t\t\t\t<div class=\"elementor-element elementor-element-4109024f elementor-widget elementor-widget-button\" data-id=\"4109024f\" data-element_type=\"widget\" data-e-type=\"widget\" data-widget_type=\"button.default\">\n\t\t\t\t\t\t\t\t\t\t<a class=\"elementor-button elementor-button-link elementor-size-sm\" href=\"https:\/\/www.camping-les-saules.com\/de\/dienstleistungen\/\">\n\t\t\t\t\t\t<span class=\"elementor-button-content-wrapper\">\n\t\t\t\t\t\t\t\t\t<span class=\"elementor-button-text\">Entdecken Sie die Dienstleistungen<\/span>\n\t\t\t\t\t<\/span>\n\t\t\t\t\t<\/a>\n\t\t\t\t\t\t\t\t<\/div>\n\t\t\t\t<\/div>\n\t\t\t\t\t<\/div>\n\t\t\t\t<\/div>\n\t\t<div class=\"elementor-element elementor-element-7b97158 e-flex e-con-boxed e-con e-parent\" data-id=\"7b97158\" data-element_type=\"container\" data-e-type=\"container\" data-settings=\"{&quot;background_background&quot;:&quot;classic&quot;}\">\n\t\t\t\t\t<div class=\"e-con-inner\">\n\t\t\t\t<div class=\"elementor-element elementor-element-56c64263 elementor-widget elementor-widget-heading\" data-id=\"56c64263\" data-element_type=\"widget\" data-e-type=\"widget\" data-widget_type=\"heading.default\">\n\t\t\t\t\t<h2 class=\"elementor-heading-title elementor-size-default\">Unsere Unterk\u00fcnfte f\u00fcr 2 bis 8 Personen<\/h2>\t\t\t\t<\/div>\n\t\t\t\t<div class=\"elementor-element elementor-element-41cc7460 elementor-widget elementor-widget-heading\" data-id=\"41cc7460\" data-element_type=\"widget\" data-e-type=\"widget\" data-widget_type=\"heading.default\">\n\t\t\t\t\t<h3 class=\"elementor-heading-title elementor-size-default\">W\u00e4hlen Sie Ihren Rhythmus: Komfort, Freiheit oder authentischer Campinggeist<\/h3>\t\t\t\t<\/div>\n\t\t<div class=\"elementor-element elementor-element-b48fc1b e-con-full e-grid e-con e-child\" data-id=\"b48fc1b\" data-element_type=\"container\" data-e-type=\"container\">\n\t\t<div class=\"elementor-element elementor-element-6aebc34 e-con-full e-flex e-con e-child\" data-id=\"6aebc34\" data-element_type=\"container\" data-e-type=\"container\" data-settings=\"{&quot;background_background&quot;:&quot;classic&quot;}\">\n\t\t<div class=\"elementor-element elementor-element-6bbb716 e-con-full e-flex e-con e-child\" data-id=\"6bbb716\" data-element_type=\"container\" data-e-type=\"container\" data-settings=\"{&quot;background_background&quot;:&quot;classic&quot;}\">\n\t\t\t\t<div class=\"elementor-element elementor-element-329b946 elementor-widget elementor-widget-image\" data-id=\"329b946\" data-element_type=\"widget\" data-e-type=\"widget\" data-widget_type=\"image.default\">\n\t\t\t\t\t\t\t\t\t\t\t\t\t\t\t<img loading=\"lazy\" decoding=\"async\" width=\"768\" height=\"622\" src=\"https:\/\/www.camping-les-saules.com\/wp-content\/uploads\/Terrasse-appartement-768x622.webp\" class=\"attachment-medium_large size-medium_large wp-image-18830\" alt=\"Terrasse Wohnung\" srcset=\"https:\/\/www.camping-les-saules.com\/wp-content\/uploads\/Terrasse-appartement-768x622.webp 768w, https:\/\/www.camping-les-saules.com\/wp-content\/uploads\/Terrasse-appartement-300x243.webp 300w, https:\/\/www.camping-les-saules.com\/wp-content\/uploads\/Terrasse-appartement.webp 1024w\" sizes=\"auto, (max-width: 768px) 100vw, 768px\" \/>\t\t\t\t\t\t\t\t\t\t\t\t\t\t\t<\/div>\n\t\t<div class=\"elementor-element elementor-element-ee60256 e-con-full e-flex e-con e-child\" data-id=\"ee60256\" data-element_type=\"container\" data-e-type=\"container\">\n\t\t\t\t<div class=\"elementor-element elementor-element-c42dc23 elementor-widget__width-inherit elementor-widget elementor-widget-heading\" data-id=\"c42dc23\" data-element_type=\"widget\" data-e-type=\"widget\" data-widget_type=\"heading.default\">\n\t\t\t\t\t<h3 class=\"elementor-heading-title elementor-size-default\">Apartments mit Meerblick<\/h3>\t\t\t\t<\/div>\n\t\t\t\t<div class=\"elementor-element elementor-element-7d69a5d1 elementor-widget elementor-widget-text-editor\" data-id=\"7d69a5d1\" data-element_type=\"widget\" data-e-type=\"widget\" data-widget_type=\"text-editor.default\">\n\t\t\t\t\t\t\t\t\t<p>Ein unabh\u00e4ngigeres Angebot mit viel Platz und Privatsph\u00e4re. Perfekt f\u00fcr Paare oder kleine Familien, die etwas mehr Unabh\u00e4ngigkeit suchen, aber trotzdem die Atmosph\u00e4re des Campingplatzes genie\u00dfen m\u00f6chten.   <strong>Die Vermietung ist das ganze Jahr \u00fcber m\u00f6glich.<\/strong><\/p>\t\t\t\t\t\t\t\t<\/div>\n\t\t\t\t<\/div>\n\t\t\t\t<div class=\"elementor-element elementor-element-97540e9 elementor-widget elementor-widget-heading\" data-id=\"97540e9\" data-element_type=\"widget\" data-e-type=\"widget\" data-widget_type=\"heading.default\">\n\t\t\t\t\t<span class=\"elementor-heading-title elementor-size-default\">Ab <strong>420\u20ac\/Woche<\/strong><\/span>\t\t\t\t<\/div>\n\t\t\t\t<div class=\"elementor-element elementor-element-0d84df6 elementor-align-center elementor-widget elementor-widget-button\" data-id=\"0d84df6\" data-element_type=\"widget\" data-e-type=\"widget\" data-widget_type=\"button.default\">\n\t\t\t\t\t\t\t\t\t\t<a class=\"elementor-button elementor-button-link elementor-size-sm\" href=\"https:\/\/www.camping-les-saules.com\/de\/campingplatz-mit-wohnung\/\">\n\t\t\t\t\t\t<span class=\"elementor-button-content-wrapper\">\n\t\t\t\t\t\t\t\t\t<span class=\"elementor-button-text\">Sehen Sie sich die Apartments an<\/span>\n\t\t\t\t\t<\/span>\n\t\t\t\t\t<\/a>\n\t\t\t\t\t\t\t\t<\/div>\n\t\t\t\t<\/div>\n\t\t\t\t<\/div>\n\t\t<div class=\"elementor-element elementor-element-8c5fa62 e-con-full e-flex e-con e-child\" data-id=\"8c5fa62\" data-element_type=\"container\" data-e-type=\"container\" data-settings=\"{&quot;background_background&quot;:&quot;classic&quot;}\">\n\t\t<div class=\"elementor-element elementor-element-98ce2a3 e-con-full e-flex e-con e-child\" data-id=\"98ce2a3\" data-element_type=\"container\" data-e-type=\"container\" data-settings=\"{&quot;background_background&quot;:&quot;classic&quot;}\">\n\t\t\t\t<div class=\"elementor-element elementor-element-33a9364 elementor-widget elementor-widget-image\" data-id=\"33a9364\" data-element_type=\"widget\" data-e-type=\"widget\" data-widget_type=\"image.default\">\n\t\t\t\t\t\t\t\t\t\t\t\t\t\t\t<img loading=\"lazy\" decoding=\"async\" width=\"768\" height=\"512\" src=\"https:\/\/www.camping-les-saules.com\/wp-content\/uploads\/mobil-home-fouesnant-1-768x512.webp\" class=\"attachment-medium_large size-medium_large wp-image-19512\" alt=\"Mobilheim Fouesnant\" srcset=\"https:\/\/www.camping-les-saules.com\/wp-content\/uploads\/mobil-home-fouesnant-1-768x512.webp 768w, https:\/\/www.camping-les-saules.com\/wp-content\/uploads\/mobil-home-fouesnant-1-300x200.webp 300w, https:\/\/www.camping-les-saules.com\/wp-content\/uploads\/mobil-home-fouesnant-1.webp 1024w\" sizes=\"auto, (max-width: 768px) 100vw, 768px\" \/>\t\t\t\t\t\t\t\t\t\t\t\t\t\t\t<\/div>\n\t\t<div class=\"elementor-element elementor-element-8f08fc4 e-con-full e-flex e-con e-child\" data-id=\"8f08fc4\" data-element_type=\"container\" data-e-type=\"container\">\n\t\t\t\t<div class=\"elementor-element elementor-element-2c01132 elementor-widget__width-inherit elementor-widget elementor-widget-heading\" data-id=\"2c01132\" data-element_type=\"widget\" data-e-type=\"widget\" data-widget_type=\"heading.default\">\n\t\t\t\t\t<h3 class=\"elementor-heading-title elementor-size-default\">Voll ausgestattete Mobilheime<\/h3>\t\t\t\t<\/div>\n\t\t\t\t<div class=\"elementor-element elementor-element-7ab50892 elementor-widget elementor-widget-text-editor\" data-id=\"7ab50892\" data-element_type=\"widget\" data-e-type=\"widget\" data-widget_type=\"text-editor.default\">\n\t\t\t\t\t\t\t\t\t<p>Ein komfortabler Urlaub mit der Familie oder mit Freunden. Eine m\u00f6blierte Terrasse, eine voll ausgestattete K\u00fcche, separate Schlafzimmer: Sie stellen die Koffer ab und genie\u00dfen. Kapazit\u00e4t von 2 bis 8 Personen, <strong>verf\u00fcgbar vom 10. April bis zum 20. September.<\/strong>  <\/p>\t\t\t\t\t\t\t\t<\/div>\n\t\t\t\t<\/div>\n\t\t\t\t<div class=\"elementor-element elementor-element-47146d3 elementor-widget elementor-widget-heading\" data-id=\"47146d3\" data-element_type=\"widget\" data-e-type=\"widget\" data-widget_type=\"heading.default\">\n\t\t\t\t\t<span class=\"elementor-heading-title elementor-size-default\">Ab <strong>210\u20ac\/Woche<\/strong><\/span>\t\t\t\t<\/div>\n\t\t\t\t<div class=\"elementor-element elementor-element-a890b8e elementor-align-center elementor-widget elementor-widget-button\" data-id=\"a890b8e\" data-element_type=\"widget\" data-e-type=\"widget\" data-widget_type=\"button.default\">\n\t\t\t\t\t\t\t\t\t\t<a class=\"elementor-button elementor-button-link elementor-size-sm\" href=\"https:\/\/www.camping-les-saules.com\/de\/mobilheim-fouesnant\/\">\n\t\t\t\t\t\t<span class=\"elementor-button-content-wrapper\">\n\t\t\t\t\t\t\t\t\t<span class=\"elementor-button-text\">Entdecken Sie unsere Mobilheim-Serien<\/span>\n\t\t\t\t\t<\/span>\n\t\t\t\t\t<\/a>\n\t\t\t\t\t\t\t\t<\/div>\n\t\t\t\t<\/div>\n\t\t\t\t<\/div>\n\t\t<div class=\"elementor-element elementor-element-1c38d7e e-con-full e-flex e-con e-child\" data-id=\"1c38d7e\" data-element_type=\"container\" data-e-type=\"container\" data-settings=\"{&quot;background_background&quot;:&quot;classic&quot;}\">\n\t\t<div class=\"elementor-element elementor-element-3029950 e-con-full e-flex e-con e-child\" data-id=\"3029950\" data-element_type=\"container\" data-e-type=\"container\" data-settings=\"{&quot;background_background&quot;:&quot;classic&quot;}\">\n\t\t\t\t<div class=\"elementor-element elementor-element-9025c97 elementor-widget elementor-widget-image\" data-id=\"9025c97\" data-element_type=\"widget\" data-e-type=\"widget\" data-widget_type=\"image.default\">\n\t\t\t\t\t\t\t\t\t\t\t\t\t\t\t<img loading=\"lazy\" decoding=\"async\" width=\"768\" height=\"384\" src=\"https:\/\/www.camping-les-saules.com\/wp-content\/uploads\/emplacement-camping-fouesnant-2-768x384.jpg\" class=\"attachment-medium_large size-medium_large wp-image-12837\" alt=\"Ein aufblasbares Kajak liegt auf der Grasfl\u00e4che neben einem Wohnmobil mit aufklappbarem Dach, eingebettet zwischen B\u00e4umen und Gr\u00fcn, die f\u00fcr die einladenden Campingpl\u00e4tze im s\u00fcdlichen Finist\u00e8re stehen.\" srcset=\"https:\/\/www.camping-les-saules.com\/wp-content\/uploads\/emplacement-camping-fouesnant-2-768x384.jpg 768w, https:\/\/www.camping-les-saules.com\/wp-content\/uploads\/emplacement-camping-fouesnant-2-300x150.jpg 300w, https:\/\/www.camping-les-saules.com\/wp-content\/uploads\/emplacement-camping-fouesnant-2.jpg 1000w\" sizes=\"auto, (max-width: 768px) 100vw, 768px\" \/>\t\t\t\t\t\t\t\t\t\t\t\t\t\t\t<\/div>\n\t\t<div class=\"elementor-element elementor-element-93ec9c6 e-con-full e-flex e-con e-child\" data-id=\"93ec9c6\" data-element_type=\"container\" data-e-type=\"container\">\n\t\t\t\t<div class=\"elementor-element elementor-element-8668fd0 elementor-widget__width-inherit elementor-widget elementor-widget-heading\" data-id=\"8668fd0\" data-element_type=\"widget\" data-e-type=\"widget\" data-widget_type=\"heading.default\">\n\t\t\t\t\t<h3 class=\"elementor-heading-title elementor-size-default\">Campingpl\u00e4tze<\/h3>\t\t\t\t<\/div>\n\t\t\t\t<div class=\"elementor-element elementor-element-240bdebb elementor-widget elementor-widget-text-editor\" data-id=\"240bdebb\" data-element_type=\"widget\" data-e-type=\"widget\" data-widget_type=\"text-editor.default\">\n\t\t\t\t\t\t\t\t\t<p>F\u00fcr die Liebhaber des altmodischen Campings. Zelt, Wohnwagen oder Wohnmobil: das Wesentliche, die frische Seeluft und die gesellige Atmosph\u00e4re der Camper. Schattige oder sonnige Stellpl\u00e4tze <strong>vom 13. Mai bis 20. September 2026<\/strong> verf\u00fcgbar.  <\/p>\t\t\t\t\t\t\t\t<\/div>\n\t\t\t\t<\/div>\n\t\t\t\t<div class=\"elementor-element elementor-element-26304f8 elementor-widget elementor-widget-heading\" data-id=\"26304f8\" data-element_type=\"widget\" data-e-type=\"widget\" data-widget_type=\"heading.default\">\n\t\t\t\t\t<span class=\"elementor-heading-title elementor-size-default\">Ab <strong>112\u20ac\/Woche<\/strong><\/span>\t\t\t\t<\/div>\n\t\t\t\t<div class=\"elementor-element elementor-element-5170870 elementor-align-center elementor-widget elementor-widget-button\" data-id=\"5170870\" data-element_type=\"widget\" data-e-type=\"widget\" data-widget_type=\"button.default\">\n\t\t\t\t\t\t\t\t\t\t<a class=\"elementor-button elementor-button-link elementor-size-sm\" href=\"https:\/\/www.camping-les-saules.com\/de\/stellplaetze\/\">\n\t\t\t\t\t\t<span class=\"elementor-button-content-wrapper\">\n\t\t\t\t\t\t\t\t\t<span class=\"elementor-button-text\">Siehe die Standorte<\/span>\n\t\t\t\t\t<\/span>\n\t\t\t\t\t<\/a>\n\t\t\t\t\t\t\t\t<\/div>\n\t\t\t\t<\/div>\n\t\t\t\t<\/div>\n\t\t\t\t<\/div>\n\t\t\t\t<div class=\"elementor-element elementor-element-79721a86 elementor-widget elementor-widget-text-editor\" data-id=\"79721a86\" data-element_type=\"widget\" data-e-type=\"widget\" data-widget_type=\"text-editor.default\">\n\t\t\t\t\t\t\t\t\t<p><strong>Gut zu wissen:<\/strong> Alle unsere Unterk\u00fcnfte haben Zugang zu den Dienstleistungen des Campingplatzes und zu unserem Wasserpark.<\/p>\t\t\t\t\t\t\t\t<\/div>\n\t\t\t\t\t<\/div>\n\t\t\t\t<\/div>\n\t\t<div class=\"elementor-element elementor-element-49e3ba7c e-flex e-con-boxed e-con e-parent\" data-id=\"49e3ba7c\" data-element_type=\"container\" data-e-type=\"container\" data-settings=\"{&quot;background_background&quot;:&quot;classic&quot;}\">\n\t\t\t\t\t<div class=\"e-con-inner\">\n\t\t<div class=\"elementor-element elementor-element-1b709565 e-con-full e-flex e-con e-child\" data-id=\"1b709565\" data-element_type=\"container\" data-e-type=\"container\">\n\t\t\t\t<div class=\"elementor-element elementor-element-264683b3 animated-fast elementor-widget elementor-widget-image\" data-id=\"264683b3\" data-element_type=\"widget\" data-e-type=\"widget\" data-settings=\"{&quot;_animation&quot;:&quot;none&quot;,&quot;_animation_delay&quot;:100}\" data-widget_type=\"image.default\">\n\t\t\t\t\t\t\t\t\t\t\t\t\t\t\t<img decoding=\"async\" src=\"https:\/\/www.camping-les-saules.com\/wp-content\/uploads\/elementor\/thumbs\/camping-familial-bretagne-q58fes7ekaz0g4ismd4f6ctylyrnxn8zbbfg766xgw.jpg\" title=\"Meerblick vom Campingplatz Les Saules\" alt=\"Ein Kind f\u00e4hrt fr\u00f6hlich mit einem Tretwagen \u00fcber einen von B\u00e4umen ges\u00e4umten Weg auf einem Campingplatz am Meer, mit geparkten Autos und Mobilheimen auf beiden Seiten, die das charmante Wesen des S\u00fcd-Finist\u00e8re einfangen.\" loading=\"lazy\" \/>\t\t\t\t\t\t\t\t\t\t\t\t\t\t\t<\/div>\n\t\t\t\t<div class=\"elementor-element elementor-element-7b5cdc2e animated-fast elementor-widget elementor-widget-image\" data-id=\"7b5cdc2e\" data-element_type=\"widget\" data-e-type=\"widget\" data-settings=\"{&quot;_animation&quot;:&quot;none&quot;,&quot;_animation_delay&quot;:200}\" data-widget_type=\"image.default\">\n\t\t\t\t\t\t\t\t\t\t\t\t\t\t\t<img decoding=\"async\" src=\"https:\/\/www.camping-les-saules.com\/wp-content\/uploads\/elementor\/thumbs\/jeux-camping-2-q58fe9elazna7y4h158n4rmny2hk61er4mw744a8ps.jpg\" title=\"Spielplatz f\u00fcr Kinder\" alt=\"Kinder spielen auf einem farbenfrohen Spielger\u00fcst mit Rutschen und Kletterelementen, umgeben von B\u00e4umen und Geb\u00e4uden unter einem klaren Himmel, der an Campingausfl\u00fcge mit der Familie in der heiteren Landschaft des s\u00fcdlichen Finist\u00e8re erinnert.\" loading=\"lazy\" \/>\t\t\t\t\t\t\t\t\t\t\t\t\t\t\t<\/div>\n\t\t\t\t<\/div>\n\t\t<div class=\"elementor-element elementor-element-5fbf11df e-con-full e-flex e-con e-child\" data-id=\"5fbf11df\" data-element_type=\"container\" data-e-type=\"container\">\n\t\t\t\t<div class=\"elementor-element elementor-element-7a4c4826 elementor-widget elementor-widget-heading\" data-id=\"7a4c4826\" data-element_type=\"widget\" data-e-type=\"widget\" data-widget_type=\"heading.default\">\n\t\t\t\t\t<h2 class=\"elementor-heading-title elementor-size-default\">F\u00fcr Kinder (und auch Eltern)<\/h2>\t\t\t\t<\/div>\n\t\t\t\t<div class=\"elementor-element elementor-element-2a0f511c elementor-widget elementor-widget-heading\" data-id=\"2a0f511c\" data-element_type=\"widget\" data-e-type=\"widget\" data-widget_type=\"heading.default\">\n\t\t\t\t\t<h3 class=\"elementor-heading-title elementor-size-default\">Kinderclub und Familienaktivit\u00e4ten<\/h3>\t\t\t\t<\/div>\n\t\t\t\t<div class=\"elementor-element elementor-element-3c9c59ec elementor-widget elementor-widget-text-editor\" data-id=\"3c9c59ec\" data-element_type=\"widget\" data-e-type=\"widget\" data-widget_type=\"text-editor.default\">\n\t\t\t\t\t\t\t\t\t<p>Im Juli und August bietet unser Kinderclub (ab 3 Jahren) betreute Aktivit\u00e4ten an: gro\u00dfe Spiele, kreative Workshops, Schatzsuche&#8230; Hier k\u00f6nnen Sie Ihre Ferienfreunde kennenlernen, w\u00e4hrend Sie sich eine Pause g\u00f6nnen. <\/p>\t\t\t\t\t\t\t\t<\/div>\n\t\t\t\t<div class=\"elementor-element elementor-element-69d625c2 elementor-widget elementor-widget-text-editor\" data-id=\"69d625c2\" data-element_type=\"widget\" data-e-type=\"widget\" data-widget_type=\"text-editor.default\">\n\t\t\t\t\t\t\t\t\t<p>Vor Ort finden Sie auch :<\/p><ul><li><strong>Petanque-Pl\u00e4tze<\/strong> f\u00fcr gesellige Spiele am Ende des Tages<\/li><li><strong>Spielplatz<\/strong> f\u00fcr die Kleinsten<\/li><li><strong>Punktuelle Animationen<\/strong>: Sportturniere, Themenabende<\/li><\/ul>\t\t\t\t\t\t\t\t<\/div>\n\t\t\t\t<\/div>\n\t\t\t\t\t<\/div>\n\t\t\t\t<\/div>\n\t\t<div class=\"elementor-element elementor-element-450bac31 e-flex e-con-boxed e-con e-parent\" data-id=\"450bac31\" data-element_type=\"container\" data-e-type=\"container\">\n\t\t\t\t\t<div class=\"e-con-inner\">\n\t\t<div class=\"elementor-element elementor-element-3977d e-con-full e-flex e-con e-child\" data-id=\"3977d\" data-element_type=\"container\" data-e-type=\"container\">\n\t\t\t\t<div class=\"elementor-element elementor-element-7b413a66 elementor-widget elementor-widget-heading\" data-id=\"7b413a66\" data-element_type=\"widget\" data-e-type=\"widget\" data-widget_type=\"heading.default\">\n\t\t\t\t\t<h2 class=\"elementor-heading-title elementor-size-default\">Gesellige Abende auf dem Campingplatz<\/h2>\t\t\t\t<\/div>\n\t\t\t\t<div class=\"elementor-element elementor-element-40512fe2 elementor-widget elementor-widget-heading\" data-id=\"40512fe2\" data-element_type=\"widget\" data-e-type=\"widget\" data-widget_type=\"heading.default\">\n\t\t\t\t\t<h3 class=\"elementor-heading-title elementor-size-default\">Gemeinsame Momente, wann immer Sie wollen<\/h3>\t\t\t\t<\/div>\n\t\t\t\t<div class=\"elementor-element elementor-element-59210e72 elementor-widget elementor-widget-text-editor\" data-id=\"59210e72\" data-element_type=\"widget\" data-e-type=\"widget\" data-widget_type=\"text-editor.default\">\n\t\t\t\t\t\t\t\t\t<p>Man trifft sich zum Abendessen: Miesmuscheln mit Pommes frites, Grillabende, bretonische Cr\u00eapes-Abende&#8230; Man tauscht sich aus, trifft sich und teilt, ohne Verpflichtungen. <\/p><p>Die gem\u00fctliche Bar \u00fcbertr\u00e4gt die gro\u00dfen Sportereignisse und je nach Abend erg\u00e4nzen Foodtrucks (Rotisserie, Pizza, bretonische Burger) das Angebot an Speisen und Getr\u00e4nken.<\/p>\t\t\t\t\t\t\t\t<\/div>\n\t\t\t\t<\/div>\n\t\t<div class=\"elementor-element elementor-element-37fff118 e-con-full e-flex e-con e-child\" data-id=\"37fff118\" data-element_type=\"container\" data-e-type=\"container\">\n\t\t\t\t<div class=\"elementor-element elementor-element-793451bd elementor-widget elementor-widget-image\" data-id=\"793451bd\" data-element_type=\"widget\" data-e-type=\"widget\" data-widget_type=\"image.default\">\n\t\t\t\t\t\t\t\t\t\t\t\t\t\t\t<img loading=\"lazy\" decoding=\"async\" width=\"768\" height=\"512\" src=\"https:\/\/www.camping-les-saules.com\/wp-content\/uploads\/snack-bar-768x512.jpg\" class=\"attachment-medium_large size-medium_large wp-image-12973\" alt=\"Zwei Personen sto\u00dfen mit roten und gr\u00fcnen Cocktails mit Kirschen an, in einer sonnigen Au\u00dfendekoration am Pool, die an einen perfekten Tag in Fouesnant erinnert.\" srcset=\"https:\/\/www.camping-les-saules.com\/wp-content\/uploads\/snack-bar-768x512.jpg 768w, https:\/\/www.camping-les-saules.com\/wp-content\/uploads\/snack-bar-300x200.jpg 300w, https:\/\/www.camping-les-saules.com\/wp-content\/uploads\/snack-bar-1024x682.jpg 1024w, https:\/\/www.camping-les-saules.com\/wp-content\/uploads\/snack-bar.jpg 1280w\" sizes=\"auto, (max-width: 768px) 100vw, 768px\" \/>\t\t\t\t\t\t\t\t\t\t\t\t\t\t\t<\/div>\n\t\t\t\t<\/div>\n\t\t\t\t\t<\/div>\n\t\t\t\t<\/div>\n\t\t<div class=\"elementor-element elementor-element-7f3f0251 e-flex e-con-boxed e-con e-parent\" data-id=\"7f3f0251\" data-element_type=\"container\" data-e-type=\"container\" data-settings=\"{&quot;background_background&quot;:&quot;classic&quot;}\">\n\t\t\t\t\t<div class=\"e-con-inner\">\n\t\t<div class=\"elementor-element elementor-element-dae065f e-con-full e-flex e-con e-child\" data-id=\"dae065f\" data-element_type=\"container\" data-e-type=\"container\">\n\t\t\t\t<div class=\"elementor-element elementor-element-c4c0269 elementor-widget elementor-widget-image\" data-id=\"c4c0269\" data-element_type=\"widget\" data-e-type=\"widget\" data-widget_type=\"image.default\">\n\t\t\t\t\t\t\t\t\t\t\t\t\t\t\t<img loading=\"lazy\" decoding=\"async\" width=\"750\" height=\"497\" src=\"https:\/\/www.camping-les-saules.com\/wp-content\/uploads\/epicerie-camping.jpg\" class=\"attachment-medium_large size-medium_large wp-image-12819\" alt=\"Zwei Personen gehen durch einen hellen und modernen Laden mit verschiedenen Produkten auf wei\u00dfen Regalen, perfekt f\u00fcr diejenigen, die einen Campingurlaub in der sch\u00f6nen Region Finist\u00e8re planen. Eine Innentreppe auf der linken Seite tr\u00e4gt zum klaren Design bei.\" srcset=\"https:\/\/www.camping-les-saules.com\/wp-content\/uploads\/epicerie-camping.jpg 750w, https:\/\/www.camping-les-saules.com\/wp-content\/uploads\/epicerie-camping-300x199.jpg 300w\" sizes=\"auto, (max-width: 750px) 100vw, 750px\" \/>\t\t\t\t\t\t\t\t\t\t\t\t\t\t\t<\/div>\n\t\t\t\t<\/div>\n\t\t<div class=\"elementor-element elementor-element-3d4bf89 e-con-full e-flex e-con e-child\" data-id=\"3d4bf89\" data-element_type=\"container\" data-e-type=\"container\">\n\t\t\t\t<div class=\"elementor-element elementor-element-6d04624 elementor-widget elementor-widget-heading\" data-id=\"6d04624\" data-element_type=\"widget\" data-e-type=\"widget\" data-widget_type=\"heading.default\">\n\t\t\t\t\t<h2 class=\"elementor-heading-title elementor-size-default\">Praktische Dienstleistungen vor Ort<\/h2>\t\t\t\t<\/div>\n\t\t\t\t<div class=\"elementor-element elementor-element-6ef7cc41 elementor-widget elementor-widget-heading\" data-id=\"6ef7cc41\" data-element_type=\"widget\" data-e-type=\"widget\" data-widget_type=\"heading.default\">\n\t\t\t\t\t<h3 class=\"elementor-heading-title elementor-size-default\">Alles, was Sie f\u00fcr einen unbeschwerten Urlaub brauchen<\/h3>\t\t\t\t<\/div>\n\t\t\t\t<div class=\"elementor-element elementor-element-239588f7 elementor-widget elementor-widget-text-editor\" data-id=\"239588f7\" data-element_type=\"widget\" data-e-type=\"widget\" data-widget_type=\"text-editor.default\">\n\t\t\t\t\t\t\t\t\t<ul><li><strong>Lebensmittelgesch\u00e4ft<\/strong>: frische Produkte, lokale bretonische Produkte, t\u00e4gliche Bedarfsartikel<\/li><li>Jeden Morgen <strong>frisches Brot<\/strong> (auf Bestellung am Vortag)<\/li><li><strong>Gesellige Bar<\/strong> mit Terrasse<\/li><li><strong>Foodtrucks<\/strong> gem\u00e4\u00df Programm (an der Rezeption einsehbar)<\/li><li>Automatische <strong>W\u00e4scherei<\/strong> <\/li><li><strong>Fahrrad-<\/strong>, Kajak- und <strong>Paddelverleih<\/strong> zur Erkundung der Umgebung (verf\u00fcgbar vom <strong>14. Mai bis 13. September 2026<\/strong>)<\/li><\/ul>\t\t\t\t\t\t\t\t<\/div>\n\t\t\t\t<\/div>\n\t\t\t\t\t<\/div>\n\t\t\t\t<\/div>\n\t\t<div class=\"elementor-element elementor-element-5d01e4a2 e-flex e-con-boxed e-con e-parent\" data-id=\"5d01e4a2\" data-element_type=\"container\" data-e-type=\"container\">\n\t\t\t\t\t<div class=\"e-con-inner\">\n\t\t<div class=\"elementor-element elementor-element-60f805 e-con-full e-flex e-con e-child\" data-id=\"60f805\" data-element_type=\"container\" data-e-type=\"container\">\n\t\t\t\t<div class=\"elementor-element elementor-element-54424c08 elementor-widget elementor-widget-heading\" data-id=\"54424c08\" data-element_type=\"widget\" data-e-type=\"widget\" data-widget_type=\"heading.default\">\n\t\t\t\t\t<h2 class=\"elementor-heading-title elementor-size-default\">Fouesnant und Umgebung<\/h2>\t\t\t\t<\/div>\n\t\t\t\t<div class=\"elementor-element elementor-element-fc47745 elementor-widget elementor-widget-heading\" data-id=\"fc47745\" data-element_type=\"widget\" data-e-type=\"widget\" data-widget_type=\"heading.default\">\n\t\t\t\t\t<h3 class=\"elementor-heading-title elementor-size-default\">Eine privilegierte Lage im s\u00fcdlichen Finist\u00e8re<\/h3>\t\t\t\t<\/div>\n\t\t\t\t<div class=\"elementor-element elementor-element-48fa61ff elementor-widget elementor-widget-text-editor\" data-id=\"48fa61ff\" data-element_type=\"widget\" data-e-type=\"widget\" data-widget_type=\"text-editor.default\">\n\t\t\t\t\t\t\t\t\t<p>Der Campingplatz Les Saules genie\u00dft eine au\u00dfergew\u00f6hnliche Lage am <a href=\"https:\/\/www.camping-les-saules.com\/de\/camping-bord-de-mer-fouesnant\/\">Meer in Fouesnant<\/a>, ideal um alle Reicht\u00fcmer der Region zu entdecken.<\/p><p><strong>In unmittelbarer N\u00e4he :<\/strong><\/p><ul><li><strong>Port-la-For\u00eat<\/strong>: 1 km - Jachthafen<\/li><li><strong>Bourg de Fouesnant<\/strong>: 4 km - Supermarkt, Markt am Freitagmorgen<\/li><li><strong>Concarneau<\/strong>: 5 km - befestigte, geschlossene Stadt und authentischer Fischerhafen<\/li><li><a href=\"https:\/\/www.camping-les-saules.com\/de\/camping-cap-coz\/\"><strong>Cap Coz<\/strong> <\/a> 6 km - wei\u00dfer Sandstrand und Segelschule.  <\/li><li><a href=\"https:\/\/www.camping-les-saules.com\/de\/camping-beg-meil\/\"><strong>Beg-Meil<\/strong><\/a> : 10 km - Familienfreundlicher Badeort<\/li><\/ul><p>Um Ihren Aufenthalt vorzubereiten, lesen Sie unsere Artikel \u00fcber <a href=\"https:\/\/www.camping-les-saules.com\/de\/tourismus-fouesnant\/\">Aktivit\u00e4ten und Sehensw\u00fcrdigkeiten in Fouesnant<\/a> und <a href=\"https:\/\/www.camping-les-saules.com\/de\/visiter-finistere-sud\/\">Tourismus im s\u00fcdlichen Finist\u00e8re<\/a>.<\/p>\t\t\t\t\t\t\t\t<\/div>\n\t\t\t\t<\/div>\n\t\t<div class=\"elementor-element elementor-element-4295f725 e-con-full e-flex e-con e-child\" data-id=\"4295f725\" data-element_type=\"container\" data-e-type=\"container\">\n\t\t\t\t<div class=\"elementor-element elementor-element-7f62231c elementor-widget elementor-widget-image\" data-id=\"7f62231c\" data-element_type=\"widget\" data-e-type=\"widget\" data-widget_type=\"image.default\">\n\t\t\t\t\t\t\t\t\t\t\t\t\t\t\t<img loading=\"lazy\" decoding=\"async\" width=\"768\" height=\"447\" src=\"https:\/\/www.camping-les-saules.com\/wp-content\/uploads\/foret-fouesnant-768x447.webp\" class=\"attachment-medium_large size-medium_large wp-image-14113\" alt=\"Luftaufnahme einer K\u00fcstenstadt im s\u00fcdlichen Finist\u00e8re mit einem Jachthafen, Wohnvierteln und Sandstr\u00e4nden, die ideal f\u00fcr ein Familienabenteuer neben einem gro\u00dfen Gew\u00e4sser sind.\" srcset=\"https:\/\/www.camping-les-saules.com\/wp-content\/uploads\/foret-fouesnant-768x447.webp 768w, https:\/\/www.camping-les-saules.com\/wp-content\/uploads\/foret-fouesnant-300x175.webp 300w, https:\/\/www.camping-les-saules.com\/wp-content\/uploads\/foret-fouesnant.webp 800w\" sizes=\"auto, (max-width: 768px) 100vw, 768px\" \/>\t\t\t\t\t\t\t\t\t\t\t\t\t\t\t<\/div>\n\t\t\t\t<div class=\"elementor-element elementor-element-11a4f304 elementor-widget elementor-widget-text-editor\" data-id=\"11a4f304\" data-element_type=\"widget\" data-e-type=\"widget\" data-widget_type=\"text-editor.default\">\n\t\t\t\t\t\t\t\t\t<p><strong>Tagesausfl\u00fcge :<\/strong><\/p><ul><li><strong>Gl\u00e9nan-Inseln<\/strong>: 1 Stunde mit dem Boot von Port-La-For\u00eat aus<\/li><li><strong>Pont-Aven<\/strong>: 20 km - Stadt der Maler und Wasserm\u00fchlen<\/li><li><strong>La Pointe de Tr\u00e9vignon<\/strong>: 19 km<\/li><li><strong>Quimper<\/strong>: 15 km - Bretonische Kulturhauptstadt, gotische Kathedrale<\/li><li><strong>Locronan<\/strong>: 35 km - eines der sch\u00f6nsten D\u00f6rfer Frankreichs<\/li><li><strong>Pays Bigouden<\/strong>: Pont l&#8217;Abb\u00e9, Penmarch, Le Guilvinec<\/li><\/ul>\t\t\t\t\t\t\t\t<\/div>\n\t\t\t\t<\/div>\n\t\t\t\t\t<\/div>\n\t\t\t\t<\/div>\n\t\t<div class=\"elementor-element elementor-element-1c512450 e-flex e-con-boxed e-con e-parent\" data-id=\"1c512450\" data-element_type=\"container\" data-e-type=\"container\" data-settings=\"{&quot;background_background&quot;:&quot;classic&quot;}\">\n\t\t\t\t\t<div class=\"e-con-inner\">\n\t\t\t\t<div class=\"elementor-element elementor-element-67b7dbba elementor-widget elementor-widget-heading\" data-id=\"67b7dbba\" data-element_type=\"widget\" data-e-type=\"widget\" data-widget_type=\"heading.default\">\n\t\t\t\t\t<h2 class=\"elementor-heading-title elementor-size-default\">Praktische Informationen<\/h2>\t\t\t\t<\/div>\n\t\t\t\t<div class=\"elementor-element elementor-element-7aeb6914 elementor-widget elementor-widget-heading\" data-id=\"7aeb6914\" data-element_type=\"widget\" data-e-type=\"widget\" data-widget_type=\"heading.default\">\n\t\t\t\t\t<h3 class=\"elementor-heading-title elementor-size-default\">Bereiten Sie Ihren Aufenthalt auf dem Campingplatz Les Saules vor<\/h3>\t\t\t\t<\/div>\n\t\t<div class=\"elementor-element elementor-element-1b1b7771 e-con-full e-flex e-con e-child\" data-id=\"1b1b7771\" data-element_type=\"container\" data-e-type=\"container\">\n\t\t<div class=\"elementor-element elementor-element-732884e7 e-con-full e-flex e-con e-child\" data-id=\"732884e7\" data-element_type=\"container\" data-e-type=\"container\" data-settings=\"{&quot;background_background&quot;:&quot;classic&quot;}\">\n\t\t\t\t<div class=\"elementor-element elementor-element-28b68713 elementor-widget elementor-widget-heading\" data-id=\"28b68713\" data-element_type=\"widget\" data-e-type=\"widget\" data-widget_type=\"heading.default\">\n\t\t\t\t\t<h3 class=\"elementor-heading-title elementor-size-default\">Er\u00f6ffnungsdaten 2026<\/h3>\t\t\t\t<\/div>\n\t\t\t\t<div class=\"elementor-element elementor-element-3089aecb elementor-widget elementor-widget-text-editor\" data-id=\"3089aecb\" data-element_type=\"widget\" data-e-type=\"widget\" data-widget_type=\"text-editor.default\">\n\t\t\t\t\t\t\t\t\t<ul>\n<li><strong>Vom 10. April bis zum 20. September<\/strong><\/li>\n<li>Ab dem 13. Mai f\u00fcr Stellpl\u00e4tze.<\/li>\n<li>Das ganze Jahr \u00fcber f\u00fcr die Wohnungen<\/li>\n<\/ul>\t\t\t\t\t\t\t\t<\/div>\n\t\t\t\t<\/div>\n\t\t<div class=\"elementor-element elementor-element-40f00886 e-con-full e-flex e-con e-child\" data-id=\"40f00886\" data-element_type=\"container\" data-e-type=\"container\" data-settings=\"{&quot;background_background&quot;:&quot;classic&quot;}\">\n\t\t\t\t<div class=\"elementor-element elementor-element-1a7ba700 elementor-widget elementor-widget-heading\" data-id=\"1a7ba700\" data-element_type=\"widget\" data-e-type=\"widget\" data-widget_type=\"heading.default\">\n\t\t\t\t\t<h3 class=\"elementor-heading-title elementor-size-default\">Aufnahmekapazit\u00e4t<\/h3>\t\t\t\t<\/div>\n\t\t\t\t<div class=\"elementor-element elementor-element-433225bc elementor-widget elementor-widget-text-editor\" data-id=\"433225bc\" data-element_type=\"widget\" data-e-type=\"widget\" data-widget_type=\"text-editor.default\">\n\t\t\t\t\t\t\t\t\t<ul><li>27 Campingpl\u00e4tze,<\/li><li>47 Mobilheime,<\/li><li>2 Wohnungen<\/li><li>84 Mobilheime f\u00fcr Bewohner<\/li><\/ul>\t\t\t\t\t\t\t\t<\/div>\n\t\t\t\t<\/div>\n\t\t<div class=\"elementor-element elementor-element-1289a374 e-con-full e-flex e-con e-child\" data-id=\"1289a374\" data-element_type=\"container\" data-e-type=\"container\" data-settings=\"{&quot;background_background&quot;:&quot;classic&quot;}\">\n\t\t\t\t<div class=\"elementor-element elementor-element-33ded6f elementor-widget elementor-widget-heading\" data-id=\"33ded6f\" data-element_type=\"widget\" data-e-type=\"widget\" data-widget_type=\"heading.default\">\n\t\t\t\t\t<h3 class=\"elementor-heading-title elementor-size-default\">Tiere<\/h3>\t\t\t\t<\/div>\n\t\t\t\t<div class=\"elementor-element elementor-element-1f2b3c0 elementor-widget elementor-widget-text-editor\" data-id=\"1f2b3c0\" data-element_type=\"widget\" data-e-type=\"widget\" data-widget_type=\"text-editor.default\">\n\t\t\t\t\t\t\t\t\t<p>An der Leine erlaubt, au\u00dfer in den Lodge-Mobilheimen und den Appartements.<\/p>\t\t\t\t\t\t\t\t<\/div>\n\t\t\t\t<\/div>\n\t\t\t\t<\/div>\n\t\t<div class=\"elementor-element elementor-element-48a05874 e-con-full e-flex e-con e-child\" data-id=\"48a05874\" data-element_type=\"container\" data-e-type=\"container\">\n\t\t\t\t<div class=\"elementor-element elementor-element-5e562692 elementor-widget elementor-widget-button\" data-id=\"5e562692\" data-element_type=\"widget\" data-e-type=\"widget\" data-widget_type=\"button.default\">\n\t\t\t\t\t\t\t\t\t\t<a class=\"elementor-button elementor-button-link elementor-size-sm\" href=\"https:\/\/www.camping-les-saules.com\/de\/unterkuenfte\/\">\n\t\t\t\t\t\t<span class=\"elementor-button-content-wrapper\">\n\t\t\t\t\t\t\t\t\t<span class=\"elementor-button-text\">Entdecken Sie alle unsere Unterk\u00fcnfte<\/span>\n\t\t\t\t\t<\/span>\n\t\t\t\t\t<\/a>\n\t\t\t\t\t\t\t\t<\/div>\n\t\t\t\t<div class=\"elementor-element elementor-element-50dd52ae elementor-widget elementor-widget-button\" data-id=\"50dd52ae\" data-element_type=\"widget\" data-e-type=\"widget\" data-widget_type=\"button.default\">\n\t\t\t\t\t\t\t\t\t\t<a class=\"elementor-button elementor-button-link elementor-size-sm\" href=\"https:\/\/www.camping-les-saules.com\/de\/preise\/\">\n\t\t\t\t\t\t<span class=\"elementor-button-content-wrapper\">\n\t\t\t\t\t\t\t\t\t<span class=\"elementor-button-text\">Siehe die Verf\u00fcgbarkeit<\/span>\n\t\t\t\t\t<\/span>\n\t\t\t\t\t<\/a>\n\t\t\t\t\t\t\t\t<\/div>\n\t\t\t\t<\/div>\n\t\t\t\t\t<\/div>\n\t\t\t\t<\/div>\n\t\t<div class=\"elementor-element elementor-element-3c5670f e-flex e-con-boxed e-con e-parent\" data-id=\"3c5670f\" data-element_type=\"container\" data-e-type=\"container\">\n\t\t\t\t\t<div class=\"e-con-inner\">\n\t\t\t\t<div class=\"elementor-element elementor-element-38f3565d elementor-widget elementor-widget-heading\" data-id=\"38f3565d\" data-element_type=\"widget\" data-e-type=\"widget\" data-widget_type=\"heading.default\">\n\t\t\t\t\t<h2 class=\"elementor-heading-title elementor-size-default\">H\u00e4ufig gestellte Fragen zu unserem Campingplatz in Fouesnant<\/h2>\t\t\t\t<\/div>\n\t\t\t\t<div class=\"elementor-element elementor-element-5bf86537 elementor-widget elementor-widget-n-accordion\" data-id=\"5bf86537\" data-element_type=\"widget\" data-e-type=\"widget\" data-settings=\"{&quot;default_state&quot;:&quot;expanded&quot;,&quot;max_items_expended&quot;:&quot;one&quot;,&quot;n_accordion_animation_duration&quot;:{&quot;unit&quot;:&quot;ms&quot;,&quot;size&quot;:400,&quot;sizes&quot;:[]}}\" data-widget_type=\"nested-accordion.default\">\n\t\t\t\t\t\t\t<div class=\"e-n-accordion\" aria-label=\"Accordion. Open links with Enter or Space, close with Escape, and navigate with Arrow Keys\">\n\t\t\t\t\t\t<details id=\"e-n-accordion-item-1540\" class=\"e-n-accordion-item\" open>\n\t\t\t\t<summary class=\"e-n-accordion-item-title\" data-accordion-index=\"1\" tabindex=\"0\" aria-expanded=\"true\" aria-controls=\"e-n-accordion-item-1540\" >\n\t\t\t\t\t<span class='e-n-accordion-item-title-header'><span class=\"e-n-accordion-item-title-text\"> Hat der Campingplatz einen direkten Zugang zum Strand? <\/span><\/span>\n\t\t\t\t\t\t\t<span class='e-n-accordion-item-title-icon'>\n\t\t\t<span class='e-opened' ><svg xmlns=\"http:\/\/www.w3.org\/2000\/svg\" width=\"24\" height=\"24\" viewBox=\"0 0 24 24\" fill=\"none\" stroke=\"#045A68\" stroke-width=\"2\" stroke-linecap=\"round\" stroke-linejoin=\"round\" class=\"lucide lucide-chevron-up-icon lucide-chevron-up\"><path d=\"m18 15-6-6-6 6\"><\/path><\/svg><\/span>\n\t\t\t<span class='e-closed'><svg xmlns=\"http:\/\/www.w3.org\/2000\/svg\" width=\"24\" height=\"24\" viewBox=\"0 0 24 24\" fill=\"none\" stroke=\"#045A68\" stroke-width=\"2\" stroke-linecap=\"round\" stroke-linejoin=\"round\" class=\"lucide lucide-chevron-down-icon lucide-chevron-down\"><path d=\"m6 9 6 6 6-6\"><\/path><\/svg><\/span>\n\t\t<\/span>\n\n\t\t\t\t\t\t<\/summary>\n\t\t\t\t<div role=\"region\" aria-labelledby=\"e-n-accordion-item-1540\" class=\"elementor-element elementor-element-234c33d7 e-con-full e-flex e-con e-child\" data-id=\"234c33d7\" data-element_type=\"container\" data-e-type=\"container\">\n\t\t\t\t<div class=\"elementor-element elementor-element-3a79daf9 elementor-widget elementor-widget-text-editor\" data-id=\"3a79daf9\" data-element_type=\"widget\" data-e-type=\"widget\" data-widget_type=\"text-editor.default\">\n\t\t\t\t\t\t\t\t\t<p>Ja, der Strand von Kerleven ist direkt unterhalb des Campingplatzes \u00fcber ein Fu\u00dfg\u00e4ngertor erreichbar. Dieser Strand mit feinem Sand ist etwa 1 km lang. Er wird im Sommer \u00fcberwacht.  <\/p>\t\t\t\t\t\t\t\t<\/div>\n\t\t\t\t<\/div>\n\t\t\t\t\t<\/details>\n\t\t\t\t\t\t<details id=\"e-n-accordion-item-1541\" class=\"e-n-accordion-item\" >\n\t\t\t\t<summary class=\"e-n-accordion-item-title\" data-accordion-index=\"2\" tabindex=\"-1\" aria-expanded=\"false\" aria-controls=\"e-n-accordion-item-1541\" >\n\t\t\t\t\t<span class='e-n-accordion-item-title-header'><span class=\"e-n-accordion-item-title-text\"> Ist der Wasserpark beheizt? Ist er abgedeckt? <\/span><\/span>\n\t\t\t\t\t\t\t<span class='e-n-accordion-item-title-icon'>\n\t\t\t<span class='e-opened' ><svg xmlns=\"http:\/\/www.w3.org\/2000\/svg\" width=\"24\" height=\"24\" viewBox=\"0 0 24 24\" fill=\"none\" stroke=\"#045A68\" stroke-width=\"2\" stroke-linecap=\"round\" stroke-linejoin=\"round\" class=\"lucide lucide-chevron-up-icon lucide-chevron-up\"><path d=\"m18 15-6-6-6 6\"><\/path><\/svg><\/span>\n\t\t\t<span class='e-closed'><svg xmlns=\"http:\/\/www.w3.org\/2000\/svg\" width=\"24\" height=\"24\" viewBox=\"0 0 24 24\" fill=\"none\" stroke=\"#045A68\" stroke-width=\"2\" stroke-linecap=\"round\" stroke-linejoin=\"round\" class=\"lucide lucide-chevron-down-icon lucide-chevron-down\"><path d=\"m6 9 6 6 6-6\"><\/path><\/svg><\/span>\n\t\t<\/span>\n\n\t\t\t\t\t\t<\/summary>\n\t\t\t\t<div role=\"region\" aria-labelledby=\"e-n-accordion-item-1541\" class=\"elementor-element elementor-element-458d3674 e-con-full e-flex e-con e-child\" data-id=\"458d3674\" data-element_type=\"container\" data-e-type=\"container\">\n\t\t\t\t<div class=\"elementor-element elementor-element-24156097 elementor-widget elementor-widget-text-editor\" data-id=\"24156097\" data-element_type=\"widget\" data-e-type=\"widget\" data-widget_type=\"text-editor.default\">\n\t\t\t\t\t\t\t\t\t<p>Der Wasserpark ist f\u00fcr Ihren Komfort beheizt, befindet sich aber vollst\u00e4ndig im Freien (nicht \u00fcberdacht). Schwimmbad, Planschbecken und Rutschen sind vom 13. Mai 2026 bis zum 13. September 2026 zug\u00e4nglich. <\/p>\t\t\t\t\t\t\t\t<\/div>\n\t\t\t\t<\/div>\n\t\t\t\t\t<\/details>\n\t\t\t\t\t\t<details id=\"e-n-accordion-item-1542\" class=\"e-n-accordion-item\" >\n\t\t\t\t<summary class=\"e-n-accordion-item-title\" data-accordion-index=\"3\" tabindex=\"-1\" aria-expanded=\"false\" aria-controls=\"e-n-accordion-item-1542\" >\n\t\t\t\t\t<span class='e-n-accordion-item-title-header'><span class=\"e-n-accordion-item-title-text\"> Welche Arten von Unterk\u00fcnften bieten Sie an? <\/span><\/span>\n\t\t\t\t\t\t\t<span class='e-n-accordion-item-title-icon'>\n\t\t\t<span class='e-opened' ><svg xmlns=\"http:\/\/www.w3.org\/2000\/svg\" width=\"24\" height=\"24\" viewBox=\"0 0 24 24\" fill=\"none\" stroke=\"#045A68\" stroke-width=\"2\" stroke-linecap=\"round\" stroke-linejoin=\"round\" class=\"lucide lucide-chevron-up-icon lucide-chevron-up\"><path d=\"m18 15-6-6-6 6\"><\/path><\/svg><\/span>\n\t\t\t<span class='e-closed'><svg xmlns=\"http:\/\/www.w3.org\/2000\/svg\" width=\"24\" height=\"24\" viewBox=\"0 0 24 24\" fill=\"none\" stroke=\"#045A68\" stroke-width=\"2\" stroke-linecap=\"round\" stroke-linejoin=\"round\" class=\"lucide lucide-chevron-down-icon lucide-chevron-down\"><path d=\"m6 9 6 6 6-6\"><\/path><\/svg><\/span>\n\t\t<\/span>\n\n\t\t\t\t\t\t<\/summary>\n\t\t\t\t<div role=\"region\" aria-labelledby=\"e-n-accordion-item-1542\" class=\"elementor-element elementor-element-3b0aee7b e-con-full e-flex e-con e-child\" data-id=\"3b0aee7b\" data-element_type=\"container\" data-e-type=\"container\">\n\t\t\t\t<div class=\"elementor-element elementor-element-e0bbb83 elementor-widget elementor-widget-text-editor\" data-id=\"e0bbb83\" data-element_type=\"widget\" data-e-type=\"widget\" data-widget_type=\"text-editor.default\">\n\t\t\t\t\t\t\t\t\t<p>Wir bieten drei Arten von Unterk\u00fcnften an: Mobilheime f\u00fcr 2 bis 8 Personen, traditionelle Stellpl\u00e4tze f\u00fcr Zelt\/Wohnwagen\/Wohnmobil und unabh\u00e4ngige Appartements (4 Personen). F\u00fcr gro\u00dfe Familien bieten wir <a href=\"https:\/\/www.camping-les-saules.com\/de\/mobilheim-8-personen\/\">Mobilheime f\u00fcr 8 Personen<\/a> mit einem oder zwei Badezimmern. Die Wohnungen k\u00f6nnen auch \u00fcber die \u00fcberdachte Terrasse miteinander verbunden werden.  <\/p>\t\t\t\t\t\t\t\t<\/div>\n\t\t\t\t<\/div>\n\t\t\t\t\t<\/details>\n\t\t\t\t\t\t<details id=\"e-n-accordion-item-1543\" class=\"e-n-accordion-item\" >\n\t\t\t\t<summary class=\"e-n-accordion-item-title\" data-accordion-index=\"4\" tabindex=\"-1\" aria-expanded=\"false\" aria-controls=\"e-n-accordion-item-1543\" >\n\t\t\t\t\t<span class='e-n-accordion-item-title-header'><span class=\"e-n-accordion-item-title-text\"> Gibt es einen Kinderclub? <\/span><\/span>\n\t\t\t\t\t\t\t<span class='e-n-accordion-item-title-icon'>\n\t\t\t<span class='e-opened' ><svg xmlns=\"http:\/\/www.w3.org\/2000\/svg\" width=\"24\" height=\"24\" viewBox=\"0 0 24 24\" fill=\"none\" stroke=\"#045A68\" stroke-width=\"2\" stroke-linecap=\"round\" stroke-linejoin=\"round\" class=\"lucide lucide-chevron-up-icon lucide-chevron-up\"><path d=\"m18 15-6-6-6 6\"><\/path><\/svg><\/span>\n\t\t\t<span class='e-closed'><svg xmlns=\"http:\/\/www.w3.org\/2000\/svg\" width=\"24\" height=\"24\" viewBox=\"0 0 24 24\" fill=\"none\" stroke=\"#045A68\" stroke-width=\"2\" stroke-linecap=\"round\" stroke-linejoin=\"round\" class=\"lucide lucide-chevron-down-icon lucide-chevron-down\"><path d=\"m6 9 6 6 6-6\"><\/path><\/svg><\/span>\n\t\t<\/span>\n\n\t\t\t\t\t\t<\/summary>\n\t\t\t\t<div role=\"region\" aria-labelledby=\"e-n-accordion-item-1543\" class=\"elementor-element elementor-element-2ff3737e e-con-full e-flex e-con e-child\" data-id=\"2ff3737e\" data-element_type=\"container\" data-e-type=\"container\">\n\t\t\t\t<div class=\"elementor-element elementor-element-3a51d7a4 elementor-widget elementor-widget-text-editor\" data-id=\"3a51d7a4\" data-element_type=\"widget\" data-e-type=\"widget\" data-widget_type=\"text-editor.default\">\n\t\t\t\t\t\t\t\t\t<p>Ja, nur im Juli und August bieten wir einen kostenlosen Kinderclub f\u00fcr Kinder ab 5 Jahren mit diplomierten Animateuren an.<\/p>\t\t\t\t\t\t\t\t<\/div>\n\t\t\t\t<\/div>\n\t\t\t\t\t<\/details>\n\t\t\t\t\t\t<details id=\"e-n-accordion-item-1544\" class=\"e-n-accordion-item\" >\n\t\t\t\t<summary class=\"e-n-accordion-item-title\" data-accordion-index=\"5\" tabindex=\"-1\" aria-expanded=\"false\" aria-controls=\"e-n-accordion-item-1544\" >\n\t\t\t\t\t<span class='e-n-accordion-item-title-header'><span class=\"e-n-accordion-item-title-text\"> Gibt es ein Restaurant? <\/span><\/span>\n\t\t\t\t\t\t\t<span class='e-n-accordion-item-title-icon'>\n\t\t\t<span class='e-opened' ><svg xmlns=\"http:\/\/www.w3.org\/2000\/svg\" width=\"24\" height=\"24\" viewBox=\"0 0 24 24\" fill=\"none\" stroke=\"#045A68\" stroke-width=\"2\" stroke-linecap=\"round\" stroke-linejoin=\"round\" class=\"lucide lucide-chevron-up-icon lucide-chevron-up\"><path d=\"m18 15-6-6-6 6\"><\/path><\/svg><\/span>\n\t\t\t<span class='e-closed'><svg xmlns=\"http:\/\/www.w3.org\/2000\/svg\" width=\"24\" height=\"24\" viewBox=\"0 0 24 24\" fill=\"none\" stroke=\"#045A68\" stroke-width=\"2\" stroke-linecap=\"round\" stroke-linejoin=\"round\" class=\"lucide lucide-chevron-down-icon lucide-chevron-down\"><path d=\"m6 9 6 6 6-6\"><\/path><\/svg><\/span>\n\t\t<\/span>\n\n\t\t\t\t\t\t<\/summary>\n\t\t\t\t<div role=\"region\" aria-labelledby=\"e-n-accordion-item-1544\" class=\"elementor-element elementor-element-664eae0b e-con-full e-flex e-con e-child\" data-id=\"664eae0b\" data-element_type=\"container\" data-e-type=\"container\">\n\t\t\t\t<div class=\"elementor-element elementor-element-465fce41 elementor-widget elementor-widget-text-editor\" data-id=\"465fce41\" data-element_type=\"widget\" data-e-type=\"widget\" data-widget_type=\"text-editor.default\">\n\t\t\t\t\t\t\t\t\t<p>Sie finden vor Ort ein Lebensmittelgesch\u00e4ft, einen Brotverkauf, eine Bar mit Snacks und regelm\u00e4\u00dfig Food Trucks (Pizza, Cr\u00eapes, Burger). Kein Tischrestaurant, au\u00dfer bei Veranstaltungen in der Saison (bitte fragen Sie uns). <\/p>\t\t\t\t\t\t\t\t<\/div>\n\t\t\t\t<\/div>\n\t\t\t\t\t<\/details>\n\t\t\t\t\t\t<details id=\"e-n-accordion-item-1545\" class=\"e-n-accordion-item\" >\n\t\t\t\t<summary class=\"e-n-accordion-item-title\" data-accordion-index=\"6\" tabindex=\"-1\" aria-expanded=\"false\" aria-controls=\"e-n-accordion-item-1545\" >\n\t\t\t\t\t<span class='e-n-accordion-item-title-header'><span class=\"e-n-accordion-item-title-text\"> Ist der Campingplatz f\u00fcr Familien mit kleinen Kindern geeignet? <\/span><\/span>\n\t\t\t\t\t\t\t<span class='e-n-accordion-item-title-icon'>\n\t\t\t<span class='e-opened' ><svg xmlns=\"http:\/\/www.w3.org\/2000\/svg\" width=\"24\" height=\"24\" viewBox=\"0 0 24 24\" fill=\"none\" stroke=\"#045A68\" stroke-width=\"2\" stroke-linecap=\"round\" stroke-linejoin=\"round\" class=\"lucide lucide-chevron-up-icon lucide-chevron-up\"><path d=\"m18 15-6-6-6 6\"><\/path><\/svg><\/span>\n\t\t\t<span class='e-closed'><svg xmlns=\"http:\/\/www.w3.org\/2000\/svg\" width=\"24\" height=\"24\" viewBox=\"0 0 24 24\" fill=\"none\" stroke=\"#045A68\" stroke-width=\"2\" stroke-linecap=\"round\" stroke-linejoin=\"round\" class=\"lucide lucide-chevron-down-icon lucide-chevron-down\"><path d=\"m6 9 6 6 6-6\"><\/path><\/svg><\/span>\n\t\t<\/span>\n\n\t\t\t\t\t\t<\/summary>\n\t\t\t\t<div role=\"region\" aria-labelledby=\"e-n-accordion-item-1545\" class=\"elementor-element elementor-element-581d7b81 e-con-full e-flex e-con e-child\" data-id=\"581d7b81\" data-element_type=\"container\" data-e-type=\"container\">\n\t\t\t\t<div class=\"elementor-element elementor-element-7ffcb545 elementor-widget elementor-widget-text-editor\" data-id=\"7ffcb545\" data-element_type=\"widget\" data-e-type=\"widget\" data-widget_type=\"text-editor.default\">\n\t\t\t\t\t\t\t\t\t<p>Auf jeden Fall. Wir sind ein Familiencampingplatz mit beheiztem Planschbecken, Spielplatz, Kinderclub im Sommer und einer ruhigen Atmosph\u00e4re, die ab 23 Uhr respektiert wird. <\/p>\t\t\t\t\t\t\t\t<\/div>\n\t\t\t\t<\/div>\n\t\t\t\t\t<\/details>\n\t\t\t\t\t\t<details id=\"e-n-accordion-item-1546\" class=\"e-n-accordion-item\" >\n\t\t\t\t<summary class=\"e-n-accordion-item-title\" data-accordion-index=\"7\" tabindex=\"-1\" aria-expanded=\"false\" aria-controls=\"e-n-accordion-item-1546\" >\n\t\t\t\t\t<span class='e-n-accordion-item-title-header'><span class=\"e-n-accordion-item-title-text\"> Kann man vom Campingplatz aus einen Blick auf das Meer haben? <\/span><\/span>\n\t\t\t\t\t\t\t<span class='e-n-accordion-item-title-icon'>\n\t\t\t<span class='e-opened' ><svg xmlns=\"http:\/\/www.w3.org\/2000\/svg\" width=\"24\" height=\"24\" viewBox=\"0 0 24 24\" fill=\"none\" stroke=\"#045A68\" stroke-width=\"2\" stroke-linecap=\"round\" stroke-linejoin=\"round\" class=\"lucide lucide-chevron-up-icon lucide-chevron-up\"><path d=\"m18 15-6-6-6 6\"><\/path><\/svg><\/span>\n\t\t\t<span class='e-closed'><svg xmlns=\"http:\/\/www.w3.org\/2000\/svg\" width=\"24\" height=\"24\" viewBox=\"0 0 24 24\" fill=\"none\" stroke=\"#045A68\" stroke-width=\"2\" stroke-linecap=\"round\" stroke-linejoin=\"round\" class=\"lucide lucide-chevron-down-icon lucide-chevron-down\"><path d=\"m6 9 6 6 6-6\"><\/path><\/svg><\/span>\n\t\t<\/span>\n\n\t\t\t\t\t\t<\/summary>\n\t\t\t\t<div role=\"region\" aria-labelledby=\"e-n-accordion-item-1546\" class=\"elementor-element elementor-element-3ac91eff e-flex e-con-boxed e-con e-child\" data-id=\"3ac91eff\" data-element_type=\"container\" data-e-type=\"container\">\n\t\t\t\t\t<div class=\"e-con-inner\">\n\t\t\t\t<div class=\"elementor-element elementor-element-7403c511 elementor-widget elementor-widget-text-editor\" data-id=\"7403c511\" data-element_type=\"widget\" data-e-type=\"widget\" data-widget_type=\"text-editor.default\">\n\t\t\t\t\t\t\t\t\t<p>Einige Stellpl\u00e4tze und Unterk\u00fcnfte bieten tats\u00e4chlich einen teilweisen oder freien Meerblick, aber wir k\u00f6nnen Ihnen diesen bei der Online-Buchung nicht garantieren. Besuchen Sie unsere spezielle Seite f\u00fcr weitere Informationen: Campingplatz mit Meerblick in Fouesnant <\/p>\t\t\t\t\t\t\t\t<\/div>\n\t\t\t\t\t<\/div>\n\t\t\t\t<\/div>\n\t\t\t\t\t<\/details>\n\t\t\t\t\t\t<details id=\"e-n-accordion-item-1547\" class=\"e-n-accordion-item\" >\n\t\t\t\t<summary class=\"e-n-accordion-item-title\" data-accordion-index=\"8\" tabindex=\"-1\" aria-expanded=\"false\" aria-controls=\"e-n-accordion-item-1547\" >\n\t\t\t\t\t<span class='e-n-accordion-item-title-header'><span class=\"e-n-accordion-item-title-text\"> Welche Naturaktivit\u00e4ten gibt es in der Umgebung? <\/span><\/span>\n\t\t\t\t\t\t\t<span class='e-n-accordion-item-title-icon'>\n\t\t\t<span class='e-opened' ><svg xmlns=\"http:\/\/www.w3.org\/2000\/svg\" width=\"24\" height=\"24\" viewBox=\"0 0 24 24\" fill=\"none\" stroke=\"#045A68\" stroke-width=\"2\" stroke-linecap=\"round\" stroke-linejoin=\"round\" class=\"lucide lucide-chevron-up-icon lucide-chevron-up\"><path d=\"m18 15-6-6-6 6\"><\/path><\/svg><\/span>\n\t\t\t<span class='e-closed'><svg xmlns=\"http:\/\/www.w3.org\/2000\/svg\" width=\"24\" height=\"24\" viewBox=\"0 0 24 24\" fill=\"none\" stroke=\"#045A68\" stroke-width=\"2\" stroke-linecap=\"round\" stroke-linejoin=\"round\" class=\"lucide lucide-chevron-down-icon lucide-chevron-down\"><path d=\"m6 9 6 6 6-6\"><\/path><\/svg><\/span>\n\t\t<\/span>\n\n\t\t\t\t\t\t<\/summary>\n\t\t\t\t<div role=\"region\" aria-labelledby=\"e-n-accordion-item-1547\" class=\"elementor-element elementor-element-4749069c e-flex e-con-boxed e-con e-child\" data-id=\"4749069c\" data-element_type=\"container\" data-e-type=\"container\">\n\t\t\t\t\t<div class=\"e-con-inner\">\n\t\t\t\t<div class=\"elementor-element elementor-element-190b295f elementor-widget elementor-widget-text-editor\" data-id=\"190b295f\" data-element_type=\"widget\" data-e-type=\"widget\" data-widget_type=\"text-editor.default\">\n\t\t\t\t\t\t\t\t\t<p>Der GR34 (Z\u00f6llnerpfad) f\u00fchrt an der K\u00fcste entlang und bietet hervorragende Wanderm\u00f6glichkeiten. Sie k\u00f6nnen auch Kajak fahren, paddeln, in Cap Coz segeln oder einen Ausflug zu den Gl\u00e9nan-Inseln machen (1 Stunde mit dem Boot). <\/p>\n<p>Wir vermieten Kajaks, Fahrr\u00e4der und Paddles vom 14. Mai bis 13. September 2026.<\/p>\t\t\t\t\t\t\t\t<\/div>\n\t\t\t\t\t<\/div>\n\t\t\t\t<\/div>\n\t\t\t\t\t<\/details>\n\t\t\t\t\t\t<details id=\"e-n-accordion-item-1548\" class=\"e-n-accordion-item\" >\n\t\t\t\t<summary class=\"e-n-accordion-item-title\" data-accordion-index=\"9\" tabindex=\"-1\" aria-expanded=\"false\" aria-controls=\"e-n-accordion-item-1548\" >\n\t\t\t\t\t<span class='e-n-accordion-item-title-header'><span class=\"e-n-accordion-item-title-text\"> Wie gut ist der Campingplatz Les Saules bewertet? <\/span><\/span>\n\t\t\t\t\t\t\t<span class='e-n-accordion-item-title-icon'>\n\t\t\t<span class='e-opened' ><svg xmlns=\"http:\/\/www.w3.org\/2000\/svg\" width=\"24\" height=\"24\" viewBox=\"0 0 24 24\" fill=\"none\" stroke=\"#045A68\" stroke-width=\"2\" stroke-linecap=\"round\" stroke-linejoin=\"round\" class=\"lucide lucide-chevron-up-icon lucide-chevron-up\"><path d=\"m18 15-6-6-6 6\"><\/path><\/svg><\/span>\n\t\t\t<span class='e-closed'><svg xmlns=\"http:\/\/www.w3.org\/2000\/svg\" width=\"24\" height=\"24\" viewBox=\"0 0 24 24\" fill=\"none\" stroke=\"#045A68\" stroke-width=\"2\" stroke-linecap=\"round\" stroke-linejoin=\"round\" class=\"lucide lucide-chevron-down-icon lucide-chevron-down\"><path d=\"m6 9 6 6 6-6\"><\/path><\/svg><\/span>\n\t\t<\/span>\n\n\t\t\t\t\t\t<\/summary>\n\t\t\t\t<div role=\"region\" aria-labelledby=\"e-n-accordion-item-1548\" class=\"elementor-element elementor-element-5d6299ad e-flex e-con-boxed e-con e-child\" data-id=\"5d6299ad\" data-element_type=\"container\" data-e-type=\"container\">\n\t\t\t\t\t<div class=\"e-con-inner\">\n\t\t\t\t<div class=\"elementor-element elementor-element-3ff3e5dd elementor-widget elementor-widget-text-editor\" data-id=\"3ff3e5dd\" data-element_type=\"widget\" data-e-type=\"widget\" data-widget_type=\"text-editor.default\">\n\t\t\t\t\t\t\t\t\t<p>Unser Campingplatz wurde im Jahr 2025 von Tripadvisor mit dem Travelers&#8216; Choice Award ausgezeichnet. <a href=\"https:\/\/www.camping-les-saules.com\/de\/meinung\/\">Lesen Sie die Bewertungen unserer Kunden<\/a>, um sich selbst ein Bild zu machen.<\/p>\t\t\t\t\t\t\t\t<\/div>\n\t\t\t\t\t<\/div>\n\t\t\t\t<\/div>\n\t\t\t\t\t<\/details>\n\t\t\t\t\t<\/div>\n\t\t\t\t\t<script type=\"application\/ld+json\">{\"@context\":\"https:\\\/\\\/schema.org\",\"@type\":\"FAQPage\",\"mainEntity\":[{\"@type\":\"Question\",\"name\":\"Hat der Campingplatz einen direkten Zugang zum Strand?\",\"acceptedAnswer\":{\"@type\":\"Answer\",\"text\":\"Ja, der Strand von Kerleven ist direkt unterhalb des Campingplatzes \\u00fcber ein Fu\\u00dfg\\u00e4ngertor erreichbar. Dieser Strand mit feinem Sand ist etwa 1 km lang. Er wird im Sommer \\u00fcberwacht.\"}},{\"@type\":\"Question\",\"name\":\"Ist der Wasserpark beheizt? Ist er abgedeckt?\",\"acceptedAnswer\":{\"@type\":\"Answer\",\"text\":\"Der Wasserpark ist f\\u00fcr Ihren Komfort beheizt, befindet sich aber vollst\\u00e4ndig im Freien (nicht \\u00fcberdacht). Schwimmbad, Planschbecken und Rutschen sind vom 13. Mai 2026 bis zum 13. September 2026 zug\\u00e4nglich.\"}},{\"@type\":\"Question\",\"name\":\"Welche Arten von Unterk\\u00fcnften bieten Sie an?\",\"acceptedAnswer\":{\"@type\":\"Answer\",\"text\":\"Wir bieten drei Arten von Unterk\\u00fcnften an: Mobilheime f\\u00fcr 2 bis 8 Personen, traditionelle Stellpl\\u00e4tze f\\u00fcr Zelt\\\/Wohnwagen\\\/Wohnmobil und unabh\\u00e4ngige Appartements (4 Personen). F\\u00fcr gro\\u00dfe Familien bieten wir Mobilheime f\\u00fcr 8 Personen mit einem oder zwei Badezimmern. Die Wohnungen k\\u00f6nnen auch \\u00fcber die \\u00fcberdachte Terrasse miteinander verbunden werden.\"}},{\"@type\":\"Question\",\"name\":\"Gibt es einen Kinderclub?\",\"acceptedAnswer\":{\"@type\":\"Answer\",\"text\":\"Ja, nur im Juli und August bieten wir einen kostenlosen Kinderclub f\\u00fcr Kinder ab 5 Jahren mit diplomierten Animateuren an.\"}},{\"@type\":\"Question\",\"name\":\"Gibt es ein Restaurant?\",\"acceptedAnswer\":{\"@type\":\"Answer\",\"text\":\"Sie finden vor Ort ein Lebensmittelgesch\\u00e4ft, einen Brotverkauf, eine Bar mit Snacks und regelm\\u00e4\\u00dfig Food Trucks (Pizza, Cr\\u00eapes, Burger). Kein Tischrestaurant, au\\u00dfer bei Veranstaltungen in der Saison (bitte fragen Sie uns).\"}},{\"@type\":\"Question\",\"name\":\"Ist der Campingplatz f\\u00fcr Familien mit kleinen Kindern geeignet?\",\"acceptedAnswer\":{\"@type\":\"Answer\",\"text\":\"Auf jeden Fall. Wir sind ein Familiencampingplatz mit beheiztem Planschbecken, Spielplatz, Kinderclub im Sommer und einer ruhigen Atmosph\\u00e4re, die ab 23 Uhr respektiert wird.\"}},{\"@type\":\"Question\",\"name\":\"Kann man vom Campingplatz aus einen Blick auf das Meer haben?\",\"acceptedAnswer\":{\"@type\":\"Answer\",\"text\":\"Einige Stellpl\\u00e4tze und Unterk\\u00fcnfte bieten tats\\u00e4chlich einen teilweisen oder freien Meerblick, aber wir k\\u00f6nnen Ihnen diesen bei der Online-Buchung nicht garantieren. Besuchen Sie unsere spezielle Seite f\\u00fcr weitere Informationen: Campingplatz mit Meerblick in Fouesnant\"}},{\"@type\":\"Question\",\"name\":\"Welche Naturaktivit\\u00e4ten gibt es in der Umgebung?\",\"acceptedAnswer\":{\"@type\":\"Answer\",\"text\":\"Der GR34 (Z\\u00f6llnerpfad) f\\u00fchrt an der K\\u00fcste entlang und bietet hervorragende Wanderm\\u00f6glichkeiten. Sie k\\u00f6nnen auch Kajak fahren, paddeln, in Cap Coz segeln oder einen Ausflug zu den Gl\\u00e9nan-Inseln machen (1 Stunde mit dem Boot). \\nWir vermieten Kajaks, Fahrr\\u00e4der und Paddles vom 14. Mai bis 13. September 2026.\"}},{\"@type\":\"Question\",\"name\":\"Wie gut ist der Campingplatz Les Saules bewertet?\",\"acceptedAnswer\":{\"@type\":\"Answer\",\"text\":\"Unser Campingplatz wurde im Jahr 2025 von Tripadvisor mit dem Travelers&#8216; Choice Award ausgezeichnet. Lesen Sie die Bewertungen unserer Kunden, um sich selbst ein Bild zu machen.\"}}]}<\/script>\n\t\t\t\t\t\t\t<\/div>\n\t\t\t\t<div class=\"elementor-element elementor-element-7a13f2a4 elementor-align-center elementor-widget elementor-widget-button\" data-id=\"7a13f2a4\" data-element_type=\"widget\" data-e-type=\"widget\" data-widget_type=\"button.default\">\n\t\t\t\t\t\t\t\t\t\t<a class=\"elementor-button elementor-button-link elementor-size-sm\" href=\"https:\/\/www.camping-les-saules.com\/de\/kontakt\/\">\n\t\t\t\t\t\t<span class=\"elementor-button-content-wrapper\">\n\t\t\t\t\t\t\t\t\t<span class=\"elementor-button-text\">Haben Sie noch eine Frage? Kontaktieren Sie uns! <\/span>\n\t\t\t\t\t<\/span>\n\t\t\t\t\t<\/a>\n\t\t\t\t\t\t\t\t<\/div>\n\t\t\t\t\t<\/div>\n\t\t\t\t<\/div>\n\t\t<div class=\"elementor-element elementor-element-4197b314 e-flex e-con-boxed e-con e-parent\" data-id=\"4197b314\" data-element_type=\"container\" data-e-type=\"container\" data-settings=\"{&quot;background_background&quot;:&quot;classic&quot;}\">\n\t\t\t\t\t<div class=\"e-con-inner\">\n\t\t\t\t<div class=\"elementor-element elementor-element-662595e8 elementor-widget elementor-widget-heading\" data-id=\"662595e8\" data-element_type=\"widget\" data-e-type=\"widget\" data-widget_type=\"heading.default\">\n\t\t\t\t\t<h2 class=\"elementor-heading-title elementor-size-default\">Buchen Sie Ihren Aufenthalt auf dem Campingplatz Les Saules<\/h2>\t\t\t\t<\/div>\n\t\t\t\t<div class=\"elementor-element elementor-element-69c5bb86 elementor-widget elementor-widget-heading\" data-id=\"69c5bb86\" data-element_type=\"widget\" data-e-type=\"widget\" data-widget_type=\"heading.default\">\n\t\t\t\t\t<h3 class=\"elementor-heading-title elementor-size-default\">Sind Sie bereit, Ihren Koffer in Fouesnant zu packen?<\/h3>\t\t\t\t<\/div>\n\t\t\t\t<div class=\"elementor-element elementor-element-25c4e3f7 elementor-widget elementor-widget-text-editor\" data-id=\"25c4e3f7\" data-element_type=\"widget\" data-e-type=\"widget\" data-widget_type=\"text-editor.default\">\n\t\t\t\t\t\t\t\t\t<p>Ob Sie einen Campingplatz mit Swimmingpool, direktem Zugang zum Strand oder einfach einen authentischen Ort suchen, an dem Sie mit Ihrer Familie neue Energie tanken k\u00f6nnen, der Campingplatz Les Saules hei\u00dft Sie vom 10. April bis zum 20. September herzlich willkommen.<\/p>\n<p>Z\u00f6gern Sie nicht, uns zu kontaktieren, wir sind da, um Sie bei der Organisation Ihres Urlaubs zu unterst\u00fctzen.<\/p>\t\t\t\t\t\t\t\t<\/div>\n\t\t<div class=\"elementor-element elementor-element-52fb9c74 e-con-full e-flex e-con e-child\" data-id=\"52fb9c74\" data-element_type=\"container\" data-e-type=\"container\">\n\t\t\t\t<div class=\"elementor-element elementor-element-2f535e1c elementor-widget elementor-widget-button\" data-id=\"2f535e1c\" data-element_type=\"widget\" data-e-type=\"widget\" data-widget_type=\"button.default\">\n\t\t\t\t\t\t\t\t\t\t<a class=\"elementor-button elementor-button-link elementor-size-sm\" href=\"#\">\n\t\t\t\t\t\t<span class=\"elementor-button-content-wrapper\">\n\t\t\t\t\t\t\t\t\t<span class=\"elementor-button-text\">Verf\u00fcgbarkeit und Preise anzeigen<\/span>\n\t\t\t\t\t<\/span>\n\t\t\t\t\t<\/a>\n\t\t\t\t\t\t\t\t<\/div>\n\t\t\t\t<\/div>\n\t\t\t\t\t<\/div>\n\t\t\t\t<\/div>\n\t\t\t\t<\/div>\n\t\t","protected":false},"excerpt":{"rendered":"<p>Campingplatz Les Saules in Fouesnant Ihr 4\u2605-Familiencampingplatz zwischen Strand und GR34 Ouvert du 10 Avril au 20 Septembre 2026 Siehe die Mobilheime Alle Unterk\u00fcnfte Direkter Zugang zum Strand und GR 34 Snack-Bar Food Truck in der Saison Wasserpark von 300m2 Zug\u00e4nglich f\u00fcr PMR Vermietung von Kajaks Fahrr\u00e4der und Paddles Campingplatz Les Saules in Fouesnant Der [&hellip;]<\/p>\n","protected":false},"author":1,"featured_media":0,"parent":0,"menu_order":0,"comment_status":"closed","ping_status":"closed","template":"","meta":{"slim_seo":{"title":"Camping 4\u2605 Les Saules Fouesnant | Direkter Zugang zu Strand und Swimmingpool","description":"4-Sterne Familiencampingplatz in Fouesnant, S\u00fcd-Finist\u00e8re. Direkter Zugang zum Strand, beheizter Wasserpark, voll ausgestattete Mobilheime. Buchen Sie Ihren bretonischen Urlaub!"},"footnotes":""},"class_list":["post-12744","page","type-page","status-publish","hentry"],"_links":{"self":[{"href":"https:\/\/www.camping-les-saules.com\/de\/wp-json\/wp\/v2\/pages\/12744","targetHints":{"allow":["GET"]}}],"collection":[{"href":"https:\/\/www.camping-les-saules.com\/de\/wp-json\/wp\/v2\/pages"}],"about":[{"href":"https:\/\/www.camping-les-saules.com\/de\/wp-json\/wp\/v2\/types\/page"}],"author":[{"embeddable":true,"href":"https:\/\/www.camping-les-saules.com\/de\/wp-json\/wp\/v2\/users\/1"}],"replies":[{"embeddable":true,"href":"https:\/\/www.camping-les-saules.com\/de\/wp-json\/wp\/v2\/comments?post=12744"}],"version-history":[{"count":6,"href":"https:\/\/www.camping-les-saules.com\/de\/wp-json\/wp\/v2\/pages\/12744\/revisions"}],"predecessor-version":[{"id":20467,"href":"https:\/\/www.camping-les-saules.com\/de\/wp-json\/wp\/v2\/pages\/12744\/revisions\/20467"}],"wp:attachment":[{"href":"https:\/\/www.camping-les-saules.com\/de\/wp-json\/wp\/v2\/media?parent=12744"}],"curies":[{"name":"wp","href":"https:\/\/api.w.org\/{rel}","templated":true}]}}